{"id":23903,"date":"2026-04-22T17:00:46","date_gmt":"2026-04-22T15:00:46","guid":{"rendered":"https:\/\/denhelder.online\/evenement\/kroontjesbunker-open-monumentendagen\/"},"modified":"2026-08-21T15:10:06","modified_gmt":"2026-08-21T13:10:06","slug":"crown-bunker-monument-tage-geoffnet","status":"publish","type":"evenement","link":"https:\/\/denhelder.online\/de\/evenement\/kroontjesbunker-open-monumentendagen\/","title":{"rendered":"Crown Bunker | Tage der offenen T\u00fcr"},"content":{"rendered":"<p><strong style=\"color: rgb(0, 91, 129); background-color: rgb(255, 255, 255);\">Der Kroontjesbunker: geheime Kommandozentrale in den D\u00fcnen<\/strong><\/p>\n<p><span style=\"color: rgb(51, 51, 51); background-color: rgb(255, 255, 255);\">Der FL250 Flakgruppenkommandostand, Spitzname \u201eKronenbunker\u201c, liegt versteckt in den D\u00fcnen von Huisduinen. Seinen Spitznamen verdankt der Bunker der markanten Form des Turms, der einer Krone \u00e4hnelt.<\/span><\/p>\n<p><strong style=\"color: rgb(0, 91, 129); background-color: rgb(255, 255, 255);\">Verfolgen Sie Flugbewegungen pr\u00e4zise<\/strong><\/p>\n<p><span style=\"color: rgb(51, 51, 51); background-color: rgb(255, 255, 255);\">Im Zweiten Weltkrieg wurden die Luftangriffe im Bunker koordiniert. Mithilfe einer Glasplotterwand \u00fcbermittelten die Soldaten die Flugbewegungen an die Flakstellungen. Die Daten stammten von Radarstationen entlang der K\u00fcste und von weiter entfernten Standorten wie Zandvoort und Terschelling. So entstand eine Kette von Beobachtungspunkten, die jede Flugbewegung pr\u00e4zise erfassen konnte.<\/span><\/p>\n<p><strong style=\"color: rgb(0, 91, 129); background-color: rgb(255, 255, 255);\">Im Wiederaufbau: Das zuk\u00fcnftige Museum entsteht<\/strong><\/p>\n<p><span style=\"color: rgb(51, 51, 51); background-color: rgb(255, 255, 255);\">Drei engagierte Freiwillige arbeiten an der Restaurierung des Bunkers, um ihn in seinen Originalzustand zur\u00fcckzuversetzen. Ziel ist es, den Kroontjesbunker in ein kleines Museum umzuwandeln. Im Inneren ist noch immer die Atmosph\u00e4re einer Kommandozentrale unter hohem Druck sp\u00fcrbar.<\/span><\/p>\n<p><strong style=\"color: rgb(0, 91, 129); background-color: rgb(255, 255, 255);\">Mammutradar<\/strong><\/p>\n<p><span style=\"color: rgb(51, 51, 51); background-color: rgb(255, 255, 255);\">Entdecken Sie das Mammut-Radar im Kroontjesbunker und tauchen Sie ein in ein bemerkenswertes St\u00fcck Kriegsgeschichte. Besichtigen Sie eine Miniaturversion oder eine Sonderpr\u00e4sentation dieses deutschen Radarsystems. Erfahren Sie, wie dieses fortschrittliche Radar im Zweiten Weltkrieg funktionierte.<\/span><\/p>\n<p><span style=\"color: rgb(51, 51, 51); background-color: rgb(255, 255, 255);\">Das Mammut FuMG 42 verf\u00fcgte \u00fcber eine riesige, fest installierte Antennenwand. Dadurch konnten Flugzeuge in einer Entfernung von bis zu 300 Kilometern geortet werden. W\u00e4hrend Ihres Besuchs erfahren Sie mehr \u00fcber diese bemerkenswerte Kriegstechnologie.<\/span><\/p>\n<p><strong style=\"color: rgb(0, 91, 129); background-color: rgb(255, 255, 255);\">Kann an ausgew\u00e4hlten Tagen besichtigt werden.<\/strong><\/p>\n<p><span style=\"color: rgb(51, 51, 51); background-color: rgb(255, 255, 255);\">Der Bunker ist nur wenige Male im Jahr f\u00fcr die \u00d6ffentlichkeit zug\u00e4nglich. Aktuelle \u00d6ffnungszeiten und weitere Informationen finden Sie auf der Facebook-Seite von Flak Gruko. Tipp: Bringen Sie eine Taschenlampe mit, um sich in den dunklen R\u00e4umen besser ausleuchten zu k\u00f6nnen.<\/span><\/p>\n<p><strong style=\"color: rgb(0, 91, 129); background-color: rgb(255, 255, 255);\">Achten Sie auf Ihre Route \u2013 und auf das Naturschutzgebiet.<\/strong><\/p>\n<p><span style=\"color: rgb(51, 51, 51); background-color: rgb(255, 255, 255);\">Der Kroontjesbunker liegt in einem Naturschutzgebiet. Bitte bleiben Sie daher auf den markierten Wanderwegen. Respektieren Sie die Natur und die Stille dieses besonderen Ortes.<\/span><\/p>\n<p><strong style=\"color: rgb(0, 91, 129); background-color: rgb(255, 255, 255);\">So erreicht man den Kroontjesbunker<\/strong><\/p>\n<ol>\n<li data-list=\"bullet\"><span class=\"ql-ui\" contenteditable=\"false\"><\/span><strong style=\"color: rgb(51, 51, 51); background-color: rgb(255, 255, 255);\">Mit dem Auto:<\/strong><span style=\"color: rgb(51, 51, 51); background-color: rgb(255, 255, 255);\"> Parken Sie am Fort Kijkduin (Admiraal Verhuellplein 1, 1789 AX Huisduinen). Folgen Sie von dort der Beschilderung zum Bunker.<\/span><\/li>\n<li data-list=\"bullet\"><span class=\"ql-ui\" contenteditable=\"false\"><\/span><strong style=\"color: rgb(51, 51, 51); background-color: rgb(255, 255, 255);\">Mit dem Fahrrad oder zu Fu\u00df:<\/strong><span style=\"color: rgb(51, 51, 51); background-color: rgb(255, 255, 255);\"> Biegen Sie an der Duinweg-Seite (Hausnummer 34, gegen\u00fcber dem Hotel The Baron Crown) in die Seitenstra\u00dfe ein. Auch hier weisen Ihnen Schilder den Weg.<\/span><\/li>\n<\/ol>\n<p><strong style=\"color: rgb(0, 91, 129); background-color: rgb(255, 255, 255);\">\u00d6ffnungszeiten<\/strong><\/p>\n<ol>\n<li data-list=\"bullet\"><span class=\"ql-ui\" contenteditable=\"false\"><\/span><strong style=\"color: rgb(51, 51, 51); background-color: rgb(255, 255, 255);\">Samstag, 12. September: <\/strong><span style=\"color: rgb(51, 51, 51); background-color: rgb(255, 255, 255);\">10:00 \u2013 17:00<\/span><\/li>\n<li data-list=\"bullet\"><span class=\"ql-ui\" contenteditable=\"false\"><\/span><strong style=\"color: rgb(51, 51, 51); background-color: rgb(255, 255, 255);\">Sonntag, 13. September: <\/strong><span style=\"color: rgb(51, 51, 51); background-color: rgb(255, 255, 255);\">10:00 \u2013 17:00 <\/span><\/li>\n<\/ol>\n<p><strong style=\"color: rgb(0, 91, 129); background-color: rgb(255, 255, 255);\">Hintergrundinformationen<\/strong><\/p>\n<ol>\n<li data-list=\"bullet\"><span class=\"ql-ui\" contenteditable=\"false\"><\/span><strong style=\"color: rgb(51, 51, 51); background-color: rgb(255, 255, 255);\">Denkmaltyp:<\/strong><span style=\"color: rgb(51, 51, 51); background-color: rgb(255, 255, 255);\"> Verteidigungsstruktur<\/span><\/li>\n<li data-list=\"bullet\"><span class=\"ql-ui\" contenteditable=\"false\"><\/span><strong style=\"color: rgb(51, 51, 51); background-color: rgb(255, 255, 255);\">Urspr\u00fcngliche Funktion:<\/strong><span style=\"color: rgb(51, 51, 51); background-color: rgb(255, 255, 255);\"> Hauptquartier der deutschen Luftverteidigung<\/span><\/li>\n<li data-list=\"bullet\"><span class=\"ql-ui\" contenteditable=\"false\"><\/span><strong style=\"color: rgb(51, 51, 51); background-color: rgb(255, 255, 255);\">Bauzeit:<\/strong><span style=\"color: rgb(51, 51, 51); background-color: rgb(255, 255, 255);\"> 1944<\/span><\/li>\n<li data-list=\"bullet\"><span class=\"ql-ui\" contenteditable=\"false\"><\/span><strong style=\"color: rgb(51, 51, 51); background-color: rgb(255, 255, 255);\">Aktuelle Position:<\/strong><span style=\"color: rgb(51, 51, 51); background-color: rgb(255, 255, 255);\"> Kronenbunker<\/span><\/li>\n<\/ol>","protected":false},"excerpt":{"rendered":"<p>Entdecken Sie den Kroontjesbunker in den D\u00fcnen von Huisduinen w\u00e4hrend der Tage des offenen Denkmals.<\/p>","protected":false},"featured_media":0,"template":"","meta":{"patterndates-bp":null,"singledates-bp":[{"date-timestamp-repeaters":1789171200},{"date-timestamp-repeaters":1789257600}],"footnotes":""},"categories":[6370,6367],"tags":[1482,6523],"doelgroep":[],"class_list":["post-23903","evenement","type-evenement","status-publish","hentry","category-evenement","category-open-dag","tag-huisduinen","tag-omd","marker-toonopdenhelder","marker-toonopvisitkopvanholland"],"yoast_head":"<!-- This site is optimized with the Yoast SEO Premium plugin v24.7 (Yoast SEO v28.4) - https:\/\/yoast.com\/product\/yoast-seo-premium-wordpress\/ -->\n<title>Kroontjesbunker | Open Monumentendagen - Den Helder Online<\/title>\n<meta name=\"robots\" content=\"index, follow, max-snippet:-1, max-image-preview:large, max-video-preview:-1\" \/>\n<link rel=\"canonical\" href=\"https:\/\/denhelder.online\/de\/ereignis\/crown-bunker-monument-tage-geoffnet\/\" \/>\n<meta property=\"og:locale\" content=\"de_DE\" \/>\n<meta property=\"og:type\" content=\"article\" \/>\n<meta property=\"og:title\" content=\"Kroontjesbunker | Open Monumentendagen\" \/>\n<meta property=\"og:description\" content=\"Ontdek de Kroontjesbunker in de duinen van Huisduinen tijdens de Open Monumentendagen\" \/>\n<meta property=\"og:url\" content=\"https:\/\/denhelder.online\/de\/ereignis\/crown-bunker-monument-tage-geoffnet\/\" \/>\n<meta property=\"og:site_name\" content=\"Den Helder Online\" \/>\n<meta property=\"article:modified_time\" content=\"2026-08-21T13:10:06+00:00\" \/>\n<meta name=\"twitter:card\" content=\"summary_large_image\" \/>\n<meta name=\"twitter:label1\" content=\"Gesch\u00e4tzte Lesezeit\" \/>\n\t<meta name=\"twitter:data1\" content=\"2\u00a0Minuten\" \/>\n<script type=\"application\/ld+json\" class=\"yoast-schema-graph\">{\"@context\":\"https:\\\/\\\/schema.org\",\"@graph\":[{\"@type\":\"WebPage\",\"@id\":\"https:\\\/\\\/denhelder.online\\\/evenement\\\/kroontjesbunker-open-monumentendagen\\\/\",\"url\":\"https:\\\/\\\/denhelder.online\\\/evenement\\\/kroontjesbunker-open-monumentendagen\\\/\",\"name\":\"Kroontjesbunker | Open Monumentendagen - Den Helder Online\",\"isPartOf\":{\"@id\":\"https:\\\/\\\/denhelder.online\\\/#website\"},\"datePublished\":\"2026-04-22T15:00:46+00:00\",\"dateModified\":\"2026-08-21T13:10:06+00:00\",\"breadcrumb\":{\"@id\":\"https:\\\/\\\/denhelder.online\\\/evenement\\\/kroontjesbunker-open-monumentendagen\\\/#breadcrumb\"},\"inLanguage\":\"de\",\"potentialAction\":[{\"@type\":\"ReadAction\",\"target\":[\"https:\\\/\\\/denhelder.online\\\/evenement\\\/kroontjesbunker-open-monumentendagen\\\/\"]}]},{\"@type\":\"BreadcrumbList\",\"@id\":\"https:\\\/\\\/denhelder.online\\\/evenement\\\/kroontjesbunker-open-monumentendagen\\\/#breadcrumb\",\"itemListElement\":[{\"@type\":\"ListItem\",\"position\":1,\"name\":\"Home\",\"item\":\"https:\\\/\\\/denhelder.online\\\/\"},{\"@type\":\"ListItem\",\"position\":2,\"name\":\"Evenementen\",\"item\":\"https:\\\/\\\/denhelder.online\\\/en\\\/event-2\\\/\"},{\"@type\":\"ListItem\",\"position\":3,\"name\":\"Kroontjesbunker | Open Monumentendagen\"}]},{\"@type\":\"WebSite\",\"@id\":\"https:\\\/\\\/denhelder.online\\\/#website\",\"url\":\"https:\\\/\\\/denhelder.online\\\/\",\"name\":\"Den Helder Online\",\"description\":\"Beleef Den Helder\",\"publisher\":{\"@id\":\"https:\\\/\\\/denhelder.online\\\/#organization\"},\"potentialAction\":[{\"@type\":\"SearchAction\",\"target\":{\"@type\":\"EntryPoint\",\"urlTemplate\":\"https:\\\/\\\/denhelder.online\\\/?s={search_term_string}\"},\"query-input\":{\"@type\":\"PropertyValueSpecification\",\"valueRequired\":true,\"valueName\":\"search_term_string\"}}],\"inLanguage\":\"de\"},{\"@type\":\"Organization\",\"@id\":\"https:\\\/\\\/denhelder.online\\\/#organization\",\"name\":\"Den Helder Online\",\"url\":\"https:\\\/\\\/denhelder.online\\\/\",\"logo\":{\"@type\":\"ImageObject\",\"inLanguage\":\"de\",\"@id\":\"https:\\\/\\\/denhelder.online\\\/#\\\/schema\\\/logo\\\/image\\\/\",\"url\":\"https:\\\/\\\/denhelder.online\\\/wp-content\\\/uploads\\\/2021\\\/12\\\/DitIsDH-Logo-26-tagline.svg\",\"contentUrl\":\"https:\\\/\\\/denhelder.online\\\/wp-content\\\/uploads\\\/2021\\\/12\\\/DitIsDH-Logo-26-tagline.svg\",\"width\":1717.1,\"height\":934.9,\"caption\":\"Den Helder Online\"},\"image\":{\"@id\":\"https:\\\/\\\/denhelder.online\\\/#\\\/schema\\\/logo\\\/image\\\/\"}}]}<\/script>\n<!-- \/ Yoast SEO Premium plugin. -->","yoast_head_json":{"title":"Kroontjesbunker | Tage des offenen Denkmals - Den Helder Online","robots":{"index":"index","follow":"follow","max-snippet":"max-snippet:-1","max-image-preview":"max-image-preview:large","max-video-preview":"max-video-preview:-1"},"canonical":"https:\/\/denhelder.online\/de\/ereignis\/crown-bunker-monument-tage-geoffnet\/","og_locale":"de_DE","og_type":"article","og_title":"Kroontjesbunker | Open Monumentendagen","og_description":"Ontdek de Kroontjesbunker in de duinen van Huisduinen tijdens de Open Monumentendagen","og_url":"https:\/\/denhelder.online\/de\/ereignis\/crown-bunker-monument-tage-geoffnet\/","og_site_name":"Den Helder Online","article_modified_time":"2026-08-21T13:10:06+00:00","twitter_card":"summary_large_image","twitter_misc":{"Gesch\u00e4tzte Lesezeit":"2\u00a0Minuten"},"schema":{"@context":"https:\/\/schema.org","@graph":[{"@type":"WebPage","@id":"https:\/\/denhelder.online\/evenement\/kroontjesbunker-open-monumentendagen\/","url":"https:\/\/denhelder.online\/evenement\/kroontjesbunker-open-monumentendagen\/","name":"Kroontjesbunker | Tage des offenen Denkmals - Den Helder Online","isPartOf":{"@id":"https:\/\/denhelder.online\/#website"},"datePublished":"2026-04-22T15:00:46+00:00","dateModified":"2026-08-21T13:10:06+00:00","breadcrumb":{"@id":"https:\/\/denhelder.online\/evenement\/kroontjesbunker-open-monumentendagen\/#breadcrumb"},"inLanguage":"de","potentialAction":[{"@type":"ReadAction","target":["https:\/\/denhelder.online\/evenement\/kroontjesbunker-open-monumentendagen\/"]}]},{"@type":"BreadcrumbList","@id":"https:\/\/denhelder.online\/evenement\/kroontjesbunker-open-monumentendagen\/#breadcrumb","itemListElement":[{"@type":"ListItem","position":1,"name":"Home","item":"https:\/\/denhelder.online\/"},{"@type":"ListItem","position":2,"name":"Evenementen","item":"https:\/\/denhelder.online\/en\/event-2\/"},{"@type":"ListItem","position":3,"name":"Kroontjesbunker | Open Monumentendagen"}]},{"@type":"WebSite","@id":"https:\/\/denhelder.online\/#website","url":"https:\/\/denhelder.online\/","name":"Den Helder Online","description":"Erleben Sie Den Helder","publisher":{"@id":"https:\/\/denhelder.online\/#organization"},"potentialAction":[{"@type":"SearchAction","target":{"@type":"EntryPoint","urlTemplate":"https:\/\/denhelder.online\/?s={search_term_string}"},"query-input":{"@type":"PropertyValueSpecification","valueRequired":true,"valueName":"search_term_string"}}],"inLanguage":"de"},{"@type":"Organization","@id":"https:\/\/denhelder.online\/#organization","name":"Den Helder Online","url":"https:\/\/denhelder.online\/","logo":{"@type":"ImageObject","inLanguage":"de","@id":"https:\/\/denhelder.online\/#\/schema\/logo\/image\/","url":"https:\/\/denhelder.online\/wp-content\/uploads\/2021\/12\/DitIsDH-Logo-26-tagline.svg","contentUrl":"https:\/\/denhelder.online\/wp-content\/uploads\/2021\/12\/DitIsDH-Logo-26-tagline.svg","width":1717.1,"height":934.9,"caption":"Den Helder Online"},"image":{"@id":"https:\/\/denhelder.online\/#\/schema\/logo\/image\/"}}]}},"_links":{"self":[{"href":"https:\/\/denhelder.online\/de\/wp-json\/wp\/v2\/events\/23903","targetHints":{"allow":["GET"]}}],"collection":[{"href":"https:\/\/denhelder.online\/de\/wp-json\/wp\/v2\/events"}],"about":[{"href":"https:\/\/denhelder.online\/de\/wp-json\/wp\/v2\/types\/evenement"}],"version-history":[{"count":2,"href":"https:\/\/denhelder.online\/de\/wp-json\/wp\/v2\/events\/23903\/revisions"}],"predecessor-version":[{"id":25784,"href":"https:\/\/denhelder.online\/de\/wp-json\/wp\/v2\/events\/23903\/revisions\/25784"}],"wp:attachment":[{"href":"https:\/\/denhelder.online\/de\/wp-json\/wp\/v2\/media?parent=23903"}],"wp:term":[{"taxonomy":"category","embeddable":true,"href":"https:\/\/denhelder.online\/de\/wp-json\/wp\/v2\/categories?post=23903"},{"taxonomy":"post_tag","embeddable":true,"href":"https:\/\/denhelder.online\/de\/wp-json\/wp\/v2\/tags?post=23903"},{"taxonomy":"doelgroep","embeddable":true,"href":"https:\/\/denhelder.online\/de\/wp-json\/wp\/v2\/doelgroep?post=23903"}],"curies":[{"name":"wp","href":"https:\/\/api.w.org\/{rel}","templated":true}]}}