{"id":25522,"date":"2026-08-12T19:01:31","date_gmt":"2026-08-12T17:01:31","guid":{"rendered":"https:\/\/denhelder.online\/evenement\/the-story-tellers-gitaarhelden-part-2\/"},"modified":"2026-08-12T19:01:31","modified_gmt":"2026-08-12T17:01:31","slug":"die-geschichtenerzahler-gitarrenhelden-teil-2","status":"publish","type":"evenement","link":"https:\/\/denhelder.online\/de\/evenement\/the-story-tellers-gitaarhelden-part-2\/","title":{"rendered":"Die Geschichtenerz\u00e4hler \u2013 Gitarrenhelden! \u2013 Teil 2"},"content":{"rendered":"<p><span>Die Kombination aus intimer Musik, wundersch\u00f6nen Geschichten und stimmungsvollen Bildern ist eine perfekte Mischung, denn es gibt unz\u00e4hlige weltber\u00fchmte Gitarrenhelden, die die Musikwelt beeinflusst und Millionen von Menschen mit ihrem Gitarrenspiel, ihren Texten und ihrer Musik ber\u00fchrt haben.<\/span><\/p>\n<p><\/p>\n<p><span>Wer kennt sie nicht; die legend\u00e4ren Intros, Gitarrensoli und Welthits von Eric Clapton, Keith Richards, Brian May, Mark Knopfler, Carlos Santana, David Gilmour, Neil Young, James Taylor, Paul Simon, Leonard Cohen, John Lennon, Slash, Jimmy Page, Eddie van Halen, BB King und Jimi Hendrix, um nur einige zu nennen.<\/span><\/p>\n<p><\/p>\n<p><span>Es \u00fcberrascht daher nicht, dass ihre vorherige Show sowohl von Besuchern als auch von Theatern hoch gelobt und sogar als \u2018Juwel\u2019 bezeichnet wurde. Die Story Tellers pr\u00e4sentieren gef\u00fchlvolle Musik, wundersch\u00f6ne Geschichten und stimmungsvolle Bilder!<\/span><\/p>\n<p><\/p>\n<p><span>Von den Machern von \u201eThe Stones vs The Beatles Battle\u201c, \u201eMotel Westcoast\u201c, \u201eThe Best of Britain\u201c und mehr.<\/span><\/p>","protected":false},"excerpt":{"rendered":"<p>Auf vielfachen Wunsch kehren die gr\u00f6\u00dften Gitarrenhelden der Welt zur\u00fcck, darunter Syb van der Ploeg, Harry Sacksioni, Maarten Peters und Mark Bogert! Gemeinsam mit dem Multiinstrumentalisten Hubert Heeringa und anderen pr\u00e4sentieren sie eine besondere Show voller Musik und Anekdoten \u00fcber ihre Gitarrenhelden! Mark Bogert und Harry Sacksioni sind die besten Gitarristen ihrer Kategorie in den Benelux-L\u00e4ndern!<\/p>","protected":false},"featured_media":0,"template":"","meta":{"patterndates-bp":null,"singledates-bp":[{"date-timestamp-repeaters":1796515200}],"footnotes":""},"categories":[6370,6375],"tags":[6364,6237,6235,6238],"doelgroep":[],"class_list":["post-25522","evenement","type-evenement","status-publish","hentry","category-evenement","category-muziek-muziek","tag-den-helder","tag-muziek","tag-theater","tag-willemsoord","marker-toonopdenhelder"],"yoast_head":"<!-- This site is optimized with the Yoast SEO Premium plugin v24.7 (Yoast SEO v28.4) - https:\/\/yoast.com\/product\/yoast-seo-premium-wordpress\/ -->\n<title>The Story Tellers - Gitaarhelden! \u2013 Part 2 - Den Helder Online<\/title>\n<meta name=\"robots\" content=\"index, follow, max-snippet:-1, max-image-preview:large, max-video-preview:-1\" \/>\n<link rel=\"canonical\" href=\"https:\/\/denhelder.online\/de\/ereignis\/die-geschichtenerzahler-gitarrenhelden-teil-2\/\" \/>\n<meta property=\"og:locale\" content=\"de_DE\" \/>\n<meta property=\"og:type\" content=\"article\" \/>\n<meta property=\"og:title\" content=\"The Story Tellers - Gitaarhelden! \u2013 Part 2\" \/>\n<meta property=\"og:description\" content=\"Terug van weggeweest met wederom de allergrootste gitaarhelden van de wereld, met o.a. Syb van der Ploeg, Harry Sacksioni, Maarten Peters \u00e9n Mark Bogert! Samen met o.a. multi-instrumentalist Hubert Heeringa brengen ze een bijzondere voorstelling met veel muziek en verhalen over hun gitaarhelden! Mark Bogert \u00e9n Harry Sacksioni, zijn de beste gitaristen in hun categorie in de Benelux!\" \/>\n<meta property=\"og:url\" content=\"https:\/\/denhelder.online\/de\/ereignis\/die-geschichtenerzahler-gitarrenhelden-teil-2\/\" \/>\n<meta property=\"og:site_name\" content=\"Den Helder Online\" \/>\n<meta name=\"twitter:card\" content=\"summary_large_image\" \/>\n<meta name=\"twitter:label1\" content=\"Gesch\u00e4tzte Lesezeit\" \/>\n\t<meta name=\"twitter:data1\" content=\"1\u00a0Minute\" \/>\n<script type=\"application\/ld+json\" class=\"yoast-schema-graph\">{\"@context\":\"https:\\\/\\\/schema.org\",\"@graph\":[{\"@type\":\"WebPage\",\"@id\":\"https:\\\/\\\/denhelder.online\\\/evenement\\\/the-story-tellers-gitaarhelden-part-2\\\/\",\"url\":\"https:\\\/\\\/denhelder.online\\\/evenement\\\/the-story-tellers-gitaarhelden-part-2\\\/\",\"name\":\"The Story Tellers - Gitaarhelden! \u2013 Part 2 - Den Helder Online\",\"isPartOf\":{\"@id\":\"https:\\\/\\\/denhelder.online\\\/#website\"},\"datePublished\":\"2026-08-12T17:01:31+00:00\",\"breadcrumb\":{\"@id\":\"https:\\\/\\\/denhelder.online\\\/evenement\\\/the-story-tellers-gitaarhelden-part-2\\\/#breadcrumb\"},\"inLanguage\":\"de\",\"potentialAction\":[{\"@type\":\"ReadAction\",\"target\":[\"https:\\\/\\\/denhelder.online\\\/evenement\\\/the-story-tellers-gitaarhelden-part-2\\\/\"]}]},{\"@type\":\"BreadcrumbList\",\"@id\":\"https:\\\/\\\/denhelder.online\\\/evenement\\\/the-story-tellers-gitaarhelden-part-2\\\/#breadcrumb\",\"itemListElement\":[{\"@type\":\"ListItem\",\"position\":1,\"name\":\"Home\",\"item\":\"https:\\\/\\\/denhelder.online\\\/\"},{\"@type\":\"ListItem\",\"position\":2,\"name\":\"Evenementen\",\"item\":\"https:\\\/\\\/denhelder.online\\\/en\\\/event-2\\\/\"},{\"@type\":\"ListItem\",\"position\":3,\"name\":\"The Story Tellers &#8211; Gitaarhelden! \u2013 Part 2\"}]},{\"@type\":\"WebSite\",\"@id\":\"https:\\\/\\\/denhelder.online\\\/#website\",\"url\":\"https:\\\/\\\/denhelder.online\\\/\",\"name\":\"Den Helder Online\",\"description\":\"Beleef Den Helder\",\"publisher\":{\"@id\":\"https:\\\/\\\/denhelder.online\\\/#organization\"},\"potentialAction\":[{\"@type\":\"SearchAction\",\"target\":{\"@type\":\"EntryPoint\",\"urlTemplate\":\"https:\\\/\\\/denhelder.online\\\/?s={search_term_string}\"},\"query-input\":{\"@type\":\"PropertyValueSpecification\",\"valueRequired\":true,\"valueName\":\"search_term_string\"}}],\"inLanguage\":\"de\"},{\"@type\":\"Organization\",\"@id\":\"https:\\\/\\\/denhelder.online\\\/#organization\",\"name\":\"Den Helder Online\",\"url\":\"https:\\\/\\\/denhelder.online\\\/\",\"logo\":{\"@type\":\"ImageObject\",\"inLanguage\":\"de\",\"@id\":\"https:\\\/\\\/denhelder.online\\\/#\\\/schema\\\/logo\\\/image\\\/\",\"url\":\"https:\\\/\\\/denhelder.online\\\/wp-content\\\/uploads\\\/2021\\\/12\\\/DitIsDH-Logo-26-tagline.svg\",\"contentUrl\":\"https:\\\/\\\/denhelder.online\\\/wp-content\\\/uploads\\\/2021\\\/12\\\/DitIsDH-Logo-26-tagline.svg\",\"width\":1717.1,\"height\":934.9,\"caption\":\"Den Helder Online\"},\"image\":{\"@id\":\"https:\\\/\\\/denhelder.online\\\/#\\\/schema\\\/logo\\\/image\\\/\"}}]}<\/script>\n<!-- \/ Yoast SEO Premium plugin. -->","yoast_head_json":{"title":"Die Geschichtenerz\u00e4hler \u2013 Gitarrenhelden! \u2013 Teil 2 \u2013 Den Helder Online","robots":{"index":"index","follow":"follow","max-snippet":"max-snippet:-1","max-image-preview":"max-image-preview:large","max-video-preview":"max-video-preview:-1"},"canonical":"https:\/\/denhelder.online\/de\/ereignis\/die-geschichtenerzahler-gitarrenhelden-teil-2\/","og_locale":"de_DE","og_type":"article","og_title":"The Story Tellers - Gitaarhelden! \u2013 Part 2","og_description":"Terug van weggeweest met wederom de allergrootste gitaarhelden van de wereld, met o.a. Syb van der Ploeg, Harry Sacksioni, Maarten Peters \u00e9n Mark Bogert! Samen met o.a. multi-instrumentalist Hubert Heeringa brengen ze een bijzondere voorstelling met veel muziek en verhalen over hun gitaarhelden! Mark Bogert \u00e9n Harry Sacksioni, zijn de beste gitaristen in hun categorie in de Benelux!","og_url":"https:\/\/denhelder.online\/de\/ereignis\/die-geschichtenerzahler-gitarrenhelden-teil-2\/","og_site_name":"Den Helder Online","twitter_card":"summary_large_image","twitter_misc":{"Gesch\u00e4tzte Lesezeit":"1\u00a0Minute"},"schema":{"@context":"https:\/\/schema.org","@graph":[{"@type":"WebPage","@id":"https:\/\/denhelder.online\/evenement\/the-story-tellers-gitaarhelden-part-2\/","url":"https:\/\/denhelder.online\/evenement\/the-story-tellers-gitaarhelden-part-2\/","name":"Die Geschichtenerz\u00e4hler \u2013 Gitarrenhelden! \u2013 Teil 2 \u2013 Den Helder Online","isPartOf":{"@id":"https:\/\/denhelder.online\/#website"},"datePublished":"2026-08-12T17:01:31+00:00","breadcrumb":{"@id":"https:\/\/denhelder.online\/evenement\/the-story-tellers-gitaarhelden-part-2\/#breadcrumb"},"inLanguage":"de","potentialAction":[{"@type":"ReadAction","target":["https:\/\/denhelder.online\/evenement\/the-story-tellers-gitaarhelden-part-2\/"]}]},{"@type":"BreadcrumbList","@id":"https:\/\/denhelder.online\/evenement\/the-story-tellers-gitaarhelden-part-2\/#breadcrumb","itemListElement":[{"@type":"ListItem","position":1,"name":"Home","item":"https:\/\/denhelder.online\/"},{"@type":"ListItem","position":2,"name":"Evenementen","item":"https:\/\/denhelder.online\/en\/event-2\/"},{"@type":"ListItem","position":3,"name":"The Story Tellers &#8211; Gitaarhelden! \u2013 Part 2"}]},{"@type":"WebSite","@id":"https:\/\/denhelder.online\/#website","url":"https:\/\/denhelder.online\/","name":"Den Helder Online","description":"Erleben Sie Den Helder","publisher":{"@id":"https:\/\/denhelder.online\/#organization"},"potentialAction":[{"@type":"SearchAction","target":{"@type":"EntryPoint","urlTemplate":"https:\/\/denhelder.online\/?s={search_term_string}"},"query-input":{"@type":"PropertyValueSpecification","valueRequired":true,"valueName":"search_term_string"}}],"inLanguage":"de"},{"@type":"Organization","@id":"https:\/\/denhelder.online\/#organization","name":"Den Helder Online","url":"https:\/\/denhelder.online\/","logo":{"@type":"ImageObject","inLanguage":"de","@id":"https:\/\/denhelder.online\/#\/schema\/logo\/image\/","url":"https:\/\/denhelder.online\/wp-content\/uploads\/2021\/12\/DitIsDH-Logo-26-tagline.svg","contentUrl":"https:\/\/denhelder.online\/wp-content\/uploads\/2021\/12\/DitIsDH-Logo-26-tagline.svg","width":1717.1,"height":934.9,"caption":"Den Helder Online"},"image":{"@id":"https:\/\/denhelder.online\/#\/schema\/logo\/image\/"}}]}},"_links":{"self":[{"href":"https:\/\/denhelder.online\/de\/wp-json\/wp\/v2\/events\/25522","targetHints":{"allow":["GET"]}}],"collection":[{"href":"https:\/\/denhelder.online\/de\/wp-json\/wp\/v2\/events"}],"about":[{"href":"https:\/\/denhelder.online\/de\/wp-json\/wp\/v2\/types\/evenement"}],"version-history":[{"count":0,"href":"https:\/\/denhelder.online\/de\/wp-json\/wp\/v2\/events\/25522\/revisions"}],"wp:attachment":[{"href":"https:\/\/denhelder.online\/de\/wp-json\/wp\/v2\/media?parent=25522"}],"wp:term":[{"taxonomy":"category","embeddable":true,"href":"https:\/\/denhelder.online\/de\/wp-json\/wp\/v2\/categories?post=25522"},{"taxonomy":"post_tag","embeddable":true,"href":"https:\/\/denhelder.online\/de\/wp-json\/wp\/v2\/tags?post=25522"},{"taxonomy":"doelgroep","embeddable":true,"href":"https:\/\/denhelder.online\/de\/wp-json\/wp\/v2\/doelgroep?post=25522"}],"curies":[{"name":"wp","href":"https:\/\/api.w.org\/{rel}","templated":true}]}}