{"id":25567,"date":"2026-08-13T19:00:42","date_gmt":"2026-08-13T17:00:42","guid":{"rendered":"https:\/\/denhelder.online\/evenement\/de-notenkraker-een-magisch-kerstsprookje\/"},"modified":"2026-08-13T19:00:42","modified_gmt":"2026-08-13T17:00:42","slug":"der-nussknacker-ein-zauberhaftes-weihnachtsmarchen","status":"publish","type":"evenement","link":"https:\/\/denhelder.online\/de\/evenement\/de-notenkraker-een-magisch-kerstsprookje\/","title":{"rendered":"Der Nussknacker \u2013 Ein zauberhaftes Weihnachtsm\u00e4rchen"},"content":{"rendered":"<p><strong>Ein Abend mit der ganzen Familie<\/strong><\/p>\n<p><span>Das klassisch-romantische Ballett \u2018Der Nussknacker\u2019 ist atemberaubend und ein Genuss f\u00fcr die ganze Familie. Jung und Alt erfreuen sich an der wundersch\u00f6nen Kulisse, den prachtvollen Kost\u00fcmen und den wundervollen Tanzschritten. Nach der Auff\u00fchrung werden Sie garantiert in Weihnachtsstimmung versetzt sein.<\/span><\/p>\n<p><\/p>\n<p><strong>Gro\u00dfartige Auff\u00fchrung<\/strong><\/p>\n<p><span>Das Ballett in zwei Akten wurde im Dezember 1892 im Mariinski-Theater in Sankt Petersburg uraufgef\u00fchrt. Dank seiner bezaubernden Musik und der magischen Choreografie z\u00e4hlt es bis heute zu den beliebtesten Balletten der Welt. Dies gilt ganz besonders f\u00fcr die Auff\u00fchrung der Staatsoper Stara Zagora in Bulgarien: Mit einem gro\u00dfen Orchester von nicht weniger als 42 Musikern und ebenso vielen T\u00e4nzern wird nichts dem Zufall \u00fcberlassen. Einschlie\u00dflich des Teams f\u00fcr Maske, Proben und Technik sind \u00fcber 100 Personen im Einsatz, um Ihnen eine gro\u00dfartige Vorstellung zu bieten.<\/span><\/p>\n<p><\/p>\n<p><strong>Die weltber\u00fchmte Musik von Tschaikowsky<\/strong><\/p>\n<p><span>Aufgef\u00fchrt von einem Sinfonieorchester, erwacht Tschaikowskys wundersch\u00f6ne Musik zum Leben. Lassen Sie sich mit jedem Ton tiefer in die M\u00e4rchenwelt entf\u00fchren. Seit \u00fcber 130 Jahren begeistert diese Musik weltweit das Publikum und ist damit ein wohlverdienter Klassiker. Zusammen mit der spektakul\u00e4ren Choreografie wird sie zu einem unvergesslichen Erlebnis! <\/span><\/p>","protected":false},"excerpt":{"rendered":"<p>Erleben Sie das ultimative Weihnachtsgef\u00fchl mit dem klassischen Ballett \u2018Der Nussknacker\u2019.\u2019<br \/>\nStellt euch vor: Es ist Heiligabend, und bei Familie Stahlbaum ist Bescherungszeit. Clara bekommt von ihrem Patenonkel eine wundersch\u00f6ne Nussknackerpuppe. In der Nacht verwandelt sich die Puppe in einen gutaussehenden Prinzen, der Clara in eine abenteuerliche M\u00e4rchenwelt entf\u00fchrt. Gemeinsam mit einer Armee von Zinnsoldaten ziehen sie gegen den b\u00f6sen M\u00e4usek\u00f6nig in den Kampf und reisen unter anderem ins zuckers\u00fc\u00dfe Bonbonreich.<\/p>","protected":false},"featured_media":0,"template":"","meta":{"patterndates-bp":null,"singledates-bp":[{"date-timestamp-repeaters":1797033600}],"footnotes":""},"categories":[6370,6375],"tags":[6364,6235,6238],"doelgroep":[],"class_list":["post-25567","evenement","type-evenement","status-publish","hentry","category-evenement","category-muziek-muziek","tag-den-helder","tag-theater","tag-willemsoord","marker-toonopdenhelder"],"yoast_head":"<!-- This site is optimized with the Yoast SEO Premium plugin v24.7 (Yoast SEO v28.4) - https:\/\/yoast.com\/product\/yoast-seo-premium-wordpress\/ -->\n<title>De Notenkraker - Een magisch kerstsprookje - Den Helder Online<\/title>\n<meta name=\"robots\" content=\"index, follow, max-snippet:-1, max-image-preview:large, max-video-preview:-1\" \/>\n<link rel=\"canonical\" href=\"https:\/\/denhelder.online\/de\/ereignis\/der-nussknacker-ein-zauberhaftes-weihnachtsmarchen\/\" \/>\n<meta property=\"og:locale\" content=\"de_DE\" \/>\n<meta property=\"og:type\" content=\"article\" \/>\n<meta property=\"og:title\" content=\"De Notenkraker - Een magisch kerstsprookje\" \/>\n<meta property=\"og:description\" content=\"Beleef het ultieme kerstgevoel bij het klassieke ballet \u2018De Notenkraker\u2019 Stel je voor: het is kerstavond en bij de familie Stahlbaum is het tijd voor cadeaus. Clara krijgt van haar peetvader een prachtige notenkrakerpop. \u2019s Nachts verandert de pop in een knappe prins, die Clara meeneemt naar een avontuurlijke sprookjeswereld. Samen met een leger tinnen soldaatjes trekken ze ten strijde tegen de valse muizenkoning en reizen ze verder langs onder meer het mierzoete Snoepgoedrijk.\" \/>\n<meta property=\"og:url\" content=\"https:\/\/denhelder.online\/de\/ereignis\/der-nussknacker-ein-zauberhaftes-weihnachtsmarchen\/\" \/>\n<meta property=\"og:site_name\" content=\"Den Helder Online\" \/>\n<meta name=\"twitter:card\" content=\"summary_large_image\" \/>\n<meta name=\"twitter:label1\" content=\"Gesch\u00e4tzte Lesezeit\" \/>\n\t<meta name=\"twitter:data1\" content=\"1\u00a0Minute\" \/>\n<script type=\"application\/ld+json\" class=\"yoast-schema-graph\">{\"@context\":\"https:\\\/\\\/schema.org\",\"@graph\":[{\"@type\":\"WebPage\",\"@id\":\"https:\\\/\\\/denhelder.online\\\/evenement\\\/de-notenkraker-een-magisch-kerstsprookje\\\/\",\"url\":\"https:\\\/\\\/denhelder.online\\\/evenement\\\/de-notenkraker-een-magisch-kerstsprookje\\\/\",\"name\":\"De Notenkraker - Een magisch kerstsprookje - Den Helder Online\",\"isPartOf\":{\"@id\":\"https:\\\/\\\/denhelder.online\\\/#website\"},\"datePublished\":\"2026-08-13T17:00:42+00:00\",\"breadcrumb\":{\"@id\":\"https:\\\/\\\/denhelder.online\\\/evenement\\\/de-notenkraker-een-magisch-kerstsprookje\\\/#breadcrumb\"},\"inLanguage\":\"de\",\"potentialAction\":[{\"@type\":\"ReadAction\",\"target\":[\"https:\\\/\\\/denhelder.online\\\/evenement\\\/de-notenkraker-een-magisch-kerstsprookje\\\/\"]}]},{\"@type\":\"BreadcrumbList\",\"@id\":\"https:\\\/\\\/denhelder.online\\\/evenement\\\/de-notenkraker-een-magisch-kerstsprookje\\\/#breadcrumb\",\"itemListElement\":[{\"@type\":\"ListItem\",\"position\":1,\"name\":\"Home\",\"item\":\"https:\\\/\\\/denhelder.online\\\/\"},{\"@type\":\"ListItem\",\"position\":2,\"name\":\"Evenementen\",\"item\":\"https:\\\/\\\/denhelder.online\\\/en\\\/event-2\\\/\"},{\"@type\":\"ListItem\",\"position\":3,\"name\":\"De Notenkraker &#8211; Een magisch kerstsprookje\"}]},{\"@type\":\"WebSite\",\"@id\":\"https:\\\/\\\/denhelder.online\\\/#website\",\"url\":\"https:\\\/\\\/denhelder.online\\\/\",\"name\":\"Den Helder Online\",\"description\":\"Beleef Den Helder\",\"publisher\":{\"@id\":\"https:\\\/\\\/denhelder.online\\\/#organization\"},\"potentialAction\":[{\"@type\":\"SearchAction\",\"target\":{\"@type\":\"EntryPoint\",\"urlTemplate\":\"https:\\\/\\\/denhelder.online\\\/?s={search_term_string}\"},\"query-input\":{\"@type\":\"PropertyValueSpecification\",\"valueRequired\":true,\"valueName\":\"search_term_string\"}}],\"inLanguage\":\"de\"},{\"@type\":\"Organization\",\"@id\":\"https:\\\/\\\/denhelder.online\\\/#organization\",\"name\":\"Den Helder Online\",\"url\":\"https:\\\/\\\/denhelder.online\\\/\",\"logo\":{\"@type\":\"ImageObject\",\"inLanguage\":\"de\",\"@id\":\"https:\\\/\\\/denhelder.online\\\/#\\\/schema\\\/logo\\\/image\\\/\",\"url\":\"https:\\\/\\\/denhelder.online\\\/wp-content\\\/uploads\\\/2021\\\/12\\\/DitIsDH-Logo-26-tagline.svg\",\"contentUrl\":\"https:\\\/\\\/denhelder.online\\\/wp-content\\\/uploads\\\/2021\\\/12\\\/DitIsDH-Logo-26-tagline.svg\",\"width\":1717.1,\"height\":934.9,\"caption\":\"Den Helder Online\"},\"image\":{\"@id\":\"https:\\\/\\\/denhelder.online\\\/#\\\/schema\\\/logo\\\/image\\\/\"}}]}<\/script>\n<!-- \/ Yoast SEO Premium plugin. -->","yoast_head_json":{"title":"Der Nussknacker \u2013 Ein zauberhaftes Weihnachtsm\u00e4rchen \u2013 Den Helder Online","robots":{"index":"index","follow":"follow","max-snippet":"max-snippet:-1","max-image-preview":"max-image-preview:large","max-video-preview":"max-video-preview:-1"},"canonical":"https:\/\/denhelder.online\/de\/ereignis\/der-nussknacker-ein-zauberhaftes-weihnachtsmarchen\/","og_locale":"de_DE","og_type":"article","og_title":"De Notenkraker - Een magisch kerstsprookje","og_description":"Beleef het ultieme kerstgevoel bij het klassieke ballet \u2018De Notenkraker\u2019 Stel je voor: het is kerstavond en bij de familie Stahlbaum is het tijd voor cadeaus. Clara krijgt van haar peetvader een prachtige notenkrakerpop. \u2019s Nachts verandert de pop in een knappe prins, die Clara meeneemt naar een avontuurlijke sprookjeswereld. Samen met een leger tinnen soldaatjes trekken ze ten strijde tegen de valse muizenkoning en reizen ze verder langs onder meer het mierzoete Snoepgoedrijk.","og_url":"https:\/\/denhelder.online\/de\/ereignis\/der-nussknacker-ein-zauberhaftes-weihnachtsmarchen\/","og_site_name":"Den Helder Online","twitter_card":"summary_large_image","twitter_misc":{"Gesch\u00e4tzte Lesezeit":"1\u00a0Minute"},"schema":{"@context":"https:\/\/schema.org","@graph":[{"@type":"WebPage","@id":"https:\/\/denhelder.online\/evenement\/de-notenkraker-een-magisch-kerstsprookje\/","url":"https:\/\/denhelder.online\/evenement\/de-notenkraker-een-magisch-kerstsprookje\/","name":"Der Nussknacker \u2013 Ein zauberhaftes Weihnachtsm\u00e4rchen \u2013 Den Helder Online","isPartOf":{"@id":"https:\/\/denhelder.online\/#website"},"datePublished":"2026-08-13T17:00:42+00:00","breadcrumb":{"@id":"https:\/\/denhelder.online\/evenement\/de-notenkraker-een-magisch-kerstsprookje\/#breadcrumb"},"inLanguage":"de","potentialAction":[{"@type":"ReadAction","target":["https:\/\/denhelder.online\/evenement\/de-notenkraker-een-magisch-kerstsprookje\/"]}]},{"@type":"BreadcrumbList","@id":"https:\/\/denhelder.online\/evenement\/de-notenkraker-een-magisch-kerstsprookje\/#breadcrumb","itemListElement":[{"@type":"ListItem","position":1,"name":"Home","item":"https:\/\/denhelder.online\/"},{"@type":"ListItem","position":2,"name":"Evenementen","item":"https:\/\/denhelder.online\/en\/event-2\/"},{"@type":"ListItem","position":3,"name":"De Notenkraker &#8211; Een magisch kerstsprookje"}]},{"@type":"WebSite","@id":"https:\/\/denhelder.online\/#website","url":"https:\/\/denhelder.online\/","name":"Den Helder Online","description":"Erleben Sie Den Helder","publisher":{"@id":"https:\/\/denhelder.online\/#organization"},"potentialAction":[{"@type":"SearchAction","target":{"@type":"EntryPoint","urlTemplate":"https:\/\/denhelder.online\/?s={search_term_string}"},"query-input":{"@type":"PropertyValueSpecification","valueRequired":true,"valueName":"search_term_string"}}],"inLanguage":"de"},{"@type":"Organization","@id":"https:\/\/denhelder.online\/#organization","name":"Den Helder Online","url":"https:\/\/denhelder.online\/","logo":{"@type":"ImageObject","inLanguage":"de","@id":"https:\/\/denhelder.online\/#\/schema\/logo\/image\/","url":"https:\/\/denhelder.online\/wp-content\/uploads\/2021\/12\/DitIsDH-Logo-26-tagline.svg","contentUrl":"https:\/\/denhelder.online\/wp-content\/uploads\/2021\/12\/DitIsDH-Logo-26-tagline.svg","width":1717.1,"height":934.9,"caption":"Den Helder Online"},"image":{"@id":"https:\/\/denhelder.online\/#\/schema\/logo\/image\/"}}]}},"_links":{"self":[{"href":"https:\/\/denhelder.online\/de\/wp-json\/wp\/v2\/events\/25567","targetHints":{"allow":["GET"]}}],"collection":[{"href":"https:\/\/denhelder.online\/de\/wp-json\/wp\/v2\/events"}],"about":[{"href":"https:\/\/denhelder.online\/de\/wp-json\/wp\/v2\/types\/evenement"}],"version-history":[{"count":0,"href":"https:\/\/denhelder.online\/de\/wp-json\/wp\/v2\/events\/25567\/revisions"}],"wp:attachment":[{"href":"https:\/\/denhelder.online\/de\/wp-json\/wp\/v2\/media?parent=25567"}],"wp:term":[{"taxonomy":"category","embeddable":true,"href":"https:\/\/denhelder.online\/de\/wp-json\/wp\/v2\/categories?post=25567"},{"taxonomy":"post_tag","embeddable":true,"href":"https:\/\/denhelder.online\/de\/wp-json\/wp\/v2\/tags?post=25567"},{"taxonomy":"doelgroep","embeddable":true,"href":"https:\/\/denhelder.online\/de\/wp-json\/wp\/v2\/doelgroep?post=25567"}],"curies":[{"name":"wp","href":"https:\/\/api.w.org\/{rel}","templated":true}]}}