{"id":11863,"date":"2025-06-13T14:14:43","date_gmt":"2025-06-13T12:14:43","guid":{"rendered":"https:\/\/denhelder.online\/?page_id=11863"},"modified":"2026-01-13T14:16:14","modified_gmt":"2026-01-13T13:16:14","slug":"wie-begann-der-krieg-im-jahr-1940","status":"publish","type":"page","link":"https:\/\/denhelder.online\/de\/herdenkenenvieren\/den-helder-spookstad\/hoe-begon-de-oorlog-in-1940\/","title":{"rendered":"Wie begann der Krieg im Jahr 1940?"},"content":{"rendered":"<div data-elementor-type=\"wp-page\" data-elementor-id=\"11863\" class=\"elementor elementor-11863\" data-elementor-post-type=\"page\">\n\t\t\t\t<div class=\"elementor-element elementor-element-7fe747a e-flex e-con-boxed e-con e-parent\" data-id=\"7fe747a\" data-element_type=\"container\" data-e-type=\"container\" data-settings=\"{&quot;background_background&quot;:&quot;classic&quot;,&quot;jet_parallax_layout_list&quot;:[]}\">\n\t\t\t\t\t<div class=\"e-con-inner\">\n\t\t<div class=\"elementor-element elementor-element-76183126 e-con-full e-flex e-con e-child\" data-id=\"76183126\" data-element_type=\"container\" data-e-type=\"container\" data-settings=\"{&quot;jet_parallax_layout_list&quot;:[]}\">\n\t\t\t\t<div class=\"elementor-element elementor-element-74d88910 elementor-widget__width-inherit elementor-widget elementor-widget-image\" data-id=\"74d88910\" data-element_type=\"widget\" data-e-type=\"widget\" data-widget_type=\"image.default\">\n\t\t\t\t<div class=\"elementor-widget-container\">\n\t\t\t\t\t\t\t\t\t\t\t\t\t\t\t<img fetchpriority=\"high\" decoding=\"async\" width=\"800\" height=\"533\" src=\"https:\/\/denhelder.online\/wp-content\/uploads\/2025\/06\/Carillon.jpg\" class=\"attachment-large size-large wp-image-11866\" alt=\"Carillon Den Helder\" srcset=\"https:\/\/denhelder.online\/wp-content\/uploads\/2025\/06\/Carillon.jpg 960w, https:\/\/denhelder.online\/wp-content\/uploads\/2025\/06\/Carillon-300x200.jpg 300w, https:\/\/denhelder.online\/wp-content\/uploads\/2025\/06\/Carillon-768x512.jpg 768w, https:\/\/denhelder.online\/wp-content\/uploads\/2025\/06\/Carillon-18x12.jpg 18w, https:\/\/denhelder.online\/wp-content\/uploads\/2025\/06\/Carillon-600x400.jpg 600w\" sizes=\"(max-width: 800px) 100vw, 800px\" \/>\t\t\t\t\t\t\t\t\t\t\t\t\t\t\t<\/div>\n\t\t\t\t<\/div>\n\t\t\t\t<\/div>\n\t\t\t\t\t<\/div>\n\t\t\t\t<\/div>\n\t\t<div class=\"elementor-element elementor-element-7fbfa279 e-flex e-con-boxed e-con e-parent\" data-id=\"7fbfa279\" data-element_type=\"container\" data-e-type=\"container\" data-settings=\"{&quot;jet_parallax_layout_list&quot;:[]}\">\n\t\t\t\t\t<div class=\"e-con-inner\">\n\t\t<div class=\"elementor-element elementor-element-76458957 e-con-full e-flex e-con e-child\" data-id=\"76458957\" data-element_type=\"container\" data-e-type=\"container\" data-settings=\"{&quot;jet_parallax_layout_list&quot;:[]}\">\n\t\t\t\t<div class=\"elementor-element elementor-element-38c57911 elementor-widget elementor-widget-breadcrumbs\" data-id=\"38c57911\" data-element_type=\"widget\" data-e-type=\"widget\" data-widget_type=\"breadcrumbs.default\">\n\t\t\t\t<div class=\"elementor-widget-container\">\n\t\t\t\t\t<p id=\"breadcrumbs\"><span><span><a href=\"https:\/\/denhelder.online\/de\/\">Heim<\/a><\/span><\/span><\/p>\t\t\t\t<\/div>\n\t\t\t\t<\/div>\n\t\t<div class=\"elementor-element elementor-element-149375e1 e-con-full e-flex e-con e-child\" data-id=\"149375e1\" data-element_type=\"container\" data-e-type=\"container\" data-settings=\"{&quot;jet_parallax_layout_list&quot;:[]}\">\n\t\t\t\t<div class=\"elementor-element elementor-element-4d895118 elementor-widget elementor-widget-heading\" data-id=\"4d895118\" data-element_type=\"widget\" data-e-type=\"widget\" data-widget_type=\"heading.default\">\n\t\t\t\t<div class=\"elementor-widget-container\">\n\t\t\t\t\t<p class=\"elementor-heading-title elementor-size-default\">Folgen Sie uns in den sozialen Netzwerken:<\/p>\t\t\t\t<\/div>\n\t\t\t\t<\/div>\n\t\t\t\t<div class=\"elementor-element elementor-element-754dc683 elementor-icon-list--layout-inline elementor-align-end elementor-list-item-link-full_width elementor-widget elementor-widget-global elementor-global-1176 elementor-widget-icon-list\" data-id=\"754dc683\" data-element_type=\"widget\" data-e-type=\"widget\" data-widget_type=\"icon-list.default\">\n\t\t\t\t<div class=\"elementor-widget-container\">\n\t\t\t\t\t\t\t<ul class=\"elementor-icon-list-items elementor-inline-items\">\n\t\t\t\t\t\t\t<li class=\"elementor-icon-list-item elementor-inline-item\">\n\t\t\t\t\t\t\t\t\t\t\t<a href=\"https:\/\/www.facebook.com\/ditisdenhelder\" target=\"_blank\">\n\n\t\t\t\t\t\t\t\t\t\t\t\t<span class=\"elementor-icon-list-icon\">\n\t\t\t\t\t\t\t<i aria-hidden=\"true\" class=\"fab fa-facebook\"><\/i>\t\t\t\t\t\t<\/span>\n\t\t\t\t\t\t\t\t\t\t<span class=\"elementor-icon-list-text\"><\/span>\n\t\t\t\t\t\t\t\t\t\t\t<\/a>\n\t\t\t\t\t\t\t\t\t<\/li>\n\t\t\t\t\t\t\t\t<li class=\"elementor-icon-list-item elementor-inline-item\">\n\t\t\t\t\t\t\t\t\t\t\t<a href=\"https:\/\/www.instagram.com\/ditisdenhelder\/\" target=\"_blank\">\n\n\t\t\t\t\t\t\t\t\t\t\t\t<span class=\"elementor-icon-list-icon\">\n\t\t\t\t\t\t\t<i aria-hidden=\"true\" class=\"fab fa-instagram\"><\/i>\t\t\t\t\t\t<\/span>\n\t\t\t\t\t\t\t\t\t\t<span class=\"elementor-icon-list-text\"><\/span>\n\t\t\t\t\t\t\t\t\t\t\t<\/a>\n\t\t\t\t\t\t\t\t\t<\/li>\n\t\t\t\t\t\t\t\t<li class=\"elementor-icon-list-item elementor-inline-item\">\n\t\t\t\t\t\t\t\t\t\t\t<a href=\"https:\/\/www.youtube.com\/channel\/UCxXdcocRQwb3lDwiYBp3llg\" target=\"_blank\">\n\n\t\t\t\t\t\t\t\t\t\t\t\t<span class=\"elementor-icon-list-icon\">\n\t\t\t\t\t\t\t<i aria-hidden=\"true\" class=\"fab fa-youtube\"><\/i>\t\t\t\t\t\t<\/span>\n\t\t\t\t\t\t\t\t\t\t<span class=\"elementor-icon-list-text\"><\/span>\n\t\t\t\t\t\t\t\t\t\t\t<\/a>\n\t\t\t\t\t\t\t\t\t<\/li>\n\t\t\t\t\t\t\t\t<li class=\"elementor-icon-list-item elementor-inline-item\">\n\t\t\t\t\t\t\t\t\t\t\t<a href=\"https:\/\/www.linkedin.com\/company\/citymarketing-den-helder\" target=\"_blank\">\n\n\t\t\t\t\t\t\t\t\t\t\t\t<span class=\"elementor-icon-list-icon\">\n\t\t\t\t\t\t\t<i aria-hidden=\"true\" class=\"fab fa-linkedin-in\"><\/i>\t\t\t\t\t\t<\/span>\n\t\t\t\t\t\t\t\t\t\t<span class=\"elementor-icon-list-text\"><\/span>\n\t\t\t\t\t\t\t\t\t\t\t<\/a>\n\t\t\t\t\t\t\t\t\t<\/li>\n\t\t\t\t\t\t<\/ul>\n\t\t\t\t\t\t<\/div>\n\t\t\t\t<\/div>\n\t\t\t\t<\/div>\n\t\t\t\t<\/div>\n\t\t\t\t\t<\/div>\n\t\t\t\t<\/div>\n\t\t<div class=\"elementor-element elementor-element-74447348 e-flex e-con-boxed e-con e-parent\" data-id=\"74447348\" data-element_type=\"container\" data-e-type=\"container\" data-settings=\"{&quot;jet_parallax_layout_list&quot;:[]}\">\n\t\t\t\t\t<div class=\"e-con-inner\">\n\t\t<div class=\"elementor-element elementor-element-1795b1f2 e-con-full e-flex e-con e-child\" data-id=\"1795b1f2\" data-element_type=\"container\" data-e-type=\"container\" data-settings=\"{&quot;jet_parallax_layout_list&quot;:[]}\">\n\t\t\t\t<div class=\"elementor-element elementor-element-13020a75 elementor-widget__width-inherit elementor-widget elementor-widget-heading\" data-id=\"13020a75\" data-element_type=\"widget\" data-e-type=\"widget\" data-widget_type=\"heading.default\">\n\t\t\t\t<div class=\"elementor-widget-container\">\n\t\t\t\t\t<h2 class=\"elementor-heading-title elementor-size-default\">Wie begann alles im Jahr 1940?<\/h2>\t\t\t\t<\/div>\n\t\t\t\t<\/div>\n\t\t\t\t<div class=\"elementor-element elementor-element-1d4f0aa8 elementor-widget elementor-widget-text-editor\" data-id=\"1d4f0aa8\" data-element_type=\"widget\" data-e-type=\"widget\" data-widget_type=\"text-editor.default\">\n\t\t\t\t<div class=\"elementor-widget-container\">\n\t\t\t\t\t\t\t\t\t<p>Der Zweite Weltkrieg begann offiziell am 10. Mai 1940: Die Niederlande und Belgien wurden von den Deutschen angegriffen. In der 1. Panzerdivision (Den Helder) verliefen die ersten Kriegstage relativ ruhig, bis kurz nach der niederl\u00e4ndischen Kapitulation. Und noch kurz zur niederl\u00e4ndischen Kapitulation: In Stelling (Den Helder) herrschte gro\u00dfe \u00dcberraschung. Wir waren doch auf dem Siegerpfad, oder? Konteradmiral Jolles, der Kommandant von Stelling, hatte alles unter Kontrolle; wir waren \u00fcberlegen. Der Feind war am Afsluitdijk geschlagen und zum Stillstand gekommen. Warum also kapitulieren? Unmittelbar nach der Kapitulation am Dienstag, dem 14. Mai, gegen 20:00 Uhr, griffen drei deutsche Bomber unsere Stadt an und warfen Sprengbomben unter anderem auf den Kanaalweg, Buitenhaven, Rijkswerf, Fort Oostbatterij, Battery Wierhoofd, Stationsplein, Westgracht, Eerste Schagendwarsstraat, Kroonstraat, Parallelweg, Gravenstraat, Schagenstraat, Molenstraat, Weststraat und Zuidstraat. Viele weitere Bombenangriffe folgten auf Den Helder, darunter der Gro\u00dfangriff vom 24.\/25. Juni 1940, bei dem die Stadt vier Stunden lang bombardiert wurde und 38 Menschen in dieser Nacht starben. Bei der Trauerfeier f\u00fcr die Opfer versprach der damalige B\u00fcrgermeister Govert Ritmeester ein Denkmal f\u00fcr die gefallenen Soldaten. Erst 2006 wurde dieses Denkmal schlie\u00dflich auf dem allgemeinen Friedhof von Den Helder errichtet. Viele weitere Bombenangriffe sollten folgen. Wie viele? Wir wissen es immer noch nicht genau, aber wir k\u00f6nnen sagen, dass Den Helder die am schwersten bombardierte Stadt in den Niederlanden war. Und wie erging es der Bev\u00f6lkerung? Ein Teil von Den Helder wurde zur Sperrzone erkl\u00e4rt, und die Angst vor neuen Bombenangriffen f\u00fchrte zu einer Entv\u00f6lkerung der Stadt. Die Bev\u00f6lkerung fl\u00fcchtete in die umliegenden Polder. Hinzu kam die deutsche Furcht vor einer Invasion unserer K\u00fcste. Etwa 1.900 H\u00e4user wurden zerst\u00f6rt, darunter das gesamte Oud Den Helder, Kanaalweg, Hoofdgracht und ein Teil der Weststraat, um ein freies Schussfeld zu schaffen. Auch die j\u00fcdische Gemeinde litt immens. 118 Juden aus Helderse wurden in den Lagern ermordet. Gedenksteine in den Stra\u00dfen, in denen sie lebten, und ein inoffizielles Denkmal, das am 15. Oktober 2020 auf dem Koningsplein enth\u00fcllt wurde, erinnern an sie.<\/p><p>Nach der deutschen Kapitulation am 5. Mai 1945 wurden wir befreit, doch viele hatten ihr Zuhause verloren. Wer Arbeit hatte, durfte zuerst zur\u00fcckkehren, Rentner hingegen waren zun\u00e4chst nicht willkommen. Es herrschte Wohnungsnot, und Hausbesitzer waren oft \u00fcberrascht, jemanden anderen in ihrem Haus vorzufinden oder ganze Stockwerke (im Ofen) verschwunden zu sehen. Wiecher Bruin wurde mit der Leitung des Wiederaufbaus beauftragt.<\/p><p>Von Jan Kikkert, Helderse Association for Social History Foundation.<\/p><p><img decoding=\"async\" class=\"size-medium wp-image-11866 aligncenter\" src=\"https:\/\/denhelder.online\/wp-content\/uploads\/2025\/06\/Carillon-300x200.jpg\" alt=\"Carillon Den Helder\" width=\"300\" height=\"200\" srcset=\"https:\/\/denhelder.online\/wp-content\/uploads\/2025\/06\/Carillon-300x200.jpg 300w, https:\/\/denhelder.online\/wp-content\/uploads\/2025\/06\/Carillon-768x512.jpg 768w, https:\/\/denhelder.online\/wp-content\/uploads\/2025\/06\/Carillon-18x12.jpg 18w, https:\/\/denhelder.online\/wp-content\/uploads\/2025\/06\/Carillon-600x400.jpg 600w, https:\/\/denhelder.online\/wp-content\/uploads\/2025\/06\/Carillon.jpg 960w\" sizes=\"(max-width: 300px) 100vw, 300px\" \/><\/p><p style=\"text-align: center;\"><em>Abriss des alten Den Helder 1945. Links das erhaltene Glockenspiel.<\/em><\/p><p><img decoding=\"async\" class=\"size-medium wp-image-11867 aligncenter\" src=\"https:\/\/denhelder.online\/wp-content\/uploads\/2025\/06\/Stationstraat-Den-helder-1940-300x200.jpg\" alt=\"Station Street Den Helder 1940\" width=\"300\" height=\"200\" srcset=\"https:\/\/denhelder.online\/wp-content\/uploads\/2025\/06\/Stationstraat-Den-helder-1940-300x200.jpg 300w, https:\/\/denhelder.online\/wp-content\/uploads\/2025\/06\/Stationstraat-Den-helder-1940-768x512.jpg 768w, https:\/\/denhelder.online\/wp-content\/uploads\/2025\/06\/Stationstraat-Den-helder-1940-18x12.jpg 18w, https:\/\/denhelder.online\/wp-content\/uploads\/2025\/06\/Stationstraat-Den-helder-1940-600x400.jpg 600w, https:\/\/denhelder.online\/wp-content\/uploads\/2025\/06\/Stationstraat-Den-helder-1940.jpg 960w\" sizes=\"(max-width: 300px) 100vw, 300px\" \/><\/p><p style=\"text-align: center;\"><em>Bombardierung der Station Street, 24. Juni 1940.<\/em><\/p><p><img loading=\"lazy\" decoding=\"async\" class=\"alignnone size-medium wp-image-11868 aligncenter\" src=\"https:\/\/denhelder.online\/wp-content\/uploads\/2025\/06\/Stadhuis-Kerkgracht-1945-Den-Helder-300x200.jpg\" alt=\"Rathaus Kerkgracht 1945 Den Helder\" width=\"300\" height=\"200\" srcset=\"https:\/\/denhelder.online\/wp-content\/uploads\/2025\/06\/Stadhuis-Kerkgracht-1945-Den-Helder-300x200.jpg 300w, https:\/\/denhelder.online\/wp-content\/uploads\/2025\/06\/Stadhuis-Kerkgracht-1945-Den-Helder-768x512.jpg 768w, https:\/\/denhelder.online\/wp-content\/uploads\/2025\/06\/Stadhuis-Kerkgracht-1945-Den-Helder-18x12.jpg 18w, https:\/\/denhelder.online\/wp-content\/uploads\/2025\/06\/Stadhuis-Kerkgracht-1945-Den-Helder-600x400.jpg 600w, https:\/\/denhelder.online\/wp-content\/uploads\/2025\/06\/Stadhuis-Kerkgracht-1945-Den-Helder.jpg 960w\" sizes=\"(max-width: 300px) 100vw, 300px\" \/><\/p><p style=\"text-align: center;\"><em>Das Rathaus auf der Kerkgracht. Geschm\u00fcckt zur Befreiung, Mai 1945.<\/em><\/p><p><img loading=\"lazy\" decoding=\"async\" class=\"size-medium wp-image-11869 aligncenter\" src=\"https:\/\/denhelder.online\/wp-content\/uploads\/2025\/06\/Gedenkstenen-Koningsplein-2020-Den-Helder-300x200.jpg\" alt=\"Gedenksteine Koningsplein 2020 Den Helder\" width=\"300\" height=\"200\" srcset=\"https:\/\/denhelder.online\/wp-content\/uploads\/2025\/06\/Gedenkstenen-Koningsplein-2020-Den-Helder-300x200.jpg 300w, https:\/\/denhelder.online\/wp-content\/uploads\/2025\/06\/Gedenkstenen-Koningsplein-2020-Den-Helder-768x512.jpg 768w, https:\/\/denhelder.online\/wp-content\/uploads\/2025\/06\/Gedenkstenen-Koningsplein-2020-Den-Helder-18x12.jpg 18w, https:\/\/denhelder.online\/wp-content\/uploads\/2025\/06\/Gedenkstenen-Koningsplein-2020-Den-Helder-600x400.jpg 600w, https:\/\/denhelder.online\/wp-content\/uploads\/2025\/06\/Gedenkstenen-Koningsplein-2020-Den-Helder.jpg 960w\" sizes=\"(max-width: 300px) 100vw, 300px\" \/><\/p><p style=\"text-align: center;\"><em>Gedenksteine im Stadtpark am Koningsplein. Enth\u00fcllt im Oktober 2020.<\/em><\/p>\t\t\t\t\t\t\t\t<\/div>\n\t\t\t\t<\/div>\n\t\t\t\t<\/div>\n\t\t\t\t\t<\/div>\n\t\t\t\t<\/div>\n\t\t\t\t<\/div>","protected":false},"excerpt":{"rendered":"<p>Volg ons op social: \u00a0 \u00a0 \u00a0 \u00a0 Hoe begon het in 1940? De Tweede Wereldoorlog begon officieel op 10 mei 1940: Nederland en Belgi\u00eb werden door de Duitsers aangevallen. In Den Helder vielen de eerste oorlogsdagen wel mee tot precies na de capitulatie van Nederland. Oh, nog even over de capitulatie van Nederland, in [&hellip;]<\/p>\n","protected":false},"author":17,"featured_media":11867,"parent":11565,"menu_order":0,"comment_status":"closed","ping_status":"closed","template":"elementor_header_footer","meta":{"footnotes":""},"tags":[],"doelgroep":[],"categorie":[5677],"class_list":["post-11863","page","type-page","status-publish","has-post-thumbnail","hentry","categorie-kunst-cultuur"],"yoast_head":"<!-- This site is optimized with the Yoast SEO Premium plugin v24.7 (Yoast SEO v27.5) - https:\/\/yoast.com\/product\/yoast-seo-premium-wordpress\/ -->\n<title>Den Helder 1940: verbijstering, bombardementen en verlies<\/title>\n<meta name=\"description\" content=\"Ontdek hoe Den Helder de zwaarst gebombardeerde stad van Nederland werd \u2013 met verhalen van verlies, hoop en wederopbouw.\" \/>\n<meta name=\"robots\" content=\"index, follow, max-snippet:-1, max-image-preview:large, max-video-preview:-1\" \/>\n<link rel=\"canonical\" href=\"https:\/\/denhelder.online\/de\/gedenken-und-feiern\/die-helle-geisterstadt\/wie-begann-der-krieg-im-jahr-1940\/\" \/>\n<meta property=\"og:locale\" content=\"de_DE\" \/>\n<meta property=\"og:type\" content=\"article\" \/>\n<meta property=\"og:title\" content=\"Hoe begon de oorlog in 1940?\" \/>\n<meta property=\"og:description\" content=\"Ontdek hoe Den Helder de zwaarst gebombardeerde stad van Nederland werd \u2013 met verhalen van verlies, hoop en wederopbouw.\" \/>\n<meta property=\"og:url\" content=\"https:\/\/denhelder.online\/de\/gedenken-und-feiern\/die-helle-geisterstadt\/wie-begann-der-krieg-im-jahr-1940\/\" \/>\n<meta property=\"og:site_name\" content=\"Den Helder Online\" \/>\n<meta property=\"article:modified_time\" content=\"2026-01-13T13:16:14+00:00\" \/>\n<meta property=\"og:image\" content=\"https:\/\/denhelder.online\/wp-content\/uploads\/2025\/06\/Stationstraat-Den-helder-1940.jpg\" \/>\n\t<meta property=\"og:image:width\" content=\"960\" \/>\n\t<meta property=\"og:image:height\" content=\"640\" \/>\n\t<meta property=\"og:image:type\" content=\"image\/jpeg\" \/>\n<meta name=\"twitter:card\" content=\"summary_large_image\" \/>\n<meta name=\"twitter:label1\" content=\"Gesch\u00e4tzte Lesezeit\" \/>\n\t<meta name=\"twitter:data1\" content=\"4\u00a0Minuten\" \/>\n<script type=\"application\/ld+json\" class=\"yoast-schema-graph\">{\"@context\":\"https:\\\/\\\/schema.org\",\"@graph\":[{\"@type\":\"WebPage\",\"@id\":\"https:\\\/\\\/denhelder.online\\\/herdenkenenvieren\\\/den-helder-spookstad\\\/hoe-begon-de-oorlog-in-1940\\\/\",\"url\":\"https:\\\/\\\/denhelder.online\\\/herdenkenenvieren\\\/den-helder-spookstad\\\/hoe-begon-de-oorlog-in-1940\\\/\",\"name\":\"Den Helder 1940: verbijstering, bombardementen en verlies\",\"isPartOf\":{\"@id\":\"https:\\\/\\\/denhelder.online\\\/#website\"},\"primaryImageOfPage\":{\"@id\":\"https:\\\/\\\/denhelder.online\\\/herdenkenenvieren\\\/den-helder-spookstad\\\/hoe-begon-de-oorlog-in-1940\\\/#primaryimage\"},\"image\":{\"@id\":\"https:\\\/\\\/denhelder.online\\\/herdenkenenvieren\\\/den-helder-spookstad\\\/hoe-begon-de-oorlog-in-1940\\\/#primaryimage\"},\"thumbnailUrl\":\"https:\\\/\\\/denhelder.online\\\/wp-content\\\/uploads\\\/2025\\\/06\\\/Stationstraat-Den-helder-1940.jpg\",\"datePublished\":\"2025-06-13T12:14:43+00:00\",\"dateModified\":\"2026-01-13T13:16:14+00:00\",\"description\":\"Ontdek hoe Den Helder de zwaarst gebombardeerde stad van Nederland werd \u2013 met verhalen van verlies, hoop en wederopbouw.\",\"breadcrumb\":{\"@id\":\"https:\\\/\\\/denhelder.online\\\/herdenkenenvieren\\\/den-helder-spookstad\\\/hoe-begon-de-oorlog-in-1940\\\/#breadcrumb\"},\"inLanguage\":\"de\",\"potentialAction\":[{\"@type\":\"ReadAction\",\"target\":[\"https:\\\/\\\/denhelder.online\\\/herdenkenenvieren\\\/den-helder-spookstad\\\/hoe-begon-de-oorlog-in-1940\\\/\"]}]},{\"@type\":\"ImageObject\",\"inLanguage\":\"de\",\"@id\":\"https:\\\/\\\/denhelder.online\\\/herdenkenenvieren\\\/den-helder-spookstad\\\/hoe-begon-de-oorlog-in-1940\\\/#primaryimage\",\"url\":\"https:\\\/\\\/denhelder.online\\\/wp-content\\\/uploads\\\/2025\\\/06\\\/Stationstraat-Den-helder-1940.jpg\",\"contentUrl\":\"https:\\\/\\\/denhelder.online\\\/wp-content\\\/uploads\\\/2025\\\/06\\\/Stationstraat-Den-helder-1940.jpg\",\"width\":960,\"height\":640,\"caption\":\"Spookstad Stationstraat Den Helder 1940\"},{\"@type\":\"BreadcrumbList\",\"@id\":\"https:\\\/\\\/denhelder.online\\\/herdenkenenvieren\\\/den-helder-spookstad\\\/hoe-begon-de-oorlog-in-1940\\\/#breadcrumb\",\"itemListElement\":[{\"@type\":\"ListItem\",\"position\":1,\"name\":\"Home\",\"item\":\"https:\\\/\\\/denhelder.online\\\/\"},{\"@type\":\"ListItem\",\"position\":2,\"name\":\"Herdenken en Vieren\",\"item\":\"https:\\\/\\\/denhelder.online\\\/herdenkenenvieren\\\/\"},{\"@type\":\"ListItem\",\"position\":3,\"name\":\"Den Helder spookstad\",\"item\":\"https:\\\/\\\/denhelder.online\\\/herdenkenenvieren\\\/den-helder-spookstad\\\/\"},{\"@type\":\"ListItem\",\"position\":4,\"name\":\"Hoe begon de oorlog in 1940?\"}]},{\"@type\":\"WebSite\",\"@id\":\"https:\\\/\\\/denhelder.online\\\/#website\",\"url\":\"https:\\\/\\\/denhelder.online\\\/\",\"name\":\"Den Helder Online\",\"description\":\"Beleef Den Helder\",\"publisher\":{\"@id\":\"https:\\\/\\\/denhelder.online\\\/#organization\"},\"potentialAction\":[{\"@type\":\"SearchAction\",\"target\":{\"@type\":\"EntryPoint\",\"urlTemplate\":\"https:\\\/\\\/denhelder.online\\\/?s={search_term_string}\"},\"query-input\":{\"@type\":\"PropertyValueSpecification\",\"valueRequired\":true,\"valueName\":\"search_term_string\"}}],\"inLanguage\":\"de\"},{\"@type\":\"Organization\",\"@id\":\"https:\\\/\\\/denhelder.online\\\/#organization\",\"name\":\"Den Helder Online\",\"url\":\"https:\\\/\\\/denhelder.online\\\/\",\"logo\":{\"@type\":\"ImageObject\",\"inLanguage\":\"de\",\"@id\":\"https:\\\/\\\/denhelder.online\\\/#\\\/schema\\\/logo\\\/image\\\/\",\"url\":\"https:\\\/\\\/denhelder.online\\\/wp-content\\\/uploads\\\/2021\\\/12\\\/DitIsDH-Logo-26-tagline.svg\",\"contentUrl\":\"https:\\\/\\\/denhelder.online\\\/wp-content\\\/uploads\\\/2021\\\/12\\\/DitIsDH-Logo-26-tagline.svg\",\"width\":1717.0999999999999,\"height\":934.89999999999998,\"caption\":\"Den Helder Online\"},\"image\":{\"@id\":\"https:\\\/\\\/denhelder.online\\\/#\\\/schema\\\/logo\\\/image\\\/\"}}]}<\/script>\n<!-- \/ Yoast SEO Premium plugin. -->","yoast_head_json":{"title":"Den Helder 1940: Verwirrung, Bombenangriffe und Verluste","description":"Erfahren Sie, wie Den Helder zur am st\u00e4rksten bombardierten Stadt der Niederlande wurde \u2013 mit Geschichten von Verlust, Hoffnung und Wiederaufbau.","robots":{"index":"index","follow":"follow","max-snippet":"max-snippet:-1","max-image-preview":"max-image-preview:large","max-video-preview":"max-video-preview:-1"},"canonical":"https:\/\/denhelder.online\/de\/gedenken-und-feiern\/die-helle-geisterstadt\/wie-begann-der-krieg-im-jahr-1940\/","og_locale":"de_DE","og_type":"article","og_title":"Hoe begon de oorlog in 1940?","og_description":"Ontdek hoe Den Helder de zwaarst gebombardeerde stad van Nederland werd \u2013 met verhalen van verlies, hoop en wederopbouw.","og_url":"https:\/\/denhelder.online\/de\/gedenken-und-feiern\/die-helle-geisterstadt\/wie-begann-der-krieg-im-jahr-1940\/","og_site_name":"Den Helder Online","article_modified_time":"2026-01-13T13:16:14+00:00","og_image":[{"width":960,"height":640,"url":"https:\/\/denhelder.online\/wp-content\/uploads\/2025\/06\/Stationstraat-Den-helder-1940.jpg","type":"image\/jpeg"}],"twitter_card":"summary_large_image","twitter_misc":{"Gesch\u00e4tzte Lesezeit":"4\u00a0Minuten"},"schema":{"@context":"https:\/\/schema.org","@graph":[{"@type":"WebPage","@id":"https:\/\/denhelder.online\/herdenkenenvieren\/den-helder-spookstad\/hoe-begon-de-oorlog-in-1940\/","url":"https:\/\/denhelder.online\/herdenkenenvieren\/den-helder-spookstad\/hoe-begon-de-oorlog-in-1940\/","name":"Den Helder 1940: Verwirrung, Bombenangriffe und Verluste","isPartOf":{"@id":"https:\/\/denhelder.online\/#website"},"primaryImageOfPage":{"@id":"https:\/\/denhelder.online\/herdenkenenvieren\/den-helder-spookstad\/hoe-begon-de-oorlog-in-1940\/#primaryimage"},"image":{"@id":"https:\/\/denhelder.online\/herdenkenenvieren\/den-helder-spookstad\/hoe-begon-de-oorlog-in-1940\/#primaryimage"},"thumbnailUrl":"https:\/\/denhelder.online\/wp-content\/uploads\/2025\/06\/Stationstraat-Den-helder-1940.jpg","datePublished":"2025-06-13T12:14:43+00:00","dateModified":"2026-01-13T13:16:14+00:00","description":"Erfahren Sie, wie Den Helder zur am st\u00e4rksten bombardierten Stadt der Niederlande wurde \u2013 mit Geschichten von Verlust, Hoffnung und Wiederaufbau.","breadcrumb":{"@id":"https:\/\/denhelder.online\/herdenkenenvieren\/den-helder-spookstad\/hoe-begon-de-oorlog-in-1940\/#breadcrumb"},"inLanguage":"de","potentialAction":[{"@type":"ReadAction","target":["https:\/\/denhelder.online\/herdenkenenvieren\/den-helder-spookstad\/hoe-begon-de-oorlog-in-1940\/"]}]},{"@type":"ImageObject","inLanguage":"de","@id":"https:\/\/denhelder.online\/herdenkenenvieren\/den-helder-spookstad\/hoe-begon-de-oorlog-in-1940\/#primaryimage","url":"https:\/\/denhelder.online\/wp-content\/uploads\/2025\/06\/Stationstraat-Den-helder-1940.jpg","contentUrl":"https:\/\/denhelder.online\/wp-content\/uploads\/2025\/06\/Stationstraat-Den-helder-1940.jpg","width":960,"height":640,"caption":"Spookstad Stationstraat Den Helder 1940"},{"@type":"BreadcrumbList","@id":"https:\/\/denhelder.online\/herdenkenenvieren\/den-helder-spookstad\/hoe-begon-de-oorlog-in-1940\/#breadcrumb","itemListElement":[{"@type":"ListItem","position":1,"name":"Home","item":"https:\/\/denhelder.online\/"},{"@type":"ListItem","position":2,"name":"Herdenken en Vieren","item":"https:\/\/denhelder.online\/herdenkenenvieren\/"},{"@type":"ListItem","position":3,"name":"Den Helder spookstad","item":"https:\/\/denhelder.online\/herdenkenenvieren\/den-helder-spookstad\/"},{"@type":"ListItem","position":4,"name":"Hoe begon de oorlog in 1940?"}]},{"@type":"WebSite","@id":"https:\/\/denhelder.online\/#website","url":"https:\/\/denhelder.online\/","name":"Den Helder Online","description":"Erleben Sie Den Helder","publisher":{"@id":"https:\/\/denhelder.online\/#organization"},"potentialAction":[{"@type":"SearchAction","target":{"@type":"EntryPoint","urlTemplate":"https:\/\/denhelder.online\/?s={search_term_string}"},"query-input":{"@type":"PropertyValueSpecification","valueRequired":true,"valueName":"search_term_string"}}],"inLanguage":"de"},{"@type":"Organization","@id":"https:\/\/denhelder.online\/#organization","name":"Den Helder Online","url":"https:\/\/denhelder.online\/","logo":{"@type":"ImageObject","inLanguage":"de","@id":"https:\/\/denhelder.online\/#\/schema\/logo\/image\/","url":"https:\/\/denhelder.online\/wp-content\/uploads\/2021\/12\/DitIsDH-Logo-26-tagline.svg","contentUrl":"https:\/\/denhelder.online\/wp-content\/uploads\/2021\/12\/DitIsDH-Logo-26-tagline.svg","width":1717.0999999999999,"height":934.89999999999998,"caption":"Den Helder Online"},"image":{"@id":"https:\/\/denhelder.online\/#\/schema\/logo\/image\/"}}]}},"_links":{"self":[{"href":"https:\/\/denhelder.online\/de\/wp-json\/wp\/v2\/pages\/11863","targetHints":{"allow":["GET"]}}],"collection":[{"href":"https:\/\/denhelder.online\/de\/wp-json\/wp\/v2\/pages"}],"about":[{"href":"https:\/\/denhelder.online\/de\/wp-json\/wp\/v2\/types\/page"}],"author":[{"embeddable":true,"href":"https:\/\/denhelder.online\/de\/wp-json\/wp\/v2\/users\/17"}],"replies":[{"embeddable":true,"href":"https:\/\/denhelder.online\/de\/wp-json\/wp\/v2\/comments?post=11863"}],"version-history":[{"count":0,"href":"https:\/\/denhelder.online\/de\/wp-json\/wp\/v2\/pages\/11863\/revisions"}],"up":[{"embeddable":true,"href":"https:\/\/denhelder.online\/de\/wp-json\/wp\/v2\/pages\/11565"}],"wp:featuredmedia":[{"embeddable":true,"href":"https:\/\/denhelder.online\/de\/wp-json\/wp\/v2\/media\/11867"}],"wp:attachment":[{"href":"https:\/\/denhelder.online\/de\/wp-json\/wp\/v2\/media?parent=11863"}],"wp:term":[{"taxonomy":"post_tag","embeddable":true,"href":"https:\/\/denhelder.online\/de\/wp-json\/wp\/v2\/tags?post=11863"},{"taxonomy":"doelgroep","embeddable":true,"href":"https:\/\/denhelder.online\/de\/wp-json\/wp\/v2\/doelgroep?post=11863"},{"taxonomy":"categorie","embeddable":true,"href":"https:\/\/denhelder.online\/de\/wp-json\/wp\/v2\/categorie?post=11863"}],"curies":[{"name":"wp","href":"https:\/\/api.w.org\/{rel}","templated":true}]}}