{"id":12438,"date":"2025-07-04T09:14:41","date_gmt":"2025-07-04T07:14:41","guid":{"rendered":"https:\/\/denhelder.online\/?page_id=12438"},"modified":"2026-01-16T14:49:03","modified_gmt":"2026-01-16T13:49:03","slug":"podcast","status":"publish","type":"page","link":"https:\/\/denhelder.online\/de\/dit-kan-je-doen\/podcast\/","title":{"rendered":"Podcast Den Helder"},"content":{"rendered":"<div data-elementor-type=\"wp-page\" data-elementor-id=\"12438\" class=\"elementor elementor-12438\" data-elementor-post-type=\"page\">\n\t\t\t\t<div class=\"elementor-element elementor-element-16c1ac54 e-flex e-con-boxed e-con e-parent\" data-id=\"16c1ac54\" data-element_type=\"container\" data-e-type=\"container\" data-settings=\"{&quot;jet_parallax_layout_list&quot;:[]}\">\n\t\t\t\t\t<div class=\"e-con-inner\">\n\t\t<div class=\"elementor-element elementor-element-52c14e37 e-con-full e-flex e-con e-child\" data-id=\"52c14e37\" data-element_type=\"container\" data-e-type=\"container\" data-settings=\"{&quot;jet_parallax_layout_list&quot;:[]}\">\n\t\t\t\t<div class=\"elementor-element elementor-element-1b3f249f elementor-widget elementor-widget-breadcrumbs\" data-id=\"1b3f249f\" data-element_type=\"widget\" data-e-type=\"widget\" data-widget_type=\"breadcrumbs.default\">\n\t\t\t\t<div class=\"elementor-widget-container\">\n\t\t\t\t\t<p id=\"breadcrumbs\"><span><span><a href=\"https:\/\/denhelder.online\/de\/\">Heim<\/a><\/span><\/span><\/p>\t\t\t\t<\/div>\n\t\t\t\t<\/div>\n\t\t<div class=\"elementor-element elementor-element-7e44a87 e-con-full e-flex e-con e-child\" data-id=\"7e44a87\" data-element_type=\"container\" data-e-type=\"container\" data-settings=\"{&quot;jet_parallax_layout_list&quot;:[]}\">\n\t\t\t\t<div class=\"elementor-element elementor-element-1477dfd9 elementor-widget elementor-widget-heading\" data-id=\"1477dfd9\" data-element_type=\"widget\" data-e-type=\"widget\" data-widget_type=\"heading.default\">\n\t\t\t\t<div class=\"elementor-widget-container\">\n\t\t\t\t\t<p class=\"elementor-heading-title elementor-size-default\">Folgen Sie uns in den sozialen Netzwerken:<\/p>\t\t\t\t<\/div>\n\t\t\t\t<\/div>\n\t\t\t\t<div class=\"elementor-element elementor-element-7b3498fa elementor-icon-list--layout-inline elementor-align-end elementor-list-item-link-full_width elementor-widget elementor-widget-global elementor-global-1176 elementor-widget-icon-list\" data-id=\"7b3498fa\" data-element_type=\"widget\" data-e-type=\"widget\" data-widget_type=\"icon-list.default\">\n\t\t\t\t<div class=\"elementor-widget-container\">\n\t\t\t\t\t\t\t<ul class=\"elementor-icon-list-items elementor-inline-items\">\n\t\t\t\t\t\t\t<li class=\"elementor-icon-list-item elementor-inline-item\">\n\t\t\t\t\t\t\t\t\t\t\t<a href=\"https:\/\/www.facebook.com\/ditisdenhelder\" target=\"_blank\">\n\n\t\t\t\t\t\t\t\t\t\t\t\t<span class=\"elementor-icon-list-icon\">\n\t\t\t\t\t\t\t<i aria-hidden=\"true\" class=\"fab fa-facebook\"><\/i>\t\t\t\t\t\t<\/span>\n\t\t\t\t\t\t\t\t\t\t<span class=\"elementor-icon-list-text\"><\/span>\n\t\t\t\t\t\t\t\t\t\t\t<\/a>\n\t\t\t\t\t\t\t\t\t<\/li>\n\t\t\t\t\t\t\t\t<li class=\"elementor-icon-list-item elementor-inline-item\">\n\t\t\t\t\t\t\t\t\t\t\t<a href=\"https:\/\/www.instagram.com\/ditisdenhelder\/\" target=\"_blank\">\n\n\t\t\t\t\t\t\t\t\t\t\t\t<span class=\"elementor-icon-list-icon\">\n\t\t\t\t\t\t\t<i aria-hidden=\"true\" class=\"fab fa-instagram\"><\/i>\t\t\t\t\t\t<\/span>\n\t\t\t\t\t\t\t\t\t\t<span class=\"elementor-icon-list-text\"><\/span>\n\t\t\t\t\t\t\t\t\t\t\t<\/a>\n\t\t\t\t\t\t\t\t\t<\/li>\n\t\t\t\t\t\t\t\t<li class=\"elementor-icon-list-item elementor-inline-item\">\n\t\t\t\t\t\t\t\t\t\t\t<a href=\"https:\/\/www.youtube.com\/channel\/UCxXdcocRQwb3lDwiYBp3llg\" target=\"_blank\">\n\n\t\t\t\t\t\t\t\t\t\t\t\t<span class=\"elementor-icon-list-icon\">\n\t\t\t\t\t\t\t<i aria-hidden=\"true\" class=\"fab fa-youtube\"><\/i>\t\t\t\t\t\t<\/span>\n\t\t\t\t\t\t\t\t\t\t<span class=\"elementor-icon-list-text\"><\/span>\n\t\t\t\t\t\t\t\t\t\t\t<\/a>\n\t\t\t\t\t\t\t\t\t<\/li>\n\t\t\t\t\t\t\t\t<li class=\"elementor-icon-list-item elementor-inline-item\">\n\t\t\t\t\t\t\t\t\t\t\t<a href=\"https:\/\/www.linkedin.com\/company\/citymarketing-den-helder\" target=\"_blank\">\n\n\t\t\t\t\t\t\t\t\t\t\t\t<span class=\"elementor-icon-list-icon\">\n\t\t\t\t\t\t\t<i aria-hidden=\"true\" class=\"fab fa-linkedin-in\"><\/i>\t\t\t\t\t\t<\/span>\n\t\t\t\t\t\t\t\t\t\t<span class=\"elementor-icon-list-text\"><\/span>\n\t\t\t\t\t\t\t\t\t\t\t<\/a>\n\t\t\t\t\t\t\t\t\t<\/li>\n\t\t\t\t\t\t<\/ul>\n\t\t\t\t\t\t<\/div>\n\t\t\t\t<\/div>\n\t\t\t\t<\/div>\n\t\t\t\t<\/div>\n\t\t\t\t\t<\/div>\n\t\t\t\t<\/div>\n\t\t<div class=\"elementor-element elementor-element-5c34da1c e-flex e-con-boxed e-con e-parent\" data-id=\"5c34da1c\" data-element_type=\"container\" data-e-type=\"container\" data-settings=\"{&quot;jet_parallax_layout_list&quot;:[]}\">\n\t\t\t\t\t<div class=\"e-con-inner\">\n\t\t<div class=\"elementor-element elementor-element-3b4ac2d8 e-con-full e-flex e-con e-child\" data-id=\"3b4ac2d8\" data-element_type=\"container\" data-e-type=\"container\" data-settings=\"{&quot;jet_parallax_layout_list&quot;:[]}\">\n\t\t\t\t<div class=\"elementor-element elementor-element-788bd80f elementor-widget__width-inherit elementor-widget elementor-widget-heading\" data-id=\"788bd80f\" data-element_type=\"widget\" data-e-type=\"widget\" data-widget_type=\"heading.default\">\n\t\t\t\t<div class=\"elementor-widget-container\">\n\t\t\t\t\t<h2 class=\"elementor-heading-title elementor-size-default\">Den Helder neu entdecken: Erleben Sie die Stadt mit Ihren Ohren<\/h2>\t\t\t\t<\/div>\n\t\t\t\t<\/div>\n\t\t\t\t<div class=\"elementor-element elementor-element-7d866cfa elementor-widget elementor-widget-text-editor\" data-id=\"7d866cfa\" data-element_type=\"widget\" data-e-type=\"widget\" data-widget_type=\"text-editor.default\">\n\t\t\t\t<div class=\"elementor-widget-container\">\n\t\t\t\t\t\t\t\t\t<p data-start=\"221\" data-end=\"501\">Schwing dich aufs Rad oder schn\u00fcr deine Wanderschuhe und entdecke die authentische und vielschichtige Geschichte von Den Helder. Warum ragt Lange Jaap hier so hoch \u00fcber die Landschaft hinaus? Was verbirgt sich unter dem Einkaufszentrum De Schooten? Und wie konnte das Bahnhofsviertel so imposant werden?<\/p><p data-start=\"503\" data-end=\"799\">Die Podcast-Serie <em data-start=\"519\" data-end=\"543\">\u201cDen Helder neu entdecken\u201d<\/em> Diese Tour nimmt Sie mit auf eine Reise durch Zeit und Raum. W\u00e4hrend Sie zu Fu\u00df oder mit dem Fahrrad durch die Stadt fahren, erz\u00e4hlt Ihnen B\u00fcrgermeister Jan de Boer, wie die Landschaft entstanden ist. Sie erfahren mehr \u00fcber Krieg, Marinehelden, moderne Kunst und Geschichten, die Sie nirgendwo sonst h\u00f6ren werden.<\/p><p data-start=\"801\" data-end=\"898\"><a href=\"https:\/\/open.spotify.com\/show\/5qTQ228V6V4nsznuA3HU2L\">H\u00f6ren Sie auf Spotify und lassen Sie sich von der Geschichte leiten, die buchst\u00e4blich unter Ihren F\u00fc\u00dfen liegt.<\/a><\/p><p data-start=\"900\" data-end=\"1054\">Diese Sonderreihe wurde vom kreativen Podcast-Duo ins Leben gerufen. <strong data-start=\"963\" data-end=\"979\">Aus Geschichten<\/strong>, in Zusammenarbeit mit <strong data-start=\"1001\" data-end=\"1023\">Das wundersch\u00f6ne Nordholland<\/strong> Und <strong data-start=\"1027\" data-end=\"1053\">Die Gemeinde Den Helder, beauftragt von City Marketing Den Helder<\/strong><\/p><hr data-start=\"1056\" data-end=\"1059\" \/><h3 data-start=\"1061\" data-end=\"1097\">H\u00f6ren Sie sich die DNA der Stadt an<\/h3><p data-start=\"1099\" data-end=\"1357\">Von maritimer Macht bis hin zu kulturellen Ikonen \u2013 in sieben Episoden von jeweils etwa zwanzig Minuten L\u00e4nge entdecken Sie eine andere Facette von Den Helder. Freuen Sie sich auf Themen wie die Verteidigungslinie, die Marine, Architektur, Natur, Kunst, Kriegsgeschichte und lokale Legenden.<\/p><p data-start=\"1359\" data-end=\"1549\">Die Macher sprechen mit engagierten Helden-Bewohnern \u2013 K\u00fcnstlern, Fremdenf\u00fchrern und Seeleuten \u2013, die ihre Liebe zur Stadt teilen. Florine und Thijs f\u00fchren Sie zu Orten, die Sie sonst vielleicht leicht \u00fcbersehen w\u00fcrden.<\/p><p data-start=\"1551\" data-end=\"1677\">Perfekt f\u00fcr neugierige Zuh\u00f6rer, Stadtbummler, Geschichtsinteressierte und alle, die Den Helder wirklich kennenlernen m\u00f6chten.<\/p>\t\t\t\t\t\t\t\t<\/div>\n\t\t\t\t<\/div>\n\t\t\t\t<\/div>\n\t\t\t\t\t<\/div>\n\t\t\t\t<\/div>\n\t\t<div class=\"elementor-element elementor-element-439adab7 e-flex e-con-boxed e-con e-parent\" data-id=\"439adab7\" data-element_type=\"container\" data-e-type=\"container\" data-settings=\"{&quot;background_background&quot;:&quot;classic&quot;,&quot;jet_parallax_layout_list&quot;:[]}\">\n\t\t\t\t\t<div class=\"e-con-inner\">\n\t\t<div class=\"elementor-element elementor-element-2b2da1ea e-con-full e-flex e-con e-child\" data-id=\"2b2da1ea\" data-element_type=\"container\" data-e-type=\"container\" data-settings=\"{&quot;jet_parallax_layout_list&quot;:[]}\">\n\t\t\t\t<div class=\"elementor-element elementor-element-5cc41517 elementor-widget__width-inherit elementor-widget elementor-widget-image\" data-id=\"5cc41517\" data-element_type=\"widget\" data-e-type=\"widget\" data-widget_type=\"image.default\">\n\t\t\t\t<div class=\"elementor-widget-container\">\n\t\t\t\t\t\t\t\t\t\t\t\t\t\t\t<img fetchpriority=\"high\" decoding=\"async\" width=\"1920\" height=\"1080\" src=\"https:\/\/denhelder.online\/wp-content\/uploads\/2024\/02\/2ea827d0-af75-4f8b-b2a6-da797facbc6a-Den-Helder-haven-FJ0T6820_1920x1080.jpg\" class=\"attachment-2048x2048 size-2048x2048 wp-image-10951\" alt=\"Luftbild des Hafens von Den Helder\" srcset=\"https:\/\/denhelder.online\/wp-content\/uploads\/2024\/02\/2ea827d0-af75-4f8b-b2a6-da797facbc6a-Den-Helder-haven-FJ0T6820_1920x1080.jpg 1920w, https:\/\/denhelder.online\/wp-content\/uploads\/2024\/02\/2ea827d0-af75-4f8b-b2a6-da797facbc6a-Den-Helder-haven-FJ0T6820_1920x1080-300x169.jpg 300w, https:\/\/denhelder.online\/wp-content\/uploads\/2024\/02\/2ea827d0-af75-4f8b-b2a6-da797facbc6a-Den-Helder-haven-FJ0T6820_1920x1080-1024x576.jpg 1024w, https:\/\/denhelder.online\/wp-content\/uploads\/2024\/02\/2ea827d0-af75-4f8b-b2a6-da797facbc6a-Den-Helder-haven-FJ0T6820_1920x1080-768x432.jpg 768w, https:\/\/denhelder.online\/wp-content\/uploads\/2024\/02\/2ea827d0-af75-4f8b-b2a6-da797facbc6a-Den-Helder-haven-FJ0T6820_1920x1080-1536x864.jpg 1536w, https:\/\/denhelder.online\/wp-content\/uploads\/2024\/02\/2ea827d0-af75-4f8b-b2a6-da797facbc6a-Den-Helder-haven-FJ0T6820_1920x1080-18x10.jpg 18w, https:\/\/denhelder.online\/wp-content\/uploads\/2024\/02\/2ea827d0-af75-4f8b-b2a6-da797facbc6a-Den-Helder-haven-FJ0T6820_1920x1080-600x338.jpg 600w\" sizes=\"(max-width: 1920px) 100vw, 1920px\" \/>\t\t\t\t\t\t\t\t\t\t\t\t\t\t\t<\/div>\n\t\t\t\t<\/div>\n\t\t\t\t<\/div>\n\t\t\t\t\t<\/div>\n\t\t\t\t<\/div>\n\t\t\t\t<\/div>","protected":false},"excerpt":{"rendered":"<p>Volg ons op social: \u00a0 \u00a0 \u00a0 \u00a0 Herontdek Den Helder: beleef de stad via je oren Stap op de fiets of trek je wandelschoenen aan en ontdek het rauwe, rijke verhaal van Den Helder. Waarom torent de Lange Jaap juist hier boven het landschap uit? Wat ligt er verborgen onder het winkelcentrum van De [&hellip;]<\/p>\n","protected":false},"author":11,"featured_media":10931,"parent":12716,"menu_order":0,"comment_status":"closed","ping_status":"closed","template":"elementor_header_footer","meta":{"footnotes":""},"tags":[],"doelgroep":[],"categorie":[],"class_list":["post-12438","page","type-page","status-publish","has-post-thumbnail","hentry"],"yoast_head":"<!-- This site is optimized with the Yoast SEO Premium plugin v24.7 (Yoast SEO v27.5) - https:\/\/yoast.com\/product\/yoast-seo-premium-wordpress\/ -->\n<title>Podcastserie Den Helder: historie en cultuur voor je oren<\/title>\n<meta name=\"description\" content=\"Laat je leiden door lokale verhalen over kunst, natuur en geschiedenis in deze unieke podcast\" \/>\n<meta name=\"robots\" content=\"index, follow, max-snippet:-1, max-image-preview:large, max-video-preview:-1\" \/>\n<link rel=\"canonical\" href=\"https:\/\/denhelder.online\/de\/du-kannst-das-tun\/podcast\/\" \/>\n<meta property=\"og:locale\" content=\"de_DE\" \/>\n<meta property=\"og:type\" content=\"article\" \/>\n<meta property=\"og:title\" content=\"Podcast Den Helder\" \/>\n<meta property=\"og:description\" content=\"Laat je leiden door lokale verhalen over kunst, natuur en geschiedenis in deze unieke podcast\" \/>\n<meta property=\"og:url\" content=\"https:\/\/denhelder.online\/de\/du-kannst-das-tun\/podcast\/\" \/>\n<meta property=\"og:site_name\" content=\"Den Helder Online\" \/>\n<meta property=\"article:modified_time\" content=\"2026-01-16T13:49:03+00:00\" \/>\n<meta property=\"og:image\" content=\"https:\/\/denhelder.online\/wp-content\/uploads\/2025\/04\/Luchtfoto-Den-Helder.jpg\" \/>\n\t<meta property=\"og:image:width\" content=\"1502\" \/>\n\t<meta property=\"og:image:height\" content=\"543\" \/>\n\t<meta property=\"og:image:type\" content=\"image\/jpeg\" \/>\n<meta name=\"twitter:card\" content=\"summary_large_image\" \/>\n<meta name=\"twitter:label1\" content=\"Gesch\u00e4tzte Lesezeit\" \/>\n\t<meta name=\"twitter:data1\" content=\"2\u00a0Minuten\" \/>\n<script type=\"application\/ld+json\" class=\"yoast-schema-graph\">{\"@context\":\"https:\\\/\\\/schema.org\",\"@graph\":[{\"@type\":\"WebPage\",\"@id\":\"https:\\\/\\\/denhelder.online\\\/dit-kan-je-doen\\\/podcast\\\/\",\"url\":\"https:\\\/\\\/denhelder.online\\\/dit-kan-je-doen\\\/podcast\\\/\",\"name\":\"Podcastserie Den Helder: historie en cultuur voor je oren\",\"isPartOf\":{\"@id\":\"https:\\\/\\\/denhelder.online\\\/#website\"},\"primaryImageOfPage\":{\"@id\":\"https:\\\/\\\/denhelder.online\\\/dit-kan-je-doen\\\/podcast\\\/#primaryimage\"},\"image\":{\"@id\":\"https:\\\/\\\/denhelder.online\\\/dit-kan-je-doen\\\/podcast\\\/#primaryimage\"},\"thumbnailUrl\":\"https:\\\/\\\/denhelder.online\\\/wp-content\\\/uploads\\\/2025\\\/04\\\/Luchtfoto-Den-Helder.jpg\",\"datePublished\":\"2025-07-04T07:14:41+00:00\",\"dateModified\":\"2026-01-16T13:49:03+00:00\",\"description\":\"Laat je leiden door lokale verhalen over kunst, natuur en geschiedenis in deze unieke podcast\",\"breadcrumb\":{\"@id\":\"https:\\\/\\\/denhelder.online\\\/dit-kan-je-doen\\\/podcast\\\/#breadcrumb\"},\"inLanguage\":\"de\",\"potentialAction\":[{\"@type\":\"ReadAction\",\"target\":[\"https:\\\/\\\/denhelder.online\\\/dit-kan-je-doen\\\/podcast\\\/\"]}]},{\"@type\":\"ImageObject\",\"inLanguage\":\"de\",\"@id\":\"https:\\\/\\\/denhelder.online\\\/dit-kan-je-doen\\\/podcast\\\/#primaryimage\",\"url\":\"https:\\\/\\\/denhelder.online\\\/wp-content\\\/uploads\\\/2025\\\/04\\\/Luchtfoto-Den-Helder.jpg\",\"contentUrl\":\"https:\\\/\\\/denhelder.online\\\/wp-content\\\/uploads\\\/2025\\\/04\\\/Luchtfoto-Den-Helder.jpg\",\"width\":1502,\"height\":543,\"caption\":\"Luchtfoto Den Helder vanaf Kaaphoofd\"},{\"@type\":\"BreadcrumbList\",\"@id\":\"https:\\\/\\\/denhelder.online\\\/dit-kan-je-doen\\\/podcast\\\/#breadcrumb\",\"itemListElement\":[{\"@type\":\"ListItem\",\"position\":1,\"name\":\"Home\",\"item\":\"https:\\\/\\\/denhelder.online\\\/\"},{\"@type\":\"ListItem\",\"position\":2,\"name\":\"Dit kan je doen\",\"item\":\"https:\\\/\\\/denhelder.online\\\/dit-kan-je-doen\\\/\"},{\"@type\":\"ListItem\",\"position\":3,\"name\":\"Podcast Den Helder\"}]},{\"@type\":\"WebSite\",\"@id\":\"https:\\\/\\\/denhelder.online\\\/#website\",\"url\":\"https:\\\/\\\/denhelder.online\\\/\",\"name\":\"Den Helder Online\",\"description\":\"Beleef Den Helder\",\"publisher\":{\"@id\":\"https:\\\/\\\/denhelder.online\\\/#organization\"},\"potentialAction\":[{\"@type\":\"SearchAction\",\"target\":{\"@type\":\"EntryPoint\",\"urlTemplate\":\"https:\\\/\\\/denhelder.online\\\/?s={search_term_string}\"},\"query-input\":{\"@type\":\"PropertyValueSpecification\",\"valueRequired\":true,\"valueName\":\"search_term_string\"}}],\"inLanguage\":\"de\"},{\"@type\":\"Organization\",\"@id\":\"https:\\\/\\\/denhelder.online\\\/#organization\",\"name\":\"Den Helder Online\",\"url\":\"https:\\\/\\\/denhelder.online\\\/\",\"logo\":{\"@type\":\"ImageObject\",\"inLanguage\":\"de\",\"@id\":\"https:\\\/\\\/denhelder.online\\\/#\\\/schema\\\/logo\\\/image\\\/\",\"url\":\"https:\\\/\\\/denhelder.online\\\/wp-content\\\/uploads\\\/2021\\\/12\\\/DitIsDH-Logo-26-tagline.svg\",\"contentUrl\":\"https:\\\/\\\/denhelder.online\\\/wp-content\\\/uploads\\\/2021\\\/12\\\/DitIsDH-Logo-26-tagline.svg\",\"width\":1717.0999999999999,\"height\":934.89999999999998,\"caption\":\"Den Helder Online\"},\"image\":{\"@id\":\"https:\\\/\\\/denhelder.online\\\/#\\\/schema\\\/logo\\\/image\\\/\"}}]}<\/script>\n<!-- \/ Yoast SEO Premium plugin. -->","yoast_head_json":{"title":"Podcast-Reihe Den Helder: Geschichte und Kultur f\u00fcr Ihre Ohren","description":"Lassen Sie sich in diesem einzigartigen Podcast von lokalen Geschichten \u00fcber Kunst, Natur und Geschichte leiten.","robots":{"index":"index","follow":"follow","max-snippet":"max-snippet:-1","max-image-preview":"max-image-preview:large","max-video-preview":"max-video-preview:-1"},"canonical":"https:\/\/denhelder.online\/de\/du-kannst-das-tun\/podcast\/","og_locale":"de_DE","og_type":"article","og_title":"Podcast Den Helder","og_description":"Laat je leiden door lokale verhalen over kunst, natuur en geschiedenis in deze unieke podcast","og_url":"https:\/\/denhelder.online\/de\/du-kannst-das-tun\/podcast\/","og_site_name":"Den Helder Online","article_modified_time":"2026-01-16T13:49:03+00:00","og_image":[{"width":1502,"height":543,"url":"https:\/\/denhelder.online\/wp-content\/uploads\/2025\/04\/Luchtfoto-Den-Helder.jpg","type":"image\/jpeg"}],"twitter_card":"summary_large_image","twitter_misc":{"Gesch\u00e4tzte Lesezeit":"2\u00a0Minuten"},"schema":{"@context":"https:\/\/schema.org","@graph":[{"@type":"WebPage","@id":"https:\/\/denhelder.online\/dit-kan-je-doen\/podcast\/","url":"https:\/\/denhelder.online\/dit-kan-je-doen\/podcast\/","name":"Podcast-Reihe Den Helder: Geschichte und Kultur f\u00fcr Ihre Ohren","isPartOf":{"@id":"https:\/\/denhelder.online\/#website"},"primaryImageOfPage":{"@id":"https:\/\/denhelder.online\/dit-kan-je-doen\/podcast\/#primaryimage"},"image":{"@id":"https:\/\/denhelder.online\/dit-kan-je-doen\/podcast\/#primaryimage"},"thumbnailUrl":"https:\/\/denhelder.online\/wp-content\/uploads\/2025\/04\/Luchtfoto-Den-Helder.jpg","datePublished":"2025-07-04T07:14:41+00:00","dateModified":"2026-01-16T13:49:03+00:00","description":"Lassen Sie sich in diesem einzigartigen Podcast von lokalen Geschichten \u00fcber Kunst, Natur und Geschichte leiten.","breadcrumb":{"@id":"https:\/\/denhelder.online\/dit-kan-je-doen\/podcast\/#breadcrumb"},"inLanguage":"de","potentialAction":[{"@type":"ReadAction","target":["https:\/\/denhelder.online\/dit-kan-je-doen\/podcast\/"]}]},{"@type":"ImageObject","inLanguage":"de","@id":"https:\/\/denhelder.online\/dit-kan-je-doen\/podcast\/#primaryimage","url":"https:\/\/denhelder.online\/wp-content\/uploads\/2025\/04\/Luchtfoto-Den-Helder.jpg","contentUrl":"https:\/\/denhelder.online\/wp-content\/uploads\/2025\/04\/Luchtfoto-Den-Helder.jpg","width":1502,"height":543,"caption":"Luchtfoto Den Helder vanaf Kaaphoofd"},{"@type":"BreadcrumbList","@id":"https:\/\/denhelder.online\/dit-kan-je-doen\/podcast\/#breadcrumb","itemListElement":[{"@type":"ListItem","position":1,"name":"Home","item":"https:\/\/denhelder.online\/"},{"@type":"ListItem","position":2,"name":"Dit kan je doen","item":"https:\/\/denhelder.online\/dit-kan-je-doen\/"},{"@type":"ListItem","position":3,"name":"Podcast Den Helder"}]},{"@type":"WebSite","@id":"https:\/\/denhelder.online\/#website","url":"https:\/\/denhelder.online\/","name":"Den Helder Online","description":"Erleben Sie Den Helder","publisher":{"@id":"https:\/\/denhelder.online\/#organization"},"potentialAction":[{"@type":"SearchAction","target":{"@type":"EntryPoint","urlTemplate":"https:\/\/denhelder.online\/?s={search_term_string}"},"query-input":{"@type":"PropertyValueSpecification","valueRequired":true,"valueName":"search_term_string"}}],"inLanguage":"de"},{"@type":"Organization","@id":"https:\/\/denhelder.online\/#organization","name":"Den Helder Online","url":"https:\/\/denhelder.online\/","logo":{"@type":"ImageObject","inLanguage":"de","@id":"https:\/\/denhelder.online\/#\/schema\/logo\/image\/","url":"https:\/\/denhelder.online\/wp-content\/uploads\/2021\/12\/DitIsDH-Logo-26-tagline.svg","contentUrl":"https:\/\/denhelder.online\/wp-content\/uploads\/2021\/12\/DitIsDH-Logo-26-tagline.svg","width":1717.0999999999999,"height":934.89999999999998,"caption":"Den Helder Online"},"image":{"@id":"https:\/\/denhelder.online\/#\/schema\/logo\/image\/"}}]}},"_links":{"self":[{"href":"https:\/\/denhelder.online\/de\/wp-json\/wp\/v2\/pages\/12438","targetHints":{"allow":["GET"]}}],"collection":[{"href":"https:\/\/denhelder.online\/de\/wp-json\/wp\/v2\/pages"}],"about":[{"href":"https:\/\/denhelder.online\/de\/wp-json\/wp\/v2\/types\/page"}],"author":[{"embeddable":true,"href":"https:\/\/denhelder.online\/de\/wp-json\/wp\/v2\/users\/11"}],"replies":[{"embeddable":true,"href":"https:\/\/denhelder.online\/de\/wp-json\/wp\/v2\/comments?post=12438"}],"version-history":[{"count":0,"href":"https:\/\/denhelder.online\/de\/wp-json\/wp\/v2\/pages\/12438\/revisions"}],"up":[{"embeddable":true,"href":"https:\/\/denhelder.online\/de\/wp-json\/wp\/v2\/pages\/12716"}],"wp:featuredmedia":[{"embeddable":true,"href":"https:\/\/denhelder.online\/de\/wp-json\/wp\/v2\/media\/10931"}],"wp:attachment":[{"href":"https:\/\/denhelder.online\/de\/wp-json\/wp\/v2\/media?parent=12438"}],"wp:term":[{"taxonomy":"post_tag","embeddable":true,"href":"https:\/\/denhelder.online\/de\/wp-json\/wp\/v2\/tags?post=12438"},{"taxonomy":"doelgroep","embeddable":true,"href":"https:\/\/denhelder.online\/de\/wp-json\/wp\/v2\/doelgroep?post=12438"},{"taxonomy":"categorie","embeddable":true,"href":"https:\/\/denhelder.online\/de\/wp-json\/wp\/v2\/categorie?post=12438"}],"curies":[{"name":"wp","href":"https:\/\/api.w.org\/{rel}","templated":true}]}}