{"id":12522,"date":"2025-07-04T12:08:23","date_gmt":"2025-07-04T10:08:23","guid":{"rendered":"https:\/\/denhelder.online\/?page_id=12522"},"modified":"2026-01-16T14:47:05","modified_gmt":"2026-01-16T13:47:05","slug":"die-hellen-im-krieg","status":"publish","type":"page","link":"https:\/\/denhelder.online\/de\/herdenkenenvieren\/den-helder-spookstad\/den-helder-in-oorlog\/","title":{"rendered":"Den Helder, die am st\u00e4rksten bombardierte Stadt"},"content":{"rendered":"<div data-elementor-type=\"wp-page\" data-elementor-id=\"12522\" class=\"elementor elementor-12522\" data-elementor-post-type=\"page\">\n\t\t\t\t<div class=\"elementor-element elementor-element-5f0649d9 e-flex e-con-boxed e-con e-parent\" data-id=\"5f0649d9\" data-element_type=\"container\" data-e-type=\"container\" data-settings=\"{&quot;jet_parallax_layout_list&quot;:[]}\">\n\t\t\t\t\t<div class=\"e-con-inner\">\n\t\t<div class=\"elementor-element elementor-element-3f677fc6 e-con-full e-flex e-con e-child\" data-id=\"3f677fc6\" data-element_type=\"container\" data-e-type=\"container\" data-settings=\"{&quot;jet_parallax_layout_list&quot;:[]}\">\n\t\t\t\t<div class=\"elementor-element elementor-element-69f8fc5e elementor-widget elementor-widget-breadcrumbs\" data-id=\"69f8fc5e\" data-element_type=\"widget\" data-e-type=\"widget\" data-widget_type=\"breadcrumbs.default\">\n\t\t\t\t<div class=\"elementor-widget-container\">\n\t\t\t\t\t<p id=\"breadcrumbs\"><span><span><a href=\"https:\/\/denhelder.online\/de\/\">Heim<\/a><\/span><\/span><\/p>\t\t\t\t<\/div>\n\t\t\t\t<\/div>\n\t\t<div class=\"elementor-element elementor-element-1ce4f7fe e-con-full e-flex e-con e-child\" data-id=\"1ce4f7fe\" data-element_type=\"container\" data-e-type=\"container\" data-settings=\"{&quot;jet_parallax_layout_list&quot;:[]}\">\n\t\t\t\t<div class=\"elementor-element elementor-element-63acd7e9 elementor-widget elementor-widget-heading\" data-id=\"63acd7e9\" data-element_type=\"widget\" data-e-type=\"widget\" data-widget_type=\"heading.default\">\n\t\t\t\t<div class=\"elementor-widget-container\">\n\t\t\t\t\t<p class=\"elementor-heading-title elementor-size-default\">Folgen Sie uns in den sozialen Netzwerken:<\/p>\t\t\t\t<\/div>\n\t\t\t\t<\/div>\n\t\t\t\t<div class=\"elementor-element elementor-element-348ace0d elementor-icon-list--layout-inline elementor-align-end elementor-list-item-link-full_width elementor-widget elementor-widget-global elementor-global-1176 elementor-widget-icon-list\" data-id=\"348ace0d\" data-element_type=\"widget\" data-e-type=\"widget\" data-widget_type=\"icon-list.default\">\n\t\t\t\t<div class=\"elementor-widget-container\">\n\t\t\t\t\t\t\t<ul class=\"elementor-icon-list-items elementor-inline-items\">\n\t\t\t\t\t\t\t<li class=\"elementor-icon-list-item elementor-inline-item\">\n\t\t\t\t\t\t\t\t\t\t\t<a href=\"https:\/\/www.facebook.com\/ditisdenhelder\" target=\"_blank\">\n\n\t\t\t\t\t\t\t\t\t\t\t\t<span class=\"elementor-icon-list-icon\">\n\t\t\t\t\t\t\t<i aria-hidden=\"true\" class=\"fab fa-facebook\"><\/i>\t\t\t\t\t\t<\/span>\n\t\t\t\t\t\t\t\t\t\t<span class=\"elementor-icon-list-text\"><\/span>\n\t\t\t\t\t\t\t\t\t\t\t<\/a>\n\t\t\t\t\t\t\t\t\t<\/li>\n\t\t\t\t\t\t\t\t<li class=\"elementor-icon-list-item elementor-inline-item\">\n\t\t\t\t\t\t\t\t\t\t\t<a href=\"https:\/\/www.instagram.com\/ditisdenhelder\/\" target=\"_blank\">\n\n\t\t\t\t\t\t\t\t\t\t\t\t<span class=\"elementor-icon-list-icon\">\n\t\t\t\t\t\t\t<i aria-hidden=\"true\" class=\"fab fa-instagram\"><\/i>\t\t\t\t\t\t<\/span>\n\t\t\t\t\t\t\t\t\t\t<span class=\"elementor-icon-list-text\"><\/span>\n\t\t\t\t\t\t\t\t\t\t\t<\/a>\n\t\t\t\t\t\t\t\t\t<\/li>\n\t\t\t\t\t\t\t\t<li class=\"elementor-icon-list-item elementor-inline-item\">\n\t\t\t\t\t\t\t\t\t\t\t<a href=\"https:\/\/www.youtube.com\/channel\/UCxXdcocRQwb3lDwiYBp3llg\" target=\"_blank\">\n\n\t\t\t\t\t\t\t\t\t\t\t\t<span class=\"elementor-icon-list-icon\">\n\t\t\t\t\t\t\t<i aria-hidden=\"true\" class=\"fab fa-youtube\"><\/i>\t\t\t\t\t\t<\/span>\n\t\t\t\t\t\t\t\t\t\t<span class=\"elementor-icon-list-text\"><\/span>\n\t\t\t\t\t\t\t\t\t\t\t<\/a>\n\t\t\t\t\t\t\t\t\t<\/li>\n\t\t\t\t\t\t\t\t<li class=\"elementor-icon-list-item elementor-inline-item\">\n\t\t\t\t\t\t\t\t\t\t\t<a href=\"https:\/\/www.linkedin.com\/company\/citymarketing-den-helder\" target=\"_blank\">\n\n\t\t\t\t\t\t\t\t\t\t\t\t<span class=\"elementor-icon-list-icon\">\n\t\t\t\t\t\t\t<i aria-hidden=\"true\" class=\"fab fa-linkedin-in\"><\/i>\t\t\t\t\t\t<\/span>\n\t\t\t\t\t\t\t\t\t\t<span class=\"elementor-icon-list-text\"><\/span>\n\t\t\t\t\t\t\t\t\t\t\t<\/a>\n\t\t\t\t\t\t\t\t\t<\/li>\n\t\t\t\t\t\t<\/ul>\n\t\t\t\t\t\t<\/div>\n\t\t\t\t<\/div>\n\t\t\t\t<\/div>\n\t\t\t\t<\/div>\n\t\t\t\t\t<\/div>\n\t\t\t\t<\/div>\n\t\t<div class=\"elementor-element elementor-element-5c34da1c e-flex e-con-boxed e-con e-parent\" data-id=\"5c34da1c\" data-element_type=\"container\" data-e-type=\"container\" data-settings=\"{&quot;jet_parallax_layout_list&quot;:[]}\">\n\t\t\t\t\t<div class=\"e-con-inner\">\n\t\t<div class=\"elementor-element elementor-element-3b4ac2d8 e-con-full e-flex e-con e-child\" data-id=\"3b4ac2d8\" data-element_type=\"container\" data-e-type=\"container\" data-settings=\"{&quot;jet_parallax_layout_list&quot;:[]}\">\n\t\t\t\t<div class=\"elementor-element elementor-element-788bd80f elementor-widget__width-inherit elementor-widget elementor-widget-heading\" data-id=\"788bd80f\" data-element_type=\"widget\" data-e-type=\"widget\" data-widget_type=\"heading.default\">\n\t\t\t\t<div class=\"elementor-widget-container\">\n\t\t\t\t\t<h2 class=\"elementor-heading-title elementor-size-default\">Den Helder im Krieg: Erinnern, Gedenken und Wiederentdecken<\/h2>\t\t\t\t<\/div>\n\t\t\t\t<\/div>\n\t\t\t\t<div class=\"elementor-element elementor-element-7d866cfa elementor-widget elementor-widget-text-editor\" data-id=\"7d866cfa\" data-element_type=\"widget\" data-e-type=\"widget\" data-widget_type=\"text-editor.default\">\n\t\t\t\t<div class=\"elementor-widget-container\">\n\t\t\t\t\t\t\t\t\t<p data-start=\"253\" data-end=\"540\">Nur wenige wissen es, aber die Den Helder war die erste deutsche Luftwaffe, die im Zweiten Weltkrieg flog. <strong data-start=\"332\" data-end=\"375\">am st\u00e4rksten bombardierte Stadt in den Niederlanden<\/strong>. Mehr als 160 Bombenangriffe legten die Stadt in Schutt und Asche. Doch Den Helder \u2013 besch\u00e4digt, teilweise zerst\u00f6rt \u2013 erhob sich aus der Asche. Eine Geschichte von Verlust und Widerstandskraft.<\/p><p data-start=\"542\" data-end=\"819\">Die Luftangriffe galten der strategisch wichtigen Rijkswerf Willemsoord, die w\u00e4hrend der Besatzung in die H\u00e4nde der deutschen Kriegsmarine gefallen war. Dieser Standort, einst eine wichtige Werkstatt der K\u00f6niglich Niederl\u00e4ndischen Marine, wurde somit zum milit\u00e4rischen Ziel alliierter Bomber.<\/p><p data-start=\"821\" data-end=\"1139\">Das ganze Jahr \u00fcber werden Geschichten aus dieser Zeit in einem abwechslungsreichen Programm zum Leben erweckt. Man denke nur an <strong data-start=\"932\" data-end=\"979\">Vortr\u00e4ge, Wander- und Radtouren, Ausstellungen<\/strong> und interaktive Audiotouren. Alles mit dem Ziel, diese wichtige Geschichte sichtbar und greifbar zu machen \u2013 f\u00fcr Einheimische, Besucher und zuk\u00fcnftige Generationen.<\/p><p data-start=\"1141\" data-end=\"1261\">Eine Initiative von <strong data-start=\"1160\" data-end=\"1192\">Den Helder Heritage Foundation<\/strong>, in Zusammenarbeit mit lokalen Herstellern, Historikern und Kulturpartnern.<\/p><p>Weitere Informationen zu neuen Aktivit\u00e4ten folgen.\u00a0<\/p>\t\t\t\t\t\t\t\t<\/div>\n\t\t\t\t<\/div>\n\t\t\t\t<\/div>\n\t\t\t\t\t<\/div>\n\t\t\t\t<\/div>\n\t\t<div class=\"elementor-element elementor-element-cadb422 e-flex e-con-boxed e-con e-parent\" data-id=\"cadb422\" data-element_type=\"container\" data-e-type=\"container\" data-settings=\"{&quot;background_background&quot;:&quot;classic&quot;,&quot;jet_parallax_layout_list&quot;:[]}\">\n\t\t\t\t\t<div class=\"e-con-inner\">\n\t\t<div class=\"elementor-element elementor-element-3811b8c7 e-con-full e-flex e-con e-child\" data-id=\"3811b8c7\" data-element_type=\"container\" data-e-type=\"container\" data-settings=\"{&quot;jet_parallax_layout_list&quot;:[]}\">\n\t\t\t\t<div class=\"elementor-element elementor-element-7a63116e elementor-widget__width-inherit elementor-widget elementor-widget-image\" data-id=\"7a63116e\" data-element_type=\"widget\" data-e-type=\"widget\" data-widget_type=\"image.default\">\n\t\t\t\t<div class=\"elementor-widget-container\">\n\t\t\t\t\t\t\t\t\t\t\t\t\t\t\t<img fetchpriority=\"high\" decoding=\"async\" width=\"800\" height=\"533\" src=\"https:\/\/denhelder.online\/wp-content\/uploads\/2025\/06\/Stationstraat-Den-helder-1940.jpg\" class=\"attachment-large size-large wp-image-11867\" alt=\"Ghost Town Station Street Den Helder 1940\" srcset=\"https:\/\/denhelder.online\/wp-content\/uploads\/2025\/06\/Stationstraat-Den-helder-1940.jpg 960w, https:\/\/denhelder.online\/wp-content\/uploads\/2025\/06\/Stationstraat-Den-helder-1940-300x200.jpg 300w, https:\/\/denhelder.online\/wp-content\/uploads\/2025\/06\/Stationstraat-Den-helder-1940-768x512.jpg 768w, https:\/\/denhelder.online\/wp-content\/uploads\/2025\/06\/Stationstraat-Den-helder-1940-18x12.jpg 18w, https:\/\/denhelder.online\/wp-content\/uploads\/2025\/06\/Stationstraat-Den-helder-1940-600x400.jpg 600w\" sizes=\"(max-width: 800px) 100vw, 800px\" \/>\t\t\t\t\t\t\t\t\t\t\t\t\t\t\t<\/div>\n\t\t\t\t<\/div>\n\t\t\t\t<\/div>\n\t\t\t\t\t<\/div>\n\t\t\t\t<\/div>\n\t\t\t\t<\/div>","protected":false},"excerpt":{"rendered":"<p>Volg ons op social: \u00a0 \u00a0 \u00a0 \u00a0 Den Helder in oorlogstijd: herinneren, herdenken en herontdekken Weinig mensen weten het, maar Den Helder was tijdens de Tweede Wereldoorlog de meest gebombardeerde stad van Nederland. Meer dan 160 bombardementen legden de stad in puin. Toch verrees Den Helder \u2013 beschadigd, deels vernietigd \u2013 weer uit de [&hellip;]<\/p>\n","protected":false},"author":11,"featured_media":11867,"parent":11565,"menu_order":0,"comment_status":"closed","ping_status":"closed","template":"elementor_header_footer","meta":{"footnotes":""},"tags":[],"doelgroep":[6027,6028],"categorie":[],"class_list":["post-12522","page","type-page","status-publish","has-post-thumbnail","hentry","doelgroep-inwoner","doelgroep-inwoner-regio"],"yoast_head":"<!-- This site is optimized with the Yoast SEO Premium plugin v24.7 (Yoast SEO v27.5) - https:\/\/yoast.com\/product\/yoast-seo-premium-wordpress\/ -->\n<title>Oorlogsverleden Den Helder: ontdek, herdenk, beleef<\/title>\n<meta name=\"description\" content=\"Ontdek het erfgoed van Den Helder tijdens en na de oorlog. Bezoek historische plekken en beleef persoonlijke verhalen\" \/>\n<meta name=\"robots\" content=\"index, follow, max-snippet:-1, max-image-preview:large, max-video-preview:-1\" \/>\n<link rel=\"canonical\" href=\"https:\/\/denhelder.online\/de\/gedenken-und-feiern\/die-helle-geisterstadt\/die-hellen-im-krieg\/\" \/>\n<meta property=\"og:locale\" content=\"de_DE\" \/>\n<meta property=\"og:type\" content=\"article\" \/>\n<meta property=\"og:title\" content=\"Den Helder, Meest gebombardeerde stad\" \/>\n<meta property=\"og:description\" content=\"Ontdek het erfgoed van Den Helder tijdens en na de oorlog. Bezoek historische plekken en beleef persoonlijke verhalen\" \/>\n<meta property=\"og:url\" content=\"https:\/\/denhelder.online\/de\/gedenken-und-feiern\/die-helle-geisterstadt\/die-hellen-im-krieg\/\" \/>\n<meta property=\"og:site_name\" content=\"Den Helder Online\" \/>\n<meta property=\"article:modified_time\" content=\"2026-01-16T13:47:05+00:00\" \/>\n<meta property=\"og:image\" content=\"https:\/\/denhelder.online\/wp-content\/uploads\/2025\/06\/Stationstraat-Den-helder-1940.jpg\" \/>\n\t<meta property=\"og:image:width\" content=\"960\" \/>\n\t<meta property=\"og:image:height\" content=\"640\" \/>\n\t<meta property=\"og:image:type\" content=\"image\/jpeg\" \/>\n<meta name=\"twitter:card\" content=\"summary_large_image\" \/>\n<meta name=\"twitter:label1\" content=\"Gesch\u00e4tzte Lesezeit\" \/>\n\t<meta name=\"twitter:data1\" content=\"2\u00a0Minuten\" \/>\n<script type=\"application\/ld+json\" class=\"yoast-schema-graph\">{\"@context\":\"https:\\\/\\\/schema.org\",\"@graph\":[{\"@type\":\"WebPage\",\"@id\":\"https:\\\/\\\/denhelder.online\\\/herdenkenenvieren\\\/den-helder-spookstad\\\/den-helder-in-oorlog\\\/\",\"url\":\"https:\\\/\\\/denhelder.online\\\/herdenkenenvieren\\\/den-helder-spookstad\\\/den-helder-in-oorlog\\\/\",\"name\":\"Oorlogsverleden Den Helder: ontdek, herdenk, beleef\",\"isPartOf\":{\"@id\":\"https:\\\/\\\/denhelder.online\\\/#website\"},\"primaryImageOfPage\":{\"@id\":\"https:\\\/\\\/denhelder.online\\\/herdenkenenvieren\\\/den-helder-spookstad\\\/den-helder-in-oorlog\\\/#primaryimage\"},\"image\":{\"@id\":\"https:\\\/\\\/denhelder.online\\\/herdenkenenvieren\\\/den-helder-spookstad\\\/den-helder-in-oorlog\\\/#primaryimage\"},\"thumbnailUrl\":\"https:\\\/\\\/denhelder.online\\\/wp-content\\\/uploads\\\/2025\\\/06\\\/Stationstraat-Den-helder-1940.jpg\",\"datePublished\":\"2025-07-04T10:08:23+00:00\",\"dateModified\":\"2026-01-16T13:47:05+00:00\",\"description\":\"Ontdek het erfgoed van Den Helder tijdens en na de oorlog. Bezoek historische plekken en beleef persoonlijke verhalen\",\"breadcrumb\":{\"@id\":\"https:\\\/\\\/denhelder.online\\\/herdenkenenvieren\\\/den-helder-spookstad\\\/den-helder-in-oorlog\\\/#breadcrumb\"},\"inLanguage\":\"de\",\"potentialAction\":[{\"@type\":\"ReadAction\",\"target\":[\"https:\\\/\\\/denhelder.online\\\/herdenkenenvieren\\\/den-helder-spookstad\\\/den-helder-in-oorlog\\\/\"]}]},{\"@type\":\"ImageObject\",\"inLanguage\":\"de\",\"@id\":\"https:\\\/\\\/denhelder.online\\\/herdenkenenvieren\\\/den-helder-spookstad\\\/den-helder-in-oorlog\\\/#primaryimage\",\"url\":\"https:\\\/\\\/denhelder.online\\\/wp-content\\\/uploads\\\/2025\\\/06\\\/Stationstraat-Den-helder-1940.jpg\",\"contentUrl\":\"https:\\\/\\\/denhelder.online\\\/wp-content\\\/uploads\\\/2025\\\/06\\\/Stationstraat-Den-helder-1940.jpg\",\"width\":960,\"height\":640,\"caption\":\"Spookstad Stationstraat Den Helder 1940\"},{\"@type\":\"BreadcrumbList\",\"@id\":\"https:\\\/\\\/denhelder.online\\\/herdenkenenvieren\\\/den-helder-spookstad\\\/den-helder-in-oorlog\\\/#breadcrumb\",\"itemListElement\":[{\"@type\":\"ListItem\",\"position\":1,\"name\":\"Home\",\"item\":\"https:\\\/\\\/denhelder.online\\\/\"},{\"@type\":\"ListItem\",\"position\":2,\"name\":\"Herdenken en Vieren\",\"item\":\"https:\\\/\\\/denhelder.online\\\/herdenkenenvieren\\\/\"},{\"@type\":\"ListItem\",\"position\":3,\"name\":\"Den Helder spookstad\",\"item\":\"https:\\\/\\\/denhelder.online\\\/herdenkenenvieren\\\/den-helder-spookstad\\\/\"},{\"@type\":\"ListItem\",\"position\":4,\"name\":\"Den Helder, Meest gebombardeerde stad\"}]},{\"@type\":\"WebSite\",\"@id\":\"https:\\\/\\\/denhelder.online\\\/#website\",\"url\":\"https:\\\/\\\/denhelder.online\\\/\",\"name\":\"Den Helder Online\",\"description\":\"Beleef Den Helder\",\"publisher\":{\"@id\":\"https:\\\/\\\/denhelder.online\\\/#organization\"},\"potentialAction\":[{\"@type\":\"SearchAction\",\"target\":{\"@type\":\"EntryPoint\",\"urlTemplate\":\"https:\\\/\\\/denhelder.online\\\/?s={search_term_string}\"},\"query-input\":{\"@type\":\"PropertyValueSpecification\",\"valueRequired\":true,\"valueName\":\"search_term_string\"}}],\"inLanguage\":\"de\"},{\"@type\":\"Organization\",\"@id\":\"https:\\\/\\\/denhelder.online\\\/#organization\",\"name\":\"Den Helder Online\",\"url\":\"https:\\\/\\\/denhelder.online\\\/\",\"logo\":{\"@type\":\"ImageObject\",\"inLanguage\":\"de\",\"@id\":\"https:\\\/\\\/denhelder.online\\\/#\\\/schema\\\/logo\\\/image\\\/\",\"url\":\"https:\\\/\\\/denhelder.online\\\/wp-content\\\/uploads\\\/2021\\\/12\\\/DitIsDH-Logo-26-tagline.svg\",\"contentUrl\":\"https:\\\/\\\/denhelder.online\\\/wp-content\\\/uploads\\\/2021\\\/12\\\/DitIsDH-Logo-26-tagline.svg\",\"width\":1717.0999999999999,\"height\":934.89999999999998,\"caption\":\"Den Helder Online\"},\"image\":{\"@id\":\"https:\\\/\\\/denhelder.online\\\/#\\\/schema\\\/logo\\\/image\\\/\"}}]}<\/script>\n<!-- \/ Yoast SEO Premium plugin. -->","yoast_head_json":{"title":"Kriegsgeschichte Den Helder: entdecken, gedenken, erleben","description":"Entdecken Sie das Erbe der Den Helder w\u00e4hrend und nach dem Krieg. Besuchen Sie historische St\u00e4tten und erleben Sie pers\u00f6nliche Geschichten.","robots":{"index":"index","follow":"follow","max-snippet":"max-snippet:-1","max-image-preview":"max-image-preview:large","max-video-preview":"max-video-preview:-1"},"canonical":"https:\/\/denhelder.online\/de\/gedenken-und-feiern\/die-helle-geisterstadt\/die-hellen-im-krieg\/","og_locale":"de_DE","og_type":"article","og_title":"Den Helder, Meest gebombardeerde stad","og_description":"Ontdek het erfgoed van Den Helder tijdens en na de oorlog. Bezoek historische plekken en beleef persoonlijke verhalen","og_url":"https:\/\/denhelder.online\/de\/gedenken-und-feiern\/die-helle-geisterstadt\/die-hellen-im-krieg\/","og_site_name":"Den Helder Online","article_modified_time":"2026-01-16T13:47:05+00:00","og_image":[{"width":960,"height":640,"url":"https:\/\/denhelder.online\/wp-content\/uploads\/2025\/06\/Stationstraat-Den-helder-1940.jpg","type":"image\/jpeg"}],"twitter_card":"summary_large_image","twitter_misc":{"Gesch\u00e4tzte Lesezeit":"2\u00a0Minuten"},"schema":{"@context":"https:\/\/schema.org","@graph":[{"@type":"WebPage","@id":"https:\/\/denhelder.online\/herdenkenenvieren\/den-helder-spookstad\/den-helder-in-oorlog\/","url":"https:\/\/denhelder.online\/herdenkenenvieren\/den-helder-spookstad\/den-helder-in-oorlog\/","name":"Kriegsgeschichte Den Helder: entdecken, gedenken, erleben","isPartOf":{"@id":"https:\/\/denhelder.online\/#website"},"primaryImageOfPage":{"@id":"https:\/\/denhelder.online\/herdenkenenvieren\/den-helder-spookstad\/den-helder-in-oorlog\/#primaryimage"},"image":{"@id":"https:\/\/denhelder.online\/herdenkenenvieren\/den-helder-spookstad\/den-helder-in-oorlog\/#primaryimage"},"thumbnailUrl":"https:\/\/denhelder.online\/wp-content\/uploads\/2025\/06\/Stationstraat-Den-helder-1940.jpg","datePublished":"2025-07-04T10:08:23+00:00","dateModified":"2026-01-16T13:47:05+00:00","description":"Entdecken Sie das Erbe der Den Helder w\u00e4hrend und nach dem Krieg. Besuchen Sie historische St\u00e4tten und erleben Sie pers\u00f6nliche Geschichten.","breadcrumb":{"@id":"https:\/\/denhelder.online\/herdenkenenvieren\/den-helder-spookstad\/den-helder-in-oorlog\/#breadcrumb"},"inLanguage":"de","potentialAction":[{"@type":"ReadAction","target":["https:\/\/denhelder.online\/herdenkenenvieren\/den-helder-spookstad\/den-helder-in-oorlog\/"]}]},{"@type":"ImageObject","inLanguage":"de","@id":"https:\/\/denhelder.online\/herdenkenenvieren\/den-helder-spookstad\/den-helder-in-oorlog\/#primaryimage","url":"https:\/\/denhelder.online\/wp-content\/uploads\/2025\/06\/Stationstraat-Den-helder-1940.jpg","contentUrl":"https:\/\/denhelder.online\/wp-content\/uploads\/2025\/06\/Stationstraat-Den-helder-1940.jpg","width":960,"height":640,"caption":"Spookstad Stationstraat Den Helder 1940"},{"@type":"BreadcrumbList","@id":"https:\/\/denhelder.online\/herdenkenenvieren\/den-helder-spookstad\/den-helder-in-oorlog\/#breadcrumb","itemListElement":[{"@type":"ListItem","position":1,"name":"Home","item":"https:\/\/denhelder.online\/"},{"@type":"ListItem","position":2,"name":"Herdenken en Vieren","item":"https:\/\/denhelder.online\/herdenkenenvieren\/"},{"@type":"ListItem","position":3,"name":"Den Helder spookstad","item":"https:\/\/denhelder.online\/herdenkenenvieren\/den-helder-spookstad\/"},{"@type":"ListItem","position":4,"name":"Den Helder, Meest gebombardeerde stad"}]},{"@type":"WebSite","@id":"https:\/\/denhelder.online\/#website","url":"https:\/\/denhelder.online\/","name":"Den Helder Online","description":"Erleben Sie Den Helder","publisher":{"@id":"https:\/\/denhelder.online\/#organization"},"potentialAction":[{"@type":"SearchAction","target":{"@type":"EntryPoint","urlTemplate":"https:\/\/denhelder.online\/?s={search_term_string}"},"query-input":{"@type":"PropertyValueSpecification","valueRequired":true,"valueName":"search_term_string"}}],"inLanguage":"de"},{"@type":"Organization","@id":"https:\/\/denhelder.online\/#organization","name":"Den Helder Online","url":"https:\/\/denhelder.online\/","logo":{"@type":"ImageObject","inLanguage":"de","@id":"https:\/\/denhelder.online\/#\/schema\/logo\/image\/","url":"https:\/\/denhelder.online\/wp-content\/uploads\/2021\/12\/DitIsDH-Logo-26-tagline.svg","contentUrl":"https:\/\/denhelder.online\/wp-content\/uploads\/2021\/12\/DitIsDH-Logo-26-tagline.svg","width":1717.0999999999999,"height":934.89999999999998,"caption":"Den Helder Online"},"image":{"@id":"https:\/\/denhelder.online\/#\/schema\/logo\/image\/"}}]}},"_links":{"self":[{"href":"https:\/\/denhelder.online\/de\/wp-json\/wp\/v2\/pages\/12522","targetHints":{"allow":["GET"]}}],"collection":[{"href":"https:\/\/denhelder.online\/de\/wp-json\/wp\/v2\/pages"}],"about":[{"href":"https:\/\/denhelder.online\/de\/wp-json\/wp\/v2\/types\/page"}],"author":[{"embeddable":true,"href":"https:\/\/denhelder.online\/de\/wp-json\/wp\/v2\/users\/11"}],"replies":[{"embeddable":true,"href":"https:\/\/denhelder.online\/de\/wp-json\/wp\/v2\/comments?post=12522"}],"version-history":[{"count":0,"href":"https:\/\/denhelder.online\/de\/wp-json\/wp\/v2\/pages\/12522\/revisions"}],"up":[{"embeddable":true,"href":"https:\/\/denhelder.online\/de\/wp-json\/wp\/v2\/pages\/11565"}],"wp:featuredmedia":[{"embeddable":true,"href":"https:\/\/denhelder.online\/de\/wp-json\/wp\/v2\/media\/11867"}],"wp:attachment":[{"href":"https:\/\/denhelder.online\/de\/wp-json\/wp\/v2\/media?parent=12522"}],"wp:term":[{"taxonomy":"post_tag","embeddable":true,"href":"https:\/\/denhelder.online\/de\/wp-json\/wp\/v2\/tags?post=12522"},{"taxonomy":"doelgroep","embeddable":true,"href":"https:\/\/denhelder.online\/de\/wp-json\/wp\/v2\/doelgroep?post=12522"},{"taxonomy":"categorie","embeddable":true,"href":"https:\/\/denhelder.online\/de\/wp-json\/wp\/v2\/categorie?post=12522"}],"curies":[{"name":"wp","href":"https:\/\/api.w.org\/{rel}","templated":true}]}}