{"id":12790,"date":"2025-07-10T15:02:03","date_gmt":"2025-07-10T13:02:03","guid":{"rendered":"https:\/\/denhelder.online\/?page_id=12790"},"modified":"2026-04-13T15:44:59","modified_gmt":"2026-04-13T13:44:59","slug":"um","status":"publish","type":"page","link":"https:\/\/denhelder.online\/de\/omd\/","title":{"rendered":"Tag der offenen Denkm\u00e4ler"},"content":{"rendered":"\t\t<div data-elementor-type=\"wp-page\" data-elementor-id=\"12790\" class=\"elementor elementor-12790\" data-elementor-post-type=\"page\">\n\t\t\t\t<div class=\"elementor-element elementor-element-5f0649d9 e-flex e-con-boxed e-con e-parent\" data-id=\"5f0649d9\" data-element_type=\"container\" data-e-type=\"container\" data-settings=\"{&quot;jet_parallax_layout_list&quot;:[]}\">\n\t\t\t\t\t<div class=\"e-con-inner\">\n\t\t<div class=\"elementor-element elementor-element-3f677fc6 e-con-full e-flex e-con e-child\" data-id=\"3f677fc6\" data-element_type=\"container\" data-e-type=\"container\" data-settings=\"{&quot;jet_parallax_layout_list&quot;:[]}\">\n\t\t\t\t<div class=\"elementor-element elementor-element-69f8fc5e elementor-widget elementor-widget-breadcrumbs\" data-id=\"69f8fc5e\" data-element_type=\"widget\" data-e-type=\"widget\" data-widget_type=\"breadcrumbs.default\">\n\t\t\t\t<div class=\"elementor-widget-container\">\n\t\t\t\t\t<p id=\"breadcrumbs\"><span><span><a href=\"https:\/\/denhelder.online\/\">Home<\/a><\/span><\/span><\/p>\t\t\t\t<\/div>\n\t\t\t\t<\/div>\n\t\t<div class=\"elementor-element elementor-element-1ce4f7fe e-con-full e-flex e-con e-child\" data-id=\"1ce4f7fe\" data-element_type=\"container\" data-e-type=\"container\" data-settings=\"{&quot;jet_parallax_layout_list&quot;:[]}\">\n\t\t\t\t<div class=\"elementor-element elementor-element-63acd7e9 elementor-widget elementor-widget-heading\" data-id=\"63acd7e9\" data-element_type=\"widget\" data-e-type=\"widget\" data-widget_type=\"heading.default\">\n\t\t\t\t<div class=\"elementor-widget-container\">\n\t\t\t\t\t<p class=\"elementor-heading-title elementor-size-default\">Volg ons op social:<\/p>\t\t\t\t<\/div>\n\t\t\t\t<\/div>\n\t\t\t\t<div class=\"elementor-element elementor-element-348ace0d elementor-icon-list--layout-inline elementor-align-end elementor-list-item-link-full_width elementor-widget elementor-widget-global elementor-global-1176 elementor-widget-icon-list\" data-id=\"348ace0d\" data-element_type=\"widget\" data-e-type=\"widget\" data-widget_type=\"icon-list.default\">\n\t\t\t\t<div class=\"elementor-widget-container\">\n\t\t\t\t\t\t\t<ul class=\"elementor-icon-list-items elementor-inline-items\">\n\t\t\t\t\t\t\t<li class=\"elementor-icon-list-item elementor-inline-item\">\n\t\t\t\t\t\t\t\t\t\t\t<a href=\"https:\/\/www.facebook.com\/ditisdenhelder\" target=\"_blank\">\n\n\t\t\t\t\t\t\t\t\t\t\t\t<span class=\"elementor-icon-list-icon\">\n\t\t\t\t\t\t\t<i aria-hidden=\"true\" class=\"fab fa-facebook\"><\/i>\t\t\t\t\t\t<\/span>\n\t\t\t\t\t\t\t\t\t\t<span class=\"elementor-icon-list-text\"><\/span>\n\t\t\t\t\t\t\t\t\t\t\t<\/a>\n\t\t\t\t\t\t\t\t\t<\/li>\n\t\t\t\t\t\t\t\t<li class=\"elementor-icon-list-item elementor-inline-item\">\n\t\t\t\t\t\t\t\t\t\t\t<a href=\"https:\/\/www.instagram.com\/ditisdenhelder\/\" target=\"_blank\">\n\n\t\t\t\t\t\t\t\t\t\t\t\t<span class=\"elementor-icon-list-icon\">\n\t\t\t\t\t\t\t<i aria-hidden=\"true\" class=\"fab fa-instagram\"><\/i>\t\t\t\t\t\t<\/span>\n\t\t\t\t\t\t\t\t\t\t<span class=\"elementor-icon-list-text\"><\/span>\n\t\t\t\t\t\t\t\t\t\t\t<\/a>\n\t\t\t\t\t\t\t\t\t<\/li>\n\t\t\t\t\t\t\t\t<li class=\"elementor-icon-list-item elementor-inline-item\">\n\t\t\t\t\t\t\t\t\t\t\t<a href=\"https:\/\/www.youtube.com\/channel\/UCxXdcocRQwb3lDwiYBp3llg\" target=\"_blank\">\n\n\t\t\t\t\t\t\t\t\t\t\t\t<span class=\"elementor-icon-list-icon\">\n\t\t\t\t\t\t\t<i aria-hidden=\"true\" class=\"fab fa-youtube\"><\/i>\t\t\t\t\t\t<\/span>\n\t\t\t\t\t\t\t\t\t\t<span class=\"elementor-icon-list-text\"><\/span>\n\t\t\t\t\t\t\t\t\t\t\t<\/a>\n\t\t\t\t\t\t\t\t\t<\/li>\n\t\t\t\t\t\t\t\t<li class=\"elementor-icon-list-item elementor-inline-item\">\n\t\t\t\t\t\t\t\t\t\t\t<a href=\"https:\/\/www.linkedin.com\/company\/citymarketing-den-helder\" target=\"_blank\">\n\n\t\t\t\t\t\t\t\t\t\t\t\t<span class=\"elementor-icon-list-icon\">\n\t\t\t\t\t\t\t<i aria-hidden=\"true\" class=\"fab fa-linkedin-in\"><\/i>\t\t\t\t\t\t<\/span>\n\t\t\t\t\t\t\t\t\t\t<span class=\"elementor-icon-list-text\"><\/span>\n\t\t\t\t\t\t\t\t\t\t\t<\/a>\n\t\t\t\t\t\t\t\t\t<\/li>\n\t\t\t\t\t\t<\/ul>\n\t\t\t\t\t\t<\/div>\n\t\t\t\t<\/div>\n\t\t\t\t<\/div>\n\t\t\t\t<\/div>\n\t\t\t\t\t<\/div>\n\t\t\t\t<\/div>\n\t\t<div class=\"elementor-element elementor-element-4ed54dd3 e-flex e-con-boxed e-con e-parent\" data-id=\"4ed54dd3\" data-element_type=\"container\" data-e-type=\"container\" data-settings=\"{&quot;jet_parallax_layout_list&quot;:[]}\">\n\t\t\t\t\t<div class=\"e-con-inner\">\n\t\t<div class=\"elementor-element elementor-element-3a6906eb e-flex e-con-boxed e-con e-child\" data-id=\"3a6906eb\" data-element_type=\"container\" data-e-type=\"container\" data-settings=\"{&quot;background_background&quot;:&quot;classic&quot;,&quot;jet_parallax_layout_list&quot;:[]}\">\n\t\t\t\t\t<div class=\"e-con-inner\">\n\t\t<div class=\"elementor-element elementor-element-1c3ae51c e-con-full e-flex e-con e-child\" data-id=\"1c3ae51c\" data-element_type=\"container\" data-e-type=\"container\" data-settings=\"{&quot;jet_parallax_layout_list&quot;:[]}\">\n\t\t\t\t<div class=\"elementor-element elementor-element-478da15 elementor-widget elementor-widget-image\" data-id=\"478da15\" data-element_type=\"widget\" data-e-type=\"widget\" data-widget_type=\"image.default\">\n\t\t\t\t<div class=\"elementor-widget-container\">\n\t\t\t\t\t\t\t\t\t\t\t\t\t\t\t<img fetchpriority=\"high\" decoding=\"async\" width=\"800\" height=\"723\" src=\"https:\/\/denhelder.online\/wp-content\/uploads\/2025\/12\/atlantikwal-1024x926.jpg\" class=\"attachment-large size-large wp-image-17400\" alt=\"Atlantikwal centrum huisduinen\" srcset=\"https:\/\/denhelder.online\/wp-content\/uploads\/2025\/12\/atlantikwal-1024x926.jpg 1024w, https:\/\/denhelder.online\/wp-content\/uploads\/2025\/12\/atlantikwal-300x271.jpg 300w, https:\/\/denhelder.online\/wp-content\/uploads\/2025\/12\/atlantikwal-768x694.jpg 768w, https:\/\/denhelder.online\/wp-content\/uploads\/2025\/12\/atlantikwal-1536x1388.jpg 1536w, https:\/\/denhelder.online\/wp-content\/uploads\/2025\/12\/atlantikwal-13x12.jpg 13w, https:\/\/denhelder.online\/wp-content\/uploads\/2025\/12\/atlantikwal-600x542.jpg 600w, https:\/\/denhelder.online\/wp-content\/uploads\/2025\/12\/atlantikwal.jpg 1800w\" sizes=\"(max-width: 800px) 100vw, 800px\" \/>\t\t\t\t\t\t\t\t\t\t\t\t\t\t\t<\/div>\n\t\t\t\t<\/div>\n\t\t\t\t<\/div>\n\t\t<div class=\"elementor-element elementor-element-4d724e15 e-con-full e-flex e-con e-child\" data-id=\"4d724e15\" data-element_type=\"container\" data-e-type=\"container\" data-settings=\"{&quot;jet_parallax_layout_list&quot;:[]}\">\n\t\t\t\t<div class=\"elementor-element elementor-element-36225143 elementor-widget__width-inherit elementor-widget elementor-widget-heading\" data-id=\"36225143\" data-element_type=\"widget\" data-e-type=\"widget\" data-widget_type=\"heading.default\">\n\t\t\t\t<div class=\"elementor-widget-container\">\n\t\t\t\t\t<h2 class=\"elementor-heading-title elementor-size-default\">Ontdek de verborgen verhalen van Den Helder tijdens Open Monumentendag 2026\n<\/h2>\t\t\t\t<\/div>\n\t\t\t\t<\/div>\n\t\t\t\t<div class=\"elementor-element elementor-element-27c9bfa5 elementor-widget elementor-widget-text-editor\" data-id=\"27c9bfa5\" data-element_type=\"widget\" data-e-type=\"widget\" data-widget_type=\"text-editor.default\">\n\t\t\t\t<div class=\"elementor-widget-container\">\n\t\t\t\t\t\t\t\t\t<p><span style=\"font-weight: 400;\">Op zaterdag 12 en zondag 13 september 2026 opent Den Helder weer haar monumentale deuren. Tijdens de landelijke Open Monumentendag krijg je de kans om gebouwen te bezoeken waar je normaal niet zomaar binnenkomt. Het thema dit jaar is Veerkrachtig erfgoed: <\/span><i><span style=\"font-weight: 400;\">In tijden van onzekerheid<\/span><\/i><span style=\"font-weight: 400;\">. Een mooi moment om de rijke geschiedenis van deze maritieme stad te herontdekken.<\/span><\/p>\t\t\t\t\t\t\t\t<\/div>\n\t\t\t\t<\/div>\n\t\t\t\t<\/div>\n\t\t\t\t\t<\/div>\n\t\t\t\t<\/div>\n\t\t\t\t\t<\/div>\n\t\t\t\t<\/div>\n\t\t<div class=\"elementor-element elementor-element-8cb67e9 e-flex e-con-boxed e-con e-parent\" data-id=\"8cb67e9\" data-element_type=\"container\" data-e-type=\"container\" data-settings=\"{&quot;jet_parallax_layout_list&quot;:[]}\">\n\t\t\t\t\t<div class=\"e-con-inner\">\n\t\t<div class=\"elementor-element elementor-element-3091ccd8 e-con-full e-flex e-con e-child\" data-id=\"3091ccd8\" data-element_type=\"container\" data-e-type=\"container\" data-settings=\"{&quot;jet_parallax_layout_list&quot;:[]}\">\n\t\t\t\t<div class=\"elementor-element elementor-element-391ebfdf elementor-widget__width-inherit elementor-widget elementor-widget-heading\" data-id=\"391ebfdf\" data-element_type=\"widget\" data-e-type=\"widget\" data-widget_type=\"heading.default\">\n\t\t\t\t<div class=\"elementor-widget-container\">\n\t\t\t\t\t<h2 class=\"elementor-heading-title elementor-size-default\">Een nautische stad vol geschiedenis en karakter<\/h2>\t\t\t\t<\/div>\n\t\t\t\t<\/div>\n\t\t\t\t<div class=\"elementor-element elementor-element-63c243f9 elementor-widget elementor-widget-text-editor\" data-id=\"63c243f9\" data-element_type=\"widget\" data-e-type=\"widget\" data-widget_type=\"text-editor.default\">\n\t\t\t\t<div class=\"elementor-widget-container\">\n\t\t\t\t\t\t\t\t\t<p><span style=\"font-weight: 400;\">Als vestingstad aan zee ademt Den Helder historie. Water, wind en de zee zijn altijd dichtbij. Juist dat maakt deze stad uniek binnen Nederland. Tijdens Open Monumentendag beleef je dit zelf. Of je nu houdt van stoere architectuur, persoonlijke verhalen of gewoon een rustige wandeling met inhoud: er is voor ieder wat wils.<\/span><\/p>\t\t\t\t\t\t\t\t<\/div>\n\t\t\t\t<\/div>\n\t\t\t\t<\/div>\n\t\t<div class=\"elementor-element elementor-element-1639c3fc e-con-full e-flex e-con e-child\" data-id=\"1639c3fc\" data-element_type=\"container\" data-e-type=\"container\" data-settings=\"{&quot;jet_parallax_layout_list&quot;:[]}\">\n\t\t\t\t<div class=\"elementor-element elementor-element-45ae0eb8 elementor-widget elementor-widget-image\" data-id=\"45ae0eb8\" data-element_type=\"widget\" data-e-type=\"widget\" data-widget_type=\"image.default\">\n\t\t\t\t<div class=\"elementor-widget-container\">\n\t\t\t\t\t\t\t\t\t\t\t\t\t\t\t<img decoding=\"async\" width=\"800\" height=\"601\" src=\"https:\/\/denhelder.online\/wp-content\/uploads\/2025\/11\/Bonaire-Den-Helder-1-1024x769.jpg\" class=\"attachment-large size-large wp-image-16346\" alt=\"Schip Zr.Ms. Bonaire\" srcset=\"https:\/\/denhelder.online\/wp-content\/uploads\/2025\/11\/Bonaire-Den-Helder-1-1024x769.jpg 1024w, https:\/\/denhelder.online\/wp-content\/uploads\/2025\/11\/Bonaire-Den-Helder-1-300x225.jpg 300w, https:\/\/denhelder.online\/wp-content\/uploads\/2025\/11\/Bonaire-Den-Helder-1-768x576.jpg 768w, https:\/\/denhelder.online\/wp-content\/uploads\/2025\/11\/Bonaire-Den-Helder-1-16x12.jpg 16w, https:\/\/denhelder.online\/wp-content\/uploads\/2025\/11\/Bonaire-Den-Helder-1-600x450.jpg 600w, https:\/\/denhelder.online\/wp-content\/uploads\/2025\/11\/Bonaire-Den-Helder-1.jpg 1279w\" sizes=\"(max-width: 800px) 100vw, 800px\" \/>\t\t\t\t\t\t\t\t\t\t\t\t\t\t\t<\/div>\n\t\t\t\t<\/div>\n\t\t\t\t<\/div>\n\t\t\t\t\t<\/div>\n\t\t\t\t<\/div>\n\t\t<div class=\"elementor-element elementor-element-964c63b e-flex e-con-boxed e-con e-parent\" data-id=\"964c63b\" data-element_type=\"container\" data-e-type=\"container\" data-settings=\"{&quot;jet_parallax_layout_list&quot;:[]}\">\n\t\t\t\t\t<div class=\"e-con-inner\">\n\t\t<div class=\"elementor-element elementor-element-59144ddf e-con-full e-flex e-con e-child\" data-id=\"59144ddf\" data-element_type=\"container\" data-e-type=\"container\" data-settings=\"{&quot;jet_parallax_layout_list&quot;:[]}\">\n\t\t\t\t<div class=\"elementor-element elementor-element-33650542 elementor-widget__width-inherit elementor-widget elementor-widget-heading\" data-id=\"33650542\" data-element_type=\"widget\" data-e-type=\"widget\" data-widget_type=\"heading.default\">\n\t\t\t\t<div class=\"elementor-widget-container\">\n\t\t\t\t\t<h2 class=\"elementor-heading-title elementor-size-default\">Gratis toegang en voor ieder toegankelijk<\/h2>\t\t\t\t<\/div>\n\t\t\t\t<\/div>\n\t\t\t\t<div class=\"elementor-element elementor-element-6c9964 elementor-widget elementor-widget-text-editor\" data-id=\"6c9964\" data-element_type=\"widget\" data-e-type=\"widget\" data-widget_type=\"text-editor.default\">\n\t\t\t\t<div class=\"elementor-widget-container\">\n\t\t\t\t\t\t\t\t\t<p><span style=\"font-weight: 400;\">De toegang tot alle deelnemende monumenten is gratis. Daarmee is dit weekend een laagdrempelige manier om er even uit te zijn. Je hoeft niet ver weg voor iets bijzonders. En of je nu alleen komt, met je partner of met (klein)kinderen \u2013 er zijn activiteiten voor jong en oud.<\/span><\/p>\t\t\t\t\t\t\t\t<\/div>\n\t\t\t\t<\/div>\n\t\t\t\t<\/div>\n\t\t<div class=\"elementor-element elementor-element-5eee110a e-con-full e-flex e-con e-child\" data-id=\"5eee110a\" data-element_type=\"container\" data-e-type=\"container\" data-settings=\"{&quot;jet_parallax_layout_list&quot;:[]}\">\n\t\t\t\t<div class=\"elementor-element elementor-element-76167c2d elementor-widget elementor-widget-image\" data-id=\"76167c2d\" data-element_type=\"widget\" data-e-type=\"widget\" data-widget_type=\"image.default\">\n\t\t\t\t<div class=\"elementor-widget-container\">\n\t\t\t\t\t\t\t\t\t\t\t\t\t\t\t<img decoding=\"async\" width=\"800\" height=\"450\" src=\"https:\/\/denhelder.online\/wp-content\/uploads\/2025\/04\/38bc8146-e5d0-42d8-a8df-620fdd61a510-1739985216892_1920x1080-1024x576.jpg\" class=\"attachment-large size-large wp-image-11077\" alt=\"Middenbeuk van het stadshuis van Den Helder\" srcset=\"https:\/\/denhelder.online\/wp-content\/uploads\/2025\/04\/38bc8146-e5d0-42d8-a8df-620fdd61a510-1739985216892_1920x1080-1024x576.jpg 1024w, https:\/\/denhelder.online\/wp-content\/uploads\/2025\/04\/38bc8146-e5d0-42d8-a8df-620fdd61a510-1739985216892_1920x1080-300x169.jpg 300w, https:\/\/denhelder.online\/wp-content\/uploads\/2025\/04\/38bc8146-e5d0-42d8-a8df-620fdd61a510-1739985216892_1920x1080-768x432.jpg 768w, https:\/\/denhelder.online\/wp-content\/uploads\/2025\/04\/38bc8146-e5d0-42d8-a8df-620fdd61a510-1739985216892_1920x1080-1536x864.jpg 1536w, https:\/\/denhelder.online\/wp-content\/uploads\/2025\/04\/38bc8146-e5d0-42d8-a8df-620fdd61a510-1739985216892_1920x1080-18x10.jpg 18w, https:\/\/denhelder.online\/wp-content\/uploads\/2025\/04\/38bc8146-e5d0-42d8-a8df-620fdd61a510-1739985216892_1920x1080-600x338.jpg 600w, https:\/\/denhelder.online\/wp-content\/uploads\/2025\/04\/38bc8146-e5d0-42d8-a8df-620fdd61a510-1739985216892_1920x1080.jpg 1920w\" sizes=\"(max-width: 800px) 100vw, 800px\" \/>\t\t\t\t\t\t\t\t\t\t\t\t\t\t\t<\/div>\n\t\t\t\t<\/div>\n\t\t\t\t<\/div>\n\t\t\t\t\t<\/div>\n\t\t\t\t<\/div>\n\t\t<div class=\"elementor-element elementor-element-967f18f e-flex e-con-boxed e-con e-parent\" data-id=\"967f18f\" data-element_type=\"container\" data-e-type=\"container\" data-settings=\"{&quot;jet_parallax_layout_list&quot;:[]}\">\n\t\t\t\t\t<div class=\"e-con-inner\">\n\t\t<div class=\"elementor-element elementor-element-7768d652 e-con-full e-flex e-con e-child\" data-id=\"7768d652\" data-element_type=\"container\" data-e-type=\"container\" data-settings=\"{&quot;jet_parallax_layout_list&quot;:[]}\">\n\t\t\t\t<div class=\"elementor-element elementor-element-1ebc09bf elementor-widget__width-inherit elementor-widget elementor-widget-heading\" data-id=\"1ebc09bf\" data-element_type=\"widget\" data-e-type=\"widget\" data-widget_type=\"heading.default\">\n\t\t\t\t<div class=\"elementor-widget-container\">\n\t\t\t\t\t<h2 class=\"elementor-heading-title elementor-size-default\">Meer weten? Houd het programma in de gaten<\/h2>\t\t\t\t<\/div>\n\t\t\t\t<\/div>\n\t\t\t\t<div class=\"elementor-element elementor-element-7dd4dd18 elementor-widget elementor-widget-text-editor\" data-id=\"7dd4dd18\" data-element_type=\"widget\" data-e-type=\"widget\" data-widget_type=\"text-editor.default\">\n\t\t\t\t<div class=\"elementor-widget-container\">\n\t\t\t\t\t\t\t\t\t<p><span style=\"font-weight: 400;\">De komende maanden wordt het programma verder bekendgemaakt. Verwacht weer een veelzijdige mix van cultuur, geschiedenis en leuke activiteiten. Wil je zeker zijn van een plek bij een populaire rondleiding? Hou dan het nieuws goed in de gaten. Sommige plekken zijn snel vol.<\/span><\/p>\t\t\t\t\t\t\t\t<\/div>\n\t\t\t\t<\/div>\n\t\t\t\t<\/div>\n\t\t<div class=\"elementor-element elementor-element-785b1d4d e-con-full e-flex e-con e-child\" data-id=\"785b1d4d\" data-element_type=\"container\" data-e-type=\"container\" data-settings=\"{&quot;jet_parallax_layout_list&quot;:[]}\">\n\t\t\t\t<div class=\"elementor-element elementor-element-2554e0ff elementor-widget elementor-widget-image\" data-id=\"2554e0ff\" data-element_type=\"widget\" data-e-type=\"widget\" data-widget_type=\"image.default\">\n\t\t\t\t<div class=\"elementor-widget-container\">\n\t\t\t\t\t\t\t\t\t\t\t\t\t\t\t<img loading=\"lazy\" decoding=\"async\" width=\"800\" height=\"450\" src=\"https:\/\/denhelder.online\/wp-content\/uploads\/2025\/04\/9006f858-d68b-44a7-a4d1-ed779e1b823b-Helders_museum_1920x1080-1024x576.jpg\" class=\"attachment-large size-large wp-image-11046\" alt=\"Ontdek de geschiedenis van Den Helder in het Helders Museum\" srcset=\"https:\/\/denhelder.online\/wp-content\/uploads\/2025\/04\/9006f858-d68b-44a7-a4d1-ed779e1b823b-Helders_museum_1920x1080-1024x576.jpg 1024w, https:\/\/denhelder.online\/wp-content\/uploads\/2025\/04\/9006f858-d68b-44a7-a4d1-ed779e1b823b-Helders_museum_1920x1080-300x169.jpg 300w, https:\/\/denhelder.online\/wp-content\/uploads\/2025\/04\/9006f858-d68b-44a7-a4d1-ed779e1b823b-Helders_museum_1920x1080-768x432.jpg 768w, https:\/\/denhelder.online\/wp-content\/uploads\/2025\/04\/9006f858-d68b-44a7-a4d1-ed779e1b823b-Helders_museum_1920x1080-1536x864.jpg 1536w, https:\/\/denhelder.online\/wp-content\/uploads\/2025\/04\/9006f858-d68b-44a7-a4d1-ed779e1b823b-Helders_museum_1920x1080-18x10.jpg 18w, https:\/\/denhelder.online\/wp-content\/uploads\/2025\/04\/9006f858-d68b-44a7-a4d1-ed779e1b823b-Helders_museum_1920x1080-600x338.jpg 600w, https:\/\/denhelder.online\/wp-content\/uploads\/2025\/04\/9006f858-d68b-44a7-a4d1-ed779e1b823b-Helders_museum_1920x1080.jpg 1920w\" sizes=\"(max-width: 800px) 100vw, 800px\" \/>\t\t\t\t\t\t\t\t\t\t\t\t\t\t\t<\/div>\n\t\t\t\t<\/div>\n\t\t\t\t<\/div>\n\t\t\t\t\t<\/div>\n\t\t\t\t<\/div>\n\t\t<div class=\"elementor-element elementor-element-6f9003ce e-flex e-con-boxed e-con e-parent\" data-id=\"6f9003ce\" data-element_type=\"container\" data-e-type=\"container\" data-settings=\"{&quot;jet_parallax_layout_list&quot;:[]}\">\n\t\t\t\t\t<div class=\"e-con-inner\">\n\t\t<div class=\"elementor-element elementor-element-5f51bfda e-con-full e-flex e-con e-child\" data-id=\"5f51bfda\" data-element_type=\"container\" data-e-type=\"container\" data-settings=\"{&quot;background_background&quot;:&quot;classic&quot;,&quot;jet_parallax_layout_list&quot;:[]}\">\n\t\t\t\t<div class=\"elementor-element elementor-element-6fe32b16 elementor-widget__width-inherit elementor-widget elementor-widget-heading\" data-id=\"6fe32b16\" data-element_type=\"widget\" data-e-type=\"widget\" data-widget_type=\"heading.default\">\n\t\t\t\t<div class=\"elementor-widget-container\">\n\t\t\t\t\t<h2 class=\"elementor-heading-title elementor-size-default\">Monumentenhouder? Meld jouw monument hier aan!<\/h2>\t\t\t\t<\/div>\n\t\t\t\t<\/div>\n\t\t\t\t<div class=\"elementor-element elementor-element-369dceca elementor-widget elementor-widget-text-editor\" data-id=\"369dceca\" data-element_type=\"widget\" data-e-type=\"widget\" data-widget_type=\"text-editor.default\">\n\t\t\t\t<div class=\"elementor-widget-container\">\n\t\t\t\t\t\t\t\t\t<p>Ben jij eigenaar of beheerder van een monument? Meld jouw monument hier aan en doe mee. Zo kunnen bezoekers ook jouw bijzondere locatie ontdekken tijdens Open Monumentendag.<\/p>\t\t\t\t\t\t\t\t<\/div>\n\t\t\t\t<\/div>\n\t\t\t\t<div class=\"elementor-element elementor-element-7ed63dd7 elementor-widget__width-inherit elementor-button-align-stretch elementor-widget elementor-widget-form\" data-id=\"7ed63dd7\" data-element_type=\"widget\" data-e-type=\"widget\" data-settings=\"{&quot;step_next_label&quot;:&quot;Volgende&quot;,&quot;step_previous_label&quot;:&quot;Vorige&quot;,&quot;step_type&quot;:&quot;number_text&quot;,&quot;step_icon_shape&quot;:&quot;circle&quot;}\" data-widget_type=\"form.default\">\n\t\t\t\t<div class=\"elementor-widget-container\">\n\t\t\t\t\t\t\t<form class=\"elementor-form\" method=\"post\" name=\"OMD 2026 aanmelden\" aria-label=\"OMD 2026 aanmelden\">\n\t\t\t<input type=\"hidden\" name=\"post_id\" value=\"12790\"\/>\n\t\t\t<input type=\"hidden\" name=\"form_id\" value=\"7ed63dd7\"\/>\n\t\t\t<input type=\"hidden\" name=\"referer_title\" value=\"Den Helder Online\" \/>\n\n\t\t\t\n\t\t\t<div class=\"elementor-form-fields-wrapper elementor-labels-above\">\n\t\t\t\t\t\t\t\t<div class=\"elementor-field-type-text elementor-field-group elementor-column elementor-field-group-email elementor-col-50 elementor-field-required elementor-mark-required\">\n\t\t\t\t\t\t\t\t\t\t\t\t<label for=\"form-field-email\" class=\"elementor-field-label\">\n\t\t\t\t\t\t\t\tNaam\t\t\t\t\t\t\t<\/label>\n\t\t\t\t\t\t\t\t\t\t\t\t\t\t<input size=\"1\" type=\"text\" name=\"form_fields[email]\" id=\"form-field-email\" class=\"elementor-field elementor-size-md  elementor-field-textual\" placeholder=\"Naam\" required=\"required\">\n\t\t\t\t\t\t\t\t\t\t\t<\/div>\n\t\t\t\t\t\t\t\t<div class=\"elementor-field-type-email elementor-field-group elementor-column elementor-field-group-field_8b810aa elementor-col-50 elementor-field-required elementor-mark-required\">\n\t\t\t\t\t\t\t\t\t\t\t\t<label for=\"form-field-field_8b810aa\" class=\"elementor-field-label\">\n\t\t\t\t\t\t\t\tE-mailadres\t\t\t\t\t\t\t<\/label>\n\t\t\t\t\t\t\t\t\t\t\t\t\t\t<input size=\"1\" type=\"email\" name=\"form_fields[field_8b810aa]\" id=\"form-field-field_8b810aa\" class=\"elementor-field elementor-size-md  elementor-field-textual\" placeholder=\"Emailadres\" required=\"required\">\n\t\t\t\t\t\t\t\t\t\t\t<\/div>\n\t\t\t\t\t\t\t\t<div class=\"elementor-field-type-text elementor-field-group elementor-column elementor-field-group-field_3b9190e elementor-col-50\">\n\t\t\t\t\t\t\t\t\t\t\t\t<label for=\"form-field-field_3b9190e\" class=\"elementor-field-label\">\n\t\t\t\t\t\t\t\tTelefoonnummer\t\t\t\t\t\t\t<\/label>\n\t\t\t\t\t\t\t\t\t\t\t\t\t\t<input size=\"1\" type=\"text\" name=\"form_fields[field_3b9190e]\" id=\"form-field-field_3b9190e\" class=\"elementor-field elementor-size-md  elementor-field-textual\" placeholder=\"Telefoonnummer\">\n\t\t\t\t\t\t\t\t\t\t\t<\/div>\n\t\t\t\t\t\t\t\t<div class=\"elementor-field-type-text elementor-field-group elementor-column elementor-field-group-field_b6d34a6 elementor-col-50\">\n\t\t\t\t\t\t\t\t\t\t\t\t<label for=\"form-field-field_b6d34a6\" class=\"elementor-field-label\">\n\t\t\t\t\t\t\t\tNaam monument\t\t\t\t\t\t\t<\/label>\n\t\t\t\t\t\t\t\t\t\t\t\t\t\t<input size=\"1\" type=\"text\" name=\"form_fields[field_b6d34a6]\" id=\"form-field-field_b6d34a6\" class=\"elementor-field elementor-size-md  elementor-field-textual\" placeholder=\"Naam monument\">\n\t\t\t\t\t\t\t\t\t\t\t<\/div>\n\t\t\t\t\t\t\t\t<div class=\"elementor-field-type-checkbox elementor-field-group elementor-column elementor-field-group-field_1d9d755 elementor-col-50\">\n\t\t\t\t\t\t\t\t\t\t\t\t<label for=\"form-field-field_1d9d755\" class=\"elementor-field-label\">\n\t\t\t\t\t\t\t\tDeelnemende dagen\t\t\t\t\t\t\t<\/label>\n\t\t\t\t\t\t<div class=\"elementor-field-subgroup  \"><span class=\"elementor-field-option\"><input type=\"checkbox\" value=\"Zaterdag 12 september \" id=\"form-field-field_1d9d755-0\" name=\"form_fields[field_1d9d755][]\"> <label for=\"form-field-field_1d9d755-0\">Zaterdag 12 september <\/label><\/span><span class=\"elementor-field-option\"><input type=\"checkbox\" value=\"Zondag 13 september \" id=\"form-field-field_1d9d755-1\" name=\"form_fields[field_1d9d755][]\"> <label for=\"form-field-field_1d9d755-1\">Zondag 13 september <\/label><\/span><\/div>\t\t\t\t<\/div>\n\t\t\t\t\t\t\t\t<div class=\"elementor-field-type-text elementor-field-group elementor-column elementor-field-group-field_97ea25a elementor-col-50\">\n\t\t\t\t\t\t\t\t\t\t\t\t<label for=\"form-field-field_97ea25a\" class=\"elementor-field-label\">\n\t\t\t\t\t\t\t\tOpeningstijden monument\t\t\t\t\t\t\t<\/label>\n\t\t\t\t\t\t\t\t\t\t\t\t\t\t<input size=\"1\" type=\"text\" name=\"form_fields[field_97ea25a]\" id=\"form-field-field_97ea25a\" class=\"elementor-field elementor-size-md  elementor-field-textual\" placeholder=\"Openingstijden monument\">\n\t\t\t\t\t\t\t\t\t\t\t<\/div>\n\t\t\t\t\t\t\t\t<div class=\"elementor-field-type-text elementor-field-group elementor-column elementor-field-group-field_f7a17b0 elementor-col-100\">\n\t\t\t\t\t\t\t\t\t\t\t\t<label for=\"form-field-field_f7a17b0\" class=\"elementor-field-label\">\n\t\t\t\t\t\t\t\tKorte beschrijving van het monument \t\t\t\t\t\t\t<\/label>\n\t\t\t\t\t\t\t\t\t\t\t\t\t\t<input size=\"1\" type=\"text\" name=\"form_fields[field_f7a17b0]\" id=\"form-field-field_f7a17b0\" class=\"elementor-field elementor-size-md  elementor-field-textual\" placeholder=\"Korte beschrijving van het monument \">\n\t\t\t\t\t\t\t\t\t\t\t<\/div>\n\t\t\t\t\t\t\t\t<div class=\"elementor-field-type-upload elementor-field-group elementor-column elementor-field-group-field_8632fc7 elementor-col-100\">\n\t\t\t\t\t\t\t\t\t\t\t\t<label for=\"form-field-field_8632fc7\" class=\"elementor-field-label\">\n\t\t\t\t\t\t\t\tBeeldmateriaal om te gebruiken\t\t\t\t\t\t\t<\/label>\n\t\t\t\t\t\t\t\t<input type=\"file\" name=\"form_fields[field_8632fc7]\" id=\"form-field-field_8632fc7\" class=\"elementor-field elementor-size-md  elementor-upload-field\">\n\n\t\t\t\t\t\t<\/div>\n\t\t\t\t\t\t\t\t<div class=\"elementor-field-type-textarea elementor-field-group elementor-column elementor-field-group-field_5e310dd elementor-col-100 elementor-md-100\">\n\t\t\t\t\t\t\t\t\t\t\t\t<label for=\"form-field-field_5e310dd\" class=\"elementor-field-label\">\n\t\t\t\t\t\t\t\tPlaats hier jouw eventuele vraag\/opmerkingen\t\t\t\t\t\t\t<\/label>\n\t\t\t\t\t\t<textarea class=\"elementor-field-textual elementor-field  elementor-size-md\" name=\"form_fields[field_5e310dd]\" id=\"form-field-field_5e310dd\" rows=\"5\" placeholder=\"Vraag \/ opmerking\"><\/textarea>\t\t\t\t<\/div>\n\t\t\t\t\t\t\t\t<div class=\"elementor-field-type-recaptcha_v3 elementor-field-group elementor-column elementor-field-group-field_05d5ffd elementor-col-100 recaptcha_v3-bottomright\">\n\t\t\t\t\t<div class=\"elementor-field\" id=\"form-field-field_05d5ffd\"><div class=\"elementor-g-recaptcha\" data-sitekey=\"6Lc4oYkqAAAAAELOav2WNLST9Qv_V0nSpnwISXKt\" data-type=\"v3\" data-action=\"Form\" data-badge=\"bottomright\" data-size=\"invisible\"><\/div><\/div>\t\t\t\t<\/div>\n\t\t\t\t\t\t\t\t<div class=\"elementor-field-group elementor-column elementor-field-type-submit elementor-col-100 e-form__buttons\">\n\t\t\t\t\t<button class=\"elementor-button elementor-size-sm\" type=\"submit\">\n\t\t\t\t\t\t<span class=\"elementor-button-content-wrapper\">\n\t\t\t\t\t\t\t\t\t\t\t\t\t\t\t\t\t\t\t\t\t\t<span class=\"elementor-button-text\">Verzenden<\/span>\n\t\t\t\t\t\t\t\t\t\t\t\t\t<\/span>\n\t\t\t\t\t<\/button>\n\t\t\t\t<\/div>\n\t\t\t<\/div>\n\t\t<\/form>\n\t\t\t\t\t\t<\/div>\n\t\t\t\t<\/div>\n\t\t\t\t<\/div>\n\t\t\t\t\t<\/div>\n\t\t\t\t<\/div>\n\t\t\t\t<\/div>\n\t\t","protected":false},"excerpt":{"rendered":"<p>Volg ons op social: Ontdek de verborgen verhalen van Den Helder tijdens Open Monumentendag 2026 Op zaterdag 12 en zondag 13 september 2026 opent Den Helder weer haar monumentale deuren. Tijdens de landelijke Open Monumentendag krijg je de kans om gebouwen te bezoeken waar je normaal niet zomaar binnenkomt. Het thema dit jaar is Veerkrachtig [&hellip;]<\/p>\n","protected":false},"author":11,"featured_media":16857,"parent":0,"menu_order":0,"comment_status":"closed","ping_status":"closed","template":"elementor_header_footer","meta":{"footnotes":""},"tags":[],"doelgroep":[6027,6028,6029],"categorie":[],"class_list":["post-12790","page","type-page","status-publish","has-post-thumbnail","hentry","doelgroep-inwoner","doelgroep-inwoner-regio","doelgroep-toerist"],"yoast_head":"<!-- This site is optimized with the Yoast SEO Premium plugin v24.7 (Yoast SEO v27.5) - https:\/\/yoast.com\/product\/yoast-seo-premium-wordpress\/ -->\n<title>Duik in het verleden van Den Helder op Open Monumentendag<\/title>\n<meta name=\"description\" content=\"Bezoek unieke gebouwen tijdens Open Monumentendag 2026 in Den Helder. Gratis toegang, verrassende verhalen en maritieme historie.\" \/>\n<meta name=\"robots\" content=\"index, follow, max-snippet:-1, max-image-preview:large, max-video-preview:-1\" \/>\n<link rel=\"canonical\" href=\"https:\/\/denhelder.online\/de\/um\/\" \/>\n<meta property=\"og:locale\" content=\"de_DE\" \/>\n<meta property=\"og:type\" content=\"article\" \/>\n<meta property=\"og:title\" content=\"Open Monumentendag\" \/>\n<meta property=\"og:description\" content=\"Bezoek unieke gebouwen tijdens Open Monumentendag 2026 in Den Helder. Gratis toegang, verrassende verhalen en maritieme historie.\" \/>\n<meta property=\"og:url\" content=\"https:\/\/denhelder.online\/de\/um\/\" \/>\n<meta property=\"og:site_name\" content=\"Den Helder Online\" \/>\n<meta property=\"article:modified_time\" content=\"2026-04-13T13:44:59+00:00\" \/>\n<meta property=\"og:image\" content=\"https:\/\/denhelder.online\/wp-content\/uploads\/2025\/12\/Open-Monumentendag-2025-Patrick-Pinchetti-33-scaled.jpg\" \/>\n\t<meta property=\"og:image:width\" content=\"2560\" \/>\n\t<meta property=\"og:image:height\" content=\"1707\" \/>\n\t<meta property=\"og:image:type\" content=\"image\/jpeg\" \/>\n<meta name=\"twitter:card\" content=\"summary_large_image\" \/>\n<meta name=\"twitter:label1\" content=\"Gesch\u00e4tzte Lesezeit\" \/>\n\t<meta name=\"twitter:data1\" content=\"3\u00a0Minuten\" \/>\n<script type=\"application\/ld+json\" class=\"yoast-schema-graph\">{\"@context\":\"https:\\\/\\\/schema.org\",\"@graph\":[{\"@type\":\"WebPage\",\"@id\":\"https:\\\/\\\/denhelder.online\\\/omd\\\/\",\"url\":\"https:\\\/\\\/denhelder.online\\\/omd\\\/\",\"name\":\"Duik in het verleden van Den Helder op Open Monumentendag\",\"isPartOf\":{\"@id\":\"https:\\\/\\\/denhelder.online\\\/#website\"},\"primaryImageOfPage\":{\"@id\":\"https:\\\/\\\/denhelder.online\\\/omd\\\/#primaryimage\"},\"image\":{\"@id\":\"https:\\\/\\\/denhelder.online\\\/omd\\\/#primaryimage\"},\"thumbnailUrl\":\"https:\\\/\\\/denhelder.online\\\/wp-content\\\/uploads\\\/2025\\\/12\\\/Open-Monumentendag-2025-Patrick-Pinchetti-33-scaled.jpg\",\"datePublished\":\"2025-07-10T13:02:03+00:00\",\"dateModified\":\"2026-04-13T13:44:59+00:00\",\"description\":\"Bezoek unieke gebouwen tijdens Open Monumentendag 2026 in Den Helder. Gratis toegang, verrassende verhalen en maritieme historie.\",\"breadcrumb\":{\"@id\":\"https:\\\/\\\/denhelder.online\\\/omd\\\/#breadcrumb\"},\"inLanguage\":\"de\",\"potentialAction\":[{\"@type\":\"ReadAction\",\"target\":[\"https:\\\/\\\/denhelder.online\\\/omd\\\/\"]}]},{\"@type\":\"ImageObject\",\"inLanguage\":\"de\",\"@id\":\"https:\\\/\\\/denhelder.online\\\/omd\\\/#primaryimage\",\"url\":\"https:\\\/\\\/denhelder.online\\\/wp-content\\\/uploads\\\/2025\\\/12\\\/Open-Monumentendag-2025-Patrick-Pinchetti-33-scaled.jpg\",\"contentUrl\":\"https:\\\/\\\/denhelder.online\\\/wp-content\\\/uploads\\\/2025\\\/12\\\/Open-Monumentendag-2025-Patrick-Pinchetti-33-scaled.jpg\",\"width\":2560,\"height\":1707,\"caption\":\"Monumenten\"},{\"@type\":\"BreadcrumbList\",\"@id\":\"https:\\\/\\\/denhelder.online\\\/omd\\\/#breadcrumb\",\"itemListElement\":[{\"@type\":\"ListItem\",\"position\":1,\"name\":\"Home\",\"item\":\"https:\\\/\\\/denhelder.online\\\/\"},{\"@type\":\"ListItem\",\"position\":2,\"name\":\"Open Monumentendag\"}]},{\"@type\":\"WebSite\",\"@id\":\"https:\\\/\\\/denhelder.online\\\/#website\",\"url\":\"https:\\\/\\\/denhelder.online\\\/\",\"name\":\"Den Helder Online\",\"description\":\"Beleef Den Helder\",\"publisher\":{\"@id\":\"https:\\\/\\\/denhelder.online\\\/#organization\"},\"potentialAction\":[{\"@type\":\"SearchAction\",\"target\":{\"@type\":\"EntryPoint\",\"urlTemplate\":\"https:\\\/\\\/denhelder.online\\\/?s={search_term_string}\"},\"query-input\":{\"@type\":\"PropertyValueSpecification\",\"valueRequired\":true,\"valueName\":\"search_term_string\"}}],\"inLanguage\":\"de\"},{\"@type\":\"Organization\",\"@id\":\"https:\\\/\\\/denhelder.online\\\/#organization\",\"name\":\"Den Helder Online\",\"url\":\"https:\\\/\\\/denhelder.online\\\/\",\"logo\":{\"@type\":\"ImageObject\",\"inLanguage\":\"de\",\"@id\":\"https:\\\/\\\/denhelder.online\\\/#\\\/schema\\\/logo\\\/image\\\/\",\"url\":\"https:\\\/\\\/denhelder.online\\\/wp-content\\\/uploads\\\/2021\\\/12\\\/DitIsDH-Logo-26-tagline.svg\",\"contentUrl\":\"https:\\\/\\\/denhelder.online\\\/wp-content\\\/uploads\\\/2021\\\/12\\\/DitIsDH-Logo-26-tagline.svg\",\"width\":1717.0999999999999,\"height\":934.89999999999998,\"caption\":\"Den Helder Online\"},\"image\":{\"@id\":\"https:\\\/\\\/denhelder.online\\\/#\\\/schema\\\/logo\\\/image\\\/\"}}]}<\/script>\n<!-- \/ Yoast SEO Premium plugin. -->","yoast_head_json":{"title":"Tauchen Sie am Tag der offenen Denkmalsgestaltung in die Geschichte von Den Helder ein.","description":"Besuchen Sie einzigartige Geb\u00e4ude am Tag der offenen Denkm\u00e4ler 2026 im Den Helder. Freier Eintritt, \u00fcberraschende Geschichten und maritime Geschichte.","robots":{"index":"index","follow":"follow","max-snippet":"max-snippet:-1","max-image-preview":"max-image-preview:large","max-video-preview":"max-video-preview:-1"},"canonical":"https:\/\/denhelder.online\/de\/um\/","og_locale":"de_DE","og_type":"article","og_title":"Open Monumentendag","og_description":"Bezoek unieke gebouwen tijdens Open Monumentendag 2026 in Den Helder. Gratis toegang, verrassende verhalen en maritieme historie.","og_url":"https:\/\/denhelder.online\/de\/um\/","og_site_name":"Den Helder Online","article_modified_time":"2026-04-13T13:44:59+00:00","og_image":[{"width":2560,"height":1707,"url":"https:\/\/denhelder.online\/wp-content\/uploads\/2025\/12\/Open-Monumentendag-2025-Patrick-Pinchetti-33-scaled.jpg","type":"image\/jpeg"}],"twitter_card":"summary_large_image","twitter_misc":{"Gesch\u00e4tzte Lesezeit":"3\u00a0Minuten"},"schema":{"@context":"https:\/\/schema.org","@graph":[{"@type":"WebPage","@id":"https:\/\/denhelder.online\/omd\/","url":"https:\/\/denhelder.online\/omd\/","name":"Tauchen Sie am Tag der offenen Denkmalsgestaltung in die Geschichte von Den Helder ein.","isPartOf":{"@id":"https:\/\/denhelder.online\/#website"},"primaryImageOfPage":{"@id":"https:\/\/denhelder.online\/omd\/#primaryimage"},"image":{"@id":"https:\/\/denhelder.online\/omd\/#primaryimage"},"thumbnailUrl":"https:\/\/denhelder.online\/wp-content\/uploads\/2025\/12\/Open-Monumentendag-2025-Patrick-Pinchetti-33-scaled.jpg","datePublished":"2025-07-10T13:02:03+00:00","dateModified":"2026-04-13T13:44:59+00:00","description":"Besuchen Sie einzigartige Geb\u00e4ude am Tag der offenen Denkm\u00e4ler 2026 im Den Helder. Freier Eintritt, \u00fcberraschende Geschichten und maritime Geschichte.","breadcrumb":{"@id":"https:\/\/denhelder.online\/omd\/#breadcrumb"},"inLanguage":"de","potentialAction":[{"@type":"ReadAction","target":["https:\/\/denhelder.online\/omd\/"]}]},{"@type":"ImageObject","inLanguage":"de","@id":"https:\/\/denhelder.online\/omd\/#primaryimage","url":"https:\/\/denhelder.online\/wp-content\/uploads\/2025\/12\/Open-Monumentendag-2025-Patrick-Pinchetti-33-scaled.jpg","contentUrl":"https:\/\/denhelder.online\/wp-content\/uploads\/2025\/12\/Open-Monumentendag-2025-Patrick-Pinchetti-33-scaled.jpg","width":2560,"height":1707,"caption":"Monumenten"},{"@type":"BreadcrumbList","@id":"https:\/\/denhelder.online\/omd\/#breadcrumb","itemListElement":[{"@type":"ListItem","position":1,"name":"Home","item":"https:\/\/denhelder.online\/"},{"@type":"ListItem","position":2,"name":"Open Monumentendag"}]},{"@type":"WebSite","@id":"https:\/\/denhelder.online\/#website","url":"https:\/\/denhelder.online\/","name":"Den Helder Online","description":"Erleben Sie Den Helder","publisher":{"@id":"https:\/\/denhelder.online\/#organization"},"potentialAction":[{"@type":"SearchAction","target":{"@type":"EntryPoint","urlTemplate":"https:\/\/denhelder.online\/?s={search_term_string}"},"query-input":{"@type":"PropertyValueSpecification","valueRequired":true,"valueName":"search_term_string"}}],"inLanguage":"de"},{"@type":"Organization","@id":"https:\/\/denhelder.online\/#organization","name":"Den Helder Online","url":"https:\/\/denhelder.online\/","logo":{"@type":"ImageObject","inLanguage":"de","@id":"https:\/\/denhelder.online\/#\/schema\/logo\/image\/","url":"https:\/\/denhelder.online\/wp-content\/uploads\/2021\/12\/DitIsDH-Logo-26-tagline.svg","contentUrl":"https:\/\/denhelder.online\/wp-content\/uploads\/2021\/12\/DitIsDH-Logo-26-tagline.svg","width":1717.0999999999999,"height":934.89999999999998,"caption":"Den Helder Online"},"image":{"@id":"https:\/\/denhelder.online\/#\/schema\/logo\/image\/"}}]}},"_links":{"self":[{"href":"https:\/\/denhelder.online\/de\/wp-json\/wp\/v2\/pages\/12790","targetHints":{"allow":["GET"]}}],"collection":[{"href":"https:\/\/denhelder.online\/de\/wp-json\/wp\/v2\/pages"}],"about":[{"href":"https:\/\/denhelder.online\/de\/wp-json\/wp\/v2\/types\/page"}],"author":[{"embeddable":true,"href":"https:\/\/denhelder.online\/de\/wp-json\/wp\/v2\/users\/11"}],"replies":[{"embeddable":true,"href":"https:\/\/denhelder.online\/de\/wp-json\/wp\/v2\/comments?post=12790"}],"version-history":[{"count":17,"href":"https:\/\/denhelder.online\/de\/wp-json\/wp\/v2\/pages\/12790\/revisions"}],"predecessor-version":[{"id":23089,"href":"https:\/\/denhelder.online\/de\/wp-json\/wp\/v2\/pages\/12790\/revisions\/23089"}],"wp:featuredmedia":[{"embeddable":true,"href":"https:\/\/denhelder.online\/de\/wp-json\/wp\/v2\/media\/16857"}],"wp:attachment":[{"href":"https:\/\/denhelder.online\/de\/wp-json\/wp\/v2\/media?parent=12790"}],"wp:term":[{"taxonomy":"post_tag","embeddable":true,"href":"https:\/\/denhelder.online\/de\/wp-json\/wp\/v2\/tags?post=12790"},{"taxonomy":"doelgroep","embeddable":true,"href":"https:\/\/denhelder.online\/de\/wp-json\/wp\/v2\/doelgroep?post=12790"},{"taxonomy":"categorie","embeddable":true,"href":"https:\/\/denhelder.online\/de\/wp-json\/wp\/v2\/categorie?post=12790"}],"curies":[{"name":"wp","href":"https:\/\/api.w.org\/{rel}","templated":true}]}}