{"id":17313,"date":"2025-12-18T08:57:31","date_gmt":"2025-12-18T07:57:31","guid":{"rendered":"https:\/\/denhelder.online\/?page_id=17313"},"modified":"2025-12-18T10:08:46","modified_gmt":"2025-12-18T09:08:46","slug":"kommerziell","status":"publish","type":"page","link":"https:\/\/denhelder.online\/de\/zakelijk\/","title":{"rendered":"Kommerziell"},"content":{"rendered":"<div data-elementor-type=\"wp-page\" data-elementor-id=\"17313\" class=\"elementor elementor-17313\" data-elementor-post-type=\"page\">\n\t\t\t\t<div class=\"elementor-element elementor-element-501e891 e-flex e-con-boxed e-con e-parent\" data-id=\"501e891\" data-element_type=\"container\" data-e-type=\"container\" data-settings=\"{&quot;jet_parallax_layout_list&quot;:[]}\">\n\t\t\t\t\t<div class=\"e-con-inner\">\n\t\t<div class=\"elementor-element elementor-element-1cf4ce23 e-con-full e-flex e-con e-child\" data-id=\"1cf4ce23\" data-element_type=\"container\" data-e-type=\"container\" data-settings=\"{&quot;jet_parallax_layout_list&quot;:[]}\">\n\t\t<div class=\"elementor-element elementor-element-3592d18f e-con-full e-flex e-con e-child\" data-id=\"3592d18f\" data-element_type=\"container\" data-e-type=\"container\" data-settings=\"{&quot;jet_parallax_layout_list&quot;:[]}\">\n\t\t\t\t<div class=\"elementor-element elementor-element-28b6bf45 elementor-widget elementor-widget-image\" data-id=\"28b6bf45\" data-element_type=\"widget\" data-e-type=\"widget\" data-widget_type=\"image.default\">\n\t\t\t\t<div class=\"elementor-widget-container\">\n\t\t\t\t\t\t\t\t\t\t\t\t\t\t\t<img fetchpriority=\"high\" decoding=\"async\" width=\"768\" height=\"576\" src=\"https:\/\/denhelder.online\/wp-content\/uploads\/2025\/01\/Luchthaven-Den-Helder-Airport.jpg\" class=\"attachment-2048x2048 size-2048x2048 wp-image-1562\" alt=\"Flughafen Den Helder\" srcset=\"https:\/\/denhelder.online\/wp-content\/uploads\/2025\/01\/Luchthaven-Den-Helder-Airport.jpg 768w, https:\/\/denhelder.online\/wp-content\/uploads\/2025\/01\/Luchthaven-Den-Helder-Airport-300x225.jpg 300w, https:\/\/denhelder.online\/wp-content\/uploads\/2025\/01\/Luchthaven-Den-Helder-Airport-600x450.jpg 600w\" sizes=\"(max-width: 768px) 100vw, 768px\" \/>\t\t\t\t\t\t\t\t\t\t\t\t\t\t\t<\/div>\n\t\t\t\t<\/div>\n\t\t\t\t<div class=\"elementor-element elementor-element-bac45a2 elementor-widget__width-inherit elementor-absolute elementor-widget elementor-widget-heading\" data-id=\"bac45a2\" data-element_type=\"widget\" data-e-type=\"widget\" data-settings=\"{&quot;_position&quot;:&quot;absolute&quot;}\" data-widget_type=\"heading.default\">\n\t\t\t\t<div class=\"elementor-widget-container\">\n\t\t\t\t\t<h1 class=\"elementor-heading-title elementor-size-default\">Business Den Helder<\/h1>\t\t\t\t<\/div>\n\t\t\t\t<\/div>\n\t\t\t\t<\/div>\n\t\t<div class=\"elementor-element elementor-element-6b72659a e-con-full e-flex e-con e-child\" data-id=\"6b72659a\" data-element_type=\"container\" data-e-type=\"container\" data-settings=\"{&quot;jet_parallax_layout_list&quot;:[]}\">\n\t\t\t\t<div class=\"elementor-element elementor-element-41f01fe1 elementor-widget elementor-widget-breadcrumbs\" data-id=\"41f01fe1\" data-element_type=\"widget\" data-e-type=\"widget\" data-widget_type=\"breadcrumbs.default\">\n\t\t\t\t<div class=\"elementor-widget-container\">\n\t\t\t\t\t<p id=\"breadcrumbs\"><span><span><a href=\"https:\/\/denhelder.online\/de\/\">Heim<\/a><\/span><\/span><\/p>\t\t\t\t<\/div>\n\t\t\t\t<\/div>\n\t\t<div class=\"elementor-element elementor-element-428bd0d3 e-con-full e-flex e-con e-child\" data-id=\"428bd0d3\" data-element_type=\"container\" data-e-type=\"container\" data-settings=\"{&quot;jet_parallax_layout_list&quot;:[]}\">\n\t\t\t\t<div class=\"elementor-element elementor-element-4277f098 elementor-widget elementor-widget-heading\" data-id=\"4277f098\" data-element_type=\"widget\" data-e-type=\"widget\" data-widget_type=\"heading.default\">\n\t\t\t\t<div class=\"elementor-widget-container\">\n\t\t\t\t\t<p class=\"elementor-heading-title elementor-size-default\">Folgen Sie uns in den sozialen Netzwerken:<\/p>\t\t\t\t<\/div>\n\t\t\t\t<\/div>\n\t\t\t\t<div class=\"elementor-element elementor-element-5748e923 elementor-icon-list--layout-inline elementor-align-end elementor-list-item-link-full_width elementor-widget elementor-widget-global elementor-global-1176 elementor-widget-icon-list\" data-id=\"5748e923\" data-element_type=\"widget\" data-e-type=\"widget\" data-widget_type=\"icon-list.default\">\n\t\t\t\t<div class=\"elementor-widget-container\">\n\t\t\t\t\t\t\t<ul class=\"elementor-icon-list-items elementor-inline-items\">\n\t\t\t\t\t\t\t<li class=\"elementor-icon-list-item elementor-inline-item\">\n\t\t\t\t\t\t\t\t\t\t\t<a href=\"https:\/\/www.facebook.com\/ditisdenhelder\" target=\"_blank\">\n\n\t\t\t\t\t\t\t\t\t\t\t\t<span class=\"elementor-icon-list-icon\">\n\t\t\t\t\t\t\t<i aria-hidden=\"true\" class=\"fab fa-facebook\"><\/i>\t\t\t\t\t\t<\/span>\n\t\t\t\t\t\t\t\t\t\t<span class=\"elementor-icon-list-text\"><\/span>\n\t\t\t\t\t\t\t\t\t\t\t<\/a>\n\t\t\t\t\t\t\t\t\t<\/li>\n\t\t\t\t\t\t\t\t<li class=\"elementor-icon-list-item elementor-inline-item\">\n\t\t\t\t\t\t\t\t\t\t\t<a href=\"https:\/\/www.instagram.com\/ditisdenhelder\/\" target=\"_blank\">\n\n\t\t\t\t\t\t\t\t\t\t\t\t<span class=\"elementor-icon-list-icon\">\n\t\t\t\t\t\t\t<i aria-hidden=\"true\" class=\"fab fa-instagram\"><\/i>\t\t\t\t\t\t<\/span>\n\t\t\t\t\t\t\t\t\t\t<span class=\"elementor-icon-list-text\"><\/span>\n\t\t\t\t\t\t\t\t\t\t\t<\/a>\n\t\t\t\t\t\t\t\t\t<\/li>\n\t\t\t\t\t\t\t\t<li class=\"elementor-icon-list-item elementor-inline-item\">\n\t\t\t\t\t\t\t\t\t\t\t<a href=\"https:\/\/www.youtube.com\/channel\/UCxXdcocRQwb3lDwiYBp3llg\" target=\"_blank\">\n\n\t\t\t\t\t\t\t\t\t\t\t\t<span class=\"elementor-icon-list-icon\">\n\t\t\t\t\t\t\t<i aria-hidden=\"true\" class=\"fab fa-youtube\"><\/i>\t\t\t\t\t\t<\/span>\n\t\t\t\t\t\t\t\t\t\t<span class=\"elementor-icon-list-text\"><\/span>\n\t\t\t\t\t\t\t\t\t\t\t<\/a>\n\t\t\t\t\t\t\t\t\t<\/li>\n\t\t\t\t\t\t\t\t<li class=\"elementor-icon-list-item elementor-inline-item\">\n\t\t\t\t\t\t\t\t\t\t\t<a href=\"https:\/\/www.linkedin.com\/company\/citymarketing-den-helder\" target=\"_blank\">\n\n\t\t\t\t\t\t\t\t\t\t\t\t<span class=\"elementor-icon-list-icon\">\n\t\t\t\t\t\t\t<i aria-hidden=\"true\" class=\"fab fa-linkedin-in\"><\/i>\t\t\t\t\t\t<\/span>\n\t\t\t\t\t\t\t\t\t\t<span class=\"elementor-icon-list-text\"><\/span>\n\t\t\t\t\t\t\t\t\t\t\t<\/a>\n\t\t\t\t\t\t\t\t\t<\/li>\n\t\t\t\t\t\t<\/ul>\n\t\t\t\t\t\t<\/div>\n\t\t\t\t<\/div>\n\t\t\t\t<\/div>\n\t\t\t\t<\/div>\n\t\t\t\t<\/div>\n\t\t\t\t\t<\/div>\n\t\t\t\t<\/div>\n\t\t<div class=\"elementor-element elementor-element-5848a39a e-flex e-con-boxed e-con e-parent\" data-id=\"5848a39a\" data-element_type=\"container\" data-e-type=\"container\" data-settings=\"{&quot;jet_parallax_layout_list&quot;:[]}\">\n\t\t\t\t\t<div class=\"e-con-inner\">\n\t\t<div class=\"elementor-element elementor-element-18b2edef e-con-full e-flex e-con e-child\" data-id=\"18b2edef\" data-element_type=\"container\" data-e-type=\"container\" data-settings=\"{&quot;jet_parallax_layout_list&quot;:[]}\">\n\t\t\t\t<div class=\"elementor-element elementor-element-3528d921 elementor-widget__width-inherit elementor-widget elementor-widget-heading\" data-id=\"3528d921\" data-element_type=\"widget\" data-e-type=\"widget\" data-widget_type=\"heading.default\">\n\t\t\t\t<div class=\"elementor-widget-container\">\n\t\t\t\t\t<span class=\"elementor-heading-title elementor-size-default\">Der Fortschritt beginnt auf See<\/span>\t\t\t\t<\/div>\n\t\t\t\t<\/div>\n\t\t\t\t<div class=\"elementor-element elementor-element-bba5e4d elementor-widget__width-inherit elementor-widget elementor-widget-heading\" data-id=\"bba5e4d\" data-element_type=\"widget\" data-e-type=\"widget\" data-widget_type=\"heading.default\">\n\t\t\t\t<div class=\"elementor-widget-container\">\n\t\t\t\t\t<h2 class=\"elementor-heading-title elementor-size-default\">Gesch\u00e4ft in Den Helder<\/h2>\t\t\t\t<\/div>\n\t\t\t\t<\/div>\n\t\t\t\t<div class=\"elementor-element elementor-element-700661db elementor-widget elementor-widget-text-editor\" data-id=\"700661db\" data-element_type=\"widget\" data-e-type=\"widget\" data-widget_type=\"text-editor.default\">\n\t\t\t\t<div class=\"elementor-widget-container\">\n\t\t\t\t\t\t\t\t\t<p data-start=\"460\" data-end=\"735\">Den Helder ist der ideale Ort f\u00fcr Unternehmer, die Raum zum Wachsen, Innovieren und Netzwerken suchen. Ob Sie ein innovatives Scale-up-Unternehmen sind, in der Offshore-Branche t\u00e4tig sind oder ein kreatives Meeting organisieren: Hier vereinen sich Lage, Erreichbarkeit und besonderes Flair.<\/p><p data-start=\"737\" data-end=\"966\">An der \u00e4u\u00dfersten Spitze Nordhollands finden Sie Ruhe, Weite und pulsierendes Leben. Dank direkter Anbindung an See-, Luft- und Landverkehr bietet Den Helder einzigartige Vorteile f\u00fcr Unternehmen aus den Bereichen Schifffahrt, Logistik, Technologie und Tourismus.<\/p><p data-start=\"968\" data-end=\"1063\">Neugierig, was hier m\u00f6glich ist? Nachfolgend finden Sie eine Zusammenfassung der wichtigsten Gesch\u00e4ftsthemen.<\/p>\t\t\t\t\t\t\t\t<\/div>\n\t\t\t\t<\/div>\n\t\t\t\t<\/div>\n\t\t<div class=\"elementor-element elementor-element-4cf17132 e-con-full e-flex e-con e-child\" data-id=\"4cf17132\" data-element_type=\"container\" data-e-type=\"container\" data-settings=\"{&quot;jet_parallax_layout_list&quot;:[]}\">\n\t\t\t\t<div class=\"elementor-element elementor-element-2657ea86 elementor-widget elementor-widget-image\" data-id=\"2657ea86\" data-element_type=\"widget\" data-e-type=\"widget\" data-widget_type=\"image.default\">\n\t\t\t\t<div class=\"elementor-widget-container\">\n\t\t\t\t\t\t\t\t\t\t\t\t\t\t\t<img decoding=\"async\" width=\"800\" height=\"487\" src=\"https:\/\/denhelder.online\/wp-content\/uploads\/2025\/01\/paal-6-zonsondergang.jpg\" class=\"attachment-large size-large wp-image-3546\" alt=\"Sonnenuntergang im Strandrestaurant Paal 6\" srcset=\"https:\/\/denhelder.online\/wp-content\/uploads\/2025\/01\/paal-6-zonsondergang.jpg 960w, https:\/\/denhelder.online\/wp-content\/uploads\/2025\/01\/paal-6-zonsondergang-300x183.jpg 300w, https:\/\/denhelder.online\/wp-content\/uploads\/2025\/01\/paal-6-zonsondergang-768x467.jpg 768w, https:\/\/denhelder.online\/wp-content\/uploads\/2025\/01\/paal-6-zonsondergang-600x365.jpg 600w\" sizes=\"(max-width: 800px) 100vw, 800px\" \/>\t\t\t\t\t\t\t\t\t\t\t\t\t\t\t<\/div>\n\t\t\t\t<\/div>\n\t\t\t\t<\/div>\n\t\t\t\t\t<\/div>\n\t\t\t\t<\/div>\n\t\t<div class=\"elementor-element elementor-element-6db33aae e-flex e-con-boxed e-con e-parent\" data-id=\"6db33aae\" data-element_type=\"container\" data-e-type=\"container\" data-settings=\"{&quot;jet_parallax_layout_list&quot;:[]}\">\n\t\t\t\t\t<div class=\"e-con-inner\">\n\t\t<div class=\"elementor-element elementor-element-7ecb6c49 e-con-full e-flex e-con e-child\" data-id=\"7ecb6c49\" data-element_type=\"container\" data-e-type=\"container\" data-settings=\"{&quot;jet_parallax_layout_list&quot;:[]}\">\n\t\t\t\t<div class=\"elementor-element elementor-element-92da926 elementor-widget__width-inherit elementor-widget elementor-widget-heading\" data-id=\"92da926\" data-element_type=\"widget\" data-e-type=\"widget\" data-widget_type=\"heading.default\">\n\t\t\t\t<div class=\"elementor-widget-container\">\n\t\t\t\t\t<span class=\"elementor-heading-title elementor-size-default\">Strategische Lage und viel Raum f\u00fcr Wachstum<\/span>\t\t\t\t<\/div>\n\t\t\t\t<\/div>\n\t\t\t\t<div class=\"elementor-element elementor-element-2248bc4b elementor-widget__width-inherit elementor-widget elementor-widget-heading\" data-id=\"2248bc4b\" data-element_type=\"widget\" data-e-type=\"widget\" data-widget_type=\"heading.default\">\n\t\t\t\t<div class=\"elementor-widget-container\">\n\t\t\t\t\t<h2 class=\"elementor-heading-title elementor-size-default\">Unternehmensgr\u00fcndung und -f\u00fchrung<\/h2>\t\t\t\t<\/div>\n\t\t\t\t<\/div>\n\t\t\t\t<div class=\"elementor-element elementor-element-4b85635d elementor-widget elementor-widget-text-editor\" data-id=\"4b85635d\" data-element_type=\"widget\" data-e-type=\"widget\" data-widget_type=\"text-editor.default\">\n\t\t\t\t<div class=\"elementor-widget-container\">\n\t\t\t\t\t\t\t\t\t<p>Dank direkter Anbindung an See-, Luft- und Provinzstra\u00dfen ist Den Helder ein hervorragender Standort f\u00fcr Unternehmen. Der Hafen und der Flughafen Den Helder bilden zusammen ein leistungsstarkes Logistikzentrum, insbesondere f\u00fcr Offshore-Energie, maritime Dienstleistungen und Technologie.\u00a0<\/p>\t\t\t\t\t\t\t\t<\/div>\n\t\t\t\t<\/div>\n\t\t<div class=\"elementor-element elementor-element-b0d70b6 e-con-full e-flex e-con e-child\" data-id=\"b0d70b6\" data-element_type=\"container\" data-e-type=\"container\" data-settings=\"{&quot;jet_parallax_layout_list&quot;:[]}\">\n\t\t\t\t<div class=\"elementor-element elementor-element-6bcdbdc0 elementor-mobile-align-justify elementor-widget-mobile__width-inherit elementor-tablet-align-justify elementor-widget elementor-widget-button\" data-id=\"6bcdbdc0\" data-element_type=\"widget\" data-e-type=\"widget\" data-widget_type=\"button.default\">\n\t\t\t\t<div class=\"elementor-widget-container\">\n\t\t\t\t\t\t\t\t\t<div class=\"elementor-button-wrapper\">\n\t\t\t\t\t<a class=\"elementor-button elementor-button-link elementor-size-sm\" href=\"https:\/\/denhelder.online\/de\/leven-in-den-helder\/vestigingsmogelijkheden\/\">\n\t\t\t\t\t\t<span class=\"elementor-button-content-wrapper\">\n\t\t\t\t\t\t<span class=\"elementor-button-icon\">\n\t\t\t\t<i aria-hidden=\"true\" class=\"fas fa-chevron-right\"><\/i>\t\t\t<\/span>\n\t\t\t\t\t\t\t\t\t<span class=\"elementor-button-text\">Mehr zum Thema Einleben in Den Helder<\/span>\n\t\t\t\t\t<\/span>\n\t\t\t\t\t<\/a>\n\t\t\t\t<\/div>\n\t\t\t\t\t\t\t\t<\/div>\n\t\t\t\t<\/div>\n\t\t\t\t<\/div>\n\t\t\t\t<\/div>\n\t\t<div class=\"elementor-element elementor-element-108ce1f e-con-full e-flex e-con e-child\" data-id=\"108ce1f\" data-element_type=\"container\" data-e-type=\"container\" data-settings=\"{&quot;jet_parallax_layout_list&quot;:[]}\">\n\t\t\t\t<div class=\"elementor-element elementor-element-6d316969 elementor-widget elementor-widget-image\" data-id=\"6d316969\" data-element_type=\"widget\" data-e-type=\"widget\" data-widget_type=\"image.default\">\n\t\t\t\t<div class=\"elementor-widget-container\">\n\t\t\t\t\t\t\t\t\t\t\t\t\t\t\t<img decoding=\"async\" width=\"800\" height=\"534\" src=\"https:\/\/denhelder.online\/wp-content\/uploads\/2025\/11\/Port-of-Den-Helder-Haven-Roos-Lambo-5-1024x683.jpg\" class=\"attachment-large size-large wp-image-16307\" alt=\"Flughafen Den Helder\" srcset=\"https:\/\/denhelder.online\/wp-content\/uploads\/2025\/11\/Port-of-Den-Helder-Haven-Roos-Lambo-5-1024x683.jpg 1024w, https:\/\/denhelder.online\/wp-content\/uploads\/2025\/11\/Port-of-Den-Helder-Haven-Roos-Lambo-5-300x200.jpg 300w, https:\/\/denhelder.online\/wp-content\/uploads\/2025\/11\/Port-of-Den-Helder-Haven-Roos-Lambo-5-768x512.jpg 768w, https:\/\/denhelder.online\/wp-content\/uploads\/2025\/11\/Port-of-Den-Helder-Haven-Roos-Lambo-5-1536x1024.jpg 1536w, https:\/\/denhelder.online\/wp-content\/uploads\/2025\/11\/Port-of-Den-Helder-Haven-Roos-Lambo-5-18x12.jpg 18w, https:\/\/denhelder.online\/wp-content\/uploads\/2025\/11\/Port-of-Den-Helder-Haven-Roos-Lambo-5-600x400.jpg 600w, https:\/\/denhelder.online\/wp-content\/uploads\/2025\/11\/Port-of-Den-Helder-Haven-Roos-Lambo-5.jpg 2048w\" sizes=\"(max-width: 800px) 100vw, 800px\" \/>\t\t\t\t\t\t\t\t\t\t\t\t\t\t\t<\/div>\n\t\t\t\t<\/div>\n\t\t\t\t<\/div>\n\t\t\t\t\t<\/div>\n\t\t\t\t<\/div>\n\t\t<div class=\"elementor-element elementor-element-2fcb2f39 e-flex e-con-boxed e-con e-parent\" data-id=\"2fcb2f39\" data-element_type=\"container\" data-e-type=\"container\" data-settings=\"{&quot;jet_parallax_layout_list&quot;:[]}\">\n\t\t\t\t\t<div class=\"e-con-inner\">\n\t\t<div class=\"elementor-element elementor-element-78542bba e-con-full e-flex e-con e-child\" data-id=\"78542bba\" data-element_type=\"container\" data-e-type=\"container\" data-settings=\"{&quot;jet_parallax_layout_list&quot;:[]}\">\n\t\t\t\t<div class=\"elementor-element elementor-element-43f34944 elementor-widget__width-inherit elementor-widget elementor-widget-heading\" data-id=\"43f34944\" data-element_type=\"widget\" data-e-type=\"widget\" data-widget_type=\"heading.default\">\n\t\t\t\t<div class=\"elementor-widget-container\">\n\t\t\t\t\t<span class=\"elementor-heading-title elementor-size-default\">Vom Existenzgr\u00fcnder zum etablierten Unternehmer: Sie sind nicht allein<\/span>\t\t\t\t<\/div>\n\t\t\t\t<\/div>\n\t\t\t\t<div class=\"elementor-element elementor-element-465482f6 elementor-widget__width-inherit elementor-widget elementor-widget-heading\" data-id=\"465482f6\" data-element_type=\"widget\" data-e-type=\"widget\" data-widget_type=\"heading.default\">\n\t\t\t\t<div class=\"elementor-widget-container\">\n\t\t\t\t\t<h2 class=\"elementor-heading-title elementor-size-default\">Einzigartige Gewerbeparks<\/h2>\t\t\t\t<\/div>\n\t\t\t\t<\/div>\n\t\t\t\t<div class=\"elementor-element elementor-element-18909814 elementor-widget elementor-widget-text-editor\" data-id=\"18909814\" data-element_type=\"widget\" data-e-type=\"widget\" data-widget_type=\"text-editor.default\">\n\t\t\t\t<div class=\"elementor-widget-container\">\n\t\t\t\t\t\t\t\t\t<p>Sie denken dar\u00fcber nach, ein Unternehmen in Den Helder zu gr\u00fcnden? Entdecken Sie verf\u00fcgbare Grundst\u00fccke und Immobilien \u00fcber den Business Desk Kop van Noord-Holland. Hier erhalten Sie ma\u00dfgeschneiderte Informationen und k\u00f6nnen sich pers\u00f6nlich an einen Berater der Gemeinde wenden. \u00dcber das nationale Unternehmensportal haben Sie au\u00dferdem Zugriff auf Tools, Vorschriften und aktuelle Informationen.<\/p>\t\t\t\t\t\t\t\t<\/div>\n\t\t\t\t<\/div>\n\t\t<div class=\"elementor-element elementor-element-1581b678 e-con-full e-flex e-con e-child\" data-id=\"1581b678\" data-element_type=\"container\" data-e-type=\"container\" data-settings=\"{&quot;jet_parallax_layout_list&quot;:[]}\">\n\t\t\t\t<div class=\"elementor-element elementor-element-1c20d95b elementor-mobile-align-justify elementor-widget-mobile__width-inherit elementor-tablet-align-justify elementor-widget elementor-widget-button\" data-id=\"1c20d95b\" data-element_type=\"widget\" data-e-type=\"widget\" data-widget_type=\"button.default\">\n\t\t\t\t<div class=\"elementor-widget-container\">\n\t\t\t\t\t\t\t\t\t<div class=\"elementor-button-wrapper\">\n\t\t\t\t\t<a class=\"elementor-button elementor-button-link elementor-size-sm\" href=\"https:\/\/onhn.nl\/\">\n\t\t\t\t\t\t<span class=\"elementor-button-content-wrapper\">\n\t\t\t\t\t\t<span class=\"elementor-button-icon\">\n\t\t\t\t<i aria-hidden=\"true\" class=\"fas fa-chevron-right\"><\/i>\t\t\t<\/span>\n\t\t\t\t\t\t\t\t\t<span class=\"elementor-button-text\">Gesch\u00e4ftsschalter Nordholland Nord<\/span>\n\t\t\t\t\t<\/span>\n\t\t\t\t\t<\/a>\n\t\t\t\t<\/div>\n\t\t\t\t\t\t\t\t<\/div>\n\t\t\t\t<\/div>\n\t\t\t\t<\/div>\n\t\t\t\t<\/div>\n\t\t<div class=\"elementor-element elementor-element-3a123abf e-con-full e-flex e-con e-child\" data-id=\"3a123abf\" data-element_type=\"container\" data-e-type=\"container\" data-settings=\"{&quot;jet_parallax_layout_list&quot;:[]}\">\n\t\t\t\t<div class=\"elementor-element elementor-element-16042d52 elementor-widget elementor-widget-image\" data-id=\"16042d52\" data-element_type=\"widget\" data-e-type=\"widget\" data-widget_type=\"image.default\">\n\t\t\t\t<div class=\"elementor-widget-container\">\n\t\t\t\t\t\t\t\t\t\t\t\t\t\t\t<img loading=\"lazy\" decoding=\"async\" width=\"800\" height=\"600\" src=\"https:\/\/denhelder.online\/wp-content\/uploads\/2025\/04\/Riepel-1024x768.jpeg\" class=\"attachment-large size-large wp-image-9603\" alt=\"Shopping De Riepel\" srcset=\"https:\/\/denhelder.online\/wp-content\/uploads\/2025\/04\/Riepel-1024x768.jpeg 1024w, https:\/\/denhelder.online\/wp-content\/uploads\/2025\/04\/Riepel-300x225.jpeg 300w, https:\/\/denhelder.online\/wp-content\/uploads\/2025\/04\/Riepel-768x576.jpeg 768w, https:\/\/denhelder.online\/wp-content\/uploads\/2025\/04\/Riepel-1536x1152.jpeg 1536w, https:\/\/denhelder.online\/wp-content\/uploads\/2025\/04\/Riepel-16x12.jpeg 16w, https:\/\/denhelder.online\/wp-content\/uploads\/2025\/04\/Riepel-600x450.jpeg 600w, https:\/\/denhelder.online\/wp-content\/uploads\/2025\/04\/Riepel.jpeg 1680w\" sizes=\"(max-width: 800px) 100vw, 800px\" \/>\t\t\t\t\t\t\t\t\t\t\t\t\t\t\t<\/div>\n\t\t\t\t<\/div>\n\t\t\t\t<\/div>\n\t\t\t\t\t<\/div>\n\t\t\t\t<\/div>\n\t\t<div class=\"elementor-element elementor-element-3877bb14 e-flex e-con-boxed e-con e-parent\" data-id=\"3877bb14\" data-element_type=\"container\" data-e-type=\"container\" data-settings=\"{&quot;jet_parallax_layout_list&quot;:[]}\">\n\t\t\t\t\t<div class=\"e-con-inner\">\n\t\t<div class=\"elementor-element elementor-element-d35be54 e-con-full e-flex e-con e-child\" data-id=\"d35be54\" data-element_type=\"container\" data-e-type=\"container\" data-settings=\"{&quot;jet_parallax_layout_list&quot;:[]}\">\n\t\t\t\t<div class=\"elementor-element elementor-element-3f307eda elementor-widget__width-inherit elementor-widget elementor-widget-heading\" data-id=\"3f307eda\" data-element_type=\"widget\" data-e-type=\"widget\" data-widget_type=\"heading.default\">\n\t\t\t\t<div class=\"elementor-widget-container\">\n\t\t\t\t\t<span class=\"elementor-heading-title elementor-size-default\">Neue Ideen entstehen dort, wo der Blick grenzenlos ist.<\/span>\t\t\t\t<\/div>\n\t\t\t\t<\/div>\n\t\t\t\t<div class=\"elementor-element elementor-element-4101c009 elementor-widget__width-inherit elementor-widget elementor-widget-heading\" data-id=\"4101c009\" data-element_type=\"widget\" data-e-type=\"widget\" data-widget_type=\"heading.default\">\n\t\t\t\t<div class=\"elementor-widget-container\">\n\t\t\t\t\t<h2 class=\"elementor-heading-title elementor-size-default\">Treffen mit Wirkung<\/h2>\t\t\t\t<\/div>\n\t\t\t\t<\/div>\n\t\t\t\t<div class=\"elementor-element elementor-element-1b9640b4 elementor-widget elementor-widget-text-editor\" data-id=\"1b9640b4\" data-element_type=\"widget\" data-e-type=\"widget\" data-widget_type=\"text-editor.default\">\n\t\t\t\t<div class=\"elementor-widget-container\">\n\t\t\t\t\t\t\t\t\t<p>Ein Meeting im Den Helder bedeutet eine Auszeit vom Alltag. Stellen Sie sich vor, Sie brainstormen am Meer, in einer alten Festung oder kn\u00fcpfen Kontakte auf einem Marineschiff. Die Stadt bietet eine \u00fcberraschende Anzahl einzigartiger Tagungsorte, vom Theater de Kampanje \u00fcber das METIP bis hin zur Bibliothek der Schule 7.<\/p>\t\t\t\t\t\t\t\t<\/div>\n\t\t\t\t<\/div>\n\t\t<div class=\"elementor-element elementor-element-525ad208 e-con-full e-flex e-con e-child\" data-id=\"525ad208\" data-element_type=\"container\" data-e-type=\"container\" data-settings=\"{&quot;jet_parallax_layout_list&quot;:[]}\">\n\t\t\t\t<div class=\"elementor-element elementor-element-43f8fec3 elementor-mobile-align-justify elementor-widget-mobile__width-inherit elementor-tablet-align-justify elementor-widget elementor-widget-button\" data-id=\"43f8fec3\" data-element_type=\"widget\" data-e-type=\"widget\" data-widget_type=\"button.default\">\n\t\t\t\t<div class=\"elementor-widget-container\">\n\t\t\t\t\t\t\t\t\t<div class=\"elementor-button-wrapper\">\n\t\t\t\t\t<a class=\"elementor-button elementor-button-link elementor-size-sm\" href=\"https:\/\/denhelder.online\/de\/leven-in-den-helder\/vergaderlocaties\/\">\n\t\t\t\t\t\t<span class=\"elementor-button-content-wrapper\">\n\t\t\t\t\t\t<span class=\"elementor-button-icon\">\n\t\t\t\t<i aria-hidden=\"true\" class=\"fas fa-chevron-right\"><\/i>\t\t\t<\/span>\n\t\t\t\t\t\t\t\t\t<span class=\"elementor-button-text\">Entdecken Sie die Treffpunkte<\/span>\n\t\t\t\t\t<\/span>\n\t\t\t\t\t<\/a>\n\t\t\t\t<\/div>\n\t\t\t\t\t\t\t\t<\/div>\n\t\t\t\t<\/div>\n\t\t\t\t<\/div>\n\t\t\t\t<\/div>\n\t\t<div class=\"elementor-element elementor-element-4d18445b e-con-full e-flex e-con e-child\" data-id=\"4d18445b\" data-element_type=\"container\" data-e-type=\"container\" data-settings=\"{&quot;jet_parallax_layout_list&quot;:[]}\">\n\t\t\t\t<div class=\"elementor-element elementor-element-54a499a9 elementor-widget elementor-widget-image\" data-id=\"54a499a9\" data-element_type=\"widget\" data-e-type=\"widget\" data-widget_type=\"image.default\">\n\t\t\t\t<div class=\"elementor-widget-container\">\n\t\t\t\t\t\t\t\t\t\t\t\t\t\t\t<img loading=\"lazy\" decoding=\"async\" width=\"800\" height=\"600\" src=\"https:\/\/denhelder.online\/wp-content\/uploads\/2025\/12\/Metip-2-1024x768.jpeg\" class=\"attachment-large size-large wp-image-17316\" alt=\"Meetings bei Metip\" srcset=\"https:\/\/denhelder.online\/wp-content\/uploads\/2025\/12\/Metip-2-1024x768.jpeg 1024w, https:\/\/denhelder.online\/wp-content\/uploads\/2025\/12\/Metip-2-300x225.jpeg 300w, https:\/\/denhelder.online\/wp-content\/uploads\/2025\/12\/Metip-2-768x576.jpeg 768w, https:\/\/denhelder.online\/wp-content\/uploads\/2025\/12\/Metip-2-1536x1152.jpeg 1536w, https:\/\/denhelder.online\/wp-content\/uploads\/2025\/12\/Metip-2-2048x1536.jpeg 2048w, https:\/\/denhelder.online\/wp-content\/uploads\/2025\/12\/Metip-2-16x12.jpeg 16w, https:\/\/denhelder.online\/wp-content\/uploads\/2025\/12\/Metip-2-600x450.jpeg 600w\" sizes=\"(max-width: 800px) 100vw, 800px\" \/>\t\t\t\t\t\t\t\t\t\t\t\t\t\t\t<\/div>\n\t\t\t\t<\/div>\n\t\t\t\t<\/div>\n\t\t\t\t\t<\/div>\n\t\t\t\t<\/div>\n\t\t<div class=\"elementor-element elementor-element-5013b6f4 e-flex e-con-boxed e-con e-parent\" data-id=\"5013b6f4\" data-element_type=\"container\" data-e-type=\"container\" data-settings=\"{&quot;jet_parallax_layout_list&quot;:[]}\">\n\t\t\t\t\t<div class=\"e-con-inner\">\n\t\t<div class=\"elementor-element elementor-element-3f4c5889 e-flex e-con-boxed e-con e-child\" data-id=\"3f4c5889\" data-element_type=\"container\" data-e-type=\"container\" data-settings=\"{&quot;background_background&quot;:&quot;classic&quot;,&quot;jet_parallax_layout_list&quot;:[]}\">\n\t\t\t\t\t<div class=\"e-con-inner\">\n\t\t<div class=\"elementor-element elementor-element-1099ef2a e-con-full e-flex e-con e-child\" data-id=\"1099ef2a\" data-element_type=\"container\" data-e-type=\"container\" data-settings=\"{&quot;jet_parallax_layout_list&quot;:[]}\">\n\t\t\t\t<div class=\"elementor-element elementor-element-6771b408 elementor-widget elementor-widget-image\" data-id=\"6771b408\" data-element_type=\"widget\" data-e-type=\"widget\" data-widget_type=\"image.default\">\n\t\t\t\t<div class=\"elementor-widget-container\">\n\t\t\t\t\t\t\t\t\t\t\t\t\t\t\t<img loading=\"lazy\" decoding=\"async\" width=\"800\" height=\"534\" src=\"https:\/\/denhelder.online\/wp-content\/uploads\/2025\/12\/Wandelaars-strand-1024x683.jpg\" class=\"attachment-large size-large wp-image-17322\" alt=\"Windsto\u00df am Strand\" srcset=\"https:\/\/denhelder.online\/wp-content\/uploads\/2025\/12\/Wandelaars-strand-1024x683.jpg 1024w, https:\/\/denhelder.online\/wp-content\/uploads\/2025\/12\/Wandelaars-strand-300x200.jpg 300w, https:\/\/denhelder.online\/wp-content\/uploads\/2025\/12\/Wandelaars-strand-768x512.jpg 768w, https:\/\/denhelder.online\/wp-content\/uploads\/2025\/12\/Wandelaars-strand-1536x1024.jpg 1536w, https:\/\/denhelder.online\/wp-content\/uploads\/2025\/12\/Wandelaars-strand-2048x1365.jpg 2048w, https:\/\/denhelder.online\/wp-content\/uploads\/2025\/12\/Wandelaars-strand-18x12.jpg 18w, https:\/\/denhelder.online\/wp-content\/uploads\/2025\/12\/Wandelaars-strand-600x400.jpg 600w\" sizes=\"(max-width: 800px) 100vw, 800px\" \/>\t\t\t\t\t\t\t\t\t\t\t\t\t\t\t<\/div>\n\t\t\t\t<\/div>\n\t\t\t\t<\/div>\n\t\t<div class=\"elementor-element elementor-element-31013f14 e-con-full e-flex e-con e-child\" data-id=\"31013f14\" data-element_type=\"container\" data-e-type=\"container\" data-settings=\"{&quot;jet_parallax_layout_list&quot;:[]}\">\n\t\t\t\t<div class=\"elementor-element elementor-element-2ae2b922 elementor-widget__width-inherit elementor-widget elementor-widget-heading\" data-id=\"2ae2b922\" data-element_type=\"widget\" data-e-type=\"widget\" data-widget_type=\"heading.default\">\n\t\t\t\t<div class=\"elementor-widget-container\">\n\t\t\t\t\t<span class=\"elementor-heading-title elementor-size-default\">Von Meerblick bis Strandspazierg\u00e4ngen: Tanken Sie neue Energie zwischen Ihren Terminen.<\/span>\t\t\t\t<\/div>\n\t\t\t\t<\/div>\n\t\t\t\t<div class=\"elementor-element elementor-element-21fc20fc elementor-widget__width-inherit elementor-widget elementor-widget-heading\" data-id=\"21fc20fc\" data-element_type=\"widget\" data-e-type=\"widget\" data-widget_type=\"heading.default\">\n\t\t\t\t<div class=\"elementor-widget-container\">\n\t\t\t\t\t<h2 class=\"elementor-heading-title elementor-size-default\">Gesch\u00e4ftliches mit Entspannung verbinden<\/h2>\t\t\t\t<\/div>\n\t\t\t\t<\/div>\n\t\t\t\t<div class=\"elementor-element elementor-element-489da753 elementor-widget elementor-widget-text-editor\" data-id=\"489da753\" data-element_type=\"widget\" data-e-type=\"widget\" data-widget_type=\"text-editor.default\">\n\t\t\t\t<div class=\"elementor-widget-container\">\n\t\t\t\t\t\t\t\t\t<p>Ein Meeting muss nicht in einem kleinen Raum enden. Bei Den Helder k\u00f6nnen Sie direkt zum Strand oder Deich gehen und dort einen Moment der Ruhe oder des Teambuildings am Meer genie\u00dfen. Verbringen Sie ein entspanntes Mittagessen inmitten der D\u00fcnen oder planen Sie eine Aktivit\u00e4t am Meer. So wird die Zusammenarbeit nicht nur produktiv, sondern auch verbindend.<\/p>\t\t\t\t\t\t\t\t<\/div>\n\t\t\t\t<\/div>\n\t\t<div class=\"elementor-element elementor-element-6d2be574 e-con-full e-flex e-con e-child\" data-id=\"6d2be574\" data-element_type=\"container\" data-e-type=\"container\" data-settings=\"{&quot;jet_parallax_layout_list&quot;:[]}\">\n\t\t\t\t<div class=\"elementor-element elementor-element-3d343e3d elementor-mobile-align-justify elementor-widget-mobile__width-inherit elementor-tablet-align-justify elementor-widget elementor-widget-button\" data-id=\"3d343e3d\" data-element_type=\"widget\" data-e-type=\"widget\" data-widget_type=\"button.default\">\n\t\t\t\t<div class=\"elementor-widget-container\">\n\t\t\t\t\t\t\t\t\t<div class=\"elementor-button-wrapper\">\n\t\t\t\t\t<a class=\"elementor-button elementor-button-link elementor-size-sm\" href=\"https:\/\/denhelder.online\/de\/wat-te-doen\/bezienswaardigheden\/strand\/\">\n\t\t\t\t\t\t<span class=\"elementor-button-content-wrapper\">\n\t\t\t\t\t\t<span class=\"elementor-button-icon\">\n\t\t\t\t<i aria-hidden=\"true\" class=\"fas fa-chevron-right\"><\/i>\t\t\t<\/span>\n\t\t\t\t\t\t\t\t\t<span class=\"elementor-button-text\">Str\u00e4nde von Den Helder<\/span>\n\t\t\t\t\t<\/span>\n\t\t\t\t\t<\/a>\n\t\t\t\t<\/div>\n\t\t\t\t\t\t\t\t<\/div>\n\t\t\t\t<\/div>\n\t\t\t\t<\/div>\n\t\t\t\t<\/div>\n\t\t\t\t\t<\/div>\n\t\t\t\t<\/div>\n\t\t\t\t\t<\/div>\n\t\t\t\t<\/div>\n\t\t\t\t<\/div>","protected":false},"excerpt":{"rendered":"<p>Zakelijk Den Helder Volg ons op social: Vooruitgang begint aan zee Zakelijk in Den Helder Den Helder is d\u00e9 plek voor ondernemers die ruimte zoeken om te groeien, te vernieuwen en te verbinden. Of je nu een innovatieve scale-up bent, actief bent in de offshore industrie of een creatieve vergadering organiseert: hier komen ligging, bereikbaarheid [&hellip;]<\/p>\n","protected":false},"author":9,"featured_media":0,"parent":0,"menu_order":0,"comment_status":"closed","ping_status":"closed","template":"elementor_header_footer","meta":{"footnotes":""},"tags":[],"doelgroep":[6028,6029],"categorie":[],"class_list":["post-17313","page","type-page","status-publish","hentry","doelgroep-inwoner-regio","doelgroep-toerist"],"yoast_head":"<!-- This site is optimized with the Yoast SEO Premium plugin v24.7 (Yoast SEO v27.5) - https:\/\/yoast.com\/product\/yoast-seo-premium-wordpress\/ -->\n<title>Zakelijk - Den Helder Online - Beleef Den Helder<\/title>\n<meta name=\"robots\" content=\"index, follow, max-snippet:-1, max-image-preview:large, max-video-preview:-1\" \/>\n<link rel=\"canonical\" href=\"https:\/\/denhelder.online\/de\/kommerziell\/\" \/>\n<meta property=\"og:locale\" content=\"de_DE\" \/>\n<meta property=\"og:type\" content=\"article\" \/>\n<meta property=\"og:title\" content=\"Zakelijk\" \/>\n<meta property=\"og:description\" content=\"Zakelijk Den Helder Volg ons op social: Vooruitgang begint aan zee Zakelijk in Den Helder Den Helder is d\u00e9 plek voor ondernemers die ruimte zoeken om te groeien, te vernieuwen en te verbinden. Of je nu een innovatieve scale-up bent, actief bent in de offshore industrie of een creatieve vergadering organiseert: hier komen ligging, bereikbaarheid [&hellip;]\" \/>\n<meta property=\"og:url\" content=\"https:\/\/denhelder.online\/de\/kommerziell\/\" \/>\n<meta property=\"og:site_name\" content=\"Den Helder Online\" \/>\n<meta property=\"article:modified_time\" content=\"2025-12-18T09:08:46+00:00\" \/>\n<meta property=\"og:image\" content=\"https:\/\/denhelder.online\/wp-content\/uploads\/2025\/01\/paal-6-zonsondergang.jpg\" \/>\n<meta name=\"twitter:card\" content=\"summary_large_image\" \/>\n<meta name=\"twitter:label1\" content=\"Gesch\u00e4tzte Lesezeit\" \/>\n\t<meta name=\"twitter:data1\" content=\"3\u00a0Minuten\" \/>\n<script type=\"application\/ld+json\" class=\"yoast-schema-graph\">{\"@context\":\"https:\\\/\\\/schema.org\",\"@graph\":[{\"@type\":\"WebPage\",\"@id\":\"https:\\\/\\\/denhelder.online\\\/zakelijk\\\/\",\"url\":\"https:\\\/\\\/denhelder.online\\\/zakelijk\\\/\",\"name\":\"Zakelijk - Den Helder Online - Beleef Den Helder\",\"isPartOf\":{\"@id\":\"https:\\\/\\\/denhelder.online\\\/#website\"},\"primaryImageOfPage\":{\"@id\":\"https:\\\/\\\/denhelder.online\\\/zakelijk\\\/#primaryimage\"},\"image\":{\"@id\":\"https:\\\/\\\/denhelder.online\\\/zakelijk\\\/#primaryimage\"},\"thumbnailUrl\":\"https:\\\/\\\/denhelder.online\\\/wp-content\\\/uploads\\\/2025\\\/01\\\/paal-6-zonsondergang.jpg\",\"datePublished\":\"2025-12-18T07:57:31+00:00\",\"dateModified\":\"2025-12-18T09:08:46+00:00\",\"breadcrumb\":{\"@id\":\"https:\\\/\\\/denhelder.online\\\/zakelijk\\\/#breadcrumb\"},\"inLanguage\":\"de\",\"potentialAction\":[{\"@type\":\"ReadAction\",\"target\":[\"https:\\\/\\\/denhelder.online\\\/zakelijk\\\/\"]}]},{\"@type\":\"ImageObject\",\"inLanguage\":\"de\",\"@id\":\"https:\\\/\\\/denhelder.online\\\/zakelijk\\\/#primaryimage\",\"url\":\"https:\\\/\\\/denhelder.online\\\/wp-content\\\/uploads\\\/2025\\\/01\\\/paal-6-zonsondergang.jpg\",\"contentUrl\":\"https:\\\/\\\/denhelder.online\\\/wp-content\\\/uploads\\\/2025\\\/01\\\/paal-6-zonsondergang.jpg\"},{\"@type\":\"BreadcrumbList\",\"@id\":\"https:\\\/\\\/denhelder.online\\\/zakelijk\\\/#breadcrumb\",\"itemListElement\":[{\"@type\":\"ListItem\",\"position\":1,\"name\":\"Home\",\"item\":\"https:\\\/\\\/denhelder.online\\\/\"},{\"@type\":\"ListItem\",\"position\":2,\"name\":\"Zakelijk\"}]},{\"@type\":\"WebSite\",\"@id\":\"https:\\\/\\\/denhelder.online\\\/#website\",\"url\":\"https:\\\/\\\/denhelder.online\\\/\",\"name\":\"Den Helder Online\",\"description\":\"Beleef Den Helder\",\"publisher\":{\"@id\":\"https:\\\/\\\/denhelder.online\\\/#organization\"},\"potentialAction\":[{\"@type\":\"SearchAction\",\"target\":{\"@type\":\"EntryPoint\",\"urlTemplate\":\"https:\\\/\\\/denhelder.online\\\/?s={search_term_string}\"},\"query-input\":{\"@type\":\"PropertyValueSpecification\",\"valueRequired\":true,\"valueName\":\"search_term_string\"}}],\"inLanguage\":\"de\"},{\"@type\":\"Organization\",\"@id\":\"https:\\\/\\\/denhelder.online\\\/#organization\",\"name\":\"Den Helder Online\",\"url\":\"https:\\\/\\\/denhelder.online\\\/\",\"logo\":{\"@type\":\"ImageObject\",\"inLanguage\":\"de\",\"@id\":\"https:\\\/\\\/denhelder.online\\\/#\\\/schema\\\/logo\\\/image\\\/\",\"url\":\"https:\\\/\\\/denhelder.online\\\/wp-content\\\/uploads\\\/2021\\\/12\\\/DitIsDH-Logo-26-tagline.svg\",\"contentUrl\":\"https:\\\/\\\/denhelder.online\\\/wp-content\\\/uploads\\\/2021\\\/12\\\/DitIsDH-Logo-26-tagline.svg\",\"width\":1717.0999999999999,\"height\":934.89999999999998,\"caption\":\"Den Helder Online\"},\"image\":{\"@id\":\"https:\\\/\\\/denhelder.online\\\/#\\\/schema\\\/logo\\\/image\\\/\"}}]}<\/script>\n<!-- \/ Yoast SEO Premium plugin. -->","yoast_head_json":{"title":"Business \u2013 Den Helder Online \u2013 Den Helder erleben","robots":{"index":"index","follow":"follow","max-snippet":"max-snippet:-1","max-image-preview":"max-image-preview:large","max-video-preview":"max-video-preview:-1"},"canonical":"https:\/\/denhelder.online\/de\/kommerziell\/","og_locale":"de_DE","og_type":"article","og_title":"Zakelijk","og_description":"Zakelijk Den Helder Volg ons op social: Vooruitgang begint aan zee Zakelijk in Den Helder Den Helder is d\u00e9 plek voor ondernemers die ruimte zoeken om te groeien, te vernieuwen en te verbinden. Of je nu een innovatieve scale-up bent, actief bent in de offshore industrie of een creatieve vergadering organiseert: hier komen ligging, bereikbaarheid [&hellip;]","og_url":"https:\/\/denhelder.online\/de\/kommerziell\/","og_site_name":"Den Helder Online","article_modified_time":"2025-12-18T09:08:46+00:00","og_image":[{"url":"https:\/\/denhelder.online\/wp-content\/uploads\/2025\/01\/paal-6-zonsondergang.jpg","type":"","width":"","height":""}],"twitter_card":"summary_large_image","twitter_misc":{"Gesch\u00e4tzte Lesezeit":"3\u00a0Minuten"},"schema":{"@context":"https:\/\/schema.org","@graph":[{"@type":"WebPage","@id":"https:\/\/denhelder.online\/zakelijk\/","url":"https:\/\/denhelder.online\/zakelijk\/","name":"Business \u2013 Den Helder Online \u2013 Den Helder erleben","isPartOf":{"@id":"https:\/\/denhelder.online\/#website"},"primaryImageOfPage":{"@id":"https:\/\/denhelder.online\/zakelijk\/#primaryimage"},"image":{"@id":"https:\/\/denhelder.online\/zakelijk\/#primaryimage"},"thumbnailUrl":"https:\/\/denhelder.online\/wp-content\/uploads\/2025\/01\/paal-6-zonsondergang.jpg","datePublished":"2025-12-18T07:57:31+00:00","dateModified":"2025-12-18T09:08:46+00:00","breadcrumb":{"@id":"https:\/\/denhelder.online\/zakelijk\/#breadcrumb"},"inLanguage":"de","potentialAction":[{"@type":"ReadAction","target":["https:\/\/denhelder.online\/zakelijk\/"]}]},{"@type":"ImageObject","inLanguage":"de","@id":"https:\/\/denhelder.online\/zakelijk\/#primaryimage","url":"https:\/\/denhelder.online\/wp-content\/uploads\/2025\/01\/paal-6-zonsondergang.jpg","contentUrl":"https:\/\/denhelder.online\/wp-content\/uploads\/2025\/01\/paal-6-zonsondergang.jpg"},{"@type":"BreadcrumbList","@id":"https:\/\/denhelder.online\/zakelijk\/#breadcrumb","itemListElement":[{"@type":"ListItem","position":1,"name":"Home","item":"https:\/\/denhelder.online\/"},{"@type":"ListItem","position":2,"name":"Zakelijk"}]},{"@type":"WebSite","@id":"https:\/\/denhelder.online\/#website","url":"https:\/\/denhelder.online\/","name":"Den Helder Online","description":"Erleben Sie Den Helder","publisher":{"@id":"https:\/\/denhelder.online\/#organization"},"potentialAction":[{"@type":"SearchAction","target":{"@type":"EntryPoint","urlTemplate":"https:\/\/denhelder.online\/?s={search_term_string}"},"query-input":{"@type":"PropertyValueSpecification","valueRequired":true,"valueName":"search_term_string"}}],"inLanguage":"de"},{"@type":"Organization","@id":"https:\/\/denhelder.online\/#organization","name":"Den Helder Online","url":"https:\/\/denhelder.online\/","logo":{"@type":"ImageObject","inLanguage":"de","@id":"https:\/\/denhelder.online\/#\/schema\/logo\/image\/","url":"https:\/\/denhelder.online\/wp-content\/uploads\/2021\/12\/DitIsDH-Logo-26-tagline.svg","contentUrl":"https:\/\/denhelder.online\/wp-content\/uploads\/2021\/12\/DitIsDH-Logo-26-tagline.svg","width":1717.0999999999999,"height":934.89999999999998,"caption":"Den Helder Online"},"image":{"@id":"https:\/\/denhelder.online\/#\/schema\/logo\/image\/"}}]}},"_links":{"self":[{"href":"https:\/\/denhelder.online\/de\/wp-json\/wp\/v2\/pages\/17313","targetHints":{"allow":["GET"]}}],"collection":[{"href":"https:\/\/denhelder.online\/de\/wp-json\/wp\/v2\/pages"}],"about":[{"href":"https:\/\/denhelder.online\/de\/wp-json\/wp\/v2\/types\/page"}],"author":[{"embeddable":true,"href":"https:\/\/denhelder.online\/de\/wp-json\/wp\/v2\/users\/9"}],"replies":[{"embeddable":true,"href":"https:\/\/denhelder.online\/de\/wp-json\/wp\/v2\/comments?post=17313"}],"version-history":[{"count":0,"href":"https:\/\/denhelder.online\/de\/wp-json\/wp\/v2\/pages\/17313\/revisions"}],"wp:attachment":[{"href":"https:\/\/denhelder.online\/de\/wp-json\/wp\/v2\/media?parent=17313"}],"wp:term":[{"taxonomy":"post_tag","embeddable":true,"href":"https:\/\/denhelder.online\/de\/wp-json\/wp\/v2\/tags?post=17313"},{"taxonomy":"doelgroep","embeddable":true,"href":"https:\/\/denhelder.online\/de\/wp-json\/wp\/v2\/doelgroep?post=17313"},{"taxonomy":"categorie","embeddable":true,"href":"https:\/\/denhelder.online\/de\/wp-json\/wp\/v2\/categorie?post=17313"}],"curies":[{"name":"wp","href":"https:\/\/api.w.org\/{rel}","templated":true}]}}