{"id":23849,"date":"2026-04-22T14:13:19","date_gmt":"2026-04-22T12:13:19","guid":{"rendered":"https:\/\/denhelder.online\/?page_id=23849"},"modified":"2026-04-22T15:25:41","modified_gmt":"2026-04-22T13:25:41","slug":"uber-die-sandschaufeler","status":"publish","type":"page","link":"https:\/\/denhelder.online\/de\/over-de-zandscheppers\/","title":{"rendered":"\u00dcber die (Sand-)Schaufler"},"content":{"rendered":"<div data-elementor-type=\"wp-page\" data-elementor-id=\"23849\" class=\"elementor elementor-23849\" data-elementor-post-type=\"page\">\n\t\t\t\t<div class=\"elementor-element elementor-element-a390199 e-flex e-con-boxed e-con e-parent\" data-id=\"a390199\" data-element_type=\"container\" data-e-type=\"container\" data-settings=\"{&quot;jet_parallax_layout_list&quot;:[]}\">\n\t\t\t\t\t<div class=\"e-con-inner\">\n\t\t\t\t<div class=\"elementor-element elementor-element-0a86720 elementor-widget elementor-widget-text-editor\" data-id=\"0a86720\" data-element_type=\"widget\" data-e-type=\"widget\" data-widget_type=\"text-editor.default\">\n\t\t\t\t<div class=\"elementor-widget-container\">\n\t\t\t\t\t\t\t\t\t<p><strong>Hinter den Sandskulpturen des Zandspektakels Julianadorp steht das Team von WeLoveSand: eine Gruppe kreativer Gestalter mit \u00fcber 25 Jahren Erfahrung in der Welt der Sandkunst.\u00a0<\/strong><\/p><p data-start=\"56\" data-end=\"518\"><strong data-start=\"56\" data-end=\"85\">INTERNATIONALE GESELLSCHAFT<\/strong> Das Besondere an WeLoveSand ist, dass das Team aus Sandk\u00fcnstlern aus aller Welt besteht. Jeder K\u00fcnstler \u2013 oder wie sie sich selbst nennen: Schnitzer \u2013 hat seine eigene Spezialisierung. Einer ist ein Experte f\u00fcr Anatomie und versteht es, Menschen und Tiere detailgetreu aus Sand zu formen, w\u00e4hrend ein anderer sich auf Architektur, Details oder anmutige Formen spezialisiert hat. Gemeinsam bilden sie ein starkes und vielseitiges Team.<\/p><p data-start=\"520\" data-end=\"904\"><strong data-start=\"520\" data-end=\"544\">Arbeitszufriedenheit im Zentrum<\/strong> WeLoveSand baut gro\u00dfe Sandskulpturenausstellungen f\u00fcr \u00f6ffentliche Veranstaltungen, kreiert aber auch kommerzielle Skulpturen f\u00fcr bekannte Marken wie Red Bull und McDonald&#039;s. Dar\u00fcber hinaus organisiert das Unternehmen Teambuilding-Aktivit\u00e4ten: Gemeinsam bauen, lachen und etwas Besonderes aus Sand erschaffen. Jedes Mal ein \u00fcberraschend unterhaltsamer Betriebsausflug!.<\/p><p data-start=\"906\" data-end=\"1243\"><strong data-start=\"906\" data-end=\"936\">MEISTERSCHAFTEN &amp; ERSTE ERFOLGE<\/strong> \u2013 Ebenfalls erw\u00e4hnenswert: Das WLS-Team organisierte mehrere Ausgaben der niederl\u00e4ndischen und europ\u00e4ischen Sandskulpturenmeisterschaften. Wer wei\u00df \u2026 vielleicht verpassen wir ja eines Tages eine Ausgabe in Julianadorp? Au\u00dferdem veranstaltete WeLoveSand mit dem weltweit ersten Sandhotel eine echte Premiere seit Jahren \u2013 wie au\u00dfergew\u00f6hnlich ist das denn!<\/p><p data-start=\"1245\" data-end=\"1661\"><strong data-start=\"1245\" data-end=\"1266\">GESCHICHTEN AUS DEM SAND<\/strong> Was dem Team besonders viel Freude bereitet, ist die Arbeit mit Sandskulpturen, die Geschichten erz\u00e4hlen. Und das wird sich bald auch in Julianadorp widerspiegeln. Die Skulpturen werden einen klaren Bezug zum Dorf und der Umgebung haben, mit Beispielen wie Strand und D\u00fcnen, Blumen und Blumenzwiebeln, Wassersport, Radfahrern, maritimen Elementen und nat\u00fcrlich der typischen Atmosph\u00e4re von Julianadorp selbst.<\/p><p data-start=\"1663\" data-end=\"2151\" data-is-last-node=\"\" data-is-only-node=\"\"><strong data-start=\"1663\" data-end=\"1675\">DAUERHAFT<\/strong> In den letzten Jahren hat WeLoveSand den Fokus verst\u00e4rkt auf Nachhaltigkeit gelegt. Sand wird, wo immer m\u00f6glich, wiederverwendet, und wenn niederl\u00e4ndische K\u00fcnstler verf\u00fcgbar sind, arbeitet das Team bevorzugt mit ihnen zusammen. Muss jemand aufgrund besonderer Expertise oder der spannenden internationalen Mischung eine l\u00e4ngere Anreise in Kauf nehmen, versucht WLS, diese geschickt mit mehreren Projekten zu verbinden. Kurz gesagt: Weltweite Erfahrung, hochkar\u00e4tige K\u00fcnstler und eine geh\u00f6rige Portion Enthusiasmus \u2026 das verhei\u00dft Gutes f\u00fcr Julianadorp!<\/p>\t\t\t\t\t\t\t\t<\/div>\n\t\t\t\t<\/div>\n\t\t\t\t\t<\/div>\n\t\t\t\t<\/div>\n\t\t<div class=\"elementor-element elementor-element-3545e3e1 e-flex e-con-boxed e-con e-parent\" data-id=\"3545e3e1\" data-element_type=\"container\" data-e-type=\"container\" data-settings=\"{&quot;jet_parallax_layout_list&quot;:[]}\">\n\t\t\t\t\t<div class=\"e-con-inner\">\n\t\t<div class=\"elementor-element elementor-element-3c575578 e-con-full e-flex e-con e-child\" data-id=\"3c575578\" data-element_type=\"container\" data-e-type=\"container\" data-settings=\"{&quot;jet_parallax_layout_list&quot;:[]}\">\n\t\t\t\t<div class=\"elementor-element elementor-element-76ffe2b8 elementor-widget__width-inherit elementor-widget elementor-widget-heading\" data-id=\"76ffe2b8\" data-element_type=\"widget\" data-e-type=\"widget\" data-widget_type=\"heading.default\">\n\t\t\t\t<div class=\"elementor-widget-container\">\n\t\t\t\t\t<span class=\"elementor-heading-title elementor-size-default\">Seine Liebe zu diesem Beruf begann dank eines Kommilitonen von der Kunstakademie.<\/span>\t\t\t\t<\/div>\n\t\t\t\t<\/div>\n\t\t\t\t<div class=\"elementor-element elementor-element-69419213 elementor-widget__width-inherit elementor-widget elementor-widget-heading\" data-id=\"69419213\" data-element_type=\"widget\" data-e-type=\"widget\" data-widget_type=\"heading.default\">\n\t\t\t\t<div class=\"elementor-widget-container\">\n\t\t\t\t\t<h2 class=\"elementor-heading-title elementor-size-default\">Jeroen Anwalt<\/h2>\t\t\t\t<\/div>\n\t\t\t\t<\/div>\n\t\t\t\t<div class=\"elementor-element elementor-element-2c58623e elementor-widget elementor-widget-text-editor\" data-id=\"2c58623e\" data-element_type=\"widget\" data-e-type=\"widget\" data-widget_type=\"text-editor.default\">\n\t\t\t\t<div class=\"elementor-widget-container\">\n\t\t\t\t\t\t\t\t\t<p>Jeroen Advocaat ist 48 Jahre alt, stammt aus Gorredijk und ist seit 23 Jahren in der Sandskulpturenszene aktiv. Der niederl\u00e4ndische K\u00fcnstler arbeitet nicht nur mit Sand, sondern auch mit K\u00fcrbissen, Eis, Ton und nutzt digitale Techniken. Seine Leidenschaft f\u00fcr dieses Handwerk begann durch einen Kommilitonen an der Kunsthochschule und hat ihn seitdem nicht mehr losgelassen. Jeroen hat sich auch bei Wettbewerben einen Namen gemacht und beeindruckende Ergebnisse erzielt, unter anderem beim Sneek-Wettbewerb (niederl\u00e4ndischer Meister!) und sogar zweimal beim Rorschach-Wettbewerb in der Schweiz. Nach Julianadorp reist er zu einem Wettbewerb nach Garderen. In seiner Freizeit sieht er gerne Filme und liest Comics \u2013 eine wunderbare Kombination aus Fantasie und Abenteuerlust, die perfekt zu seiner Arbeit als Sandk\u00fcnstler passt.<\/p>\t\t\t\t\t\t\t\t<\/div>\n\t\t\t\t<\/div>\n\t\t\t\t<\/div>\n\t\t<div class=\"elementor-element elementor-element-1d59dd23 e-con-full e-flex e-con e-child\" data-id=\"1d59dd23\" data-element_type=\"container\" data-e-type=\"container\" data-settings=\"{&quot;jet_parallax_layout_list&quot;:[]}\">\n\t\t\t\t<div class=\"elementor-element elementor-element-5e9e7d96 elementor-widget elementor-widget-image\" data-id=\"5e9e7d96\" data-element_type=\"widget\" data-e-type=\"widget\" data-widget_type=\"image.default\">\n\t\t\t\t<div class=\"elementor-widget-container\">\n\t\t\t\t\t\t\t\t\t\t\t\t\t\t\t<img fetchpriority=\"high\" decoding=\"async\" width=\"768\" height=\"1024\" src=\"https:\/\/denhelder.online\/wp-content\/uploads\/2026\/04\/Jeroen-Advocaat-768x1024.jpg\" class=\"attachment-large size-large wp-image-23850\" alt=\"\" srcset=\"https:\/\/denhelder.online\/wp-content\/uploads\/2026\/04\/Jeroen-Advocaat-768x1024.jpg 768w, https:\/\/denhelder.online\/wp-content\/uploads\/2026\/04\/Jeroen-Advocaat-225x300.jpg 225w, https:\/\/denhelder.online\/wp-content\/uploads\/2026\/04\/Jeroen-Advocaat-1152x1536.jpg 1152w, https:\/\/denhelder.online\/wp-content\/uploads\/2026\/04\/Jeroen-Advocaat-1536x2048.jpg 1536w, https:\/\/denhelder.online\/wp-content\/uploads\/2026\/04\/Jeroen-Advocaat-9x12.jpg 9w, https:\/\/denhelder.online\/wp-content\/uploads\/2026\/04\/Jeroen-Advocaat-450x600.jpg 450w, https:\/\/denhelder.online\/wp-content\/uploads\/2026\/04\/Jeroen-Advocaat-scaled.jpg 1920w\" sizes=\"(max-width: 768px) 100vw, 768px\" \/>\t\t\t\t\t\t\t\t\t\t\t\t\t\t\t<\/div>\n\t\t\t\t<\/div>\n\t\t\t\t<\/div>\n\t\t\t\t\t<\/div>\n\t\t\t\t<\/div>\n\t\t<div class=\"elementor-element elementor-element-6bed8b2 e-flex e-con-boxed e-con e-parent\" data-id=\"6bed8b2\" data-element_type=\"container\" data-e-type=\"container\" data-settings=\"{&quot;jet_parallax_layout_list&quot;:[]}\">\n\t\t\t\t\t<div class=\"e-con-inner\">\n\t\t<div class=\"elementor-element elementor-element-7dbd2a5 e-con-full e-flex e-con e-child\" data-id=\"7dbd2a5\" data-element_type=\"container\" data-e-type=\"container\" data-settings=\"{&quot;jet_parallax_layout_list&quot;:[]}\">\n\t\t\t\t<div class=\"elementor-element elementor-element-a80cc2c elementor-widget__width-inherit elementor-widget elementor-widget-heading\" data-id=\"a80cc2c\" data-element_type=\"widget\" data-e-type=\"widget\" data-widget_type=\"heading.default\">\n\t\t\t\t<div class=\"elementor-widget-container\">\n\t\t\t\t\t<span class=\"elementor-heading-title elementor-size-default\">K\u00fcnstler und vielseitiger Kreativer, auch hinter den Kulissen<\/span>\t\t\t\t<\/div>\n\t\t\t\t<\/div>\n\t\t\t\t<div class=\"elementor-element elementor-element-13e1598 elementor-widget__width-inherit elementor-widget elementor-widget-heading\" data-id=\"13e1598\" data-element_type=\"widget\" data-e-type=\"widget\" data-widget_type=\"heading.default\">\n\t\t\t\t<div class=\"elementor-widget-container\">\n\t\t\t\t\t<h2 class=\"elementor-heading-title elementor-size-default\">Maxim Gazendam<\/h2>\t\t\t\t<\/div>\n\t\t\t\t<\/div>\n\t\t\t\t<div class=\"elementor-element elementor-element-af9b136 elementor-widget__width-initial elementor-widget elementor-widget-text-editor\" data-id=\"af9b136\" data-element_type=\"widget\" data-e-type=\"widget\" data-widget_type=\"text-editor.default\">\n\t\t\t\t<div class=\"elementor-widget-container\">\n\t\t\t\t\t\t\t\t\t<p>Maxim Gazendam ist 44 Jahre alt, lebt in Kortenhoef und fertigt seit 1998 Sandskulpturen an. Was einst als lockerer Nachmittagsworkshop begann, entwickelte sich vom Hobby zum Beruf. Neben Sand arbeitet Maxim auch mit Eis und kann bereits einige beeindruckende Titel vorweisen, darunter Niederl\u00e4ndischer Meister, Europameister und Preise bei den American Open Championships. Nach Julianadorp reist er weiter nach Garderen in der Veluwe. Neben dem Bau von Skulpturen engagiert sich Maxim zunehmend auch als Ausstellungsorganisator. Konzeption, Organisation, Medien: Er genie\u00dft alles, was zu einer Veranstaltung dazugeh\u00f6rt. Das macht ihn nicht nur zu einem K\u00fcnstler, sondern auch zu einem wahren Allround-Kreativen im Hintergrund.<\/p>\t\t\t\t\t\t\t\t<\/div>\n\t\t\t\t<\/div>\n\t\t\t\t<\/div>\n\t\t<div class=\"elementor-element elementor-element-fed064b e-con-full e-flex e-con e-child\" data-id=\"fed064b\" data-element_type=\"container\" data-e-type=\"container\" data-settings=\"{&quot;jet_parallax_layout_list&quot;:[]}\">\n\t\t\t\t<div class=\"elementor-element elementor-element-2b5c8e4 elementor-widget elementor-widget-image\" data-id=\"2b5c8e4\" data-element_type=\"widget\" data-e-type=\"widget\" data-widget_type=\"image.default\">\n\t\t\t\t<div class=\"elementor-widget-container\">\n\t\t\t\t\t\t\t\t\t\t\t\t\t\t\t<img decoding=\"async\" width=\"800\" height=\"600\" src=\"https:\/\/denhelder.online\/wp-content\/uploads\/2026\/04\/Maxim-Gazendam-1024x768.jpeg\" class=\"attachment-large size-large wp-image-23854\" alt=\"\" srcset=\"https:\/\/denhelder.online\/wp-content\/uploads\/2026\/04\/Maxim-Gazendam-1024x768.jpeg 1024w, https:\/\/denhelder.online\/wp-content\/uploads\/2026\/04\/Maxim-Gazendam-300x225.jpeg 300w, https:\/\/denhelder.online\/wp-content\/uploads\/2026\/04\/Maxim-Gazendam-768x576.jpeg 768w, https:\/\/denhelder.online\/wp-content\/uploads\/2026\/04\/Maxim-Gazendam-1536x1152.jpeg 1536w, https:\/\/denhelder.online\/wp-content\/uploads\/2026\/04\/Maxim-Gazendam-2048x1536.jpeg 2048w, https:\/\/denhelder.online\/wp-content\/uploads\/2026\/04\/Maxim-Gazendam-16x12.jpeg 16w, https:\/\/denhelder.online\/wp-content\/uploads\/2026\/04\/Maxim-Gazendam-600x450.jpeg 600w\" sizes=\"(max-width: 800px) 100vw, 800px\" \/>\t\t\t\t\t\t\t\t\t\t\t\t\t\t\t<\/div>\n\t\t\t\t<\/div>\n\t\t\t\t<\/div>\n\t\t\t\t\t<\/div>\n\t\t\t\t<\/div>\n\t\t<div class=\"elementor-element elementor-element-71cd43b e-flex e-con-boxed e-con e-parent\" data-id=\"71cd43b\" data-element_type=\"container\" data-e-type=\"container\" data-settings=\"{&quot;jet_parallax_layout_list&quot;:[]}\">\n\t\t\t\t\t<div class=\"e-con-inner\">\n\t\t<div class=\"elementor-element elementor-element-7109ec0 e-con-full e-flex e-con e-child\" data-id=\"7109ec0\" data-element_type=\"container\" data-e-type=\"container\" data-settings=\"{&quot;jet_parallax_layout_list&quot;:[]}\">\n\t\t\t\t<div class=\"elementor-element elementor-element-89c7c2b elementor-widget__width-inherit elementor-widget elementor-widget-heading\" data-id=\"89c7c2b\" data-element_type=\"widget\" data-e-type=\"widget\" data-widget_type=\"heading.default\">\n\t\t\t\t<div class=\"elementor-widget-container\">\n\t\t\t\t\t<span class=\"elementor-heading-title elementor-size-default\">Jede Menge kreative Energie: ein Macher im weitesten Sinne des Wortes.<\/span>\t\t\t\t<\/div>\n\t\t\t\t<\/div>\n\t\t\t\t<div class=\"elementor-element elementor-element-d2e0b67 elementor-widget__width-inherit elementor-widget elementor-widget-heading\" data-id=\"d2e0b67\" data-element_type=\"widget\" data-e-type=\"widget\" data-widget_type=\"heading.default\">\n\t\t\t\t<div class=\"elementor-widget-container\">\n\t\t\t\t\t<h2 class=\"elementor-heading-title elementor-size-default\">Wilfred Stijger<\/h2>\t\t\t\t<\/div>\n\t\t\t\t<\/div>\n\t\t\t\t<div class=\"elementor-element elementor-element-fd93795 elementor-widget__width-initial elementor-widget elementor-widget-text-editor\" data-id=\"fd93795\" data-element_type=\"widget\" data-e-type=\"widget\" data-widget_type=\"text-editor.default\">\n\t\t\t\t<div class=\"elementor-widget-container\">\n\t\t\t\t\t\t\t\t\t<p>Wilfred Stijger aus Pieterburen geh\u00f6rt zu den wahren Veteranen der Sandkunst: Seit 1986\/87 fertigt er Sandskulpturen an. Neben Sand arbeitet er auch mit Schnee, Eis, Beton und virtuellem Ton. Seine Faszination f\u00fcr die Kunst begann mit einer Brosch\u00fcre des Sandk\u00fcnstlers Pieter Wiersma aus der Bibliothek, obwohl er eigentlich schon vorher begeistert war. Nach dem Projekt in Julianadorp pr\u00e4sentiert er nun eine eigene kleine Sandausstellung in Pieterburen, f\u00fchrt Besucher durch das Watt und nimmt an einem Wettbewerb in Parksville teil. Wilfred spr\u00fcht vor kreativer Energie: Er baut gerne Werkzeuge, bastelt im Hobbybereich, malt, erledigt diverse Arbeiten im Haus und zeichnet in 3D mit Rhino und Grasshopper. Ein wahrer Macher im besten Sinne des Wortes.<\/p>\t\t\t\t\t\t\t\t<\/div>\n\t\t\t\t<\/div>\n\t\t\t\t<\/div>\n\t\t<div class=\"elementor-element elementor-element-61051d6 e-con-full e-flex e-con e-child\" data-id=\"61051d6\" data-element_type=\"container\" data-e-type=\"container\" data-settings=\"{&quot;jet_parallax_layout_list&quot;:[]}\">\n\t\t\t\t<div class=\"elementor-element elementor-element-e16ead0 elementor-widget elementor-widget-image\" data-id=\"e16ead0\" data-element_type=\"widget\" data-e-type=\"widget\" data-widget_type=\"image.default\">\n\t\t\t\t<div class=\"elementor-widget-container\">\n\t\t\t\t\t\t\t\t\t\t\t\t\t\t\t<img decoding=\"async\" width=\"800\" height=\"947\" src=\"https:\/\/denhelder.online\/wp-content\/uploads\/2026\/04\/Wilfred-Stijger-865x1024.png\" class=\"attachment-large size-large wp-image-23862\" alt=\"\" srcset=\"https:\/\/denhelder.online\/wp-content\/uploads\/2026\/04\/Wilfred-Stijger-865x1024.png 865w, https:\/\/denhelder.online\/wp-content\/uploads\/2026\/04\/Wilfred-Stijger-254x300.png 254w, https:\/\/denhelder.online\/wp-content\/uploads\/2026\/04\/Wilfred-Stijger-768x909.png 768w, https:\/\/denhelder.online\/wp-content\/uploads\/2026\/04\/Wilfred-Stijger-10x12.png 10w, https:\/\/denhelder.online\/wp-content\/uploads\/2026\/04\/Wilfred-Stijger-507x600.png 507w, https:\/\/denhelder.online\/wp-content\/uploads\/2026\/04\/Wilfred-Stijger.png 1015w\" sizes=\"(max-width: 800px) 100vw, 800px\" \/>\t\t\t\t\t\t\t\t\t\t\t\t\t\t\t<\/div>\n\t\t\t\t<\/div>\n\t\t\t\t<\/div>\n\t\t\t\t\t<\/div>\n\t\t\t\t<\/div>\n\t\t<div class=\"elementor-element elementor-element-60e086e e-flex e-con-boxed e-con e-parent\" data-id=\"60e086e\" data-element_type=\"container\" data-e-type=\"container\" data-settings=\"{&quot;jet_parallax_layout_list&quot;:[]}\">\n\t\t\t\t\t<div class=\"e-con-inner\">\n\t\t<div class=\"elementor-element elementor-element-dedddec e-con-full e-flex e-con e-child\" data-id=\"dedddec\" data-element_type=\"container\" data-e-type=\"container\" data-settings=\"{&quot;jet_parallax_layout_list&quot;:[]}\">\n\t\t\t\t<div class=\"elementor-element elementor-element-afd201a elementor-widget__width-inherit elementor-widget elementor-widget-heading\" data-id=\"afd201a\" data-element_type=\"widget\" data-e-type=\"widget\" data-widget_type=\"heading.default\">\n\t\t\t\t<div class=\"elementor-widget-container\">\n\t\t\t\t\t<span class=\"elementor-heading-title elementor-size-default\">Neben Sand auch umfangreiche Erfahrung mit anderen Materialien<\/span>\t\t\t\t<\/div>\n\t\t\t\t<\/div>\n\t\t\t\t<div class=\"elementor-element elementor-element-62cf9d1 elementor-widget__width-inherit elementor-widget elementor-widget-heading\" data-id=\"62cf9d1\" data-element_type=\"widget\" data-e-type=\"widget\" data-widget_type=\"heading.default\">\n\t\t\t\t<div class=\"elementor-widget-container\">\n\t\t\t\t\t<h2 class=\"elementor-heading-title elementor-size-default\">Wjatscheslaw Iemeljanenko<\/h2>\t\t\t\t<\/div>\n\t\t\t\t<\/div>\n\t\t\t\t<div class=\"elementor-element elementor-element-162564b elementor-widget__width-initial elementor-widget elementor-widget-text-editor\" data-id=\"162564b\" data-element_type=\"widget\" data-e-type=\"widget\" data-widget_type=\"text-editor.default\">\n\t\t\t\t<div class=\"elementor-widget-container\">\n\t\t\t\t\t\t\t\t\t<p>Viacheslav Iemelianenko ist 53 Jahre alt, ukrainischer Abstammung und lebt derzeit in Krakau, Polen. Seit 15 Jahren arbeitet er als Sandk\u00fcnstler und verf\u00fcgt \u00fcber umfangreiche Erfahrung mit anderen Materialien wie Beton, Bronze, Kunststoff, Metall, Ton, Eis und Schnee. Sein breites Materialwissen spiegelt sich in seinen kraftvollen, technisch versierten und vielseitigen Werken wider. Er wurde bereits mehrfach ausgezeichnet, unter anderem beim Sandfestival in Zandvoort. Sein Interesse an Sand entstand aus der Neugier auf neue Materialien, woraufhin er f\u00fcr ein Skulpturenprojekt in die Niederlande eingeladen wurde. Seitdem ist Sand ein wichtiger Bestandteil seines k\u00fcnstlerischen Schaffens.<\/p>\t\t\t\t\t\t\t\t<\/div>\n\t\t\t\t<\/div>\n\t\t\t\t<\/div>\n\t\t<div class=\"elementor-element elementor-element-90b2ba3 e-con-full e-flex e-con e-child\" data-id=\"90b2ba3\" data-element_type=\"container\" data-e-type=\"container\" data-settings=\"{&quot;jet_parallax_layout_list&quot;:[]}\">\n\t\t\t\t<div class=\"elementor-element elementor-element-6002b23 elementor-widget elementor-widget-image\" data-id=\"6002b23\" data-element_type=\"widget\" data-e-type=\"widget\" data-widget_type=\"image.default\">\n\t\t\t\t<div class=\"elementor-widget-container\">\n\t\t\t\t\t\t\t\t\t\t\t\t\t\t\t<img loading=\"lazy\" decoding=\"async\" width=\"800\" height=\"794\" src=\"https:\/\/denhelder.online\/wp-content\/uploads\/2026\/04\/Viacheslav-Iemelianenko-1024x1016.jpeg\" class=\"attachment-large size-large wp-image-23889\" alt=\"\" srcset=\"https:\/\/denhelder.online\/wp-content\/uploads\/2026\/04\/Viacheslav-Iemelianenko-1024x1016.jpeg 1024w, https:\/\/denhelder.online\/wp-content\/uploads\/2026\/04\/Viacheslav-Iemelianenko-300x298.jpeg 300w, https:\/\/denhelder.online\/wp-content\/uploads\/2026\/04\/Viacheslav-Iemelianenko-150x150.jpeg 150w, https:\/\/denhelder.online\/wp-content\/uploads\/2026\/04\/Viacheslav-Iemelianenko-768x762.jpeg 768w, https:\/\/denhelder.online\/wp-content\/uploads\/2026\/04\/Viacheslav-Iemelianenko-1536x1524.jpeg 1536w, https:\/\/denhelder.online\/wp-content\/uploads\/2026\/04\/Viacheslav-Iemelianenko-12x12.jpeg 12w, https:\/\/denhelder.online\/wp-content\/uploads\/2026\/04\/Viacheslav-Iemelianenko-600x595.jpeg 600w, https:\/\/denhelder.online\/wp-content\/uploads\/2026\/04\/Viacheslav-Iemelianenko.jpeg 1600w\" sizes=\"(max-width: 800px) 100vw, 800px\" \/>\t\t\t\t\t\t\t\t\t\t\t\t\t\t\t<\/div>\n\t\t\t\t<\/div>\n\t\t\t\t<\/div>\n\t\t\t\t\t<\/div>\n\t\t\t\t<\/div>\n\t\t<div class=\"elementor-element elementor-element-0d52cf2 e-flex e-con-boxed e-con e-parent\" data-id=\"0d52cf2\" data-element_type=\"container\" data-e-type=\"container\" data-settings=\"{&quot;jet_parallax_layout_list&quot;:[]}\">\n\t\t\t\t\t<div class=\"e-con-inner\">\n\t\t<div class=\"elementor-element elementor-element-873713a e-con-full e-flex e-con e-child\" data-id=\"873713a\" data-element_type=\"container\" data-e-type=\"container\" data-settings=\"{&quot;jet_parallax_layout_list&quot;:[]}\">\n\t\t\t\t<div class=\"elementor-element elementor-element-e9b35b2 elementor-widget__width-inherit elementor-widget elementor-widget-heading\" data-id=\"e9b35b2\" data-element_type=\"widget\" data-e-type=\"widget\" data-widget_type=\"heading.default\">\n\t\t\t\t<div class=\"elementor-widget-container\">\n\t\t\t\t\t<span class=\"elementor-heading-title elementor-size-default\">Hat im Laufe der Jahre mehr als 20 Preise gewonnen.<\/span>\t\t\t\t<\/div>\n\t\t\t\t<\/div>\n\t\t\t\t<div class=\"elementor-element elementor-element-9bdb7fa elementor-widget__width-inherit elementor-widget elementor-widget-heading\" data-id=\"9bdb7fa\" data-element_type=\"widget\" data-e-type=\"widget\" data-widget_type=\"heading.default\">\n\t\t\t\t<div class=\"elementor-widget-container\">\n\t\t\t\t\t<h2 class=\"elementor-heading-title elementor-size-default\">Martijn Rijerse<\/h2>\t\t\t\t<\/div>\n\t\t\t\t<\/div>\n\t\t\t\t<div class=\"elementor-element elementor-element-336b6ef elementor-widget__width-initial elementor-widget elementor-widget-text-editor\" data-id=\"336b6ef\" data-element_type=\"widget\" data-e-type=\"widget\" data-widget_type=\"text-editor.default\">\n\t\t\t\t<div class=\"elementor-widget-container\">\n\t\t\t\t\t\t\t\t\t<p>Martijn Rijerse aus Rotterdam ist ein absoluter Veteran seines Fachs. Der 52-j\u00e4hrige K\u00fcnstler kreiert seit 1996 Sandskulpturen und hat im Laufe der Jahre \u00fcber 20 Preise gewonnen. Seine Troph\u00e4ensammlung ist beeindruckend: ein zweiter Platz im Einzelwettbewerb in Rhode Island (USA) 2025, ein erster Platz bei den Niederl\u00e4ndischen Meisterschaften in Zandvoort 2021, ein Sieg in Tottori, Japan, und ein Titel bei der Doppelweltmeisterschaft in Federal Way, USA. Neben Sand arbeitet Martijn auch mit Styropor, Polyurethanschaum, Schnee, Eis, Beton und Ton. Seine Karriere begann, als er w\u00e4hrend seines Architekturstudiums in Delft einen Flyer f\u00fcr einen Sandskulpturenwettbewerb in Scheveningen sah. Er und seine Freunde belegten den letzten Platz, aber der Samen war ges\u00e4t. Nach Julianadorp gestaltete er die Hauptb\u00fchne von Tomorrowland, und danach wartet ein weiterer Wettbewerb in Virginia, USA. Zuhause teilt er sein Leben mit seiner Frau, die er in der Sandkunst kennengelernt hat, ihren drei Kindern, sechs H\u00fchnern und einer Katze. Und wo immer er arbeitet, versucht er stets, die Umgebung laufend zu erkunden. Denn, wie er selbst eindrucksvoll beweist: Sand ist nicht nur Kunst, sondern auch Abenteuer.<\/p>\t\t\t\t\t\t\t\t<\/div>\n\t\t\t\t<\/div>\n\t\t\t\t<\/div>\n\t\t<div class=\"elementor-element elementor-element-e270646 e-con-full e-flex e-con e-child\" data-id=\"e270646\" data-element_type=\"container\" data-e-type=\"container\" data-settings=\"{&quot;jet_parallax_layout_list&quot;:[]}\">\n\t\t\t\t<div class=\"elementor-element elementor-element-a32b681 elementor-widget elementor-widget-image\" data-id=\"a32b681\" data-element_type=\"widget\" data-e-type=\"widget\" data-widget_type=\"image.default\">\n\t\t\t\t<div class=\"elementor-widget-container\">\n\t\t\t\t\t\t\t\t\t\t\t\t\t\t\t<img loading=\"lazy\" decoding=\"async\" width=\"800\" height=\"997\" src=\"https:\/\/denhelder.online\/wp-content\/uploads\/2026\/04\/Martijn-Rijerse2-822x1024.jpeg\" class=\"attachment-large size-large wp-image-23853\" alt=\"\" srcset=\"https:\/\/denhelder.online\/wp-content\/uploads\/2026\/04\/Martijn-Rijerse2-822x1024.jpeg 822w, https:\/\/denhelder.online\/wp-content\/uploads\/2026\/04\/Martijn-Rijerse2-241x300.jpeg 241w, https:\/\/denhelder.online\/wp-content\/uploads\/2026\/04\/Martijn-Rijerse2-768x956.jpeg 768w, https:\/\/denhelder.online\/wp-content\/uploads\/2026\/04\/Martijn-Rijerse2-1234x1536.jpeg 1234w, https:\/\/denhelder.online\/wp-content\/uploads\/2026\/04\/Martijn-Rijerse2-10x12.jpeg 10w, https:\/\/denhelder.online\/wp-content\/uploads\/2026\/04\/Martijn-Rijerse2-482x600.jpeg 482w, https:\/\/denhelder.online\/wp-content\/uploads\/2026\/04\/Martijn-Rijerse2.jpeg 1285w\" sizes=\"(max-width: 800px) 100vw, 800px\" \/>\t\t\t\t\t\t\t\t\t\t\t\t\t\t\t<\/div>\n\t\t\t\t<\/div>\n\t\t\t\t<\/div>\n\t\t\t\t\t<\/div>\n\t\t\t\t<\/div>\n\t\t<div class=\"elementor-element elementor-element-a348b1c e-flex e-con-boxed e-con e-parent\" data-id=\"a348b1c\" data-element_type=\"container\" data-e-type=\"container\" data-settings=\"{&quot;jet_parallax_layout_list&quot;:[]}\">\n\t\t\t\t\t<div class=\"e-con-inner\">\n\t\t<div class=\"elementor-element elementor-element-82807f9 e-con-full e-flex e-con e-child\" data-id=\"82807f9\" data-element_type=\"container\" data-e-type=\"container\" data-settings=\"{&quot;jet_parallax_layout_list&quot;:[]}\">\n\t\t\t\t<div class=\"elementor-element elementor-element-3964acb elementor-widget__width-inherit elementor-widget elementor-widget-heading\" data-id=\"3964acb\" data-element_type=\"widget\" data-e-type=\"widget\" data-widget_type=\"heading.default\">\n\t\t\t\t<div class=\"elementor-widget-container\">\n\t\t\t\t\t<span class=\"elementor-heading-title elementor-size-default\">Sie verpasste den Zug, sah eine Sandskulptur, der Rest ist Geschichte.<\/span>\t\t\t\t<\/div>\n\t\t\t\t<\/div>\n\t\t\t\t<div class=\"elementor-element elementor-element-a82729f elementor-widget__width-inherit elementor-widget elementor-widget-heading\" data-id=\"a82729f\" data-element_type=\"widget\" data-e-type=\"widget\" data-widget_type=\"heading.default\">\n\t\t\t\t<div class=\"elementor-widget-container\">\n\t\t\t\t\t<h2 class=\"elementor-heading-title elementor-size-default\">Edith van de Wetering<\/h2>\t\t\t\t<\/div>\n\t\t\t\t<\/div>\n\t\t\t\t<div class=\"elementor-element elementor-element-cf1370b elementor-widget__width-initial elementor-widget elementor-widget-text-editor\" data-id=\"cf1370b\" data-element_type=\"widget\" data-e-type=\"widget\" data-widget_type=\"text-editor.default\">\n\t\t\t\t<div class=\"elementor-widget-container\">\n\t\t\t\t\t\t\t\t\t<p>Edith van de Wetering, Jahrgang 1973, lebt in Pieterburen und arbeitet seit 1991 mit Sand, als sie in Scheveningen damit begann. Neben Sand verarbeitet sie auch Schnee, Eis, Styropor und Beton. Im Laufe der Jahre hat Edith zahlreiche Auszeichnungen gewonnen. Ihren j\u00fcngsten Erfolg feierte sie erst im vergangenen November beim Doppelwettbewerb in Siesta Key, wo sie und Wilfred sowohl den ersten Preis als auch den Publikumspreis gewannen. Ihre Geschichte, wie sie zu diesem Beruf kam, ist wundersch\u00f6n: Sie verpasste einmal in Den Haag einen Zug, sah am Bahnhof eine Sandskulptur entstehen und musste eine Stunde lang zusehen. Am n\u00e4chsten Tag hing eine Anzeige an der Technischen Universit\u00e4t Delft: Menschen gesucht. Der Rest ist Geschichte. Nach Julianadorp reiste Edith weiter nach Parksville in Kanada, wo sie auch als Wattwanderf\u00fchrerin arbeitet. Und zu Hause? Dort erwarten sie drei\u00dfig H\u00fchner, darunter sogar zwei behinderte H\u00e4hne; allein das macht ihre Geschichte unvergesslich.<\/p>\t\t\t\t\t\t\t\t<\/div>\n\t\t\t\t<\/div>\n\t\t\t\t<\/div>\n\t\t<div class=\"elementor-element elementor-element-0edab46 e-con-full e-flex e-con e-child\" data-id=\"0edab46\" data-element_type=\"container\" data-e-type=\"container\" data-settings=\"{&quot;jet_parallax_layout_list&quot;:[]}\">\n\t\t\t\t<div class=\"elementor-element elementor-element-d2c72ad elementor-widget elementor-widget-image\" data-id=\"d2c72ad\" data-element_type=\"widget\" data-e-type=\"widget\" data-widget_type=\"image.default\">\n\t\t\t\t<div class=\"elementor-widget-container\">\n\t\t\t\t\t\t\t\t\t\t\t\t\t\t\t<img loading=\"lazy\" decoding=\"async\" width=\"713\" height=\"1024\" src=\"https:\/\/denhelder.online\/wp-content\/uploads\/2026\/04\/Edith-van-de-Wetering-713x1024.jpeg\" class=\"attachment-large size-large wp-image-23864\" alt=\"\" srcset=\"https:\/\/denhelder.online\/wp-content\/uploads\/2026\/04\/Edith-van-de-Wetering-713x1024.jpeg 713w, https:\/\/denhelder.online\/wp-content\/uploads\/2026\/04\/Edith-van-de-Wetering-209x300.jpeg 209w, https:\/\/denhelder.online\/wp-content\/uploads\/2026\/04\/Edith-van-de-Wetering-768x1102.jpeg 768w, https:\/\/denhelder.online\/wp-content\/uploads\/2026\/04\/Edith-van-de-Wetering-1070x1536.jpeg 1070w, https:\/\/denhelder.online\/wp-content\/uploads\/2026\/04\/Edith-van-de-Wetering-8x12.jpeg 8w, https:\/\/denhelder.online\/wp-content\/uploads\/2026\/04\/Edith-van-de-Wetering-418x600.jpeg 418w, https:\/\/denhelder.online\/wp-content\/uploads\/2026\/04\/Edith-van-de-Wetering.jpeg 1105w\" sizes=\"(max-width: 713px) 100vw, 713px\" \/>\t\t\t\t\t\t\t\t\t\t\t\t\t\t\t<\/div>\n\t\t\t\t<\/div>\n\t\t\t\t<\/div>\n\t\t\t\t\t<\/div>\n\t\t\t\t<\/div>\n\t\t<div class=\"elementor-element elementor-element-fc06180 e-flex e-con-boxed e-con e-parent\" data-id=\"fc06180\" data-element_type=\"container\" data-e-type=\"container\" data-settings=\"{&quot;jet_parallax_layout_list&quot;:[]}\">\n\t\t\t\t\t<div class=\"e-con-inner\">\n\t\t<div class=\"elementor-element elementor-element-6ef89cf e-con-full e-flex e-con e-child\" data-id=\"6ef89cf\" data-element_type=\"container\" data-e-type=\"container\" data-settings=\"{&quot;jet_parallax_layout_list&quot;:[]}\">\n\t\t\t\t<div class=\"elementor-element elementor-element-f483412 elementor-widget__width-inherit elementor-widget elementor-widget-heading\" data-id=\"f483412\" data-element_type=\"widget\" data-e-type=\"widget\" data-widget_type=\"heading.default\">\n\t\t\t\t<div class=\"elementor-widget-container\">\n\t\t\t\t\t<span class=\"elementor-heading-title elementor-size-default\">Verliebt in das Material und das Projektleben<\/span>\t\t\t\t<\/div>\n\t\t\t\t<\/div>\n\t\t\t\t<div class=\"elementor-element elementor-element-9174dfd elementor-widget__width-inherit elementor-widget elementor-widget-heading\" data-id=\"9174dfd\" data-element_type=\"widget\" data-e-type=\"widget\" data-widget_type=\"heading.default\">\n\t\t\t\t<div class=\"elementor-widget-container\">\n\t\t\t\t\t<h2 class=\"elementor-heading-title elementor-size-default\">Anique Kuizenga<\/h2>\t\t\t\t<\/div>\n\t\t\t\t<\/div>\n\t\t\t\t<div class=\"elementor-element elementor-element-5ae30b7 elementor-widget__width-initial elementor-widget elementor-widget-text-editor\" data-id=\"5ae30b7\" data-element_type=\"widget\" data-e-type=\"widget\" data-widget_type=\"text-editor.default\">\n\t\t\t\t<div class=\"elementor-widget-container\">\n\t\t\t\t\t\t\t\t\t<p>Anique Kuizenga aus Groningen ist 51 Jahre alt und feiert 2026 ein besonderes Jubil\u00e4um: ihr 30-j\u00e4hriges Sandjubil\u00e4um. Sie begann 1996 und arbeitet neben Sand vorwiegend mit Schnee und Eis, aber auch Ton, Styropor, K\u00e4se und Butter geh\u00f6ren zu ihrem Repertoire. Nach der Geburt ihres Kindes zog sie sich fast vollst\u00e4ndig aus dem Wettbewerbsgeschehen zur\u00fcck und konzentrierte sich haupts\u00e4chlich auf kommerzielle Auftr\u00e4ge. 2023 feierte sie jedoch ein erfolgreiches Comeback in der kanadischen Fernsehsendung \u201eRace Against The Tide\u201c, wo sie gemeinsam mit ihrem Partner den ersten Platz belegte. Zuvor hatte sie bereits eine beeindruckende Liste an Preisen gewonnen, unter anderem in Scheveningen, Makkum, Lemmer, Singapur und Valladolid. Anique begann w\u00e4hrend ihres Kunststudiums mit Sand zu arbeiten, als eine Freundin sie zur Teilnahme am Festival in Scheveningen \u00fcberredete. Sie verliebte sich sofort in das Material und die Projektarbeit. Nach Julianadorp erwartet sie ihr n\u00e4chstes Projekt in Deutschland. Im Winter widmet sie sich au\u00dferdem ihrer zweiten Leidenschaft: Eisskulpturen. Sie ist beispielsweise seit 16 Jahren Designerin und k\u00fcnstlerische Leiterin des niederl\u00e4ndischen Eisskulpturenfestivals und war (gemeinsam mit ihrem Kollegen Alec) Jurymitglied der bekannten Fernsehsendung \u201eIJMEESTERS\u201c auf SBS6. In ihrer Freizeit reist, wandert, kocht und backt sie gern. F\u00fcr sie f\u00fchlt sich Arbeit daher nicht wie Arbeit an, sondern wie pure Leidenschaft.<\/p>\t\t\t\t\t\t\t\t<\/div>\n\t\t\t\t<\/div>\n\t\t\t\t<\/div>\n\t\t<div class=\"elementor-element elementor-element-aa1a25b e-con-full e-flex e-con e-child\" data-id=\"aa1a25b\" data-element_type=\"container\" data-e-type=\"container\" data-settings=\"{&quot;jet_parallax_layout_list&quot;:[]}\">\n\t\t\t\t<div class=\"elementor-element elementor-element-c989f30 elementor-widget elementor-widget-image\" data-id=\"c989f30\" data-element_type=\"widget\" data-e-type=\"widget\" data-widget_type=\"image.default\">\n\t\t\t\t<div class=\"elementor-widget-container\">\n\t\t\t\t\t\t\t\t\t\t\t\t\t\t\t<img loading=\"lazy\" decoding=\"async\" width=\"768\" height=\"1024\" src=\"https:\/\/denhelder.online\/wp-content\/uploads\/2026\/04\/Anique-Kuizenga-768x1024.jpeg\" class=\"attachment-large size-large wp-image-23863\" alt=\"\" srcset=\"https:\/\/denhelder.online\/wp-content\/uploads\/2026\/04\/Anique-Kuizenga-768x1024.jpeg 768w, https:\/\/denhelder.online\/wp-content\/uploads\/2026\/04\/Anique-Kuizenga-225x300.jpeg 225w, https:\/\/denhelder.online\/wp-content\/uploads\/2026\/04\/Anique-Kuizenga-1153x1536.jpeg 1153w, https:\/\/denhelder.online\/wp-content\/uploads\/2026\/04\/Anique-Kuizenga-9x12.jpeg 9w, https:\/\/denhelder.online\/wp-content\/uploads\/2026\/04\/Anique-Kuizenga-450x600.jpeg 450w, https:\/\/denhelder.online\/wp-content\/uploads\/2026\/04\/Anique-Kuizenga.jpeg 1479w\" sizes=\"(max-width: 768px) 100vw, 768px\" \/>\t\t\t\t\t\t\t\t\t\t\t\t\t\t\t<\/div>\n\t\t\t\t<\/div>\n\t\t\t\t<\/div>\n\t\t\t\t\t<\/div>\n\t\t\t\t<\/div>\n\t\t<div class=\"elementor-element elementor-element-6ead251 e-flex e-con-boxed e-con e-parent\" data-id=\"6ead251\" data-element_type=\"container\" data-e-type=\"container\" data-settings=\"{&quot;jet_parallax_layout_list&quot;:[]}\">\n\t\t\t\t\t<div class=\"e-con-inner\">\n\t\t<div class=\"elementor-element elementor-element-9ad3f0b e-con-full e-flex e-con e-child\" data-id=\"9ad3f0b\" data-element_type=\"container\" data-e-type=\"container\" data-settings=\"{&quot;jet_parallax_layout_list&quot;:[]}\">\n\t\t\t\t<div class=\"elementor-element elementor-element-68ba5c7 elementor-widget__width-inherit elementor-widget elementor-widget-heading\" data-id=\"68ba5c7\" data-element_type=\"widget\" data-e-type=\"widget\" data-widget_type=\"heading.default\">\n\t\t\t\t<div class=\"elementor-widget-container\">\n\t\t\t\t\t<span class=\"elementor-heading-title elementor-size-default\">Begeistert von Freunden aus der Branche<\/span>\t\t\t\t<\/div>\n\t\t\t\t<\/div>\n\t\t\t\t<div class=\"elementor-element elementor-element-7e5b665 elementor-widget__width-inherit elementor-widget elementor-widget-heading\" data-id=\"7e5b665\" data-element_type=\"widget\" data-e-type=\"widget\" data-widget_type=\"heading.default\">\n\t\t\t\t<div class=\"elementor-widget-container\">\n\t\t\t\t\t<h2 class=\"elementor-heading-title elementor-size-default\">Roman<\/h2>\t\t\t\t<\/div>\n\t\t\t\t<\/div>\n\t\t\t\t<div class=\"elementor-element elementor-element-17b20df elementor-widget__width-initial elementor-widget elementor-widget-text-editor\" data-id=\"17b20df\" data-element_type=\"widget\" data-e-type=\"widget\" data-widget_type=\"text-editor.default\">\n\t\t\t\t<div class=\"elementor-widget-container\">\n\t\t\t\t\t\t\t\t\t<p>Roman ist 46 Jahre alt, ukrainischer Staatsb\u00fcrger und lebt derzeit in Garderen, Niederlande. Seit sieben Jahren fertigt er Sandskulpturen an und arbeitet dar\u00fcber hinaus mit Materialien wie Ton, Plastilin, Holz, Bronze, Silber und Gold. Er ist somit ein vielseitiger Bildhauer mit einem breiten k\u00fcnstlerischen Fundament. Bisher hat er selbst noch keine Preise f\u00fcr seine Sandskulpturen gewonnen, doch Freunde aus der Branche ermutigten ihn, sich der Sandkunst zu widmen. Und das mit Erfolg, denn er ist mittlerweile ein gesch\u00e4tztes Mitglied des Teams. Nach dem Projekt in Julianadorp wird Roman seine Arbeit in Garderen fortsetzen. Seine Geschichte veranschaulicht auf wunderbare Weise, wie Leidenschaft manchmal durch andere Menschen geweckt wird und sich schlie\u00dflich zu einem eigenen Beruf entwickelt.<\/p>\t\t\t\t\t\t\t\t<\/div>\n\t\t\t\t<\/div>\n\t\t\t\t<\/div>\n\t\t<div class=\"elementor-element elementor-element-e13c159 e-con-full e-flex e-con e-child\" data-id=\"e13c159\" data-element_type=\"container\" data-e-type=\"container\" data-settings=\"{&quot;jet_parallax_layout_list&quot;:[]}\">\n\t\t\t\t<\/div>\n\t\t\t\t\t<\/div>\n\t\t\t\t<\/div>\n\t\t<div class=\"elementor-element elementor-element-ef9ed26 e-flex e-con-boxed e-con e-parent\" data-id=\"ef9ed26\" data-element_type=\"container\" data-e-type=\"container\" data-settings=\"{&quot;jet_parallax_layout_list&quot;:[]}\">\n\t\t\t\t\t<div class=\"e-con-inner\">\n\t\t<div class=\"elementor-element elementor-element-c94dabd e-con-full e-flex e-con e-child\" data-id=\"c94dabd\" data-element_type=\"container\" data-e-type=\"container\" data-settings=\"{&quot;jet_parallax_layout_list&quot;:[]}\">\n\t\t\t\t<div class=\"elementor-element elementor-element-0ac4149 elementor-widget__width-inherit elementor-widget elementor-widget-heading\" data-id=\"0ac4149\" data-element_type=\"widget\" data-e-type=\"widget\" data-widget_type=\"heading.default\">\n\t\t\t\t<div class=\"elementor-widget-container\">\n\t\t\t\t\t<span class=\"elementor-heading-title elementor-size-default\">Seine St\u00e4rke liegt nicht unbedingt im Gestalten seiner eigenen Figuren, sondern vielmehr in der Organisation gro\u00dfer Sandprojekte und -veranstaltungen.<\/span>\t\t\t\t<\/div>\n\t\t\t\t<\/div>\n\t\t\t\t<div class=\"elementor-element elementor-element-1432125 elementor-widget__width-inherit elementor-widget elementor-widget-heading\" data-id=\"1432125\" data-element_type=\"widget\" data-e-type=\"widget\" data-widget_type=\"heading.default\">\n\t\t\t\t<div class=\"elementor-widget-container\">\n\t\t\t\t\t<h2 class=\"elementor-heading-title elementor-size-default\">Alec Messchaert<\/h2>\t\t\t\t<\/div>\n\t\t\t\t<\/div>\n\t\t\t\t<div class=\"elementor-element elementor-element-33a35a3 elementor-widget__width-initial elementor-widget elementor-widget-text-editor\" data-id=\"33a35a3\" data-element_type=\"widget\" data-e-type=\"widget\" data-widget_type=\"text-editor.default\">\n\t\t\t\t<div class=\"elementor-widget-container\">\n\t\t\t\t\t\t\t\t\t<p>Alec Messchaert ist 44 Jahre alt, lebt in Den Haag und arbeitet seit 1999 mit Sand. Er verf\u00fcgt \u00fcber 27 Jahre Berufserfahrung. Neben Sand verarbeitet er gelegentlich auch Eis und gewann einst in Russland einen dritten Preis f\u00fcr Eisskulpturen. Gemeinsam mit Anique war Alec Jurymitglied der bekannten Fernsehsendung \u201eIJMEESTERS\u201c auf SBS6.<\/p><p>Seine St\u00e4rke liegt jedoch weniger im Gestalten eigener Sandskulpturen, sondern vielmehr in der Organisation gro\u00dfer Sandprojekte und -veranstaltungen. Alec kam durch seinen Kollegen Lipkje Ferwerda mit der Sandkunst in Ber\u00fchrung, der ihn als Sch\u00fcler zu einem Projekt mitnahm, bei dem es um den damaligen Europarekord f\u00fcr die h\u00f6chste Sandskulptur ging. Von da an ging alles rasant: Innerhalb eines Jahres arbeitete er bereits an Projekten in Belgien, Deutschland, Frankreich und sogar China. Viele Jahre sp\u00e4ter leitet er nun sein eigenes Sandskulpturenunternehmen und hat sein Arbeitsfeld weltweit ausgedehnt \u2013 in L\u00e4ndern wie Kolumbien, den USA, Kanada, Spanien, Rum\u00e4nien, China, Israel, Indonesien, Russland, Tschechien und vielen anderen.<\/p><p>Er wei\u00df noch nicht genau, was sein n\u00e4chstes Projekt nach Julianadorp sein wird; auch das geh\u00f6rt zum Job. Er freut sich aber sehr auf ein sch\u00f6nes und nachhaltiges Projekt auf den Kapverden, das er gemeinsam mit der lokalen Bev\u00f6lkerung realisieren m\u00f6chte. In seiner Freizeit segelt Alec gern und arbeitet nebenberuflich als Dozent f\u00fcr Freizeit- und Eventmanagement an einer Hochschule. Dort begeistert er mit gro\u00dfer Freude junge Menschen f\u00fcr die Veranstaltungsbranche.<\/p>\t\t\t\t\t\t\t\t<\/div>\n\t\t\t\t<\/div>\n\t\t\t\t<\/div>\n\t\t<div class=\"elementor-element elementor-element-ab1120f e-con-full e-flex e-con e-child\" data-id=\"ab1120f\" data-element_type=\"container\" data-e-type=\"container\" data-settings=\"{&quot;jet_parallax_layout_list&quot;:[]}\">\n\t\t\t\t<div class=\"elementor-element elementor-element-1377863 elementor-widget elementor-widget-image\" data-id=\"1377863\" data-element_type=\"widget\" data-e-type=\"widget\" data-widget_type=\"image.default\">\n\t\t\t\t<div class=\"elementor-widget-container\">\n\t\t\t\t\t\t\t\t\t\t\t\t\t\t\t<img loading=\"lazy\" decoding=\"async\" width=\"768\" height=\"1024\" src=\"https:\/\/denhelder.online\/wp-content\/uploads\/2026\/04\/Alec-Messchaert-6-768x1024.jpg\" class=\"attachment-large size-large wp-image-23886\" alt=\"\" srcset=\"https:\/\/denhelder.online\/wp-content\/uploads\/2026\/04\/Alec-Messchaert-6-768x1024.jpg 768w, https:\/\/denhelder.online\/wp-content\/uploads\/2026\/04\/Alec-Messchaert-6-225x300.jpg 225w, https:\/\/denhelder.online\/wp-content\/uploads\/2026\/04\/Alec-Messchaert-6-1152x1536.jpg 1152w, https:\/\/denhelder.online\/wp-content\/uploads\/2026\/04\/Alec-Messchaert-6-1536x2048.jpg 1536w, https:\/\/denhelder.online\/wp-content\/uploads\/2026\/04\/Alec-Messchaert-6-9x12.jpg 9w, https:\/\/denhelder.online\/wp-content\/uploads\/2026\/04\/Alec-Messchaert-6-450x600.jpg 450w, https:\/\/denhelder.online\/wp-content\/uploads\/2026\/04\/Alec-Messchaert-6-scaled.jpg 1920w\" sizes=\"(max-width: 768px) 100vw, 768px\" \/>\t\t\t\t\t\t\t\t\t\t\t\t\t\t\t<\/div>\n\t\t\t\t<\/div>\n\t\t\t\t<\/div>\n\t\t\t\t\t<\/div>\n\t\t\t\t<\/div>\n\t\t<div class=\"elementor-element elementor-element-563edd8 e-flex e-con-boxed e-con e-parent\" data-id=\"563edd8\" data-element_type=\"container\" data-e-type=\"container\" data-settings=\"{&quot;jet_parallax_layout_list&quot;:[]}\">\n\t\t\t\t\t<div class=\"e-con-inner\">\n\t\t<div class=\"elementor-element elementor-element-056ba00 e-con-full e-flex e-con e-child\" data-id=\"056ba00\" data-element_type=\"container\" data-e-type=\"container\" data-settings=\"{&quot;jet_parallax_layout_list&quot;:[]}\">\n\t\t\t\t<div class=\"elementor-element elementor-element-7300b27 elementor-widget__width-inherit elementor-widget elementor-widget-heading\" data-id=\"7300b27\" data-element_type=\"widget\" data-e-type=\"widget\" data-widget_type=\"heading.default\">\n\t\t\t\t<div class=\"elementor-widget-container\">\n\t\t\t\t\t<span class=\"elementor-heading-title elementor-size-default\">Internationale Erfahrung und ein stolzer Vater zu Hause<\/span>\t\t\t\t<\/div>\n\t\t\t\t<\/div>\n\t\t\t\t<div class=\"elementor-element elementor-element-44a327c elementor-widget__width-inherit elementor-widget elementor-widget-heading\" data-id=\"44a327c\" data-element_type=\"widget\" data-e-type=\"widget\" data-widget_type=\"heading.default\">\n\t\t\t\t<div class=\"elementor-widget-container\">\n\t\t\t\t\t<h2 class=\"elementor-heading-title elementor-size-default\">Ferenc Monostori<\/h2>\t\t\t\t<\/div>\n\t\t\t\t<\/div>\n\t\t\t\t<div class=\"elementor-element elementor-element-2c14405 elementor-widget__width-initial elementor-widget elementor-widget-text-editor\" data-id=\"2c14405\" data-element_type=\"widget\" data-e-type=\"widget\" data-widget_type=\"text-editor.default\">\n\t\t\t\t<div class=\"elementor-widget-container\">\n\t\t\t\t\t\t\t\t\t<p>Der 48-j\u00e4hrige Ferenc Monostori stammt aus Budapest, Ungarn, und kreiert seit 2003 Sandskulpturen. Zuvor und parallel dazu arbeitete er auch mit Bronze und Stein, was die Bandbreite seiner bildhauerischen Erfahrung deutlich unterstreicht. Ferenc hat diverse Auszeichnungen gewonnen, unter anderem bei Festivals in Palanga, Jelgava und Crostal Key sowie bei der Meisterschaft in Fort Myers, USA, wo er den Publikumspreis erhielt. Sein Einstieg in die Welt der Sandskulpturen begann w\u00e4hrend einer Ausstellung seiner Steinskulpturen in Portugal, wo er zur Teilnahme an einem Sandprojekt der FIESA eingeladen wurde. Nach all diesen internationalen Erfahrungen ist er zu Hause vor allem ein stolzer Vater: Ferenc hat vier S\u00f6hne.<\/p>\t\t\t\t\t\t\t\t<\/div>\n\t\t\t\t<\/div>\n\t\t\t\t<\/div>\n\t\t<div class=\"elementor-element elementor-element-1dd3cbf e-con-full e-flex e-con e-child\" data-id=\"1dd3cbf\" data-element_type=\"container\" data-e-type=\"container\" data-settings=\"{&quot;jet_parallax_layout_list&quot;:[]}\">\n\t\t\t\t<div class=\"elementor-element elementor-element-63d0292 elementor-widget elementor-widget-image\" data-id=\"63d0292\" data-element_type=\"widget\" data-e-type=\"widget\" data-widget_type=\"image.default\">\n\t\t\t\t<div class=\"elementor-widget-container\">\n\t\t\t\t\t\t\t\t\t\t\t\t\t\t\t<img loading=\"lazy\" decoding=\"async\" width=\"800\" height=\"600\" src=\"https:\/\/denhelder.online\/wp-content\/uploads\/2026\/04\/Ferenc-Monostori-1024x768.jpeg\" class=\"attachment-large size-large wp-image-23887\" alt=\"\" srcset=\"https:\/\/denhelder.online\/wp-content\/uploads\/2026\/04\/Ferenc-Monostori-1024x768.jpeg 1024w, https:\/\/denhelder.online\/wp-content\/uploads\/2026\/04\/Ferenc-Monostori-300x225.jpeg 300w, https:\/\/denhelder.online\/wp-content\/uploads\/2026\/04\/Ferenc-Monostori-768x576.jpeg 768w, https:\/\/denhelder.online\/wp-content\/uploads\/2026\/04\/Ferenc-Monostori-1536x1152.jpeg 1536w, https:\/\/denhelder.online\/wp-content\/uploads\/2026\/04\/Ferenc-Monostori-16x12.jpeg 16w, https:\/\/denhelder.online\/wp-content\/uploads\/2026\/04\/Ferenc-Monostori-600x450.jpeg 600w, https:\/\/denhelder.online\/wp-content\/uploads\/2026\/04\/Ferenc-Monostori.jpeg 2048w\" sizes=\"(max-width: 800px) 100vw, 800px\" \/>\t\t\t\t\t\t\t\t\t\t\t\t\t\t\t<\/div>\n\t\t\t\t<\/div>\n\t\t\t\t<\/div>\n\t\t\t\t\t<\/div>\n\t\t\t\t<\/div>\n\t\t<div class=\"elementor-element elementor-element-6661be5 e-flex e-con-boxed e-con e-parent\" data-id=\"6661be5\" data-element_type=\"container\" data-e-type=\"container\" data-settings=\"{&quot;jet_parallax_layout_list&quot;:[]}\">\n\t\t\t\t\t<div class=\"e-con-inner\">\n\t\t<div class=\"elementor-element elementor-element-e487727 e-con-full e-flex e-con e-child\" data-id=\"e487727\" data-element_type=\"container\" data-e-type=\"container\" data-settings=\"{&quot;jet_parallax_layout_list&quot;:[]}\">\n\t\t\t\t<div class=\"elementor-element elementor-element-7c5281f elementor-widget__width-inherit elementor-widget elementor-widget-heading\" data-id=\"7c5281f\" data-element_type=\"widget\" data-e-type=\"widget\" data-widget_type=\"heading.default\">\n\t\t\t\t<div class=\"elementor-widget-container\">\n\t\t\t\t\t<span class=\"elementor-heading-title elementor-size-default\">Die Zusammenarbeit mit anderen Bildhauern ist vielleicht die sch\u00f6nste Belohnung von allen.<\/span>\t\t\t\t<\/div>\n\t\t\t\t<\/div>\n\t\t\t\t<div class=\"elementor-element elementor-element-ac64830 elementor-widget__width-inherit elementor-widget elementor-widget-heading\" data-id=\"ac64830\" data-element_type=\"widget\" data-e-type=\"widget\" data-widget_type=\"heading.default\">\n\t\t\t\t<div class=\"elementor-widget-container\">\n\t\t\t\t\t<h2 class=\"elementor-heading-title elementor-size-default\">Johannes Hogebrink<\/h2>\t\t\t\t<\/div>\n\t\t\t\t<\/div>\n\t\t\t\t<div class=\"elementor-element elementor-element-d0d860f elementor-widget__width-initial elementor-widget elementor-widget-text-editor\" data-id=\"d0d860f\" data-element_type=\"widget\" data-e-type=\"widget\" data-widget_type=\"text-editor.default\">\n\t\t\t\t<div class=\"elementor-widget-container\">\n\t\t\t\t\t\t\t\t\t<p>Johannes Hogebrink ist 49 Jahre alt, lebt in Amsterdam und hat \u00fcber 20 Jahre Erfahrung mit Sandskulpturen. Dar\u00fcber hinaus arbeitet er auch mit Bronze, Stein, Ton und Metall. Er hat zahlreiche Wettbewerbe weltweit gewonnen, oft in Zusammenarbeit mit anderen Bildhauern \u2013 etwas, das er selbst vielleicht als die sch\u00f6nste Belohnung betrachtet. Johannes kam eher zuf\u00e4llig zu diesem Handwerk: Auf der Suche nach Arbeit besuchte er einen Sandskulpturenkurs und schloss sich einem Projekt in Brighton, England, an. Seitdem bereist er die Welt, um Skulpturen zu schaffen. Und neben dem Sand hat er eine bemerkenswerte Geschichte zu erz\u00e4hlen: Er drehte einen Film dar\u00fcber, wie er seinem Hund das Fliegen beibrachte. Dieser Film hei\u00dft \u201eDe Vliegende Hond\u201c (Der fliegende Hund) und kann online angesehen werden. Allein das macht ihn zu einem K\u00fcnstler mit einer ganz besonderen Weltsicht.<\/p>\t\t\t\t\t\t\t\t<\/div>\n\t\t\t\t<\/div>\n\t\t\t\t<\/div>\n\t\t<div class=\"elementor-element elementor-element-c3a3e94 e-con-full e-flex e-con e-child\" data-id=\"c3a3e94\" data-element_type=\"container\" data-e-type=\"container\" data-settings=\"{&quot;jet_parallax_layout_list&quot;:[]}\">\n\t\t\t\t<div class=\"elementor-element elementor-element-c07bc46 elementor-widget elementor-widget-image\" data-id=\"c07bc46\" data-element_type=\"widget\" data-e-type=\"widget\" data-widget_type=\"image.default\">\n\t\t\t\t<div class=\"elementor-widget-container\">\n\t\t\t\t\t\t\t\t\t\t\t\t\t\t\t<img loading=\"lazy\" decoding=\"async\" width=\"800\" height=\"600\" src=\"https:\/\/denhelder.online\/wp-content\/uploads\/2026\/04\/Johannes-Hogebrink-1024x768.jpeg\" class=\"attachment-large size-large wp-image-23851\" alt=\"\" srcset=\"https:\/\/denhelder.online\/wp-content\/uploads\/2026\/04\/Johannes-Hogebrink-1024x768.jpeg 1024w, https:\/\/denhelder.online\/wp-content\/uploads\/2026\/04\/Johannes-Hogebrink-300x225.jpeg 300w, https:\/\/denhelder.online\/wp-content\/uploads\/2026\/04\/Johannes-Hogebrink-768x576.jpeg 768w, https:\/\/denhelder.online\/wp-content\/uploads\/2026\/04\/Johannes-Hogebrink-1536x1152.jpeg 1536w, https:\/\/denhelder.online\/wp-content\/uploads\/2026\/04\/Johannes-Hogebrink-16x12.jpeg 16w, https:\/\/denhelder.online\/wp-content\/uploads\/2026\/04\/Johannes-Hogebrink-600x450.jpeg 600w, https:\/\/denhelder.online\/wp-content\/uploads\/2026\/04\/Johannes-Hogebrink.jpeg 2048w\" sizes=\"(max-width: 800px) 100vw, 800px\" \/>\t\t\t\t\t\t\t\t\t\t\t\t\t\t\t<\/div>\n\t\t\t\t<\/div>\n\t\t\t\t<\/div>\n\t\t\t\t\t<\/div>\n\t\t\t\t<\/div>\n\t\t<div class=\"elementor-element elementor-element-6cd2f6d e-flex e-con-boxed e-con e-parent\" data-id=\"6cd2f6d\" data-element_type=\"container\" data-e-type=\"container\" data-settings=\"{&quot;jet_parallax_layout_list&quot;:[]}\">\n\t\t\t\t\t<div class=\"e-con-inner\">\n\t\t<div class=\"elementor-element elementor-element-663ca31 e-con-full e-flex e-con e-child\" data-id=\"663ca31\" data-element_type=\"container\" data-e-type=\"container\" data-settings=\"{&quot;jet_parallax_layout_list&quot;:[]}\">\n\t\t\t\t<div class=\"elementor-element elementor-element-13281db elementor-widget__width-inherit elementor-widget elementor-widget-heading\" data-id=\"13281db\" data-element_type=\"widget\" data-e-type=\"widget\" data-widget_type=\"heading.default\">\n\t\t\t\t<div class=\"elementor-widget-container\">\n\t\t\t\t\t<span class=\"elementor-heading-title elementor-size-default\">Eine unverzichtbare technische Kraft hinter den Kulissen<\/span>\t\t\t\t<\/div>\n\t\t\t\t<\/div>\n\t\t\t\t<div class=\"elementor-element elementor-element-755d6bb elementor-widget__width-inherit elementor-widget elementor-widget-heading\" data-id=\"755d6bb\" data-element_type=\"widget\" data-e-type=\"widget\" data-widget_type=\"heading.default\">\n\t\t\t\t<div class=\"elementor-widget-container\">\n\t\t\t\t\t<h2 class=\"elementor-heading-title elementor-size-default\">Sem Loohuis<\/h2>\t\t\t\t<\/div>\n\t\t\t\t<\/div>\n\t\t\t\t<div class=\"elementor-element elementor-element-43612e4 elementor-widget__width-initial elementor-widget elementor-widget-text-editor\" data-id=\"43612e4\" data-element_type=\"widget\" data-e-type=\"widget\" data-widget_type=\"text-editor.default\">\n\t\t\t\t<div class=\"elementor-widget-container\">\n\t\t\t\t\t\t\t\t\t<p>Sem Loohuis ist 30 Jahre alt, lebt in Den Haag und ist eine unverzichtbare Kraft hinter den Kulissen der Sandkunstszene. Seit sechs Jahren arbeitet er in verschiedenen Projekten im technischen Bereich und ist die rechte Hand vieler Organisationen \u2013 eine Arbeit, die oft Monate vor dem ersten Spatenstich beginnt. Aktuell lernt er selbst, Sandskulpturen zu gestalten, unter der Anleitung von K\u00fcnstlern in Friesland, Belgien und anderen L\u00e4ndern. Bisher hat er noch keine Preise gewonnen, aber er hat die Europameisterschaft in Belgien mitorganisiert und betreut \u2013 eine Erfahrung, an die er sich mit gro\u00dfer Freude zur\u00fcckerinnert. Seine Partnerin ist ebenfalls in der Sandkunstszene als Eventmanagerin t\u00e4tig, man kann also sagen, dass Sand und Events ihn fest im Griff haben. Nach Julianadorp wird Sem voraussichtlich in Europa bleiben und Den Haag als Basis nutzen, bevor er sp\u00e4ter im Jahr nach Kap Verde reist, um dort neue Projekte und Events zu realisieren. Ganz nebenbei: Sem ist eigentlich Physiotherapeut!<\/p>\t\t\t\t\t\t\t\t<\/div>\n\t\t\t\t<\/div>\n\t\t\t\t<\/div>\n\t\t<div class=\"elementor-element elementor-element-ad6d6e3 e-con-full e-flex e-con e-child\" data-id=\"ad6d6e3\" data-element_type=\"container\" data-e-type=\"container\" data-settings=\"{&quot;jet_parallax_layout_list&quot;:[]}\">\n\t\t\t\t<div class=\"elementor-element elementor-element-32b233b elementor-widget elementor-widget-image\" data-id=\"32b233b\" data-element_type=\"widget\" data-e-type=\"widget\" data-widget_type=\"image.default\">\n\t\t\t\t<div class=\"elementor-widget-container\">\n\t\t\t\t\t\t\t\t\t\t\t\t\t\t\t<img loading=\"lazy\" decoding=\"async\" width=\"768\" height=\"1024\" src=\"https:\/\/denhelder.online\/wp-content\/uploads\/2026\/04\/Sem-Loohuis-6-768x1024.jpg\" class=\"attachment-large size-large wp-image-23888\" alt=\"\" srcset=\"https:\/\/denhelder.online\/wp-content\/uploads\/2026\/04\/Sem-Loohuis-6-768x1024.jpg 768w, https:\/\/denhelder.online\/wp-content\/uploads\/2026\/04\/Sem-Loohuis-6-225x300.jpg 225w, https:\/\/denhelder.online\/wp-content\/uploads\/2026\/04\/Sem-Loohuis-6-1152x1536.jpg 1152w, https:\/\/denhelder.online\/wp-content\/uploads\/2026\/04\/Sem-Loohuis-6-1536x2048.jpg 1536w, https:\/\/denhelder.online\/wp-content\/uploads\/2026\/04\/Sem-Loohuis-6-9x12.jpg 9w, https:\/\/denhelder.online\/wp-content\/uploads\/2026\/04\/Sem-Loohuis-6-450x600.jpg 450w, https:\/\/denhelder.online\/wp-content\/uploads\/2026\/04\/Sem-Loohuis-6-scaled.jpg 1920w\" sizes=\"(max-width: 768px) 100vw, 768px\" \/>\t\t\t\t\t\t\t\t\t\t\t\t\t\t\t<\/div>\n\t\t\t\t<\/div>\n\t\t\t\t<\/div>\n\t\t\t\t\t<\/div>\n\t\t\t\t<\/div>\n\t\t\t\t<\/div>","protected":false},"excerpt":{"rendered":"<p>Achter de zandsculpturen van het Zandspektakel Julianadorp staat het team van WeLoveSand: een club creatieve makers met inmiddels ruim 25 jaar ervaring in de wereld van zandkunst.\u00a0 INTERNATIONAAL GEZELSCHAP &#8211; Wat WeLoveSand zo bijzonder maakt, is dat het team bestaat uit zandkunstenaars uit allerlei landen. Iedere kunstenaar \u2013 of zoals ze dat zelf noemen: carver [&hellip;]<\/p>\n","protected":false},"author":12,"featured_media":0,"parent":0,"menu_order":0,"comment_status":"closed","ping_status":"closed","template":"","meta":{"footnotes":""},"tags":[],"doelgroep":[6027,6028,6029],"categorie":[],"class_list":["post-23849","page","type-page","status-publish","hentry","doelgroep-inwoner","doelgroep-inwoner-regio","doelgroep-toerist"],"yoast_head":"<!-- This site is optimized with the Yoast SEO Premium plugin v24.7 (Yoast SEO v27.4) - https:\/\/yoast.com\/product\/yoast-seo-premium-wordpress\/ -->\n<title>Over de (zand)scheppers - Den Helder Online - Beleef Den Helder<\/title>\n<meta name=\"robots\" content=\"index, follow, max-snippet:-1, max-image-preview:large, max-video-preview:-1\" \/>\n<link rel=\"canonical\" href=\"https:\/\/denhelder.online\/de\/uber-die-sandschaufeler\/\" \/>\n<meta property=\"og:locale\" content=\"de_DE\" \/>\n<meta property=\"og:type\" content=\"article\" \/>\n<meta property=\"og:title\" content=\"Over de (zand)scheppers\" \/>\n<meta property=\"og:description\" content=\"Achter de zandsculpturen van het Zandspektakel Julianadorp staat het team van WeLoveSand: een club creatieve makers met inmiddels ruim 25 jaar ervaring in de wereld van zandkunst.\u00a0 INTERNATIONAAL GEZELSCHAP &#8211; Wat WeLoveSand zo bijzonder maakt, is dat het team bestaat uit zandkunstenaars uit allerlei landen. Iedere kunstenaar \u2013 of zoals ze dat zelf noemen: carver [&hellip;]\" \/>\n<meta property=\"og:url\" content=\"https:\/\/denhelder.online\/de\/uber-die-sandschaufeler\/\" \/>\n<meta property=\"og:site_name\" content=\"Den Helder Online\" \/>\n<meta property=\"article:modified_time\" content=\"2026-04-22T13:25:41+00:00\" \/>\n<meta property=\"og:image\" content=\"https:\/\/denhelder.online\/wp-content\/uploads\/2026\/04\/Jeroen-Advocaat-scaled.jpg\" \/>\n\t<meta property=\"og:image:width\" content=\"1920\" \/>\n\t<meta property=\"og:image:height\" content=\"2560\" \/>\n\t<meta property=\"og:image:type\" content=\"image\/jpeg\" \/>\n<meta name=\"twitter:card\" content=\"summary_large_image\" \/>\n<meta name=\"twitter:label1\" content=\"Gesch\u00e4tzte Lesezeit\" \/>\n\t<meta name=\"twitter:data1\" content=\"14\u00a0Minuten\" \/>\n<script type=\"application\/ld+json\" class=\"yoast-schema-graph\">{\"@context\":\"https:\\\/\\\/schema.org\",\"@graph\":[{\"@type\":\"WebPage\",\"@id\":\"https:\\\/\\\/denhelder.online\\\/over-de-zandscheppers\\\/\",\"url\":\"https:\\\/\\\/denhelder.online\\\/over-de-zandscheppers\\\/\",\"name\":\"Over de (zand)scheppers - Den Helder Online - Beleef Den Helder\",\"isPartOf\":{\"@id\":\"https:\\\/\\\/denhelder.online\\\/#website\"},\"primaryImageOfPage\":{\"@id\":\"https:\\\/\\\/denhelder.online\\\/over-de-zandscheppers\\\/#primaryimage\"},\"image\":{\"@id\":\"https:\\\/\\\/denhelder.online\\\/over-de-zandscheppers\\\/#primaryimage\"},\"thumbnailUrl\":\"https:\\\/\\\/denhelder.online\\\/wp-content\\\/uploads\\\/2026\\\/04\\\/Jeroen-Advocaat-768x1024.jpg\",\"datePublished\":\"2026-04-22T12:13:19+00:00\",\"dateModified\":\"2026-04-22T13:25:41+00:00\",\"breadcrumb\":{\"@id\":\"https:\\\/\\\/denhelder.online\\\/over-de-zandscheppers\\\/#breadcrumb\"},\"inLanguage\":\"de\",\"potentialAction\":[{\"@type\":\"ReadAction\",\"target\":[\"https:\\\/\\\/denhelder.online\\\/over-de-zandscheppers\\\/\"]}]},{\"@type\":\"ImageObject\",\"inLanguage\":\"de\",\"@id\":\"https:\\\/\\\/denhelder.online\\\/over-de-zandscheppers\\\/#primaryimage\",\"url\":\"https:\\\/\\\/denhelder.online\\\/wp-content\\\/uploads\\\/2026\\\/04\\\/Jeroen-Advocaat-768x1024.jpg\",\"contentUrl\":\"https:\\\/\\\/denhelder.online\\\/wp-content\\\/uploads\\\/2026\\\/04\\\/Jeroen-Advocaat-768x1024.jpg\"},{\"@type\":\"BreadcrumbList\",\"@id\":\"https:\\\/\\\/denhelder.online\\\/over-de-zandscheppers\\\/#breadcrumb\",\"itemListElement\":[{\"@type\":\"ListItem\",\"position\":1,\"name\":\"Home\",\"item\":\"https:\\\/\\\/denhelder.online\\\/\"},{\"@type\":\"ListItem\",\"position\":2,\"name\":\"Over de (zand)scheppers\"}]},{\"@type\":\"WebSite\",\"@id\":\"https:\\\/\\\/denhelder.online\\\/#website\",\"url\":\"https:\\\/\\\/denhelder.online\\\/\",\"name\":\"Den Helder Online\",\"description\":\"Beleef Den Helder\",\"publisher\":{\"@id\":\"https:\\\/\\\/denhelder.online\\\/#organization\"},\"potentialAction\":[{\"@type\":\"SearchAction\",\"target\":{\"@type\":\"EntryPoint\",\"urlTemplate\":\"https:\\\/\\\/denhelder.online\\\/?s={search_term_string}\"},\"query-input\":{\"@type\":\"PropertyValueSpecification\",\"valueRequired\":true,\"valueName\":\"search_term_string\"}}],\"inLanguage\":\"de\"},{\"@type\":\"Organization\",\"@id\":\"https:\\\/\\\/denhelder.online\\\/#organization\",\"name\":\"Den Helder Online\",\"url\":\"https:\\\/\\\/denhelder.online\\\/\",\"logo\":{\"@type\":\"ImageObject\",\"inLanguage\":\"de\",\"@id\":\"https:\\\/\\\/denhelder.online\\\/#\\\/schema\\\/logo\\\/image\\\/\",\"url\":\"https:\\\/\\\/denhelder.online\\\/wp-content\\\/uploads\\\/2021\\\/12\\\/DitIsDH-Logo-26-tagline.svg\",\"contentUrl\":\"https:\\\/\\\/denhelder.online\\\/wp-content\\\/uploads\\\/2021\\\/12\\\/DitIsDH-Logo-26-tagline.svg\",\"width\":1717.0999999999999,\"height\":934.89999999999998,\"caption\":\"Den Helder Online\"},\"image\":{\"@id\":\"https:\\\/\\\/denhelder.online\\\/#\\\/schema\\\/logo\\\/image\\\/\"}}]}<\/script>\n<!-- \/ Yoast SEO Premium plugin. -->","yoast_head_json":{"title":"\u00dcber die (Sand-)Schaufeln \u2013 Den Helder Online \u2013 Den Helder erleben","robots":{"index":"index","follow":"follow","max-snippet":"max-snippet:-1","max-image-preview":"max-image-preview:large","max-video-preview":"max-video-preview:-1"},"canonical":"https:\/\/denhelder.online\/de\/uber-die-sandschaufeler\/","og_locale":"de_DE","og_type":"article","og_title":"Over de (zand)scheppers","og_description":"Achter de zandsculpturen van het Zandspektakel Julianadorp staat het team van WeLoveSand: een club creatieve makers met inmiddels ruim 25 jaar ervaring in de wereld van zandkunst.\u00a0 INTERNATIONAAL GEZELSCHAP &#8211; Wat WeLoveSand zo bijzonder maakt, is dat het team bestaat uit zandkunstenaars uit allerlei landen. Iedere kunstenaar \u2013 of zoals ze dat zelf noemen: carver [&hellip;]","og_url":"https:\/\/denhelder.online\/de\/uber-die-sandschaufeler\/","og_site_name":"Den Helder Online","article_modified_time":"2026-04-22T13:25:41+00:00","og_image":[{"width":1920,"height":2560,"url":"https:\/\/denhelder.online\/wp-content\/uploads\/2026\/04\/Jeroen-Advocaat-scaled.jpg","type":"image\/jpeg"}],"twitter_card":"summary_large_image","twitter_misc":{"Gesch\u00e4tzte Lesezeit":"14\u00a0Minuten"},"schema":{"@context":"https:\/\/schema.org","@graph":[{"@type":"WebPage","@id":"https:\/\/denhelder.online\/over-de-zandscheppers\/","url":"https:\/\/denhelder.online\/over-de-zandscheppers\/","name":"\u00dcber die (Sand-)Schaufeln \u2013 Den Helder Online \u2013 Den Helder erleben","isPartOf":{"@id":"https:\/\/denhelder.online\/#website"},"primaryImageOfPage":{"@id":"https:\/\/denhelder.online\/over-de-zandscheppers\/#primaryimage"},"image":{"@id":"https:\/\/denhelder.online\/over-de-zandscheppers\/#primaryimage"},"thumbnailUrl":"https:\/\/denhelder.online\/wp-content\/uploads\/2026\/04\/Jeroen-Advocaat-768x1024.jpg","datePublished":"2026-04-22T12:13:19+00:00","dateModified":"2026-04-22T13:25:41+00:00","breadcrumb":{"@id":"https:\/\/denhelder.online\/over-de-zandscheppers\/#breadcrumb"},"inLanguage":"de","potentialAction":[{"@type":"ReadAction","target":["https:\/\/denhelder.online\/over-de-zandscheppers\/"]}]},{"@type":"ImageObject","inLanguage":"de","@id":"https:\/\/denhelder.online\/over-de-zandscheppers\/#primaryimage","url":"https:\/\/denhelder.online\/wp-content\/uploads\/2026\/04\/Jeroen-Advocaat-768x1024.jpg","contentUrl":"https:\/\/denhelder.online\/wp-content\/uploads\/2026\/04\/Jeroen-Advocaat-768x1024.jpg"},{"@type":"BreadcrumbList","@id":"https:\/\/denhelder.online\/over-de-zandscheppers\/#breadcrumb","itemListElement":[{"@type":"ListItem","position":1,"name":"Home","item":"https:\/\/denhelder.online\/"},{"@type":"ListItem","position":2,"name":"Over de (zand)scheppers"}]},{"@type":"WebSite","@id":"https:\/\/denhelder.online\/#website","url":"https:\/\/denhelder.online\/","name":"Den Helder Online","description":"Erleben Sie Den Helder","publisher":{"@id":"https:\/\/denhelder.online\/#organization"},"potentialAction":[{"@type":"SearchAction","target":{"@type":"EntryPoint","urlTemplate":"https:\/\/denhelder.online\/?s={search_term_string}"},"query-input":{"@type":"PropertyValueSpecification","valueRequired":true,"valueName":"search_term_string"}}],"inLanguage":"de"},{"@type":"Organization","@id":"https:\/\/denhelder.online\/#organization","name":"Den Helder Online","url":"https:\/\/denhelder.online\/","logo":{"@type":"ImageObject","inLanguage":"de","@id":"https:\/\/denhelder.online\/#\/schema\/logo\/image\/","url":"https:\/\/denhelder.online\/wp-content\/uploads\/2021\/12\/DitIsDH-Logo-26-tagline.svg","contentUrl":"https:\/\/denhelder.online\/wp-content\/uploads\/2021\/12\/DitIsDH-Logo-26-tagline.svg","width":1717.0999999999999,"height":934.89999999999998,"caption":"Den Helder Online"},"image":{"@id":"https:\/\/denhelder.online\/#\/schema\/logo\/image\/"}}]}},"_links":{"self":[{"href":"https:\/\/denhelder.online\/de\/wp-json\/wp\/v2\/pages\/23849","targetHints":{"allow":["GET"]}}],"collection":[{"href":"https:\/\/denhelder.online\/de\/wp-json\/wp\/v2\/pages"}],"about":[{"href":"https:\/\/denhelder.online\/de\/wp-json\/wp\/v2\/types\/page"}],"author":[{"embeddable":true,"href":"https:\/\/denhelder.online\/de\/wp-json\/wp\/v2\/users\/12"}],"replies":[{"embeddable":true,"href":"https:\/\/denhelder.online\/de\/wp-json\/wp\/v2\/comments?post=23849"}],"version-history":[{"count":11,"href":"https:\/\/denhelder.online\/de\/wp-json\/wp\/v2\/pages\/23849\/revisions"}],"predecessor-version":[{"id":23892,"href":"https:\/\/denhelder.online\/de\/wp-json\/wp\/v2\/pages\/23849\/revisions\/23892"}],"wp:attachment":[{"href":"https:\/\/denhelder.online\/de\/wp-json\/wp\/v2\/media?parent=23849"}],"wp:term":[{"taxonomy":"post_tag","embeddable":true,"href":"https:\/\/denhelder.online\/de\/wp-json\/wp\/v2\/tags?post=23849"},{"taxonomy":"doelgroep","embeddable":true,"href":"https:\/\/denhelder.online\/de\/wp-json\/wp\/v2\/doelgroep?post=23849"},{"taxonomy":"categorie","embeddable":true,"href":"https:\/\/denhelder.online\/de\/wp-json\/wp\/v2\/categorie?post=23849"}],"curies":[{"name":"wp","href":"https:\/\/api.w.org\/{rel}","templated":true}]}}