{"id":9136,"date":"2025-03-24T11:20:09","date_gmt":"2025-03-24T10:20:09","guid":{"rendered":"https:\/\/denhelder.online\/?page_id=9136"},"modified":"2026-01-15T11:02:13","modified_gmt":"2026-01-15T10:02:13","slug":"triaden-den-helder","status":"publish","type":"page","link":"https:\/\/denhelder.online\/de\/culturele-centra\/triade-den-helder\/","title":{"rendered":"Triade Den Helder: Wo Ihre Kreativit\u00e4t Raum findet"},"content":{"rendered":"<div data-elementor-type=\"wp-page\" data-elementor-id=\"9136\" class=\"elementor elementor-9136\" data-elementor-post-type=\"page\">\n\t\t\t\t<div class=\"elementor-element elementor-element-5d90a2d2 e-flex e-con-boxed e-con e-parent\" data-id=\"5d90a2d2\" data-element_type=\"container\" data-e-type=\"container\" data-settings=\"{&quot;jet_parallax_layout_list&quot;:[]}\">\n\t\t\t\t\t<div class=\"e-con-inner\">\n\t\t<div class=\"elementor-element elementor-element-675487f0 e-con-full e-flex e-con e-child\" data-id=\"675487f0\" data-element_type=\"container\" data-e-type=\"container\" data-settings=\"{&quot;jet_parallax_layout_list&quot;:[]}\">\n\t\t\t\t<div class=\"elementor-element elementor-element-65786858 elementor-widget elementor-widget-breadcrumbs\" data-id=\"65786858\" data-element_type=\"widget\" data-e-type=\"widget\" data-widget_type=\"breadcrumbs.default\">\n\t\t\t\t<div class=\"elementor-widget-container\">\n\t\t\t\t\t<p id=\"breadcrumbs\"><span><span><a href=\"https:\/\/denhelder.online\/de\/\">Heim<\/a><\/span><\/span><\/p>\t\t\t\t<\/div>\n\t\t\t\t<\/div>\n\t\t<div class=\"elementor-element elementor-element-21d999cc e-con-full e-flex e-con e-child\" data-id=\"21d999cc\" data-element_type=\"container\" data-e-type=\"container\" data-settings=\"{&quot;jet_parallax_layout_list&quot;:[]}\">\n\t\t\t\t<div class=\"elementor-element elementor-element-16906c1b elementor-widget elementor-widget-heading\" data-id=\"16906c1b\" data-element_type=\"widget\" data-e-type=\"widget\" data-widget_type=\"heading.default\">\n\t\t\t\t<div class=\"elementor-widget-container\">\n\t\t\t\t\t<p class=\"elementor-heading-title elementor-size-default\">Folgen Sie uns in den sozialen Netzwerken:<\/p>\t\t\t\t<\/div>\n\t\t\t\t<\/div>\n\t\t\t\t<div class=\"elementor-element elementor-element-2321d0a1 elementor-icon-list--layout-inline elementor-align-end elementor-list-item-link-full_width elementor-widget elementor-widget-global elementor-global-1176 elementor-widget-icon-list\" data-id=\"2321d0a1\" data-element_type=\"widget\" data-e-type=\"widget\" data-widget_type=\"icon-list.default\">\n\t\t\t\t<div class=\"elementor-widget-container\">\n\t\t\t\t\t\t\t<ul class=\"elementor-icon-list-items elementor-inline-items\">\n\t\t\t\t\t\t\t<li class=\"elementor-icon-list-item elementor-inline-item\">\n\t\t\t\t\t\t\t\t\t\t\t<a href=\"https:\/\/www.facebook.com\/ditisdenhelder\" target=\"_blank\">\n\n\t\t\t\t\t\t\t\t\t\t\t\t<span class=\"elementor-icon-list-icon\">\n\t\t\t\t\t\t\t<i aria-hidden=\"true\" class=\"fab fa-facebook\"><\/i>\t\t\t\t\t\t<\/span>\n\t\t\t\t\t\t\t\t\t\t<span class=\"elementor-icon-list-text\"><\/span>\n\t\t\t\t\t\t\t\t\t\t\t<\/a>\n\t\t\t\t\t\t\t\t\t<\/li>\n\t\t\t\t\t\t\t\t<li class=\"elementor-icon-list-item elementor-inline-item\">\n\t\t\t\t\t\t\t\t\t\t\t<a href=\"https:\/\/www.instagram.com\/ditisdenhelder\/\" target=\"_blank\">\n\n\t\t\t\t\t\t\t\t\t\t\t\t<span class=\"elementor-icon-list-icon\">\n\t\t\t\t\t\t\t<i aria-hidden=\"true\" class=\"fab fa-instagram\"><\/i>\t\t\t\t\t\t<\/span>\n\t\t\t\t\t\t\t\t\t\t<span class=\"elementor-icon-list-text\"><\/span>\n\t\t\t\t\t\t\t\t\t\t\t<\/a>\n\t\t\t\t\t\t\t\t\t<\/li>\n\t\t\t\t\t\t\t\t<li class=\"elementor-icon-list-item elementor-inline-item\">\n\t\t\t\t\t\t\t\t\t\t\t<a href=\"https:\/\/www.youtube.com\/channel\/UCxXdcocRQwb3lDwiYBp3llg\" target=\"_blank\">\n\n\t\t\t\t\t\t\t\t\t\t\t\t<span class=\"elementor-icon-list-icon\">\n\t\t\t\t\t\t\t<i aria-hidden=\"true\" class=\"fab fa-youtube\"><\/i>\t\t\t\t\t\t<\/span>\n\t\t\t\t\t\t\t\t\t\t<span class=\"elementor-icon-list-text\"><\/span>\n\t\t\t\t\t\t\t\t\t\t\t<\/a>\n\t\t\t\t\t\t\t\t\t<\/li>\n\t\t\t\t\t\t\t\t<li class=\"elementor-icon-list-item elementor-inline-item\">\n\t\t\t\t\t\t\t\t\t\t\t<a href=\"https:\/\/www.linkedin.com\/company\/citymarketing-den-helder\" target=\"_blank\">\n\n\t\t\t\t\t\t\t\t\t\t\t\t<span class=\"elementor-icon-list-icon\">\n\t\t\t\t\t\t\t<i aria-hidden=\"true\" class=\"fab fa-linkedin-in\"><\/i>\t\t\t\t\t\t<\/span>\n\t\t\t\t\t\t\t\t\t\t<span class=\"elementor-icon-list-text\"><\/span>\n\t\t\t\t\t\t\t\t\t\t\t<\/a>\n\t\t\t\t\t\t\t\t\t<\/li>\n\t\t\t\t\t\t<\/ul>\n\t\t\t\t\t\t<\/div>\n\t\t\t\t<\/div>\n\t\t\t\t<\/div>\n\t\t\t\t<\/div>\n\t\t\t\t\t<\/div>\n\t\t\t\t<\/div>\n\t\t<div class=\"elementor-element elementor-element-7fe3866e e-flex e-con-boxed e-con e-parent\" data-id=\"7fe3866e\" data-element_type=\"container\" data-e-type=\"container\" data-settings=\"{&quot;jet_parallax_layout_list&quot;:[]}\">\n\t\t\t\t\t<div class=\"e-con-inner\">\n\t\t<div class=\"elementor-element elementor-element-67c3be5f e-con-full e-flex e-con e-child\" data-id=\"67c3be5f\" data-element_type=\"container\" data-e-type=\"container\" data-settings=\"{&quot;jet_parallax_layout_list&quot;:[]}\">\n\t\t\t\t<div class=\"elementor-element elementor-element-73fe993f elementor-widget__width-inherit elementor-widget elementor-widget-heading\" data-id=\"73fe993f\" data-element_type=\"widget\" data-e-type=\"widget\" data-widget_type=\"heading.default\">\n\t\t\t\t<div class=\"elementor-widget-container\">\n\t\t\t\t\t<h2 class=\"elementor-heading-title elementor-size-default\">Triade \u2013 wo Ihre Kreativit\u00e4t Raum findet<\/h2>\t\t\t\t<\/div>\n\t\t\t\t<\/div>\n\t\t\t\t<div class=\"elementor-element elementor-element-41b03cc1 elementor-widget elementor-widget-text-editor\" data-id=\"41b03cc1\" data-element_type=\"widget\" data-e-type=\"widget\" data-widget_type=\"text-editor.default\">\n\t\t\t\t<div class=\"elementor-widget-container\">\n\t\t\t\t\t\t\t\t\t<p>Sie m\u00f6chten kreativ sein, Neues entdecken oder einfach in einer inspirierenden Umgebung neue Energie tanken? Dann ist Triade in Den Helder genau das Richtige f\u00fcr Sie. Dieses lebendige Zentrum f\u00fcr k\u00fcnstlerische Bildung bietet eine breite Palette an Kursen und Workshops. Von Fotografie \u00fcber Musicals und Tanz bis hin zu Multimedia \u2013 hier k\u00f6nnen Sie experimentieren, Neues entdecken und Kontakte kn\u00fcpfen. Zug\u00e4nglich, unkompliziert und immer mit Blick auf Ihr individuelles Talent.<\/p><p><strong>Kunst im eigenen Tempo schaffen<\/strong><br \/>Bei Triade dreht sich alles um Ihre pers\u00f6nliche Weiterentwicklung. Egal, ob Sie Anf\u00e4nger sind oder schon jahrelang malen, musizieren oder schauspielern \u2013 es gibt immer etwas Neues zu lernen und zu erleben. Dank der engagierten Kursleiter und der entspannten Atmosph\u00e4re f\u00fchlt sich Triade wie ein kreativer Spielplatz f\u00fcr alle Altersgruppen an. Sie nehmen in Ihrem eigenen Tempo am Unterricht teil und k\u00f6nnen Ihren eigenen Stil, Ihren Rhythmus und Ihre Geschichte einbringen.<\/p><p><strong>Kreative Kultur im Klassenzimmer<\/strong><br \/>Triade bringt Kunst an Schulen in Den Helder und Umgebung. Kinder entdecken schon fr\u00fch die Kraft des Ausdrucks. An Grund- und weiterf\u00fchrenden Schulen entwickelt Triade Tanzprojekte, Theaterauff\u00fchrungen und Musikunterricht, die die Kinder begeistern. Gemeinsam formen wir eine Generation, die es wagt, zu denken, zu f\u00fchlen und zu gestalten.<\/p><p><strong>Gemeinsam machen wir Den Helder kreativer.<\/strong><br \/>Triade ist auch ein wichtiger kultureller Motor der Stadt. Musikgruppen proben dort, K\u00fcnstler stellen ihre Werke aus und Kulturorganisationen treffen sich in den kreativen R\u00e4umlichkeiten. Kooperationen mit der Bibliothek der Schule 7, dem Theater De Kampanje, Museen und sozialen Partnern schaffen ein vielf\u00e4ltiges kulturelles \u00d6kosystem. Vom Musiktag bis hin zu Gemeinschaftsprojekten \u2013 Triade ist pr\u00e4sent und macht all dies m\u00f6glich.<\/p>\t\t\t\t\t\t\t\t<\/div>\n\t\t\t\t<\/div>\n\t\t<div class=\"elementor-element elementor-element-12de51c8 e-con-full e-flex e-con e-child\" data-id=\"12de51c8\" data-element_type=\"container\" data-e-type=\"container\" data-settings=\"{&quot;jet_parallax_layout_list&quot;:[]}\">\n\t\t\t\t<div class=\"elementor-element elementor-element-1bdcba36 elementor-mobile-align-justify elementor-widget-mobile__width-inherit elementor-tablet-align-justify elementor-widget elementor-widget-button\" data-id=\"1bdcba36\" data-element_type=\"widget\" data-e-type=\"widget\" data-widget_type=\"button.default\">\n\t\t\t\t<div class=\"elementor-widget-container\">\n\t\t\t\t\t\t\t\t\t<div class=\"elementor-button-wrapper\">\n\t\t\t\t\t<a class=\"elementor-button elementor-button-link elementor-size-sm\" href=\"http:\/\/www.triade-denhelder.nl\">\n\t\t\t\t\t\t<span class=\"elementor-button-content-wrapper\">\n\t\t\t\t\t\t<span class=\"elementor-button-icon\">\n\t\t\t\t<i aria-hidden=\"true\" class=\"fas fa-chevron-right\"><\/i>\t\t\t<\/span>\n\t\t\t\t\t\t\t\t\t<span class=\"elementor-button-text\">Webseite<\/span>\n\t\t\t\t\t<\/span>\n\t\t\t\t\t<\/a>\n\t\t\t\t<\/div>\n\t\t\t\t\t\t\t\t<\/div>\n\t\t\t\t<\/div>\n\t\t\t\t<\/div>\n\t\t\t\t<\/div>\n\t\t<div class=\"elementor-element elementor-element-52ad42f5 e-con-full e-flex e-con e-child\" data-id=\"52ad42f5\" data-element_type=\"container\" data-e-type=\"container\" data-settings=\"{&quot;jet_parallax_layout_list&quot;:[]}\">\n\t\t\t\t<div class=\"elementor-element elementor-element-5c121780 elementor-widget elementor-widget-image\" data-id=\"5c121780\" data-element_type=\"widget\" data-e-type=\"widget\" data-widget_type=\"image.default\">\n\t\t\t\t<div class=\"elementor-widget-container\">\n\t\t\t\t\t\t\t\t\t\t\t\t\t\t\t<img fetchpriority=\"high\" decoding=\"async\" width=\"800\" height=\"450\" src=\"https:\/\/denhelder.online\/wp-content\/uploads\/2025\/03\/Triade-1024x576.jpeg\" class=\"attachment-large size-large wp-image-9143\" alt=\"Kulturzentrum Triade mit einer markanten Glasfassade, die mit verschiedenen Symbolen von Den Helder und witzigen Spr\u00fcchen verziert ist\" srcset=\"https:\/\/denhelder.online\/wp-content\/uploads\/2025\/03\/Triade-1024x576.jpeg 1024w, https:\/\/denhelder.online\/wp-content\/uploads\/2025\/03\/Triade-300x169.jpeg 300w, https:\/\/denhelder.online\/wp-content\/uploads\/2025\/03\/Triade-768x432.jpeg 768w, https:\/\/denhelder.online\/wp-content\/uploads\/2025\/03\/Triade-18x10.jpeg 18w, https:\/\/denhelder.online\/wp-content\/uploads\/2025\/03\/Triade-600x337.jpeg 600w, https:\/\/denhelder.online\/wp-content\/uploads\/2025\/03\/Triade.jpeg 1110w\" sizes=\"(max-width: 800px) 100vw, 800px\" \/>\t\t\t\t\t\t\t\t\t\t\t\t\t\t\t<\/div>\n\t\t\t\t<\/div>\n\t\t\t\t<\/div>\n\t\t\t\t\t<\/div>\n\t\t\t\t<\/div>\n\t\t\t\t<\/div>","protected":false},"excerpt":{"rendered":"<p>Volg ons op social: \u00a0 \u00a0 \u00a0 \u00a0 Triade, waar jouw creativiteit ruimte krijgt Zin om te cre\u00ebren, te ontdekken of simpelweg even op te laden in een inspirerende omgeving? Dan is Triade in Den Helder jouw plek. Dit kleurrijke centrum voor kunsteducatie biedt een breed palet aan cursussen en workshops. Van fotografie tot musical, [&hellip;]<\/p>\n","protected":false},"author":17,"featured_media":9143,"parent":9110,"menu_order":0,"comment_status":"closed","ping_status":"closed","template":"elementor_header_footer","meta":{"footnotes":""},"tags":[],"doelgroep":[6027,6028],"categorie":[5677],"class_list":["post-9136","page","type-page","status-publish","has-post-thumbnail","hentry","doelgroep-inwoner","doelgroep-inwoner-regio","categorie-kunst-cultuur"],"yoast_head":"<!-- This site is optimized with the Yoast SEO Premium plugin v24.7 (Yoast SEO v27.5) - https:\/\/yoast.com\/product\/yoast-seo-premium-wordpress\/ -->\n<title>Triade Den Helder: centrum voor kunst, muziek en creativiteit<\/title>\n<meta name=\"description\" content=\"Van fotografie tot musical \u2013 bij Triade krijg je de ruimte om te leren, te spelen en jezelf creatief te uiten\" \/>\n<meta name=\"robots\" content=\"index, follow, max-snippet:-1, max-image-preview:large, max-video-preview:-1\" \/>\n<link rel=\"canonical\" href=\"https:\/\/denhelder.online\/de\/kulturzentren\/triaden-den-helder\/\" \/>\n<meta property=\"og:locale\" content=\"de_DE\" \/>\n<meta property=\"og:type\" content=\"article\" \/>\n<meta property=\"og:title\" content=\"Triade Den Helder: waar jouw creativiteit ruimte krijgt\" \/>\n<meta property=\"og:description\" content=\"Van fotografie tot musical \u2013 bij Triade krijg je de ruimte om te leren, te spelen en jezelf creatief te uiten\" \/>\n<meta property=\"og:url\" content=\"https:\/\/denhelder.online\/de\/kulturzentren\/triaden-den-helder\/\" \/>\n<meta property=\"og:site_name\" content=\"Den Helder Online\" \/>\n<meta property=\"article:modified_time\" content=\"2026-01-15T10:02:13+00:00\" \/>\n<meta property=\"og:image\" content=\"https:\/\/denhelder.online\/wp-content\/uploads\/2025\/03\/Triade.jpeg\" \/>\n\t<meta property=\"og:image:width\" content=\"1110\" \/>\n\t<meta property=\"og:image:height\" content=\"624\" \/>\n\t<meta property=\"og:image:type\" content=\"image\/jpeg\" \/>\n<meta name=\"twitter:card\" content=\"summary_large_image\" \/>\n<meta name=\"twitter:label1\" content=\"Gesch\u00e4tzte Lesezeit\" \/>\n\t<meta name=\"twitter:data1\" content=\"2\u00a0Minuten\" \/>\n<script type=\"application\/ld+json\" class=\"yoast-schema-graph\">{\"@context\":\"https:\\\/\\\/schema.org\",\"@graph\":[{\"@type\":\"WebPage\",\"@id\":\"https:\\\/\\\/denhelder.online\\\/culturele-centra\\\/triade-den-helder\\\/\",\"url\":\"https:\\\/\\\/denhelder.online\\\/culturele-centra\\\/triade-den-helder\\\/\",\"name\":\"Triade Den Helder: centrum voor kunst, muziek en creativiteit\",\"isPartOf\":{\"@id\":\"https:\\\/\\\/denhelder.online\\\/#website\"},\"primaryImageOfPage\":{\"@id\":\"https:\\\/\\\/denhelder.online\\\/culturele-centra\\\/triade-den-helder\\\/#primaryimage\"},\"image\":{\"@id\":\"https:\\\/\\\/denhelder.online\\\/culturele-centra\\\/triade-den-helder\\\/#primaryimage\"},\"thumbnailUrl\":\"https:\\\/\\\/denhelder.online\\\/wp-content\\\/uploads\\\/2025\\\/03\\\/Triade.jpeg\",\"datePublished\":\"2025-03-24T10:20:09+00:00\",\"dateModified\":\"2026-01-15T10:02:13+00:00\",\"description\":\"Van fotografie tot musical \u2013 bij Triade krijg je de ruimte om te leren, te spelen en jezelf creatief te uiten\",\"breadcrumb\":{\"@id\":\"https:\\\/\\\/denhelder.online\\\/culturele-centra\\\/triade-den-helder\\\/#breadcrumb\"},\"inLanguage\":\"de\",\"potentialAction\":[{\"@type\":\"ReadAction\",\"target\":[\"https:\\\/\\\/denhelder.online\\\/culturele-centra\\\/triade-den-helder\\\/\"]}]},{\"@type\":\"ImageObject\",\"inLanguage\":\"de\",\"@id\":\"https:\\\/\\\/denhelder.online\\\/culturele-centra\\\/triade-den-helder\\\/#primaryimage\",\"url\":\"https:\\\/\\\/denhelder.online\\\/wp-content\\\/uploads\\\/2025\\\/03\\\/Triade.jpeg\",\"contentUrl\":\"https:\\\/\\\/denhelder.online\\\/wp-content\\\/uploads\\\/2025\\\/03\\\/Triade.jpeg\",\"width\":1110,\"height\":624,\"caption\":\"Cultureel Centra Triade met markante glazen gevel met verschillende iconen van Den Helder en leuke grapjes\"},{\"@type\":\"BreadcrumbList\",\"@id\":\"https:\\\/\\\/denhelder.online\\\/culturele-centra\\\/triade-den-helder\\\/#breadcrumb\",\"itemListElement\":[{\"@type\":\"ListItem\",\"position\":1,\"name\":\"Home\",\"item\":\"https:\\\/\\\/denhelder.online\\\/\"},{\"@type\":\"ListItem\",\"position\":2,\"name\":\"Culturele Centra\",\"item\":\"https:\\\/\\\/denhelder.online\\\/culturele-centra\\\/\"},{\"@type\":\"ListItem\",\"position\":3,\"name\":\"Triade Den Helder: waar jouw creativiteit ruimte krijgt\"}]},{\"@type\":\"WebSite\",\"@id\":\"https:\\\/\\\/denhelder.online\\\/#website\",\"url\":\"https:\\\/\\\/denhelder.online\\\/\",\"name\":\"Den Helder Online\",\"description\":\"Beleef Den Helder\",\"publisher\":{\"@id\":\"https:\\\/\\\/denhelder.online\\\/#organization\"},\"potentialAction\":[{\"@type\":\"SearchAction\",\"target\":{\"@type\":\"EntryPoint\",\"urlTemplate\":\"https:\\\/\\\/denhelder.online\\\/?s={search_term_string}\"},\"query-input\":{\"@type\":\"PropertyValueSpecification\",\"valueRequired\":true,\"valueName\":\"search_term_string\"}}],\"inLanguage\":\"de\"},{\"@type\":\"Organization\",\"@id\":\"https:\\\/\\\/denhelder.online\\\/#organization\",\"name\":\"Den Helder Online\",\"url\":\"https:\\\/\\\/denhelder.online\\\/\",\"logo\":{\"@type\":\"ImageObject\",\"inLanguage\":\"de\",\"@id\":\"https:\\\/\\\/denhelder.online\\\/#\\\/schema\\\/logo\\\/image\\\/\",\"url\":\"https:\\\/\\\/denhelder.online\\\/wp-content\\\/uploads\\\/2021\\\/12\\\/DitIsDH-Logo-26-tagline.svg\",\"contentUrl\":\"https:\\\/\\\/denhelder.online\\\/wp-content\\\/uploads\\\/2021\\\/12\\\/DitIsDH-Logo-26-tagline.svg\",\"width\":1717.0999999999999,\"height\":934.89999999999998,\"caption\":\"Den Helder Online\"},\"image\":{\"@id\":\"https:\\\/\\\/denhelder.online\\\/#\\\/schema\\\/logo\\\/image\\\/\"}}]}<\/script>\n<!-- \/ Yoast SEO Premium plugin. -->","yoast_head_json":{"title":"Triade Den Helder: Zentrum f\u00fcr Kunst, Musik und Kreativit\u00e4t","description":"Von Fotografie bis Musicals \u2013 bei Triade erh\u00e4ltst du den Raum, zu lernen, zu spielen und dich kreativ auszudr\u00fccken.","robots":{"index":"index","follow":"follow","max-snippet":"max-snippet:-1","max-image-preview":"max-image-preview:large","max-video-preview":"max-video-preview:-1"},"canonical":"https:\/\/denhelder.online\/de\/kulturzentren\/triaden-den-helder\/","og_locale":"de_DE","og_type":"article","og_title":"Triade Den Helder: waar jouw creativiteit ruimte krijgt","og_description":"Van fotografie tot musical \u2013 bij Triade krijg je de ruimte om te leren, te spelen en jezelf creatief te uiten","og_url":"https:\/\/denhelder.online\/de\/kulturzentren\/triaden-den-helder\/","og_site_name":"Den Helder Online","article_modified_time":"2026-01-15T10:02:13+00:00","og_image":[{"width":1110,"height":624,"url":"https:\/\/denhelder.online\/wp-content\/uploads\/2025\/03\/Triade.jpeg","type":"image\/jpeg"}],"twitter_card":"summary_large_image","twitter_misc":{"Gesch\u00e4tzte Lesezeit":"2\u00a0Minuten"},"schema":{"@context":"https:\/\/schema.org","@graph":[{"@type":"WebPage","@id":"https:\/\/denhelder.online\/culturele-centra\/triade-den-helder\/","url":"https:\/\/denhelder.online\/culturele-centra\/triade-den-helder\/","name":"Triade Den Helder: Zentrum f\u00fcr Kunst, Musik und Kreativit\u00e4t","isPartOf":{"@id":"https:\/\/denhelder.online\/#website"},"primaryImageOfPage":{"@id":"https:\/\/denhelder.online\/culturele-centra\/triade-den-helder\/#primaryimage"},"image":{"@id":"https:\/\/denhelder.online\/culturele-centra\/triade-den-helder\/#primaryimage"},"thumbnailUrl":"https:\/\/denhelder.online\/wp-content\/uploads\/2025\/03\/Triade.jpeg","datePublished":"2025-03-24T10:20:09+00:00","dateModified":"2026-01-15T10:02:13+00:00","description":"Von Fotografie bis Musicals \u2013 bei Triade erh\u00e4ltst du den Raum, zu lernen, zu spielen und dich kreativ auszudr\u00fccken.","breadcrumb":{"@id":"https:\/\/denhelder.online\/culturele-centra\/triade-den-helder\/#breadcrumb"},"inLanguage":"de","potentialAction":[{"@type":"ReadAction","target":["https:\/\/denhelder.online\/culturele-centra\/triade-den-helder\/"]}]},{"@type":"ImageObject","inLanguage":"de","@id":"https:\/\/denhelder.online\/culturele-centra\/triade-den-helder\/#primaryimage","url":"https:\/\/denhelder.online\/wp-content\/uploads\/2025\/03\/Triade.jpeg","contentUrl":"https:\/\/denhelder.online\/wp-content\/uploads\/2025\/03\/Triade.jpeg","width":1110,"height":624,"caption":"Cultureel Centra Triade met markante glazen gevel met verschillende iconen van Den Helder en leuke grapjes"},{"@type":"BreadcrumbList","@id":"https:\/\/denhelder.online\/culturele-centra\/triade-den-helder\/#breadcrumb","itemListElement":[{"@type":"ListItem","position":1,"name":"Home","item":"https:\/\/denhelder.online\/"},{"@type":"ListItem","position":2,"name":"Culturele Centra","item":"https:\/\/denhelder.online\/culturele-centra\/"},{"@type":"ListItem","position":3,"name":"Triade Den Helder: waar jouw creativiteit ruimte krijgt"}]},{"@type":"WebSite","@id":"https:\/\/denhelder.online\/#website","url":"https:\/\/denhelder.online\/","name":"Den Helder Online","description":"Erleben Sie Den Helder","publisher":{"@id":"https:\/\/denhelder.online\/#organization"},"potentialAction":[{"@type":"SearchAction","target":{"@type":"EntryPoint","urlTemplate":"https:\/\/denhelder.online\/?s={search_term_string}"},"query-input":{"@type":"PropertyValueSpecification","valueRequired":true,"valueName":"search_term_string"}}],"inLanguage":"de"},{"@type":"Organization","@id":"https:\/\/denhelder.online\/#organization","name":"Den Helder Online","url":"https:\/\/denhelder.online\/","logo":{"@type":"ImageObject","inLanguage":"de","@id":"https:\/\/denhelder.online\/#\/schema\/logo\/image\/","url":"https:\/\/denhelder.online\/wp-content\/uploads\/2021\/12\/DitIsDH-Logo-26-tagline.svg","contentUrl":"https:\/\/denhelder.online\/wp-content\/uploads\/2021\/12\/DitIsDH-Logo-26-tagline.svg","width":1717.0999999999999,"height":934.89999999999998,"caption":"Den Helder Online"},"image":{"@id":"https:\/\/denhelder.online\/#\/schema\/logo\/image\/"}}]}},"_links":{"self":[{"href":"https:\/\/denhelder.online\/de\/wp-json\/wp\/v2\/pages\/9136","targetHints":{"allow":["GET"]}}],"collection":[{"href":"https:\/\/denhelder.online\/de\/wp-json\/wp\/v2\/pages"}],"about":[{"href":"https:\/\/denhelder.online\/de\/wp-json\/wp\/v2\/types\/page"}],"author":[{"embeddable":true,"href":"https:\/\/denhelder.online\/de\/wp-json\/wp\/v2\/users\/17"}],"replies":[{"embeddable":true,"href":"https:\/\/denhelder.online\/de\/wp-json\/wp\/v2\/comments?post=9136"}],"version-history":[{"count":0,"href":"https:\/\/denhelder.online\/de\/wp-json\/wp\/v2\/pages\/9136\/revisions"}],"up":[{"embeddable":true,"href":"https:\/\/denhelder.online\/de\/wp-json\/wp\/v2\/pages\/9110"}],"wp:featuredmedia":[{"embeddable":true,"href":"https:\/\/denhelder.online\/de\/wp-json\/wp\/v2\/media\/9143"}],"wp:attachment":[{"href":"https:\/\/denhelder.online\/de\/wp-json\/wp\/v2\/media?parent=9136"}],"wp:term":[{"taxonomy":"post_tag","embeddable":true,"href":"https:\/\/denhelder.online\/de\/wp-json\/wp\/v2\/tags?post=9136"},{"taxonomy":"doelgroep","embeddable":true,"href":"https:\/\/denhelder.online\/de\/wp-json\/wp\/v2\/doelgroep?post=9136"},{"taxonomy":"categorie","embeddable":true,"href":"https:\/\/denhelder.online\/de\/wp-json\/wp\/v2\/categorie?post=9136"}],"curies":[{"name":"wp","href":"https:\/\/api.w.org\/{rel}","templated":true}]}}