{"id":9662,"date":"2025-04-04T10:29:40","date_gmt":"2025-04-04T08:29:40","guid":{"rendered":"https:\/\/denhelder.online\/?page_id=9662"},"modified":"2026-01-19T14:33:27","modified_gmt":"2026-01-19T13:33:27","slug":"wanderweg-den-helder-schlacht-eines-konigs","status":"publish","type":"page","link":"https:\/\/denhelder.online\/de\/wat-te-doen\/wandelroutes\/wandelroute-den-helder-strijd-van-een-koning\/","title":{"rendered":"Wanderroute | Den Helder Schlacht eines K\u00f6nigs"},"content":{"rendered":"<div data-elementor-type=\"wp-page\" data-elementor-id=\"9662\" class=\"elementor elementor-9662\" data-elementor-post-type=\"page\">\n\t\t\t\t<div class=\"elementor-element elementor-element-4984b5ba e-flex e-con-boxed e-con e-parent\" data-id=\"4984b5ba\" data-element_type=\"container\" data-e-type=\"container\" data-settings=\"{&quot;jet_parallax_layout_list&quot;:[]}\">\n\t\t\t\t\t<div class=\"e-con-inner\">\n\t\t<div class=\"elementor-element elementor-element-5e27c02d e-con-full e-flex e-con e-child\" data-id=\"5e27c02d\" data-element_type=\"container\" data-e-type=\"container\" data-settings=\"{&quot;jet_parallax_layout_list&quot;:[]}\">\n\t\t\t\t<div class=\"elementor-element elementor-element-7a9f1f8 elementor-widget__width-inherit elementor-widget elementor-widget-heading\" data-id=\"7a9f1f8\" data-element_type=\"widget\" data-e-type=\"widget\" data-widget_type=\"heading.default\">\n\t\t\t\t<div class=\"elementor-widget-container\">\n\t\t\t\t\t<h2 class=\"elementor-heading-title elementor-size-default\">Wanderroute | Den Helder Schlacht eines K\u00f6nigs<\/h2>\t\t\t\t<\/div>\n\t\t\t\t<\/div>\n\t\t\t\t<div class=\"elementor-element elementor-element-510bfa4d elementor-widget elementor-widget-text-editor\" data-id=\"510bfa4d\" data-element_type=\"widget\" data-e-type=\"widget\" data-widget_type=\"text-editor.default\">\n\t\t\t\t<div class=\"elementor-widget-container\">\n\t\t\t\t\t\t\t\t\t<p data-start=\"364\" data-end=\"418\"><strong>Treten Sie zur\u00fcck in die Vergangenheit, mitten in die D\u00fcnenlandschaft<\/strong><\/p><p class=\"\" data-start=\"420\" data-end=\"742\">Bei dieser D\u00fcnenwanderung in Den Helder entdecken Sie, wie Ruhe und Natur mit einem faszinierenden St\u00fcck niederl\u00e4ndischer Geschichte verschmelzen. Sie wandern entlang von Deichen, am Wasser und zwischen jahrhundertealten Festungen. Keine Menschenmassen, keine Hektik \u2013 nur das Rauschen des Windes und die Geschichte eines Landes im Wandel.<\/p><p data-start=\"744\" data-end=\"786\"><strong>Sicher auf der Stra\u00dfe durch eine turbulente Vergangenheit<\/strong><\/p><p class=\"\" data-start=\"788\" data-end=\"1137\">Ende des 18. Jahrhunderts tobte in den Niederlanden ein erbitterter Konflikt zwischen Anh\u00e4ngern und Gegnern des Hauses Oranien. Dieser Spaziergang f\u00fchrt Sie zu Orten, an denen diese Geschichte greifbar wird. Sie erfahren, wie die Franzosen in die Niederlande einmarschierten und die Batavische Republik gegr\u00fcndet wurde \u2013 eine Zeit, in der das Haus Oranien zur Flucht gezwungen war, direkt \u00fcber die Nordsee.<\/p><p data-start=\"1139\" data-end=\"1193\"><strong>Festungen als stumme Zeugen gro\u00dfer Ver\u00e4nderungen<\/strong><\/p><p class=\"\" data-start=\"1195\" data-end=\"1520\">1811 besuchte Napoleon pers\u00f6nlich Den Helder. Der franz\u00f6sische Kaiser gab hier den Bau von Festungen in Auftrag, die man noch heute bewundern kann. Man geht buchst\u00e4blich an diesen beeindruckenden Bauwerken vorbei \u2013 robust, unverkennbar und voller Geschichten. Sie erinnern an eine Zeit, in der nichts gewiss schien, in der die Niederlande aber schlie\u00dflich wieder Frieden fanden.<\/p><p data-start=\"1522\" data-end=\"1570\"><strong>Von der Republik zum K\u00f6nigreich \u2013 der Wendepunkt<\/strong><\/p><p class=\"\" data-start=\"1572\" data-end=\"1876\">Dieser Spaziergang endet an einem besonderen Punkt unserer Geschichte: der R\u00fcckkehr des Hauses Oranien. Die Niederlande werden eine Monarchie. Es mag weit entfernt scheinen, doch w\u00e4hrend dieses Spaziergangs r\u00fcckt die Vergangenheit pl\u00f6tzlich in greifbare N\u00e4he. Sie werden sp\u00fcren, wie besonders es ist, an Orten zu stehen, an denen Geschichte geschrieben wurde.<\/p>\t\t\t\t\t\t\t\t<\/div>\n\t\t\t\t<\/div>\n\t\t<div class=\"elementor-element elementor-element-42124691 e-con-full e-flex e-con e-child\" data-id=\"42124691\" data-element_type=\"container\" data-e-type=\"container\" data-settings=\"{&quot;jet_parallax_layout_list&quot;:[]}\">\n\t\t\t\t<div class=\"elementor-element elementor-element-4d72aabe elementor-mobile-align-justify elementor-widget-mobile__width-inherit elementor-tablet-align-justify elementor-widget elementor-widget-button\" data-id=\"4d72aabe\" data-element_type=\"widget\" data-e-type=\"widget\" data-widget_type=\"button.default\">\n\t\t\t\t<div class=\"elementor-widget-container\">\n\t\t\t\t\t\t\t\t\t<div class=\"elementor-button-wrapper\">\n\t\t\t\t\t<a class=\"elementor-button elementor-button-link elementor-size-sm\" href=\"https:\/\/hetverhaalvannederland.ntr.nl\/podwalks\/den-helder\/\">\n\t\t\t\t\t\t<span class=\"elementor-button-content-wrapper\">\n\t\t\t\t\t\t<span class=\"elementor-button-icon\">\n\t\t\t\t<i aria-hidden=\"true\" class=\"fas fa-chevron-right\"><\/i>\t\t\t<\/span>\n\t\t\t\t\t\t\t\t\t<span class=\"elementor-button-text\">Webseite<\/span>\n\t\t\t\t\t<\/span>\n\t\t\t\t\t<\/a>\n\t\t\t\t<\/div>\n\t\t\t\t\t\t\t\t<\/div>\n\t\t\t\t<\/div>\n\t\t\t\t<\/div>\n\t\t\t\t<\/div>\n\t\t<div class=\"elementor-element elementor-element-5affb95 e-con-full e-flex e-con e-child\" data-id=\"5affb95\" data-element_type=\"container\" data-e-type=\"container\" data-settings=\"{&quot;jet_parallax_layout_list&quot;:[]}\">\n\t\t\t\t<div class=\"elementor-element elementor-element-3805932d elementor-widget elementor-widget-image\" data-id=\"3805932d\" data-element_type=\"widget\" data-e-type=\"widget\" data-widget_type=\"image.default\">\n\t\t\t\t<div class=\"elementor-widget-container\">\n\t\t\t\t\t\t\t\t\t\t\t\t\t\t\t<img fetchpriority=\"high\" decoding=\"async\" width=\"800\" height=\"552\" src=\"https:\/\/denhelder.online\/wp-content\/uploads\/2025\/04\/het-verhaal-van-Nederland-1024x706.jpg\" class=\"attachment-large size-large wp-image-9658\" alt=\"Geschichte des Den Helder zu Fu\u00df\" srcset=\"https:\/\/denhelder.online\/wp-content\/uploads\/2025\/04\/het-verhaal-van-Nederland-1024x706.jpg 1024w, https:\/\/denhelder.online\/wp-content\/uploads\/2025\/04\/het-verhaal-van-Nederland-300x207.jpg 300w, https:\/\/denhelder.online\/wp-content\/uploads\/2025\/04\/het-verhaal-van-Nederland-768x530.jpg 768w, https:\/\/denhelder.online\/wp-content\/uploads\/2025\/04\/het-verhaal-van-Nederland-18x12.jpg 18w, https:\/\/denhelder.online\/wp-content\/uploads\/2025\/04\/het-verhaal-van-Nederland-600x414.jpg 600w, https:\/\/denhelder.online\/wp-content\/uploads\/2025\/04\/het-verhaal-van-Nederland.jpg 1031w\" sizes=\"(max-width: 800px) 100vw, 800px\" \/>\t\t\t\t\t\t\t\t\t\t\t\t\t\t\t<\/div>\n\t\t\t\t<\/div>\n\t\t\t\t<\/div>\n\t\t\t\t\t<\/div>\n\t\t\t\t<\/div>\n\t\t\t\t<\/div>","protected":false},"excerpt":{"rendered":"<p>Wandelroute | Den Helder Strijd van een Koning Stap terug in de tijd, midden in het duinlandschap Tijdens deze duinwandeling in Den Helder ontdek je hoe rust en natuur samenkomen met een spannend stukje vaderlandse geschiedenis. Je loopt over dijken, langs het water en tussen de forten die al eeuwenlang overeind staan. Geen drukte, geen [&hellip;]<\/p>\n","protected":false},"author":17,"featured_media":18311,"parent":3678,"menu_order":0,"comment_status":"closed","ping_status":"closed","template":"elementor_header_footer","meta":{"footnotes":""},"tags":[],"doelgroep":[],"categorie":[6030],"class_list":["post-9662","page","type-page","status-publish","has-post-thumbnail","hentry","categorie-overnachten"],"yoast_head":"<!-- This site is optimized with the Yoast SEO Premium plugin v24.7 (Yoast SEO v27.5) - https:\/\/yoast.com\/product\/yoast-seo-premium-wordpress\/ -->\n<title>Ontdek de geschiedenis tijdens een duinwandeling in Den Helder<\/title>\n<meta name=\"description\" content=\"Wandel langs forten en dijken in Den Helder en beleef de tijd van Napoleon en de Oranjes.\" \/>\n<meta name=\"robots\" content=\"index, follow, max-snippet:-1, max-image-preview:large, max-video-preview:-1\" \/>\n<link rel=\"canonical\" href=\"https:\/\/denhelder.online\/de\/was-zu-tun\/wanderwege\/wanderweg-den-helder-schlacht-eines-konigs\/\" \/>\n<meta property=\"og:locale\" content=\"de_DE\" \/>\n<meta property=\"og:type\" content=\"article\" \/>\n<meta property=\"og:title\" content=\"Wandelroute | Den Helder Strijd van een Koning\" \/>\n<meta property=\"og:description\" content=\"Wandel langs forten en dijken in Den Helder en beleef de tijd van Napoleon en de Oranjes.\" \/>\n<meta property=\"og:url\" content=\"https:\/\/denhelder.online\/de\/was-zu-tun\/wanderwege\/wanderweg-den-helder-schlacht-eines-konigs\/\" \/>\n<meta property=\"og:site_name\" content=\"Den Helder Online\" \/>\n<meta property=\"article:modified_time\" content=\"2026-01-19T13:33:27+00:00\" \/>\n<meta property=\"og:image\" content=\"https:\/\/denhelder.online\/wp-content\/uploads\/2026\/01\/vuurtoren-grafelijkheisduinen-0226.jpg\" \/>\n\t<meta property=\"og:image:width\" content=\"2074\" \/>\n\t<meta property=\"og:image:height\" content=\"1382\" \/>\n\t<meta property=\"og:image:type\" content=\"image\/jpeg\" \/>\n<meta name=\"twitter:card\" content=\"summary_large_image\" \/>\n<meta name=\"twitter:label1\" content=\"Gesch\u00e4tzte Lesezeit\" \/>\n\t<meta name=\"twitter:data1\" content=\"2\u00a0Minuten\" \/>\n<script type=\"application\/ld+json\" class=\"yoast-schema-graph\">{\"@context\":\"https:\\\/\\\/schema.org\",\"@graph\":[{\"@type\":\"WebPage\",\"@id\":\"https:\\\/\\\/denhelder.online\\\/wat-te-doen\\\/wandelroutes\\\/wandelroute-den-helder-strijd-van-een-koning\\\/\",\"url\":\"https:\\\/\\\/denhelder.online\\\/wat-te-doen\\\/wandelroutes\\\/wandelroute-den-helder-strijd-van-een-koning\\\/\",\"name\":\"Ontdek de geschiedenis tijdens een duinwandeling in Den Helder\",\"isPartOf\":{\"@id\":\"https:\\\/\\\/denhelder.online\\\/#website\"},\"primaryImageOfPage\":{\"@id\":\"https:\\\/\\\/denhelder.online\\\/wat-te-doen\\\/wandelroutes\\\/wandelroute-den-helder-strijd-van-een-koning\\\/#primaryimage\"},\"image\":{\"@id\":\"https:\\\/\\\/denhelder.online\\\/wat-te-doen\\\/wandelroutes\\\/wandelroute-den-helder-strijd-van-een-koning\\\/#primaryimage\"},\"thumbnailUrl\":\"https:\\\/\\\/denhelder.online\\\/wp-content\\\/uploads\\\/2026\\\/01\\\/vuurtoren-grafelijkheisduinen-0226.jpg\",\"datePublished\":\"2025-04-04T08:29:40+00:00\",\"dateModified\":\"2026-01-19T13:33:27+00:00\",\"description\":\"Wandel langs forten en dijken in Den Helder en beleef de tijd van Napoleon en de Oranjes.\",\"breadcrumb\":{\"@id\":\"https:\\\/\\\/denhelder.online\\\/wat-te-doen\\\/wandelroutes\\\/wandelroute-den-helder-strijd-van-een-koning\\\/#breadcrumb\"},\"inLanguage\":\"de\",\"potentialAction\":[{\"@type\":\"ReadAction\",\"target\":[\"https:\\\/\\\/denhelder.online\\\/wat-te-doen\\\/wandelroutes\\\/wandelroute-den-helder-strijd-van-een-koning\\\/\"]}]},{\"@type\":\"ImageObject\",\"inLanguage\":\"de\",\"@id\":\"https:\\\/\\\/denhelder.online\\\/wat-te-doen\\\/wandelroutes\\\/wandelroute-den-helder-strijd-van-een-koning\\\/#primaryimage\",\"url\":\"https:\\\/\\\/denhelder.online\\\/wp-content\\\/uploads\\\/2026\\\/01\\\/vuurtoren-grafelijkheisduinen-0226.jpg\",\"contentUrl\":\"https:\\\/\\\/denhelder.online\\\/wp-content\\\/uploads\\\/2026\\\/01\\\/vuurtoren-grafelijkheisduinen-0226.jpg\",\"width\":2074,\"height\":1382,\"caption\":\"Grafelijkheidsduinen vanuit de lucht gefotografeerd\"},{\"@type\":\"BreadcrumbList\",\"@id\":\"https:\\\/\\\/denhelder.online\\\/wat-te-doen\\\/wandelroutes\\\/wandelroute-den-helder-strijd-van-een-koning\\\/#breadcrumb\",\"itemListElement\":[{\"@type\":\"ListItem\",\"position\":1,\"name\":\"Home\",\"item\":\"https:\\\/\\\/denhelder.online\\\/\"},{\"@type\":\"ListItem\",\"position\":2,\"name\":\"Wat te doen\",\"item\":\"https:\\\/\\\/denhelder.online\\\/wat-te-doen\\\/\"},{\"@type\":\"ListItem\",\"position\":3,\"name\":\"Wandelroutes\",\"item\":\"https:\\\/\\\/denhelder.online\\\/wat-te-doen\\\/wandelroutes\\\/\"},{\"@type\":\"ListItem\",\"position\":4,\"name\":\"Wandelroute | Den Helder Strijd van een Koning\"}]},{\"@type\":\"WebSite\",\"@id\":\"https:\\\/\\\/denhelder.online\\\/#website\",\"url\":\"https:\\\/\\\/denhelder.online\\\/\",\"name\":\"Den Helder Online\",\"description\":\"Beleef Den Helder\",\"publisher\":{\"@id\":\"https:\\\/\\\/denhelder.online\\\/#organization\"},\"potentialAction\":[{\"@type\":\"SearchAction\",\"target\":{\"@type\":\"EntryPoint\",\"urlTemplate\":\"https:\\\/\\\/denhelder.online\\\/?s={search_term_string}\"},\"query-input\":{\"@type\":\"PropertyValueSpecification\",\"valueRequired\":true,\"valueName\":\"search_term_string\"}}],\"inLanguage\":\"de\"},{\"@type\":\"Organization\",\"@id\":\"https:\\\/\\\/denhelder.online\\\/#organization\",\"name\":\"Den Helder Online\",\"url\":\"https:\\\/\\\/denhelder.online\\\/\",\"logo\":{\"@type\":\"ImageObject\",\"inLanguage\":\"de\",\"@id\":\"https:\\\/\\\/denhelder.online\\\/#\\\/schema\\\/logo\\\/image\\\/\",\"url\":\"https:\\\/\\\/denhelder.online\\\/wp-content\\\/uploads\\\/2021\\\/12\\\/DitIsDH-Logo-26-tagline.svg\",\"contentUrl\":\"https:\\\/\\\/denhelder.online\\\/wp-content\\\/uploads\\\/2021\\\/12\\\/DitIsDH-Logo-26-tagline.svg\",\"width\":1717.0999999999999,\"height\":934.89999999999998,\"caption\":\"Den Helder Online\"},\"image\":{\"@id\":\"https:\\\/\\\/denhelder.online\\\/#\\\/schema\\\/logo\\\/image\\\/\"}}]}<\/script>\n<!-- \/ Yoast SEO Premium plugin. -->","yoast_head_json":{"title":"Entdecken Sie Geschichte bei einer D\u00fcnenwanderung in Den Helder","description":"Schlendern Sie in Den Helder entlang von Festungen und Deichen und erleben Sie die Zeit Napoleons und des Hauses Oranien.","robots":{"index":"index","follow":"follow","max-snippet":"max-snippet:-1","max-image-preview":"max-image-preview:large","max-video-preview":"max-video-preview:-1"},"canonical":"https:\/\/denhelder.online\/de\/was-zu-tun\/wanderwege\/wanderweg-den-helder-schlacht-eines-konigs\/","og_locale":"de_DE","og_type":"article","og_title":"Wandelroute | Den Helder Strijd van een Koning","og_description":"Wandel langs forten en dijken in Den Helder en beleef de tijd van Napoleon en de Oranjes.","og_url":"https:\/\/denhelder.online\/de\/was-zu-tun\/wanderwege\/wanderweg-den-helder-schlacht-eines-konigs\/","og_site_name":"Den Helder Online","article_modified_time":"2026-01-19T13:33:27+00:00","og_image":[{"width":2074,"height":1382,"url":"https:\/\/denhelder.online\/wp-content\/uploads\/2026\/01\/vuurtoren-grafelijkheisduinen-0226.jpg","type":"image\/jpeg"}],"twitter_card":"summary_large_image","twitter_misc":{"Gesch\u00e4tzte Lesezeit":"2\u00a0Minuten"},"schema":{"@context":"https:\/\/schema.org","@graph":[{"@type":"WebPage","@id":"https:\/\/denhelder.online\/wat-te-doen\/wandelroutes\/wandelroute-den-helder-strijd-van-een-koning\/","url":"https:\/\/denhelder.online\/wat-te-doen\/wandelroutes\/wandelroute-den-helder-strijd-van-een-koning\/","name":"Entdecken Sie Geschichte bei einer D\u00fcnenwanderung in Den Helder","isPartOf":{"@id":"https:\/\/denhelder.online\/#website"},"primaryImageOfPage":{"@id":"https:\/\/denhelder.online\/wat-te-doen\/wandelroutes\/wandelroute-den-helder-strijd-van-een-koning\/#primaryimage"},"image":{"@id":"https:\/\/denhelder.online\/wat-te-doen\/wandelroutes\/wandelroute-den-helder-strijd-van-een-koning\/#primaryimage"},"thumbnailUrl":"https:\/\/denhelder.online\/wp-content\/uploads\/2026\/01\/vuurtoren-grafelijkheisduinen-0226.jpg","datePublished":"2025-04-04T08:29:40+00:00","dateModified":"2026-01-19T13:33:27+00:00","description":"Schlendern Sie in Den Helder entlang von Festungen und Deichen und erleben Sie die Zeit Napoleons und des Hauses Oranien.","breadcrumb":{"@id":"https:\/\/denhelder.online\/wat-te-doen\/wandelroutes\/wandelroute-den-helder-strijd-van-een-koning\/#breadcrumb"},"inLanguage":"de","potentialAction":[{"@type":"ReadAction","target":["https:\/\/denhelder.online\/wat-te-doen\/wandelroutes\/wandelroute-den-helder-strijd-van-een-koning\/"]}]},{"@type":"ImageObject","inLanguage":"de","@id":"https:\/\/denhelder.online\/wat-te-doen\/wandelroutes\/wandelroute-den-helder-strijd-van-een-koning\/#primaryimage","url":"https:\/\/denhelder.online\/wp-content\/uploads\/2026\/01\/vuurtoren-grafelijkheisduinen-0226.jpg","contentUrl":"https:\/\/denhelder.online\/wp-content\/uploads\/2026\/01\/vuurtoren-grafelijkheisduinen-0226.jpg","width":2074,"height":1382,"caption":"Grafelijkheidsduinen vanuit de lucht gefotografeerd"},{"@type":"BreadcrumbList","@id":"https:\/\/denhelder.online\/wat-te-doen\/wandelroutes\/wandelroute-den-helder-strijd-van-een-koning\/#breadcrumb","itemListElement":[{"@type":"ListItem","position":1,"name":"Home","item":"https:\/\/denhelder.online\/"},{"@type":"ListItem","position":2,"name":"Wat te doen","item":"https:\/\/denhelder.online\/wat-te-doen\/"},{"@type":"ListItem","position":3,"name":"Wandelroutes","item":"https:\/\/denhelder.online\/wat-te-doen\/wandelroutes\/"},{"@type":"ListItem","position":4,"name":"Wandelroute | Den Helder Strijd van een Koning"}]},{"@type":"WebSite","@id":"https:\/\/denhelder.online\/#website","url":"https:\/\/denhelder.online\/","name":"Den Helder Online","description":"Erleben Sie Den Helder","publisher":{"@id":"https:\/\/denhelder.online\/#organization"},"potentialAction":[{"@type":"SearchAction","target":{"@type":"EntryPoint","urlTemplate":"https:\/\/denhelder.online\/?s={search_term_string}"},"query-input":{"@type":"PropertyValueSpecification","valueRequired":true,"valueName":"search_term_string"}}],"inLanguage":"de"},{"@type":"Organization","@id":"https:\/\/denhelder.online\/#organization","name":"Den Helder Online","url":"https:\/\/denhelder.online\/","logo":{"@type":"ImageObject","inLanguage":"de","@id":"https:\/\/denhelder.online\/#\/schema\/logo\/image\/","url":"https:\/\/denhelder.online\/wp-content\/uploads\/2021\/12\/DitIsDH-Logo-26-tagline.svg","contentUrl":"https:\/\/denhelder.online\/wp-content\/uploads\/2021\/12\/DitIsDH-Logo-26-tagline.svg","width":1717.0999999999999,"height":934.89999999999998,"caption":"Den Helder Online"},"image":{"@id":"https:\/\/denhelder.online\/#\/schema\/logo\/image\/"}}]}},"_links":{"self":[{"href":"https:\/\/denhelder.online\/de\/wp-json\/wp\/v2\/pages\/9662","targetHints":{"allow":["GET"]}}],"collection":[{"href":"https:\/\/denhelder.online\/de\/wp-json\/wp\/v2\/pages"}],"about":[{"href":"https:\/\/denhelder.online\/de\/wp-json\/wp\/v2\/types\/page"}],"author":[{"embeddable":true,"href":"https:\/\/denhelder.online\/de\/wp-json\/wp\/v2\/users\/17"}],"replies":[{"embeddable":true,"href":"https:\/\/denhelder.online\/de\/wp-json\/wp\/v2\/comments?post=9662"}],"version-history":[{"count":0,"href":"https:\/\/denhelder.online\/de\/wp-json\/wp\/v2\/pages\/9662\/revisions"}],"up":[{"embeddable":true,"href":"https:\/\/denhelder.online\/de\/wp-json\/wp\/v2\/pages\/3678"}],"wp:featuredmedia":[{"embeddable":true,"href":"https:\/\/denhelder.online\/de\/wp-json\/wp\/v2\/media\/18311"}],"wp:attachment":[{"href":"https:\/\/denhelder.online\/de\/wp-json\/wp\/v2\/media?parent=9662"}],"wp:term":[{"taxonomy":"post_tag","embeddable":true,"href":"https:\/\/denhelder.online\/de\/wp-json\/wp\/v2\/tags?post=9662"},{"taxonomy":"doelgroep","embeddable":true,"href":"https:\/\/denhelder.online\/de\/wp-json\/wp\/v2\/doelgroep?post=9662"},{"taxonomy":"categorie","embeddable":true,"href":"https:\/\/denhelder.online\/de\/wp-json\/wp\/v2\/categorie?post=9662"}],"curies":[{"name":"wp","href":"https:\/\/api.w.org\/{rel}","templated":true}]}}