{"id":11676,"date":"2025-06-11T13:48:15","date_gmt":"2025-06-11T11:48:15","guid":{"rendered":"https:\/\/denhelder.online\/?page_id=11676"},"modified":"2026-01-13T14:09:22","modified_gmt":"2026-01-13T13:09:22","slug":"the-sinking-of-the-o-16","status":"publish","type":"page","link":"https:\/\/denhelder.online\/en\/herdenkenenvieren\/den-helder-spookstad\/het-vergaan-van-de-o-16\/","title":{"rendered":"The sinking of the O 16 and the only survivor"},"content":{"rendered":"\t\t<div data-elementor-type=\"wp-page\" data-elementor-id=\"11676\" class=\"elementor elementor-11676\" data-elementor-post-type=\"page\">\n\t\t\t\t<div class=\"elementor-element elementor-element-cead448 e-flex e-con-boxed e-con e-parent\" data-id=\"cead448\" data-element_type=\"container\" data-e-type=\"container\" data-settings=\"{&quot;jet_parallax_layout_list&quot;:[]}\">\n\t\t\t\t\t<div class=\"e-con-inner\">\n\t\t<div class=\"elementor-element elementor-element-40e9255e e-con-full e-flex e-con e-child\" data-id=\"40e9255e\" data-element_type=\"container\" data-e-type=\"container\" data-settings=\"{&quot;jet_parallax_layout_list&quot;:[]}\">\n\t\t<div class=\"elementor-element elementor-element-4d23e62a e-con-full e-flex e-con e-child\" data-id=\"4d23e62a\" data-element_type=\"container\" data-e-type=\"container\" data-settings=\"{&quot;jet_parallax_layout_list&quot;:[]}\">\n\t\t\t\t<div class=\"elementor-element elementor-element-77021c47 elementor-widget elementor-widget-breadcrumbs\" data-id=\"77021c47\" data-element_type=\"widget\" data-e-type=\"widget\" data-widget_type=\"breadcrumbs.default\">\n\t\t\t\t<div class=\"elementor-widget-container\">\n\t\t\t\t\t<p id=\"breadcrumbs\"><span><span><a href=\"https:\/\/denhelder.online\/\">Home<\/a><\/span><\/span><\/p>\t\t\t\t<\/div>\n\t\t\t\t<\/div>\n\t\t<div class=\"elementor-element elementor-element-62651b59 e-con-full e-flex e-con e-child\" data-id=\"62651b59\" data-element_type=\"container\" data-e-type=\"container\" data-settings=\"{&quot;jet_parallax_layout_list&quot;:[]}\">\n\t\t\t\t<div class=\"elementor-element elementor-element-4656d782 elementor-widget elementor-widget-heading\" data-id=\"4656d782\" data-element_type=\"widget\" data-e-type=\"widget\" data-widget_type=\"heading.default\">\n\t\t\t\t<div class=\"elementor-widget-container\">\n\t\t\t\t\t<p class=\"elementor-heading-title elementor-size-default\">Volg ons op social:<\/p>\t\t\t\t<\/div>\n\t\t\t\t<\/div>\n\t\t\t\t<div class=\"elementor-element elementor-element-14c9a1a5 elementor-icon-list--layout-inline elementor-align-end elementor-list-item-link-full_width elementor-widget elementor-widget-global elementor-global-1176 elementor-widget-icon-list\" data-id=\"14c9a1a5\" data-element_type=\"widget\" data-e-type=\"widget\" data-widget_type=\"icon-list.default\">\n\t\t\t\t<div class=\"elementor-widget-container\">\n\t\t\t\t\t\t\t<ul class=\"elementor-icon-list-items elementor-inline-items\">\n\t\t\t\t\t\t\t<li class=\"elementor-icon-list-item elementor-inline-item\">\n\t\t\t\t\t\t\t\t\t\t\t<a href=\"https:\/\/www.facebook.com\/ditisdenhelder\" target=\"_blank\">\n\n\t\t\t\t\t\t\t\t\t\t\t\t<span class=\"elementor-icon-list-icon\">\n\t\t\t\t\t\t\t<i aria-hidden=\"true\" class=\"fab fa-facebook\"><\/i>\t\t\t\t\t\t<\/span>\n\t\t\t\t\t\t\t\t\t\t<span class=\"elementor-icon-list-text\"><\/span>\n\t\t\t\t\t\t\t\t\t\t\t<\/a>\n\t\t\t\t\t\t\t\t\t<\/li>\n\t\t\t\t\t\t\t\t<li class=\"elementor-icon-list-item elementor-inline-item\">\n\t\t\t\t\t\t\t\t\t\t\t<a href=\"https:\/\/www.instagram.com\/ditisdenhelder\/\" target=\"_blank\">\n\n\t\t\t\t\t\t\t\t\t\t\t\t<span class=\"elementor-icon-list-icon\">\n\t\t\t\t\t\t\t<i aria-hidden=\"true\" class=\"fab fa-instagram\"><\/i>\t\t\t\t\t\t<\/span>\n\t\t\t\t\t\t\t\t\t\t<span class=\"elementor-icon-list-text\"><\/span>\n\t\t\t\t\t\t\t\t\t\t\t<\/a>\n\t\t\t\t\t\t\t\t\t<\/li>\n\t\t\t\t\t\t\t\t<li class=\"elementor-icon-list-item elementor-inline-item\">\n\t\t\t\t\t\t\t\t\t\t\t<a href=\"https:\/\/www.youtube.com\/channel\/UCxXdcocRQwb3lDwiYBp3llg\" target=\"_blank\">\n\n\t\t\t\t\t\t\t\t\t\t\t\t<span class=\"elementor-icon-list-icon\">\n\t\t\t\t\t\t\t<i aria-hidden=\"true\" class=\"fab fa-youtube\"><\/i>\t\t\t\t\t\t<\/span>\n\t\t\t\t\t\t\t\t\t\t<span class=\"elementor-icon-list-text\"><\/span>\n\t\t\t\t\t\t\t\t\t\t\t<\/a>\n\t\t\t\t\t\t\t\t\t<\/li>\n\t\t\t\t\t\t\t\t<li class=\"elementor-icon-list-item elementor-inline-item\">\n\t\t\t\t\t\t\t\t\t\t\t<a href=\"https:\/\/www.linkedin.com\/company\/citymarketing-den-helder\" target=\"_blank\">\n\n\t\t\t\t\t\t\t\t\t\t\t\t<span class=\"elementor-icon-list-icon\">\n\t\t\t\t\t\t\t<i aria-hidden=\"true\" class=\"fab fa-linkedin-in\"><\/i>\t\t\t\t\t\t<\/span>\n\t\t\t\t\t\t\t\t\t\t<span class=\"elementor-icon-list-text\"><\/span>\n\t\t\t\t\t\t\t\t\t\t\t<\/a>\n\t\t\t\t\t\t\t\t\t<\/li>\n\t\t\t\t\t\t<\/ul>\n\t\t\t\t\t\t<\/div>\n\t\t\t\t<\/div>\n\t\t\t\t<\/div>\n\t\t\t\t<\/div>\n\t\t\t\t<\/div>\n\t\t\t\t\t<\/div>\n\t\t\t\t<\/div>\n\t\t<div class=\"elementor-element elementor-element-50138792 e-flex e-con-boxed e-con e-parent\" data-id=\"50138792\" data-element_type=\"container\" data-e-type=\"container\" data-settings=\"{&quot;background_background&quot;:&quot;classic&quot;,&quot;jet_parallax_layout_list&quot;:[]}\">\n\t\t\t\t\t<div class=\"e-con-inner\">\n\t\t<div class=\"elementor-element elementor-element-6f89322c e-con-full e-flex e-con e-child\" data-id=\"6f89322c\" data-element_type=\"container\" data-e-type=\"container\" data-settings=\"{&quot;jet_parallax_layout_list&quot;:[]}\">\n\t\t\t\t<div class=\"elementor-element elementor-element-2eca8ca5 elementor-widget__width-inherit elementor-widget elementor-widget-image\" data-id=\"2eca8ca5\" data-element_type=\"widget\" data-e-type=\"widget\" data-widget_type=\"image.default\">\n\t\t\t\t<div class=\"elementor-widget-container\">\n\t\t\t\t\t\t\t\t\t\t\t\t\t\t\t<img fetchpriority=\"high\" decoding=\"async\" width=\"800\" height=\"600\" src=\"https:\/\/denhelder.online\/wp-content\/uploads\/2025\/06\/016-herdenking-1024x768.jpg\" class=\"attachment-large size-large wp-image-11696\" alt=\"Hr. M. O 16 herdenking oorlog Den Helder\" srcset=\"https:\/\/denhelder.online\/wp-content\/uploads\/2025\/06\/016-herdenking-1024x768.jpg 1024w, https:\/\/denhelder.online\/wp-content\/uploads\/2025\/06\/016-herdenking-300x225.jpg 300w, https:\/\/denhelder.online\/wp-content\/uploads\/2025\/06\/016-herdenking-768x576.jpg 768w, https:\/\/denhelder.online\/wp-content\/uploads\/2025\/06\/016-herdenking-1536x1152.jpg 1536w, https:\/\/denhelder.online\/wp-content\/uploads\/2025\/06\/016-herdenking-16x12.jpg 16w, https:\/\/denhelder.online\/wp-content\/uploads\/2025\/06\/016-herdenking-600x450.jpg 600w, https:\/\/denhelder.online\/wp-content\/uploads\/2025\/06\/016-herdenking.jpg 2016w\" sizes=\"(max-width: 800px) 100vw, 800px\" \/>\t\t\t\t\t\t\t\t\t\t\t\t\t\t\t<\/div>\n\t\t\t\t<\/div>\n\t\t\t\t<\/div>\n\t\t\t\t\t<\/div>\n\t\t\t\t<\/div>\n\t\t<div class=\"elementor-element elementor-element-1136f530 e-flex e-con-boxed e-con e-parent\" data-id=\"1136f530\" data-element_type=\"container\" data-e-type=\"container\" data-settings=\"{&quot;jet_parallax_layout_list&quot;:[]}\">\n\t\t\t\t\t<div class=\"e-con-inner\">\n\t\t<div class=\"elementor-element elementor-element-297ed4e0 e-con-full e-flex e-con e-child\" data-id=\"297ed4e0\" data-element_type=\"container\" data-e-type=\"container\" data-settings=\"{&quot;jet_parallax_layout_list&quot;:[]}\">\n\t\t\t\t<div class=\"elementor-element elementor-element-1543aff8 elementor-widget elementor-widget-breadcrumbs\" data-id=\"1543aff8\" data-element_type=\"widget\" data-e-type=\"widget\" data-widget_type=\"breadcrumbs.default\">\n\t\t\t\t<div class=\"elementor-widget-container\">\n\t\t\t\t\t<p id=\"breadcrumbs\"><span><span><a href=\"https:\/\/denhelder.online\/\">Home<\/a><\/span><\/span><\/p>\t\t\t\t<\/div>\n\t\t\t\t<\/div>\n\t\t<div class=\"elementor-element elementor-element-2d8469d e-con-full e-flex e-con e-child\" data-id=\"2d8469d\" data-element_type=\"container\" data-e-type=\"container\" data-settings=\"{&quot;jet_parallax_layout_list&quot;:[]}\">\n\t\t\t\t<div class=\"elementor-element elementor-element-60d6c527 elementor-widget elementor-widget-heading\" data-id=\"60d6c527\" data-element_type=\"widget\" data-e-type=\"widget\" data-widget_type=\"heading.default\">\n\t\t\t\t<div class=\"elementor-widget-container\">\n\t\t\t\t\t<p class=\"elementor-heading-title elementor-size-default\">Volg ons op social:<\/p>\t\t\t\t<\/div>\n\t\t\t\t<\/div>\n\t\t\t\t<div class=\"elementor-element elementor-element-4239757b elementor-icon-list--layout-inline elementor-align-end elementor-list-item-link-full_width elementor-widget elementor-widget-global elementor-global-1176 elementor-widget-icon-list\" data-id=\"4239757b\" data-element_type=\"widget\" data-e-type=\"widget\" data-widget_type=\"icon-list.default\">\n\t\t\t\t<div class=\"elementor-widget-container\">\n\t\t\t\t\t\t\t<ul class=\"elementor-icon-list-items elementor-inline-items\">\n\t\t\t\t\t\t\t<li class=\"elementor-icon-list-item elementor-inline-item\">\n\t\t\t\t\t\t\t\t\t\t\t<a href=\"https:\/\/www.facebook.com\/ditisdenhelder\" target=\"_blank\">\n\n\t\t\t\t\t\t\t\t\t\t\t\t<span class=\"elementor-icon-list-icon\">\n\t\t\t\t\t\t\t<i aria-hidden=\"true\" class=\"fab fa-facebook\"><\/i>\t\t\t\t\t\t<\/span>\n\t\t\t\t\t\t\t\t\t\t<span class=\"elementor-icon-list-text\"><\/span>\n\t\t\t\t\t\t\t\t\t\t\t<\/a>\n\t\t\t\t\t\t\t\t\t<\/li>\n\t\t\t\t\t\t\t\t<li class=\"elementor-icon-list-item elementor-inline-item\">\n\t\t\t\t\t\t\t\t\t\t\t<a href=\"https:\/\/www.instagram.com\/ditisdenhelder\/\" target=\"_blank\">\n\n\t\t\t\t\t\t\t\t\t\t\t\t<span class=\"elementor-icon-list-icon\">\n\t\t\t\t\t\t\t<i aria-hidden=\"true\" class=\"fab fa-instagram\"><\/i>\t\t\t\t\t\t<\/span>\n\t\t\t\t\t\t\t\t\t\t<span class=\"elementor-icon-list-text\"><\/span>\n\t\t\t\t\t\t\t\t\t\t\t<\/a>\n\t\t\t\t\t\t\t\t\t<\/li>\n\t\t\t\t\t\t\t\t<li class=\"elementor-icon-list-item elementor-inline-item\">\n\t\t\t\t\t\t\t\t\t\t\t<a href=\"https:\/\/www.youtube.com\/channel\/UCxXdcocRQwb3lDwiYBp3llg\" target=\"_blank\">\n\n\t\t\t\t\t\t\t\t\t\t\t\t<span class=\"elementor-icon-list-icon\">\n\t\t\t\t\t\t\t<i aria-hidden=\"true\" class=\"fab fa-youtube\"><\/i>\t\t\t\t\t\t<\/span>\n\t\t\t\t\t\t\t\t\t\t<span class=\"elementor-icon-list-text\"><\/span>\n\t\t\t\t\t\t\t\t\t\t\t<\/a>\n\t\t\t\t\t\t\t\t\t<\/li>\n\t\t\t\t\t\t\t\t<li class=\"elementor-icon-list-item elementor-inline-item\">\n\t\t\t\t\t\t\t\t\t\t\t<a href=\"https:\/\/www.linkedin.com\/company\/citymarketing-den-helder\" target=\"_blank\">\n\n\t\t\t\t\t\t\t\t\t\t\t\t<span class=\"elementor-icon-list-icon\">\n\t\t\t\t\t\t\t<i aria-hidden=\"true\" class=\"fab fa-linkedin-in\"><\/i>\t\t\t\t\t\t<\/span>\n\t\t\t\t\t\t\t\t\t\t<span class=\"elementor-icon-list-text\"><\/span>\n\t\t\t\t\t\t\t\t\t\t\t<\/a>\n\t\t\t\t\t\t\t\t\t<\/li>\n\t\t\t\t\t\t<\/ul>\n\t\t\t\t\t\t<\/div>\n\t\t\t\t<\/div>\n\t\t\t\t<\/div>\n\t\t\t\t<\/div>\n\t\t\t\t\t<\/div>\n\t\t\t\t<\/div>\n\t\t<div class=\"elementor-element elementor-element-1920283f e-flex e-con-boxed e-con e-parent\" data-id=\"1920283f\" data-element_type=\"container\" data-e-type=\"container\" data-settings=\"{&quot;jet_parallax_layout_list&quot;:[]}\">\n\t\t\t\t\t<div class=\"e-con-inner\">\n\t\t<div class=\"elementor-element elementor-element-141759ca e-con-full e-flex e-con e-child\" data-id=\"141759ca\" data-element_type=\"container\" data-e-type=\"container\" data-settings=\"{&quot;jet_parallax_layout_list&quot;:[]}\">\n\t\t\t\t<div class=\"elementor-element elementor-element-734f3866 elementor-widget__width-inherit elementor-widget elementor-widget-heading\" data-id=\"734f3866\" data-element_type=\"widget\" data-e-type=\"widget\" data-widget_type=\"heading.default\">\n\t\t\t\t<div class=\"elementor-widget-container\">\n\t\t\t\t\t<h2 class=\"elementor-heading-title elementor-size-default\">Het vergaan van de O 16 en verhaal van de enige overlevende<\/h2>\t\t\t\t<\/div>\n\t\t\t\t<\/div>\n\t\t\t\t<div class=\"elementor-element elementor-element-4c3e71db elementor-widget elementor-widget-text-editor\" data-id=\"4c3e71db\" data-element_type=\"widget\" data-e-type=\"widget\" data-widget_type=\"text-editor.default\">\n\t\t\t\t<div class=\"elementor-widget-container\">\n\t\t\t\t\t\t\t\t\t<p>Successen en verliezen in een oorlog kunnen dicht bij elkaar liggen, zo blijkt ook uit het verhaal van Hr.Ms. O 16 die op \u00e9\u00e9n dag drie Japanse schepen tot zinken bracht, maar daarna zelf op een mijn liep. Slechts \u00e9\u00e9n man overleefde het: kwartiermeester Cor de Wolf.<\/p><p><img decoding=\"async\" class=\"alignnone size-medium wp-image-11681\" src=\"https:\/\/denhelder.online\/wp-content\/uploads\/2025\/06\/016-herdekking-4-300x194.jpg\" alt=\"Hr.Ms. O 16 herdenking Overlevende\" width=\"300\" height=\"194\" srcset=\"https:\/\/denhelder.online\/wp-content\/uploads\/2025\/06\/016-herdekking-4-300x194.jpg 300w, https:\/\/denhelder.online\/wp-content\/uploads\/2025\/06\/016-herdekking-4-18x12.jpg 18w, https:\/\/denhelder.online\/wp-content\/uploads\/2025\/06\/016-herdekking-4.jpg 500w\" sizes=\"(max-width: 300px) 100vw, 300px\" \/><\/p><p><span style=\"color: #808080;\"><em>Een detailopname van de toren van Hr.Ms. O 16. Hier stonden de zes mannen die de eerste klap hadden overleefd. Vanuit de kuip, achter het cijfer 16, werd de boot bestuurd. (Foto: Koninklijke Marine)<\/em><\/span><\/p><p>Onderzeeboot Hr.Ms. O 16 werd in 1936 in dienst gesteld. De enige boot uit de O 16 klasse was gebouwd door scheepswerf De Schelde te Vlissingen. Na een reis naar de Verenigde Staten moest de onderzeeboot koopvaardijschepen beschermen voor de Spaanse kust in verband met de burgeroorlog aldaar. In 1939 werd de boot naar Nederlands-Indi\u00eb gestuurd, waar het in mei 1940 was toen de oorlog in Nederland uitbrak.<\/p><p><strong>Oorlogspatrouille<\/strong><br \/>In 1941 kregen de O 16 en de 42 bemanningsleden een nieuwe thuishaven: Singapore. Vanaf dat moment viel de O 16 onder Brits commando. Op zaterdag 6 december 1941 vertrok Hr.Ms. O 16 voor de eerste patrouille en koerste naar het noorden richting wat tegenwoordig de Golf van Thailand heet (toen de Golf van Siam). Al snel spotte de O 16 onder leiding van commandant LTZ1 A.J. Bussemaker twee Japanse torpedobootjagers, maar het was nog geen oorlog dus de torpedo&#8217;s bleven netjes in de buizen.<\/p><p>Een dag later was alles anders. Op zondagochtend 7 december viel Japan de Amerikaanse basis Pearl Harbor aan, waarna de Verenigde Staten, maar ook Nederland de oorlog verklaarden aan Japan. Hr.Ms. O 16 ontving het bericht op 8 december en daardoor veranderde de patrouille in een oorlogspatrouille.<\/p><p>In de nacht van 10 op 11 december kreeg commandant Bussemaker weer een Japans schip in het vizier en vuurde ditmaal wel. Door een tropische regenbui was het voor de O 16 echter niet duidelijk of de drie torpedo&#8217;s doel hadden getroffen.<\/p><p>Dit was een dag later wel anders. De O 16 was een koopvaardijschip richting Pattani, een stad in het zuiden van Thailand, gevolgd. Navigatieofficier Van Einsbergen was als koopvaardijofficier bekend met deze regio en manoeuvreerde de 76 meter lange onderzeeboot vervolgens zeer kundig de baai in, waar het nietsvermoedende schip naast drie andere grote Japanse schepen voor anker ging.<\/p><p>De O 16 lanceerde vijf torpedo&#8217;s en allemaal troffen ze doel. Volgens kwartiermeester Cor de Wolf, die als enige overlevende een belangrijke bron is, heerste er grote vreugde op de brug en in de centrale.<\/p><p>Drie schepen raakten zwaar beschadigd, maar doordat de baai ondiep was zonken ze niet volledig.<\/p><p>Stilletjes ontsnapte de O 16 uit de baai en bleef in ondiep water, buiten bereik van de Japanse torpedobootjagers.<\/p><p>Hr.Ms. O 16, met nog \u00e9\u00e9n torpedo aan boord, zette na de geslaagde actie weer koers naar thuishaven Singapore. Overdag voer de boot onder water en &#8217;s nachts boven water, omdat onderzeeboten destijds aan de oppervlakte een hogere vaart konden lopen.<\/p><p><img decoding=\"async\" class=\"alignnone size-medium wp-image-11682\" src=\"https:\/\/denhelder.online\/wp-content\/uploads\/2025\/06\/016-herdekking-3-300x228.jpg\" alt=\"Hr.Ms. O 16 Oorlog Herdenking\" width=\"300\" height=\"228\" srcset=\"https:\/\/denhelder.online\/wp-content\/uploads\/2025\/06\/016-herdekking-3-300x228.jpg 300w, https:\/\/denhelder.online\/wp-content\/uploads\/2025\/06\/016-herdekking-3-16x12.jpg 16w, https:\/\/denhelder.online\/wp-content\/uploads\/2025\/06\/016-herdekking-3-600x455.jpg 600w, https:\/\/denhelder.online\/wp-content\/uploads\/2025\/06\/016-herdekking-3.jpg 635w\" sizes=\"(max-width: 300px) 100vw, 300px\" \/><\/p><p><span style=\"color: #808080;\"><em>Hr.Ms. O 16 in Den Helder. (Foto: Koninklijke Marine)<\/em><\/span><\/p><p><strong>Noodlot<\/strong><br \/>Ook in de nacht van 14 op 15 december voer de boot boven water. Kwartiermeester De Wolf had zondagavond de 14e tot 2200 uur de wacht in de centrale gelopen en meldde zich om 0000 uur op de brug voor de volgende wacht. Hier waren de eerste officier LTZ2 Jeekel, korporaal machinist Bos, matroos 1e klasse Van Tol, matroos 2e klasse Kruijdenhof al aanwezig. Zij vormden wat men tegenwoordig het brugteam zou noemen: wachtsofficier, roerganger en uitkijken.<\/p><p><strong>Commandant LTZ1<\/strong> Bussemaker was kort daarvoor ook op de brug gearriveerd, omdat er al sinds half twaalf zoeklichten werden waargenomen aan de horizon. Na verloop van tijd verlegde de O 16 koers richting \u00e9\u00e9n van de zoeklichten boven de eilanden die om de 20 minuten zichtbaar was. Inmiddels bevond de O 16 zich ten noordoosten van het eiland Tioman.<\/p><p>Singapore was niet ver meer verwijderd en de O 16 zou zich daar gaan voorbereiden op een nieuwe patrouille. Maar de boot zou de thuishaven nooit bereiken. Rond 0230 uur sloeg het noodlot toe, de O 16 liep op een mijn. Dankzij het rapport dat Cor de Wolf later schreef, zijn de gebeurtenissen van de dagen daarna bewaard gebleven: &#8220;(&#8230;) een hevige klap; ik zie de boot ter hoogte van de dekbuizen [torpedobuizen aan dek, halverwege de boeg en de brug, JK] in twee\u00ebn breken, een geweldige waterzuil vliegt de brug over, gevolgd door een warme diesellucht. De commandant en de oudste officier trachten nog het torenluik dicht te trappen, doch dit lukt niet. Ik zit met mijn regenjas vast aan het mijnentuig, maar weet me los te rukken; de boot zinkt binnen een minuut weg, daarna lig ik te water.&#8221;<\/p><p><strong>Zwemmen<\/strong><br \/>Een deel van de 36 bemanningsleden in de boot moest direct bij de enorme ontploffing zijn omgekomen, maar de rest vocht voor zijn leven terwijl de boot naar 52 meter diepte zonk. Er was geen hulp en het lukte niemand om uit de onderzeeboot te ontsnappen. Alleen de zes mannen die op de brug stonden, kwamen boven water.<\/p><p>De Wolf: &#8220;Ik kijk om me heen en vind niets, ik begin te roepen en krijg antwoord, verderop drijven de anderen, ik zwem naar hen toe. Als ik bij hen kom zijn wij allen bij elkaar op de commandant na. We roepen de commandant en krijgen antwoord, maar hij kan niet bij ons komen, hij lag zeker te ver af, ik heb hem ook niet meer gezien. Ik vraag of mijnheer Jeekel ook wist wat het zijn kon. Hij deelde mij mede, dat het vermoedelijk een mijn is geweest. Wij ori\u00ebnteerden ons waar wij waren en al vrij spoedig bleek het dat wij, als wij naar de eilanden wilden zwemmen, de maan links en een ster rechts moesten houden. Zo zwommen wij naast elkaar voort, maar matroos Van Tol kon haast niet meer. Wij hadden onze kleren al uitgetrokken, alleen Van Tol had nog een klein jasje aan en kon dat niet uitkrijgen. Ik kon dit niet aanzien en zwom terug om hem te helpen, hetgeen gelukte&#8221;.<\/p><p>Matroos Van Tol was net een paar maanden 21 en de jongste van de zes, maar hij redde het niet. Er waren op de brug en het dek geen zwemvesten geweest. Dit was om te voorkomen dat die naar boven zouden drijven bij dieptebomaanvallen en de locatie van de duikboot zouden verraden. Van Tol en de anderen moesten volledig op eigen kracht overleven.<br \/>Dat lukte de jongeman niet. Het werd langzaam licht boven de Zuid-Chinese Zee, &#8220;enkele ogenblikken daarna zonk Van Tol weg.&#8221;<\/p><p>&#8220;Heel aan de kim ontwaarden we de eilanden, vaak spoorde ik de mensen aan om verder te zwemmen,&#8221; schreef De Wolf, maar tevergeefs: &#8220;Om plusminus acht uur zonk ook mijnheer Jeekel weg. Ik vroeg aan Bos en Kruijdenhof of het goed ging, maar zij antwoordden alleen \u2018dorst\u2019. Al beter en beter onderscheiden we de bergtoppen van de eilanden. De redding kwam misschien al spoedig, een vliegtuig ging over ons heen, maar merkte ons niet op.&#8221;<\/p><p>Na 6,5 uur zwemmen vloeiden ook de krachten van Kruijdenhof, uit Suriname, langzaam weg: &#8220;Om negen uur zonk matroos Kruijdenhof weg, ik weet precies de tijd omdat mijn horloge tot tien uur heeft gelopen, toen bleef het stil staan; ik was toen nog met Bos over. Weer zwommen we verder, maar ik bemerkte dat de stroom mij ver beoosten het eiland zette. Ik zwom toen met Bos tegen de stroom in tot we weer dwars van de eilanden waren en toen weer rechtuit. Weer naderde een vliegtuig, het was een Hollands toestel, maar ook dit bemerkte ons niet. Een ontzaggelijke dorst kwelde ons bij het ondergaan der zon, dus ruim 17 uur. Daarna zei Bos tegen mij: \u2018Cor, ik kan niet meer, als je het er levend af brengt, doe dan de groeten aan mijn vrouw en twee kinderen\u2019, daarna zonk hij weg in de diepte.&#8221;<\/p><p>De Wolf was alleen in een immense zee met slechts wat eilanden in de verte, zijn boot was gezonken en zijn collega&#8217;s verdronken. Maar De Wolf gaf niet op: &#8220;weer zwom ik door, God gaf mij voortdurend kracht drijvend te blijven, steeds werd ik weggezet door de verraderlijke stroom. Eindelijk, na plusminus 35 uur gezwommen te hebben, bereikte ik dinsdag omstreeks 12 uur het eiland; ik werd op de rotsblokken gegooid, waar ik hevig bloedend uit rug en benen bleef liggen. De zon brandde fel op mijn lichaam, een heftige pijn in rug en benen en een geweldige dorst brachten mij weer tot de werkelijkheid&#8221;.<\/p><p><img loading=\"lazy\" decoding=\"async\" class=\"alignnone size-medium wp-image-11683\" src=\"https:\/\/denhelder.online\/wp-content\/uploads\/2025\/06\/016-herdekking-2-300x250.jpg\" alt=\"Hr.Ms. O 16 Oorlog overlevende\" width=\"300\" height=\"250\" srcset=\"https:\/\/denhelder.online\/wp-content\/uploads\/2025\/06\/016-herdekking-2-300x250.jpg 300w, https:\/\/denhelder.online\/wp-content\/uploads\/2025\/06\/016-herdekking-2-14x12.jpg 14w, https:\/\/denhelder.online\/wp-content\/uploads\/2025\/06\/016-herdekking-2.jpg 500w\" sizes=\"(max-width: 300px) 100vw, 300px\" \/><\/p><p><span style=\"color: #808080;\"><em>Cor de Wolf legde een afstand van zo&#8217;n 80 km af in 34 uur. In het zuiden ligt Singapore, veel verder naar het noorden Pattani, waar de O 16 de Japanse schepen torpedeerde. (Kaart: Google)<\/em><\/span><\/p><p><strong>Aangespoeld<\/strong><br \/>Later werd berekend dat als De Wolf goed had ingeschat dat hij rond het middaguur aangespoeld was, hij inderdaad zo&#8217;n 34 uur had gezwommen en maar liefst 80 km had afgelegd. Kwartiermeester De Wolf was namelijk op het onbewoonde eilandje Dayang beland. Maar voor De Wolf was het natuurlijk niet belangrijk om stil te staan bij de prestatie die hij had geleverd: &#8220;ik moest water hebben, dat was het hoofddoel. Ik ben toen begonnen naar boven te lopen, dat duurde ongeveer vijf uur, maar zonder resultaat, er was daar geen water. Overal viel ik neer, stond dan weer op, de doornen schramden heel mijn lichaam. Toen ik dan ook boven geen water vond, besloot ik de terugtocht maar weer te aanvaarden en dan de nacht maar op de rotsen door te brengen. Toen ik beneden kwam, vond ik een rotsspleet waar water uit liep. Hier heb ik liggen drinken, daarna viel ik in een onregelmatige slaap, steeds werd ik wakker.&#8221;<\/p><p>&#8220;Toen de zon ter kimme rees, trachtte ik om het eiland rond te lopen, dat ging niet gemakkelijk omreden het allemaal rotsen waren van 6 a 7 meter hoogte. Na lang klimmen en klauteren bereikte ik eindelijk de zijkant van het eiland. Hier ontwaarde ik tot mijn grote blijdschap een prauwtje. Ik schreeuwde zo hard ik kon, de inlander hoorde me en kwam met zijn prauwtje op mij af&#8221;.<\/p><p>De Wolf maakte de man met handgebaren duidelijk dat hij wilde eten en drinken. De Maleisi\u00ebr gaf hem daarop een klappernoot en zei dat hij mee moest in zijn prauw. Een uur later arriveerde De Wolf op \u00e9\u00e9n van de andere eilanden. Hier kreeg hij een broek (&#8220;tenminste, vroeger was het er een geweest&#8221;) en werd voor het dorpshoofd geleid. Het dorpshoofd sprak Maleis en De Wolf ook, net als veel marinemannen in die tijd. Drie dagen verbleef De Wolf in het dorp en op zaterdag 20 december kon De Wolf mee op een zeilprauw naar het vasteland. Daarna volgde voor De Wolf een zware tocht op zijn stukgelopen voeten door een moeras en de rimboe. Met kapmessen baande de groep zich een weg door de jungle tot zij op een bivak van Australische eenheden belandde. De ontberingen waren voorbij.<\/p><p>Per luxe Ford-V8 werd hij naar de Marinebasis in Singapore gereden, waar hij zondagavond aankwam.<\/p><p>Het monument van de Onderzeedienst in Den Helder met de namen van de omgekomen bemanningsleden van zeven onderzeeboten.\u00a0<\/p><p><img loading=\"lazy\" decoding=\"async\" class=\"alignnone size-medium wp-image-11696\" src=\"https:\/\/denhelder.online\/wp-content\/uploads\/2025\/06\/016-herdenking-300x225.jpg\" alt=\"Hr. M. O 16 herdenking oorlog Den Helder\" width=\"300\" height=\"225\" srcset=\"https:\/\/denhelder.online\/wp-content\/uploads\/2025\/06\/016-herdenking-300x225.jpg 300w, https:\/\/denhelder.online\/wp-content\/uploads\/2025\/06\/016-herdenking-1024x768.jpg 1024w, https:\/\/denhelder.online\/wp-content\/uploads\/2025\/06\/016-herdenking-768x576.jpg 768w, https:\/\/denhelder.online\/wp-content\/uploads\/2025\/06\/016-herdenking-1536x1152.jpg 1536w, https:\/\/denhelder.online\/wp-content\/uploads\/2025\/06\/016-herdenking-16x12.jpg 16w, https:\/\/denhelder.online\/wp-content\/uploads\/2025\/06\/016-herdenking-600x450.jpg 600w, https:\/\/denhelder.online\/wp-content\/uploads\/2025\/06\/016-herdenking.jpg 2016w\" sizes=\"(max-width: 300px) 100vw, 300px\" \/><\/p><p><span style=\"color: #808080;\">(Foto: Jouke Spoelstra Onderzeedienst Marine)<\/span><\/p><p><strong>Verslag<\/strong><br \/>De kwartiermeester werd onderzocht in de ziekenboeg en bleek niets te mankeren. De volgende dag kon De Wolf eindelijk verslag uitbrengen over wat de O 16 was overkomen. Hij deed dat aan Nederlandse marineofficieren, maar ook aan vice admiral Layton Commander-in-Chief, Eastern Fleet. Daarna vertrok De Wolf richting Nederlands-Indi\u00eb en bracht vice-admiraal Helfrich, bevelhebber van de Koninklijke Marine in de Oost, persoonlijk op de hoogte.<\/p><p>Ondanks alle verschrikkingen bleef De Wolf de Koninklijke Marine trouw en bleef de hele oorlog bij de Onderzeedienst werkzaam. De kwartiermeester werd onderscheiden met de Britse Distinguished Service Medal voor voorbeeldige moed en vindingrijkheid in oorlogstijd, de Nederlandse Bronzen Leeuw voor uitzonderlijke dapperheid en het Oorlogsherinneringskruis. De Wolf ging in 1962 met pensioen in de rang van opperschipper.<\/p><p><img loading=\"lazy\" decoding=\"async\" class=\"alignnone size-medium wp-image-11697\" src=\"https:\/\/denhelder.online\/wp-content\/uploads\/2025\/06\/016-herdekking-5-300x213.jpg\" alt=\"O 16 Herdenking oorlog Den Helder\" width=\"300\" height=\"213\" srcset=\"https:\/\/denhelder.online\/wp-content\/uploads\/2025\/06\/016-herdekking-5-300x213.jpg 300w, https:\/\/denhelder.online\/wp-content\/uploads\/2025\/06\/016-herdekking-5-768x546.jpg 768w, https:\/\/denhelder.online\/wp-content\/uploads\/2025\/06\/016-herdekking-5-18x12.jpg 18w, https:\/\/denhelder.online\/wp-content\/uploads\/2025\/06\/016-herdekking-5-600x426.jpg 600w, https:\/\/denhelder.online\/wp-content\/uploads\/2025\/06\/016-herdekking-5.jpg 843w\" sizes=\"(max-width: 300px) 100vw, 300px\" \/><\/p><p><span style=\"color: #808080;\"><em>Duikboot 0 16 marine Den Helder<\/em><\/span><\/p><p>Overtuigend bewijs<br \/>Helaas was niet iedereen overtuigd van de prestaties van De Wolf. Hr.Ms. O 16 was ook na de oorlog niet teruggevonden en er was niets bekend van een mijnenveld op de locatie waar de O 16 volgens De Wolf moest zijn geweest. Er werd door sommiggen geconcludeerd dat de O 16 in een Brits mijnenveld terecht was gekomen, veel dichter bij het eiland Dayang dan De Wolf had beweerd en dat de commandant ver van zijn koers afgeweken was. Pas veel later bleek dat er toch een Japans mijnenveld moest zijn geweest, maar het echte bewijs werd pas in 1995 geleverd.<\/p><p>Een Zweedse duiker, woonachtig in Singapore, had een wrak van een onbekende onderzeeboot opgespoord en nam contact op met een journalist van het Algemeen Dagblad. De Koninklijke Marine stuurde daarop een identificatieteam bestaande uit Hans Besan\u00e7on, de twee zonen van de commandant Ton en Henk Bussemaker en expeditieleider LTZ1 John van Zee naar de Zuid-Chinese Zee. Het wrak bleek inderdaad Hr.Ms. O 16 te zijn en te liggen op een locatie die het verhaal van De Wolf bevestigde. Daarmee kwam aan alle twijfel een einde.<\/p><p>Cor de Wolf heeft die identificatie niet meegemaakt; hij overleed in 1983. Het wrak van de O16 is er ook niet meer; op 5 juli 2019 werd bekend dat het vrijwel volledig is verdwenen. Vermoedelijk is de onderzeeboot van de bodem gehaald voor verkoop van ijzer.<\/p><p><strong>Noot:<\/strong><\/p><p><em>Dit verhaal is eerder gepubliceerd op de website van Marineschepen<\/em><\/p><p><em>Dit verhaal is in een verkorte versie gepubliceerd in de Citymarketingkrant editie nummer 41.<\/em><\/p><p><em>Met dank aan de Traditiekamer Onderzeedienst van Defensie.<\/em><\/p><p><em>.<\/em><\/p>\t\t\t\t\t\t\t\t<\/div>\n\t\t\t\t<\/div>\n\t\t\t\t<\/div>\n\t\t\t\t\t<\/div>\n\t\t\t\t<\/div>\n\t\t\t\t<\/div>\n\t\t","protected":false},"excerpt":{"rendered":"<p>Volg ons op social: \u00a0 \u00a0 \u00a0 \u00a0 Volg ons op social: \u00a0 \u00a0 \u00a0 \u00a0 Het vergaan van de O 16 en verhaal van de enige overlevende Successen en verliezen in een oorlog kunnen dicht bij elkaar liggen, zo blijkt ook uit het verhaal van Hr.Ms. O 16 die op \u00e9\u00e9n dag drie Japanse [&hellip;]<\/p>\n","protected":false},"author":17,"featured_media":11696,"parent":11565,"menu_order":0,"comment_status":"closed","ping_status":"closed","template":"elementor_header_footer","meta":{"footnotes":""},"tags":[],"doelgroep":[],"categorie":[5677],"class_list":["post-11676","page","type-page","status-publish","has-post-thumbnail","hentry","categorie-kunst-cultuur"],"yoast_head":"<!-- This site is optimized with the Yoast SEO Premium plugin v24.7 (Yoast SEO v27.5) - https:\/\/yoast.com\/product\/yoast-seo-premium-wordpress\/ -->\n<title>Het aangrijpende verhaal van de O 16 \u2013 maritieme geschiedenis in Den Helder<\/title>\n<meta name=\"description\" content=\"Lees het indrukwekkende waargebeurde verhaal van Cor de Wolf, de enige overlevende van de onderzeeboot O 16, vanuit Den Helder.\" \/>\n<meta name=\"robots\" content=\"index, follow, max-snippet:-1, max-image-preview:large, max-video-preview:-1\" \/>\n<link rel=\"canonical\" href=\"https:\/\/denhelder.online\/en\/commemorate-and-celebrate\/the-bright-ghost-town\/the-sinking-of-the-o-16\/\" \/>\n<meta property=\"og:locale\" content=\"en_GB\" \/>\n<meta property=\"og:type\" content=\"article\" \/>\n<meta property=\"og:title\" content=\"Het vergaan van de O 16 en de enige overlevende\" \/>\n<meta property=\"og:description\" content=\"Lees het indrukwekkende waargebeurde verhaal van Cor de Wolf, de enige overlevende van de onderzeeboot O 16, vanuit Den Helder.\" \/>\n<meta property=\"og:url\" content=\"https:\/\/denhelder.online\/en\/commemorate-and-celebrate\/the-bright-ghost-town\/the-sinking-of-the-o-16\/\" \/>\n<meta property=\"og:site_name\" content=\"Den Helder Online\" \/>\n<meta property=\"article:modified_time\" content=\"2026-01-13T13:09:22+00:00\" \/>\n<meta property=\"og:image\" content=\"https:\/\/denhelder.online\/wp-content\/uploads\/2025\/06\/016-herdenking.jpg\" \/>\n\t<meta property=\"og:image:width\" content=\"2016\" \/>\n\t<meta property=\"og:image:height\" content=\"1512\" \/>\n\t<meta property=\"og:image:type\" content=\"image\/jpeg\" \/>\n<meta name=\"twitter:card\" content=\"summary_large_image\" \/>\n<meta name=\"twitter:label1\" content=\"Estimated reading time\" \/>\n\t<meta name=\"twitter:data1\" content=\"13 minutes\" \/>\n<script type=\"application\/ld+json\" class=\"yoast-schema-graph\">{\"@context\":\"https:\\\/\\\/schema.org\",\"@graph\":[{\"@type\":\"WebPage\",\"@id\":\"https:\\\/\\\/denhelder.online\\\/herdenkenenvieren\\\/den-helder-spookstad\\\/het-vergaan-van-de-o-16\\\/\",\"url\":\"https:\\\/\\\/denhelder.online\\\/herdenkenenvieren\\\/den-helder-spookstad\\\/het-vergaan-van-de-o-16\\\/\",\"name\":\"Het aangrijpende verhaal van de O 16 \u2013 maritieme geschiedenis in Den Helder\",\"isPartOf\":{\"@id\":\"https:\\\/\\\/denhelder.online\\\/#website\"},\"primaryImageOfPage\":{\"@id\":\"https:\\\/\\\/denhelder.online\\\/herdenkenenvieren\\\/den-helder-spookstad\\\/het-vergaan-van-de-o-16\\\/#primaryimage\"},\"image\":{\"@id\":\"https:\\\/\\\/denhelder.online\\\/herdenkenenvieren\\\/den-helder-spookstad\\\/het-vergaan-van-de-o-16\\\/#primaryimage\"},\"thumbnailUrl\":\"https:\\\/\\\/denhelder.online\\\/wp-content\\\/uploads\\\/2025\\\/06\\\/016-herdenking.jpg\",\"datePublished\":\"2025-06-11T11:48:15+00:00\",\"dateModified\":\"2026-01-13T13:09:22+00:00\",\"description\":\"Lees het indrukwekkende waargebeurde verhaal van Cor de Wolf, de enige overlevende van de onderzeeboot O 16, vanuit Den Helder.\",\"breadcrumb\":{\"@id\":\"https:\\\/\\\/denhelder.online\\\/herdenkenenvieren\\\/den-helder-spookstad\\\/het-vergaan-van-de-o-16\\\/#breadcrumb\"},\"inLanguage\":\"en-GB\",\"potentialAction\":[{\"@type\":\"ReadAction\",\"target\":[\"https:\\\/\\\/denhelder.online\\\/herdenkenenvieren\\\/den-helder-spookstad\\\/het-vergaan-van-de-o-16\\\/\"]}]},{\"@type\":\"ImageObject\",\"inLanguage\":\"en-GB\",\"@id\":\"https:\\\/\\\/denhelder.online\\\/herdenkenenvieren\\\/den-helder-spookstad\\\/het-vergaan-van-de-o-16\\\/#primaryimage\",\"url\":\"https:\\\/\\\/denhelder.online\\\/wp-content\\\/uploads\\\/2025\\\/06\\\/016-herdenking.jpg\",\"contentUrl\":\"https:\\\/\\\/denhelder.online\\\/wp-content\\\/uploads\\\/2025\\\/06\\\/016-herdenking.jpg\",\"width\":2016,\"height\":1512,\"caption\":\"Hr. M. O 16 herdenking oorlog Den Helder\"},{\"@type\":\"BreadcrumbList\",\"@id\":\"https:\\\/\\\/denhelder.online\\\/herdenkenenvieren\\\/den-helder-spookstad\\\/het-vergaan-van-de-o-16\\\/#breadcrumb\",\"itemListElement\":[{\"@type\":\"ListItem\",\"position\":1,\"name\":\"Home\",\"item\":\"https:\\\/\\\/denhelder.online\\\/\"},{\"@type\":\"ListItem\",\"position\":2,\"name\":\"Herdenken en Vieren\",\"item\":\"https:\\\/\\\/denhelder.online\\\/herdenkenenvieren\\\/\"},{\"@type\":\"ListItem\",\"position\":3,\"name\":\"Den Helder spookstad\",\"item\":\"https:\\\/\\\/denhelder.online\\\/herdenkenenvieren\\\/den-helder-spookstad\\\/\"},{\"@type\":\"ListItem\",\"position\":4,\"name\":\"Het vergaan van de O 16 en de enige overlevende\"}]},{\"@type\":\"WebSite\",\"@id\":\"https:\\\/\\\/denhelder.online\\\/#website\",\"url\":\"https:\\\/\\\/denhelder.online\\\/\",\"name\":\"Den Helder Online\",\"description\":\"Beleef Den Helder\",\"publisher\":{\"@id\":\"https:\\\/\\\/denhelder.online\\\/#organization\"},\"potentialAction\":[{\"@type\":\"SearchAction\",\"target\":{\"@type\":\"EntryPoint\",\"urlTemplate\":\"https:\\\/\\\/denhelder.online\\\/?s={search_term_string}\"},\"query-input\":{\"@type\":\"PropertyValueSpecification\",\"valueRequired\":true,\"valueName\":\"search_term_string\"}}],\"inLanguage\":\"en-GB\"},{\"@type\":\"Organization\",\"@id\":\"https:\\\/\\\/denhelder.online\\\/#organization\",\"name\":\"Den Helder Online\",\"url\":\"https:\\\/\\\/denhelder.online\\\/\",\"logo\":{\"@type\":\"ImageObject\",\"inLanguage\":\"en-GB\",\"@id\":\"https:\\\/\\\/denhelder.online\\\/#\\\/schema\\\/logo\\\/image\\\/\",\"url\":\"https:\\\/\\\/denhelder.online\\\/wp-content\\\/uploads\\\/2021\\\/12\\\/DitIsDH-Logo-26-tagline.svg\",\"contentUrl\":\"https:\\\/\\\/denhelder.online\\\/wp-content\\\/uploads\\\/2021\\\/12\\\/DitIsDH-Logo-26-tagline.svg\",\"width\":1717.0999999999999,\"height\":934.89999999999998,\"caption\":\"Den Helder Online\"},\"image\":{\"@id\":\"https:\\\/\\\/denhelder.online\\\/#\\\/schema\\\/logo\\\/image\\\/\"}}]}<\/script>\n<!-- \/ Yoast SEO Premium plugin. -->","yoast_head_json":{"title":"The gripping story of the O 16 \u2013 maritime history in Den Helder","description":"Read the impressive true story of Cor de Wolf, the sole survivor of the submarine O 16, from Den Helder.","robots":{"index":"index","follow":"follow","max-snippet":"max-snippet:-1","max-image-preview":"max-image-preview:large","max-video-preview":"max-video-preview:-1"},"canonical":"https:\/\/denhelder.online\/en\/commemorate-and-celebrate\/the-bright-ghost-town\/the-sinking-of-the-o-16\/","og_locale":"en_GB","og_type":"article","og_title":"Het vergaan van de O 16 en de enige overlevende","og_description":"Lees het indrukwekkende waargebeurde verhaal van Cor de Wolf, de enige overlevende van de onderzeeboot O 16, vanuit Den Helder.","og_url":"https:\/\/denhelder.online\/en\/commemorate-and-celebrate\/the-bright-ghost-town\/the-sinking-of-the-o-16\/","og_site_name":"Den Helder Online","article_modified_time":"2026-01-13T13:09:22+00:00","og_image":[{"width":2016,"height":1512,"url":"https:\/\/denhelder.online\/wp-content\/uploads\/2025\/06\/016-herdenking.jpg","type":"image\/jpeg"}],"twitter_card":"summary_large_image","twitter_misc":{"Estimated reading time":"13 minutes"},"schema":{"@context":"https:\/\/schema.org","@graph":[{"@type":"WebPage","@id":"https:\/\/denhelder.online\/herdenkenenvieren\/den-helder-spookstad\/het-vergaan-van-de-o-16\/","url":"https:\/\/denhelder.online\/herdenkenenvieren\/den-helder-spookstad\/het-vergaan-van-de-o-16\/","name":"The gripping story of the O 16 \u2013 maritime history in Den Helder","isPartOf":{"@id":"https:\/\/denhelder.online\/#website"},"primaryImageOfPage":{"@id":"https:\/\/denhelder.online\/herdenkenenvieren\/den-helder-spookstad\/het-vergaan-van-de-o-16\/#primaryimage"},"image":{"@id":"https:\/\/denhelder.online\/herdenkenenvieren\/den-helder-spookstad\/het-vergaan-van-de-o-16\/#primaryimage"},"thumbnailUrl":"https:\/\/denhelder.online\/wp-content\/uploads\/2025\/06\/016-herdenking.jpg","datePublished":"2025-06-11T11:48:15+00:00","dateModified":"2026-01-13T13:09:22+00:00","description":"Read the impressive true story of Cor de Wolf, the sole survivor of the submarine O 16, from Den Helder.","breadcrumb":{"@id":"https:\/\/denhelder.online\/herdenkenenvieren\/den-helder-spookstad\/het-vergaan-van-de-o-16\/#breadcrumb"},"inLanguage":"en-GB","potentialAction":[{"@type":"ReadAction","target":["https:\/\/denhelder.online\/herdenkenenvieren\/den-helder-spookstad\/het-vergaan-van-de-o-16\/"]}]},{"@type":"ImageObject","inLanguage":"en-GB","@id":"https:\/\/denhelder.online\/herdenkenenvieren\/den-helder-spookstad\/het-vergaan-van-de-o-16\/#primaryimage","url":"https:\/\/denhelder.online\/wp-content\/uploads\/2025\/06\/016-herdenking.jpg","contentUrl":"https:\/\/denhelder.online\/wp-content\/uploads\/2025\/06\/016-herdenking.jpg","width":2016,"height":1512,"caption":"Hr. M. O 16 herdenking oorlog Den Helder"},{"@type":"BreadcrumbList","@id":"https:\/\/denhelder.online\/herdenkenenvieren\/den-helder-spookstad\/het-vergaan-van-de-o-16\/#breadcrumb","itemListElement":[{"@type":"ListItem","position":1,"name":"Home","item":"https:\/\/denhelder.online\/"},{"@type":"ListItem","position":2,"name":"Herdenken en Vieren","item":"https:\/\/denhelder.online\/herdenkenenvieren\/"},{"@type":"ListItem","position":3,"name":"Den Helder spookstad","item":"https:\/\/denhelder.online\/herdenkenenvieren\/den-helder-spookstad\/"},{"@type":"ListItem","position":4,"name":"Het vergaan van de O 16 en de enige overlevende"}]},{"@type":"WebSite","@id":"https:\/\/denhelder.online\/#website","url":"https:\/\/denhelder.online\/","name":"Den Helder Online","description":"Experience Den Helder","publisher":{"@id":"https:\/\/denhelder.online\/#organization"},"potentialAction":[{"@type":"SearchAction","target":{"@type":"EntryPoint","urlTemplate":"https:\/\/denhelder.online\/?s={search_term_string}"},"query-input":{"@type":"PropertyValueSpecification","valueRequired":true,"valueName":"search_term_string"}}],"inLanguage":"en-GB"},{"@type":"Organization","@id":"https:\/\/denhelder.online\/#organization","name":"Den Helder Online","url":"https:\/\/denhelder.online\/","logo":{"@type":"ImageObject","inLanguage":"en-GB","@id":"https:\/\/denhelder.online\/#\/schema\/logo\/image\/","url":"https:\/\/denhelder.online\/wp-content\/uploads\/2021\/12\/DitIsDH-Logo-26-tagline.svg","contentUrl":"https:\/\/denhelder.online\/wp-content\/uploads\/2021\/12\/DitIsDH-Logo-26-tagline.svg","width":1717.0999999999999,"height":934.89999999999998,"caption":"Den Helder Online"},"image":{"@id":"https:\/\/denhelder.online\/#\/schema\/logo\/image\/"}}]}},"_links":{"self":[{"href":"https:\/\/denhelder.online\/en\/wp-json\/wp\/v2\/pages\/11676","targetHints":{"allow":["GET"]}}],"collection":[{"href":"https:\/\/denhelder.online\/en\/wp-json\/wp\/v2\/pages"}],"about":[{"href":"https:\/\/denhelder.online\/en\/wp-json\/wp\/v2\/types\/page"}],"author":[{"embeddable":true,"href":"https:\/\/denhelder.online\/en\/wp-json\/wp\/v2\/users\/17"}],"replies":[{"embeddable":true,"href":"https:\/\/denhelder.online\/en\/wp-json\/wp\/v2\/comments?post=11676"}],"version-history":[{"count":0,"href":"https:\/\/denhelder.online\/en\/wp-json\/wp\/v2\/pages\/11676\/revisions"}],"up":[{"embeddable":true,"href":"https:\/\/denhelder.online\/en\/wp-json\/wp\/v2\/pages\/11565"}],"wp:featuredmedia":[{"embeddable":true,"href":"https:\/\/denhelder.online\/en\/wp-json\/wp\/v2\/media\/11696"}],"wp:attachment":[{"href":"https:\/\/denhelder.online\/en\/wp-json\/wp\/v2\/media?parent=11676"}],"wp:term":[{"taxonomy":"post_tag","embeddable":true,"href":"https:\/\/denhelder.online\/en\/wp-json\/wp\/v2\/tags?post=11676"},{"taxonomy":"doelgroep","embeddable":true,"href":"https:\/\/denhelder.online\/en\/wp-json\/wp\/v2\/doelgroep?post=11676"},{"taxonomy":"categorie","embeddable":true,"href":"https:\/\/denhelder.online\/en\/wp-json\/wp\/v2\/categorie?post=11676"}],"curies":[{"name":"wp","href":"https:\/\/api.w.org\/{rel}","templated":true}]}}